{"id":13523,"date":"2020-11-10T10:09:22","date_gmt":"2020-11-10T10:09:22","guid":{"rendered":"https:\/\/www.northafricatrees.org\/species\/carthamus-arborescens-l-3\/"},"modified":"2021-10-27T08:58:40","modified_gmt":"2021-10-27T08:58:40","slug":"carthamus-arborescens-l-3","status":"publish","type":"species","link":"https:\/\/www.northafricatrees.org\/fr\/esp\u00e8ce\/carthamus-arborescens-l-3\/","title":{"rendered":"Carthamus arborescens L."},"content":{"rendered":"<p>Arbuste tr\u00e8s piquant, \u00e0 feuilles persistantes, hermaphrodite, de jusqu\u2019\u00e0 1,5(3)\u00a0m de haut, tr\u00e8s rameux, \u00e0 port dress\u00e9 mais plus ou moins tortueux. Tige principale et rameaux vieux ligneux, \u00e0 bois tr\u00e8s dur. \u00c9corce blanch\u00e2tre-gris\u00e2tre. Le tronc principal et les parties plus anciennes des rameaux apparaissent nus, puis la partie plus ou moins m\u00e9diane des rameaux est dens\u00e9ment couverte de feuilles s\u00e8ches, blanch\u00e2tres-gris\u00e2tres, et enfin la partie sup\u00e9rieure est couverte de feuilles vertes. Ramilles jeunes vertes. D\u2019une mani\u00e8re g\u00e9n\u00e9rale, et \u00e0 exception du tronc et des plus vieux rameaux, l\u2019arbuste est couvert de nombreux poils glanduleux, ce qui lui conf\u00e8re un toucher collant et une forte odeur caract\u00e9ristique. Feuilles alternes, longuement ovales, \u00e0 grands lobes triangulaires-spinescents, plus ou moins rigides, vertes sur les deux faces, bien qu\u2019elles puissent \u00eatre verd\u00e2tre-jaun\u00e2tre dans la partie basale et m\u00e9diane, sessiles dans la partie sup\u00e9rieure des rameaux, plus ou moins amplexicaules dans la partie inf\u00e9rieure. Les feuilles s\u00e8ches tardent plusieurs ann\u00e9es \u00e0 se d\u00e9tacher des rameaux. Inflorescences en capitules solitaires, g\u00e9n\u00e9ralement terminaux, d\u2019environ 3,5-4,5\u00a0\u00d7\u00a02,5-3,5\u00a0cm, ovo\u00efdes, entour\u00e9s \u00e0 la base par des bract\u00e9es tr\u00e8s semblables aux feuilles, de la m\u00eame longueur ou un peu plus longues que le capitule, les autres bract\u00e9es de l\u2019involucre \u00e9tant plus ou moins ov\u00e9es-lanc\u00e9ol\u00e9es, enti\u00e8res ou dent\u00e9es-spinescentes. Fleurs tubuleuses, r\u00e9guli\u00e8res, sans ligules, tr\u00e8s saillantes au-dessus des bract\u00e9es, jaunes. Fruit en petit ak\u00e8ne allong\u00e9 subt\u00e9tragonal, \u00e0 surface brune et tr\u00e8s rugueuse, et houppe de poils caducs, qui se d\u00e9tachent facilement au toucher.<\/p>\n","protected":false},"featured_media":0,"template":"","short_name":"Carthamus arborescens","name_html":"<strong>Carthamus arborescens<\/strong> L.","short_description":"","common_names":"<em>Phonus arborescens<\/em> (L.) G. L\u00f3pez","other_name":"<em>Fra.<\/em>: <em>Carthame arborescent.\u00a0\u00a0 Esp<\/em>.: Cardo lechero, cardo cabrero.","flowering":"mai-ao\u00fbt.","fruiting":"juillet-septembre.","habitat":"Matorrals des terrains rocheux ou sableux des zones littorales et sublittorales. En zones \u00e0 bioclimat semi-aride \u00e0 sec, \u00e0 l\u2019\u00e9tage thermom\u00e9diterran\u00e9en.","distribution":"M\u00e9diterran\u00e9e occidentale. Dans le N. de l\u2019Afrique, il s\u2019agit d\u2019un arbuste peu habituel, uniquement pr\u00e9sent dans les zones littorales et sublittorales du Rif occidental jusqu\u2019\u00e0 l\u2019Atlas tellien central, pr\u00e8s d\u2019Alger.","observations":"","conservation":"Esp\u00e8ce peu commune et \u00e0 aire de r\u00e9partition restreinte. Elle n\u2019est actuellement pas \u00e9valu\u00e9e \u00e0 l\u2019\u00e9chelle mondiale dans la Liste rouge des esp\u00e8ces de l\u2019UICN.","genus":[{"short_name":"Carthamus","name_html":"<strong>Carthamus<\/strong> L.","short_description":"","references":"Hanelt, P. 1963. Monografische Ubersicht der Gattung <em>Carthamus<\/em> L. (Compositae). <em>Feddest repertorium specierum novarum regni vegetabilis<\/em>, 67: 41-180.\r\n\r\nL\u00f3pez, G. 2012. Sobre la clasificaci\u00f3n del complejo <em>Carthamus-Carduncellus<\/em> (Asteraceae, Cardueae-Centaureinae) y su tratamiento en <em>Flora iberica<\/em>. Acta Bot. Malacitana 37: 79-92.","custom_author":"B. Vald\u00e9s & J. Charco.","family":{"10976":{"name_html":"<strong>COMPOSITAE<\/strong> Giseke (ASTERACEAE Bercht. & J. Presl)","short_name":"COMPOSITAE","short_description":"","references":"","custom_author":"B. Vald\u00e9s & J. Charco.","genuses":[{"ID":"11079","post_author":"1","post_date":"2020-11-10 09:01:14","post_date_gmt":"2020-11-10 09:01:14","post_content":"Genre comprenant environ 150 esp\u00e8ces, essentiellement des aires temp\u00e9r\u00e9es de l\u2019Ancien Monde, et repr\u00e9sent\u00e9 dans le N. de l\u2019Afrique par 8 esp\u00e8ces, parmi lesquelles <a href=\"https:\/\/www.northafricatrees.org\/fr\/esp%C3%A8ce\/achillea-fragantissima-forssk-sch-bip-3\/\"><strong>A. fragantisima<\/strong><\/a> se distingue par son port plus important, arbrisseau de jusqu\u2019\u00e0 1\u00a0m de haut.\r\n\r\nAutre esp\u00e8ce traditionnellement incluse dans ce genre, mais aujourd\u2019hui attribu\u00e9e \u00e0 <strong>Otanthus<\/strong> Hoffmanns. &amp; Link, <strong>O. maritimus <\/strong>(L.) Hoffmanns. &amp; Link [<em>A. maritima<\/em> (L.) Ehrend. &amp; Y.P.Guo] pr\u00e9sente des tiges un peu lignifi\u00e9es \u00e0 la base mais qui ne d\u00e9passent \u00e0 peine 0,5\u00a0m de haut, dress\u00e9es ou \u00e9tal\u00e9es-dress\u00e9es, non rameuses. Tiges et feuilles enti\u00e8rement couvertes de poils blancs qui donnent \u00e0 la plante un aspect g\u00e9n\u00e9ral blanch\u00e2tre. Feuilles de 1-1,5\u00a0cm, oblongues \u00e0 oblongues-lanc\u00e9ol\u00e9es, enti\u00e8res mais \u00e0 bord l\u00e9g\u00e8rement dent\u00e9. Inflorescences corymbiformes \u00e0 fleurs toutes flosculeuses, jaunes. Elle vit sur les dunes littorales de l\u2019Atlantique N.-E. (de l\u2019Islande au \u00eeles Canaries) et de la M\u00e9diterran\u00e9e. Dans le N. de l\u2019Afrique, du Maroc \u00e0 l\u2019\u00c9gypte.","post_title":"Achillea L.","post_excerpt":"","post_status":"publish","comment_status":"closed","ping_status":"closed","post_password":"","post_name":"achillea-l","to_ping":"","pinged":"","post_modified":"2021-09-10 11:18:44","post_modified_gmt":"2021-09-10 11:18:44","post_content_filtered":"","post_parent":"0","guid":"https:\/\/www.northafricatrees.org\/genus\/achillea-l\/","menu_order":"0","post_type":"genus","post_mime_type":"","comment_count":"0","translation_id":"1010","element_type":"post_genus","element_id":"11079","trid":"114034","language_code":"fr","source_language_code":"es","id":"4","code":"fr","english_name":"French","major":"1","active":"1","default_locale":"fr_FR","tag":"fr","encode_url":"0","pod_item_id":"11079"},{"ID":"11094","post_author":"1","post_date":"2020-11-10 09:01:15","post_date_gmt":"2020-11-10 09:01:15","post_content":"Genre comprenant uniquement 2 esp\u00e8ces, propres de la r\u00e9gion saharo-arabique.","post_title":"Anvillea DC.","post_excerpt":"","post_status":"publish","comment_status":"closed","ping_status":"closed","post_password":"","post_name":"anvillea-dc","to_ping":"","pinged":"","post_modified":"2021-09-10 09:57:31","post_modified_gmt":"2021-09-10 09:57:31","post_content_filtered":"","post_parent":"0","guid":"https:\/\/www.northafricatrees.org\/genus\/anvillea-dc\/","menu_order":"0","post_type":"genus","post_mime_type":"","comment_count":"0","translation_id":"1025","element_type":"post_genus","element_id":"11094","trid":"114039","language_code":"fr","source_language_code":"es","id":"4","code":"fr","english_name":"French","major":"1","active":"1","default_locale":"fr_FR","tag":"fr","encode_url":"0","pod_item_id":"11094"},{"ID":"11070","post_author":"1","post_date":"2020-11-10 09:01:14","post_date_gmt":"2020-11-10 09:01:14","post_content":"Genre comprenant environ 480 esp\u00e8ces amplement r\u00e9parties dans l\u2019h\u00e9misph\u00e8re nord. Il est repr\u00e9sent\u00e9 par 22 esp\u00e8ces dans le N. de l\u2019Afrique, r\u00e9parties principalement dans l\u2019aire m\u00e9diterran\u00e9enne. En g\u00e9n\u00e9ral, ce sont des cham\u00e9phytes de moins de 50 cm, bien que parfois des esp\u00e8ces comme <strong>A. judaica<\/strong> et <strong>A. absinthium<\/strong> puissent atteindre jusqu'\u00e0 1 m de hauteur. Une seule esp\u00e8ce, <strong>A. arborescens<\/strong>, peut \u00eatre consid\u00e9r\u00e9e comme v\u00e9ritablement arbustive. Parmi les autres esp\u00e8ces, les suivantes se distinguent comme les plus robustes :\r\n\r\n<strong>A. campestris<\/strong> et <strong>A. herba-alba<\/strong> sont m\u00e9diterran\u00e9ennes, pratiquement absentes au Sahara septentrional, mais avec des populations isol\u00e9es dans les massifs montagneux du Sahara central sous forme de vestiges de l\u2019\u00e9poque lointaine o\u00f9 ces montagnes \u00e9taient couvertes d\u2019une v\u00e9g\u00e9tation m\u00e9diterran\u00e9enne.\r\n\r\nBien que de petite taille, des sous-arbriseaux g\u00e9n\u00e9ralement inf\u00e9rieurs \u00e0 50 cm, il y a 3 esp\u00e8ces qui peuvent devenir tr\u00e8s communs. Les 3 avec de jeunes branches plus ou moins blanch\u00e2tres parce qu\u2019elles sont couvertes de poils blancs, sont :\r\n\r\n<strong> A. herba-alba<\/strong> Asso (<em>Fra<\/em>.\u00a0: Armoise blanche. <em>Tamahaq\u00a0<\/em>: Zazar\u00e9), l\u2019une des plus commune, est tr\u00e8s polymorphe, avec de nombreuses sous-esp\u00e8ces d\u00e9crites, fr\u00e9quemment \u00e9lev\u00e9es au rang d\u2019esp\u00e8ce. Elle se diff\u00e9rencie par ses feuilles adultes tr\u00e8s petites (2-8\u00a0mm de long), vert-gris\u00e2tre, \u00e0 segments tr\u00e8s \u00e9troits, filiformes (moins de 1\u00a0mm de large), et ses capitules allong\u00e9s, \u00e9troits (1-3\u00a0mm de large), \u00e0 fleurs peu nombreuses (3-6)\u00a0; elle vit dans les zones s\u00e8ches du S. de la r\u00e9gion m\u00e9diterran\u00e9enne.\r\n\r\n<strong> A. barrelieri <\/strong>Besser, de jusqu\u2019\u00e0 0,7\u00a0m et caract\u00e9ris\u00e9e par ses feuilles adultes (1-2,5\u00a0cm) bipenn\u00e9es, \u00e0 segments finaux lin\u00e9aires-spatul\u00e9s, de moins de 1\u00a0mm de large et capitules floraux ovo\u00efdes, de 2,5-3\u00a0mm de diam\u00e8tre, homogames (\u00e0 fleurs toutes hermaphrodites), end\u00e9mique du S.-E. de la p\u00e9ninsule ib\u00e9rique et du N. du Maroc.\r\n\r\n<strong> A. alba <\/strong>Turra (<em>A. fruticosa <\/em>Asso) pr\u00e9sente des tiges ligneuses \u00e0 la base, des feuilles glabrescentes et verd\u00e2tres, \u00e0 segments de 1-2\u00a0mm de large et des capitules (3-4\u00a0mm de large) en \u00e9troites inflorescences spiciformes. Il s\u2019agit d\u2019une plante m\u00e9diterran\u00e9enne qui pr\u00e9sente 2 sous-esp\u00e8ces dans le N. de l\u2019Afrique, la subsp.<strong> chitachensis <\/strong>Maire, end\u00e9mique du Maroc, et la subsp.<strong> kabylica <\/strong>(Chabert) Greuter, end\u00e9mique de l\u2019Alg\u00e9rie (Kabylie occidentale\u00a0: A\u00efn El Hammam).\r\n\r\nLes armoises, et plus particuli\u00e8rement <em>A. herba-alba,<\/em> jouent un r\u00f4le important dans la formation de vastes paysages nord-africains, en particulier dans les zones steppiques, o\u00f9 ces cham\u00e6phytes sont fr\u00e9quemment dominants.\r\n\r\nEsp\u00e8ces plus ou moins communes et \u00e0 aire de r\u00e9partition vaste. Elles ne sont actuellement pas \u00e9valu\u00e9es \u00e0 l\u2019\u00e9chelle mondiale dans la Liste rouge des esp\u00e8ces de l\u2019UICN.","post_title":"Artemisia L.","post_excerpt":"","post_status":"publish","comment_status":"closed","ping_status":"closed","post_password":"","post_name":"artemisia-l","to_ping":"","pinged":"","post_modified":"2022-12-07 10:08:44","post_modified_gmt":"2022-12-07 10:08:44","post_content_filtered":"","post_parent":"0","guid":"https:\/\/www.northafricatrees.org\/genus\/artemisia-l\/","menu_order":"0","post_type":"genus","post_mime_type":"","comment_count":"0","translation_id":"1001","element_type":"post_genus","element_id":"11070","trid":"114031","language_code":"fr","source_language_code":"es","id":"4","code":"fr","english_name":"French","major":"1","active":"1","default_locale":"fr_FR","tag":"fr","encode_url":"0","pod_item_id":"11070"},{"ID":"11091","post_author":"1","post_date":"2020-11-10 09:01:15","post_date_gmt":"2020-11-10 09:01:15","post_content":"Genre constitu\u00e9 de 10 esp\u00e8ces, dont 6 dans le N. de l\u2019Afrique, parmi lesquelles 2 sont herbac\u00e9es et 4 sous-arbustives \u00e0 port r\u00e9duit (jusqu\u2019\u00e0 1,5\u00a0m), propres des zones d\u00e9sertiques et subd\u00e9sertiques. La seule qui puisse \u00eatre consid\u00e9r\u00e9e comme arbustive est <strong>A. pinifolius<\/strong>, les trois autres d\u00e9passant \u00e0 peine 50 cm de hauteur et se diff\u00e9rencient de la pr\u00e9c\u00e9dente par leur caract\u00e8re non glanduleux, elles sont\u00a0:\r\n\r\n<strong>A<\/strong>.<strong> graveolens<\/strong> (Forssk.) Less [<em>Nauplius graveolens<\/em> (Forssk.) Wiklund] (<em>Ara<\/em>.\u00a0: Negued, robd, rabd, rabi. <em>Tam<\/em>.\/<em>Tamahaq\u00a0<\/em>: Akatkat, hasnem, amio, amayu, tafsat, oukout). La plus amplement r\u00e9partie. Elle se caract\u00e9rise par ses rameaux blanch\u00e2tres, feuilles lin\u00e9aires g\u00e9n\u00e9ralement enti\u00e8res (les m\u00e9dianes et basales \u00e0 quelques dents dispers\u00e9es), verd\u00e2tre-blanch\u00e2tre car en grande partie couvertes de poils blanch\u00e2tre-gris\u00e2tre. Esp\u00e8ce \u00e0 aire de r\u00e9partition saharo-arabique qui, dans le N. de l\u2019Afrique, s\u2019\u00e9tend \u00e0 travers le Sahara de l\u2019Anti-Atlas et des zones basses au Haut Atlas au Maroc, avec quelques peuplements dans la vall\u00e9e du Souss, jusqu\u2019en \u00c9gypte, p\u00e9ninsule du Sina\u00ef comprise. Les 2 autres esp\u00e8ces poss\u00e8dent des feuilles plus larges, succulentes, obovales-spatul\u00e9es, non lin\u00e9aires.\r\n\r\n<strong> A. imbricatus<\/strong> (Cav.) DC. (<em>Ara.<\/em>: Adrine) se diff\u00e9rencie fondamentalement des esp\u00e8ces pr\u00e9c\u00e9dentes par ses feuilles spatul\u00e9es, \u00e0 bord dent\u00e9-spinuleux, avec des feuilles qui entourent les capitules, oblongues-elliptiques, \u00e0 bord entier. Elle est end\u00e9mique des zones sableuses et pierreuses du Sahara occidental et de l\u2019Anti-Atlas occidental, avec quelques peuplements dans le Maroc atlantique moyen.\r\n\r\n<strong> A. schultzii <\/strong>(Bolle) Pit. &amp; Proust (<em>Odontospermum schultzii<\/em> Bolle). Elle est l\u2019esp\u00e8ce de plus petite taille, d\u2019\u00e0 peine 15\u00a0cm de haut, \u00e0 feuilles poilues, \u00e0 bord cili\u00e9, capitules floraux \u00e0 fleurs centrales jaunes et fleurs p\u00e9riph\u00e9riques \u00e0 ligules blanches ou blanch\u00e2tre-jaun\u00e2tre. Elle \u00e9tait consid\u00e9r\u00e9e comme end\u00e9mique des \u00eeles Canaries orientales, mais est en r\u00e9alit\u00e9 plus amplement r\u00e9partie dans les provinces s\u00e8ches et subd\u00e9sertiques du continent, \u00e0 proximit\u00e9 des c\u00f4tes, du Sahara occidental jusqu\u2019au Souss.\r\n\r\nTr\u00e8s proche de <em>Asteriscus<\/em>, le genre <strong>Pallensis<\/strong> (Cass.) Cass. s\u2019en diff\u00e9rencie essentiellement par les ak\u00e8nes plats de ses fleurs ligul\u00e9es. Dans le N. de l\u2019Afrique, il est repr\u00e9sent\u00e9 par 6 esp\u00e8ces, toutes \u00e0 aire de r\u00e9partition m\u00e9diterran\u00e9enne et irano-touranienne. Deux d\u2019entre elles pr\u00e9sentent des tiges ligneuses.\r\n\r\n<strong> P. maritima <\/strong>(L.) Greuter [<em>A. maritimus<\/em> (L.) Less.], est un cham\u00e6phyte d\u00e9combant de jusqu\u2019\u00e0 40 cm de haut, end\u00e9mique de la M\u00e9diterran\u00e9e occidentale. \u00c0 ramification dense et feuilles oblongues-ov\u00e9es ou spatul\u00e9es, elle pr\u00e9sente des capitules sessiles ou tr\u00e8s courtement p\u00e9doncul\u00e9s entour\u00e9s de feuilles involucrales semblables aux caulinaires et inermes, et des fleurs h\u00e9miligul\u00e9es jaune-dor\u00e9 ou jaune citron et des fleurs flosculeuses plus sombres. Ses ak\u00e8nes p\u00e9riph\u00e9riques sont d\u00e9pourvus d\u2019ailes. Elle appara\u00eet dans les falaises et formations rocheuses littorales et de l\u2019int\u00e9rieur, au Maroc, en Alg\u00e9rie et en Tunisie.\r\n\r\n<strong> P. teknensis<\/strong> (Dobignard &amp; Jacquemoud) Greuter &amp; Jury, end\u00e9mique du S.-O. du Maroc, se diff\u00e9rencie fondamentalement de la pr\u00e9c\u00e9dente par ses ak\u00e8nes p\u00e9riph\u00e9riques largement ail\u00e9s.\r\n\r\nElles ne sont actuellement pas \u00e9valu\u00e9es \u00e0 l\u2019\u00e9chelle mondiale dans la Liste rouge des esp\u00e8ces de l\u2019UICN.","post_title":"Asteriscus Mill.","post_excerpt":"","post_status":"publish","comment_status":"closed","ping_status":"closed","post_password":"","post_name":"asteriscus-mill","to_ping":"","pinged":"","post_modified":"2023-05-22 10:44:04","post_modified_gmt":"2023-05-22 10:44:04","post_content_filtered":"","post_parent":"0","guid":"https:\/\/www.northafricatrees.org\/genus\/asteriscus-mill\/","menu_order":"0","post_type":"genus","post_mime_type":"","comment_count":"0","translation_id":"1022","element_type":"post_genus","element_id":"11091","trid":"114038","language_code":"fr","source_language_code":"es","id":"4","code":"fr","english_name":"French","major":"1","active":"1","default_locale":"fr_FR","tag":"fr","encode_url":"0","pod_item_id":"11091"},{"ID":"11046","post_author":"1","post_date":"2020-11-10 09:01:12","post_date_gmt":"2020-11-10 09:01:12","post_content":"<strong>Carthamus<\/strong> (incl. <em>Phonus<\/em> Hill, et <em>Carduncellus<\/em> Adans., p.p.) est compos\u00e9 d' environ 48 esp\u00e8ces, essentiellement r\u00e9parties dans les r\u00e9gions s\u00e8ches d\u2019Europe, du N. de l\u2019Afrique et de l\u2019Asie occidentale. Dans le N. de l\u2019Afrique apparaissent 3 esp\u00e8ces d\u2019arbustes spinescents, un sous-arbuste \u00e9galement spinescent (<em>C. mareoticus<\/em> Delile) et 16 esp\u00e8ces annuelles ou p\u00e9rennes \u00e0 base des tiges parfois indur\u00e9e.","post_title":"Carthamus L.","post_excerpt":"","post_status":"publish","comment_status":"closed","ping_status":"closed","post_password":"","post_name":"carthamus-l","to_ping":"","pinged":"","post_modified":"2021-12-19 20:44:53","post_modified_gmt":"2021-12-19 20:44:53","post_content_filtered":"","post_parent":"0","guid":"https:\/\/www.northafricatrees.org\/genus\/carthamus-l\/","menu_order":"0","post_type":"genus","post_mime_type":"","comment_count":"0","translation_id":"977","element_type":"post_genus","element_id":"11046","trid":"114023","language_code":"fr","source_language_code":"es","id":"4","code":"fr","english_name":"French","major":"1","active":"1","default_locale":"fr_FR","tag":"fr","encode_url":"0","pod_item_id":"11046"},{"ID":"11055","post_author":"1","post_date":"2020-11-10 09:01:13","post_date_gmt":"2020-11-10 09:01:13","post_content":"Genre comprenant plus de 730 esp\u00e8ces r\u00e9parties dans les aires temp\u00e9r\u00e9es de l\u2019h\u00e9misph\u00e8re nord, avec la majeure partie de sa diversit\u00e9 pr\u00e9sente dans la r\u00e9gion m\u00e9diterran\u00e9enne. Il s\u2019agit pour la plupart de plantes herbac\u00e9es annuelles ou p\u00e9rennes, avec quelques esp\u00e8ces ligneuses et arbustives. Ce sont des plantes inermes, \u00e0 exception des bract\u00e9es des capitules, bien que le bord de leurs feuilles puisse \u00eatre spinuleux. Elles pr\u00e9sentent toutes des capitules \u00e0 fleurs uniquement flosculeuses, dont les externes sont fr\u00e9quemment st\u00e9riles, \u00e0 involucre form\u00e9 de plusieurs rang\u00e9es de bract\u00e9es coriaces pr\u00e9sentant g\u00e9n\u00e9ralement un appendice apical \u00e9pineux, souvent d\u00e9current. Leurs ak\u00e8nes, normalement ovo\u00efdes et pubescents et \u00e0 hile lat\u00e9ral-subbasal, pr\u00e9sentent un pappus form\u00e9 de plusieurs rang\u00e9es de soies ou \u00e9cailles scabres ou subplumeuses. Dans le N de l\u2019Afrique, le genre est repr\u00e9sent\u00e9 par environ 70 esp\u00e8ces, plusieurs d'entre elles dot\u00e9es de diverses sous-esp\u00e8ces, et dont environ un tiers sont end\u00e9miques parfois tr\u00e8s localis\u00e9es. Elles sont toutes herbac\u00e9es, \u00e0 exception de <strong>C. scoparia<\/strong>, un sous-arbuste de jusqu\u2019\u00e0 50\u00a0cm de haut, propre des d\u00e9serts de l\u2019E. de l\u2019\u00c9gypte et du Proche-Orient, et <strong>C. debdouensis<\/strong>, petit sous-arbrisseau de jusqu\u2019\u00e0 30(40)\u00a0cm, des aires arides du N.-E. du Maroc.","post_title":"Centaurea L.","post_excerpt":"","post_status":"publish","comment_status":"closed","ping_status":"closed","post_password":"","post_name":"centaurea-l","to_ping":"","pinged":"","post_modified":"2021-09-10 15:43:37","post_modified_gmt":"2021-09-10 15:43:37","post_content_filtered":"","post_parent":"0","guid":"https:\/\/www.northafricatrees.org\/genus\/centaurea-l\/","menu_order":"0","post_type":"genus","post_mime_type":"","comment_count":"0","translation_id":"986","element_type":"post_genus","element_id":"11055","trid":"114026","language_code":"fr","source_language_code":"es","id":"4","code":"fr","english_name":"French","major":"1","active":"1","default_locale":"fr_FR","tag":"fr","encode_url":"0","pod_item_id":"11055"},{"ID":"11052","post_author":"1","post_date":"2020-11-10 09:01:12","post_date_gmt":"2020-11-10 09:01:12","post_content":"Genre comprenant environ 26 esp\u00e8ces de la r\u00e9gion m\u00e9diterran\u00e9enne occidentale et de la Macaron\u00e9sie, dont plus de moiti\u00e9 end\u00e9miques des \u00eeles Canaries, avec des aires de r\u00e9partition g\u00e9n\u00e9ralement tr\u00e8s restreintes. Il s\u2019agit d\u2019un genre tr\u00e8s proche de <em>Centaurea<\/em>, mais contrairement \u00e0 ce qui caract\u00e9rise g\u00e9n\u00e9ralement ce dernier, les bract\u00e9es de l\u2019involucre ne sont pas \u00e9pineuses, mais pr\u00e9sentent un appendice apical pectin\u00e9 ou fimbri\u00e9 et inerme. Dans le N. de l\u2019Afrique, il est repr\u00e9sent\u00e9 par 3 esp\u00e8ces end\u00e9miques, dont une (<strong>C. mauritanicus<\/strong>) est un vrai arbuste de jusqu\u2019\u00e0 1,5 m de haut, les 2 autres \u00e9tant sous-arbustives, d\u00e9passant \u00e0 peine 1 m de haut.","post_title":"Cheirolophus Cass.","post_excerpt":"","post_status":"publish","comment_status":"closed","ping_status":"closed","post_password":"","post_name":"cheirolophus-cass","to_ping":"","pinged":"","post_modified":"2021-09-10 15:50:41","post_modified_gmt":"2021-09-10 15:50:41","post_content_filtered":"","post_parent":"0","guid":"https:\/\/www.northafricatrees.org\/genus\/cheirolophus-cass\/","menu_order":"0","post_type":"genus","post_mime_type":"","comment_count":"0","translation_id":"983","element_type":"post_genus","element_id":"11052","trid":"114025","language_code":"fr","source_language_code":"es","id":"4","code":"fr","english_name":"French","major":"1","active":"1","default_locale":"fr_FR","tag":"fr","encode_url":"0","pod_item_id":"11052"},{"ID":"11100","post_author":"1","post_date":"2020-11-10 09:01:16","post_date_gmt":"2020-11-10 09:01:16","post_content":"Genre comprenant 10 esp\u00e8ces m\u00e9diterran\u00e9ennes et saharo-arabiques, dont 8 sont pr\u00e9sentes dans le N. de l\u2019Afrique, 4 d\u2019entre elles ligneuses et sous-arbustives.","post_title":"Chiliadenus Cass.","post_excerpt":"","post_status":"publish","comment_status":"closed","ping_status":"closed","post_password":"","post_name":"chiliadenus-cass","to_ping":"","pinged":"","post_modified":"2021-09-10 09:29:19","post_modified_gmt":"2021-09-10 09:29:19","post_content_filtered":"","post_parent":"0","guid":"https:\/\/www.northafricatrees.org\/genus\/chiliadenus-cass\/","menu_order":"0","post_type":"genus","post_mime_type":"","comment_count":"0","translation_id":"1031","element_type":"post_genus","element_id":"11100","trid":"114041","language_code":"fr","source_language_code":"es","id":"4","code":"fr","english_name":"French","major":"1","active":"1","default_locale":"fr_FR","tag":"fr","encode_url":"0","pod_item_id":"11100"},{"ID":"11109","post_author":"1","post_date":"2020-11-10 09:01:16","post_date_gmt":"2020-11-10 09:01:16","post_content":"Genre comprenant 2 esp\u00e8ces, traditionnellement incluses dans le genre <em>Inula<\/em> L., et toutes deux pr\u00e9sentes dans le N. de l\u2019Afrique\u00a0: la premi\u00e8re herbac\u00e9e [<em>D. graveolens<\/em> (L.) Greuter] et la seconde ligneuse (<a href=\"https:\/\/www.northafricatrees.org\/fr\/esp%C3%A8ce\/dittrichia-viscosa-l-greuter-3\/\"><strong>D. viscosa<\/strong><\/a>).\r\n\r\nUne esp\u00e8ce apparent\u00e9e (appartenant pr\u00e9c\u00e9demment au m\u00eame genre <em>Inula<\/em>), <strong>Limbarda crithmoides<\/strong> (L.) Dumort. (<em>Inula crithmoides<\/em> L.) [<em>Ara<\/em>. (\u00c9gypte)\u00a0: Hatab zeiti] pr\u00e9sente un port plus r\u00e9duit, de jusqu\u2019\u00e0 0,8(1)\u00a0m de haut, et poss\u00e8de des tiges \u00e9galement ligneuses et un peu tortueuses \u00e0 la base, puis dress\u00e9es et de moins en moins ligneuses jusqu\u2019\u00e0 devenir herbac\u00e9es. Contrairement \u00e0 <em>D. viscosa<\/em>, il s\u2019agit d\u2019une plante \u00e0 feuilles de 2-6\u00a0\u00d7\u00a00,2-0,8\u00a0cm, charnues, lin\u00e9aires, \u00e0 bord entier ou \u00e0 sommet trident\u00e9. Le pappus de ses ak\u00e8nes, l\u00e9g\u00e8rement plus petit que ceux de <em>D. viscosa<\/em> (1,5-2,5\u00a0mm), est form\u00e9 de poils scabres libres \u00e0 la base. Dans le N. de l\u2019Afrique, elle appara\u00eet du Maroc \u00e0 l\u2019\u00c9gypte au sein de marais et formations rocheuses littorales et dans les zones humides \u00e0 sols saum\u00e2tres ou salins de l\u2019int\u00e9rieur. Esp\u00e8ce commune et \u00e0 aire de r\u00e9partition vaste. Elle n\u2019est actuellement pas \u00e9valu\u00e9e \u00e0 l\u2019\u00e9chelle mondiale dans la Liste rouge des esp\u00e8ces de l\u2019UICN.","post_title":"Dittrichia Greuter","post_excerpt":"","post_status":"publish","comment_status":"closed","ping_status":"closed","post_password":"","post_name":"dittrichia-greuter","to_ping":"","pinged":"","post_modified":"2021-09-10 08:50:51","post_modified_gmt":"2021-09-10 08:50:51","post_content_filtered":"","post_parent":"0","guid":"https:\/\/www.northafricatrees.org\/genus\/dittrichia-greuter\/","menu_order":"0","post_type":"genus","post_mime_type":"","comment_count":"0","translation_id":"1040","element_type":"post_genus","element_id":"11109","trid":"114044","language_code":"fr","source_language_code":"es","id":"4","code":"fr","english_name":"French","major":"1","active":"1","default_locale":"fr_FR","tag":"fr","encode_url":"0","pod_item_id":"11109"},{"ID":"11085","post_author":"1","post_date":"2020-11-10 09:01:15","post_date_gmt":"2020-11-10 09:01:15","post_content":"Genre comprenant environ 500 esp\u00e8ces, la plupart de l'Ancien Monde, mais qui s'\u00e9tendent au S.-E. jusqu'en Australie. Dans le N. de l\u2019Afrique, il est repr\u00e9sent\u00e9 par 6-10 esp\u00e8ces, pr\u00e9sentant la plupart une aire de r\u00e9partition vaste dans les r\u00e9gions m\u00e9diterran\u00e9enne et macaron\u00e9sienne. Bien que certaines esp\u00e8ces soient des h\u00e9micryptophytes peu ou pas ligneuses, comme <em>H. lacteum<\/em> Coss. &amp; Durieu (incl. <em>H. raynalianum<\/em> Qu\u00e9zel), du Maroc de l\u2019Alg\u00e9rie et de la Libye, ou <em>H. glumaceum<\/em> DC., \u00e0 aire de r\u00e9partition tropicale qui s\u2019\u00e9tend au N. jusqu\u2019au Maroc, il s\u2019agit habituellement de plantes \u00e0 tiges ligneuses \u00e0 la base qui ne d\u00e9passent que rarement 60\u00a0cm de haut. De nombreuses esp\u00e8ces ont \u00e9t\u00e9 cit\u00e9es dans le N. de l\u2019Afrique, mais des \u00e9tudes r\u00e9centes regroupent les ligneuses en seulement 4 esp\u00e8ces. Ici, nous d\u00e9crirons la plus commune, <strong>H. stoechas<\/strong>, les 3 autres sont :\r\n\r\n<strong> H. italicum<\/strong> (Roth) G.Don f. est une plante qui se diff\u00e9rencie par son port dress\u00e9 et \u00e9lev\u00e9 (jusqu\u2019\u00e0 80\u00a0cm), \u00e0 feuilles plus longues, de 30-60\u00a0mm, involucre cylindrique de seulement 2-4\u00a0mm de large, et bract\u00e9es tr\u00e8s imbriqu\u00e9es, les externes plus dures, coriaces. Esp\u00e8ce de grande variabilit\u00e9 infrasp\u00e9cifique. Aujourd\u2019hui, des esp\u00e8ces telles que <em>H. serotinum<\/em> Boiss. &amp; Reut. et <em>H. picardii<\/em> Boiss. &amp; Reut. sont incluses au sein de cette variabilit\u00e9.\r\n\r\n<strong> H. pendulum<\/strong> C. Presl. pr\u00e9sente les involucres subglobuleux comme <em>H. stoechas<\/em>, mais se diff\u00e9rencie des esp\u00e8ces pr\u00e9c\u00e9dentes par le tomentum dense de poils blancs qui recouvre les tiges et les deux faces des feuilles, donnant \u00e0 la plante un aspect blanch\u00e2tre. Elle pr\u00e9sente \u00e9galement une grande complexit\u00e9, mais certains auteurs (Crespo &amp; Mateo) ont d\u00e9j\u00e0 propos\u00e9 en 2010 d\u2019inclure 2 esp\u00e8ces pr\u00e9sentes dans le N. de l'Afrique (<em>H. fontanesii<\/em> Cambess. et <em>H. boissieri<\/em> Nyman) au sein de la variabilit\u00e9 infrasp\u00e9cifique de <em>H. pendulum<\/em>, ce qui a \u00e9t\u00e9 confirm\u00e9 \u00e0 posteriori par des \u00e9tudes g\u00e9n\u00e9tiques (Herrando-Moraira <em>et al<\/em>., 2017).\r\n\r\n<strong> H. orientale<\/strong> (L.) Vaill. se diff\u00e9rencie par son aspect blanch\u00e2tre, ses feuilles oblongues-lanc\u00e9ol\u00e9es \u00e0 spatul\u00e9es, planes, \u00e0 bord non r\u00e9volut\u00e9 et ligules tr\u00e8s pro\u00e9minentes (elles sont \u00e0 peine visibles chez les autres esp\u00e8ces nord-africaines). Esp\u00e8ce de la M\u00e9diterran\u00e9e orientale, de la Gr\u00e8ce \u00e0 l\u2019\u00c9gypte et provinces littorales et sublittorales d\u2019Asie, entre la Turquie et la Palestine.\r\n\r\nEsp\u00e8ces \u00e0 aires de r\u00e9partition diverses, mais aucune d\u2019elles ne semble menac\u00e9e.\r\n\r\nAucune de ces esp\u00e8ces n\u2019est actuellement \u00e9valu\u00e9e \u00e0 l\u2019\u00e9chelle mondiale dans la Liste rouge des esp\u00e8ces de l\u2019UICN.","post_title":"Helichrysum Mill.","post_excerpt":"","post_status":"publish","comment_status":"closed","ping_status":"closed","post_password":"","post_name":"helichrysum-mill","to_ping":"","pinged":"","post_modified":"2021-09-10 10:45:49","post_modified_gmt":"2021-09-10 10:45:49","post_content_filtered":"","post_parent":"0","guid":"https:\/\/www.northafricatrees.org\/genus\/helichrysum-mill\/","menu_order":"0","post_type":"genus","post_mime_type":"","comment_count":"0","translation_id":"1016","element_type":"post_genus","element_id":"11085","trid":"114036","language_code":"fr","source_language_code":"es","id":"4","code":"fr","english_name":"French","major":"1","active":"1","default_locale":"fr_FR","tag":"fr","encode_url":"0","pod_item_id":"11085"},{"ID":"11073","post_author":"1","post_date":"2020-11-10 09:01:14","post_date_gmt":"2020-11-10 09:01:14","post_content":"Genre comprenant 9 esp\u00e8ces \u00e0 aire de r\u00e9partition africaine. Il est repr\u00e9sent\u00e9 par 2 esp\u00e8ces dans le N. du continent, \u00e0 aire de r\u00e9partition m\u00e9diterran\u00e9o-saharienne. <span class=\"HwtZe\" lang=\"fr\"><span class=\"jCAhz ChMk0b\"><span class=\"ryNqvb\">Voici la plus robuste\u00a0:<\/span><\/span><\/span> <a href=\"https:\/\/www.northafricatrees.org\/fr\/esp%C3%A8ce\/hertia-maroccana-batt-maire-3\/\"><strong>H. maroccana<\/strong><\/a>, arbuste end\u00e9mique du Maroc.\r\n\r\n<span class=\"HwtZe\" lang=\"fr\"><span class=\"jCAhz ChMk0b\"><span class=\"ryNqvb\">L\u2019autre esp\u00e8ce est<\/span><\/span><\/span> <em>H. cheirifolia<\/em>, plante herbac\u00e9e vivace atteignant 1 m de haut, avec un collet durci mais non ligneux. Tiges et feuillage tr\u00e8s denses. Feuilles alternes, un peu charnues, oblongues, mucron\u00e9es, les inf\u00e9rieures cun\u00e9iformes, les sup\u00e9rieures sessiles, \u00e0 marge enti\u00e8re et scabreuse. Capitules d'environ 4 cm de diam\u00e8tre et fleurs jaunes. C'est une plante end\u00e9mique des parties steppiques du nord-est de l'Alg\u00e9rie et du centre de la Tunisie, depuis presque le niveau de la mer (en Tunisie) jusqu'\u00e0 environ 1 400 m d'altitude (Atlas saharien, Alg\u00e9rie).","post_title":"Hertia Less.","post_excerpt":"","post_status":"publish","comment_status":"closed","ping_status":"closed","post_password":"","post_name":"hertia-less","to_ping":"","pinged":"","post_modified":"2026-04-12 10:45:52","post_modified_gmt":"2026-04-12 10:45:52","post_content_filtered":"","post_parent":"0","guid":"https:\/\/www.northafricatrees.org\/genus\/hertia-less\/","menu_order":"0","post_type":"genus","post_mime_type":"","comment_count":"0","translation_id":"1004","element_type":"post_genus","element_id":"11073","trid":"114032","language_code":"fr","source_language_code":"es","id":"4","code":"fr","english_name":"French","major":"1","active":"1","default_locale":"fr_FR","tag":"fr","encode_url":"0","pod_item_id":"11073"},{"ID":"11097","post_author":"1","post_date":"2020-11-10 09:01:16","post_date_gmt":"2020-11-10 09:01:16","post_content":"Genre comprenant 9 esp\u00e8ces asiatiques et africaines, dont 2 sont pr\u00e9sentes dans le N. de l\u2019Afrique, dans les d\u00e9serts de l\u2019E. de l\u2019\u00c9gypte, p\u00e9ninsule du Sina\u00ef comprise. Il s\u2019agit d\u2019arbuste pouvant atteindre 60\u00a0cm de haut, \u00e0 feuilles \u00e9pineuses et capitules \u00e0 fleurs toutes flosculeuses et jaunes.","post_title":"Iphiona Cass.","post_excerpt":"","post_status":"publish","comment_status":"closed","ping_status":"closed","post_password":"","post_name":"iphiona-cass","to_ping":"","pinged":"","post_modified":"2021-09-10 09:39:35","post_modified_gmt":"2021-09-10 09:39:35","post_content_filtered":"","post_parent":"0","guid":"https:\/\/www.northafricatrees.org\/genus\/iphiona-cass\/","menu_order":"0","post_type":"genus","post_mime_type":"","comment_count":"0","translation_id":"1028","element_type":"post_genus","element_id":"11097","trid":"114040","language_code":"fr","source_language_code":"es","id":"4","code":"fr","english_name":"French","major":"1","active":"1","default_locale":"fr_FR","tag":"fr","encode_url":"0","pod_item_id":"11097"},{"ID":"11067","post_author":"1","post_date":"2020-11-10 09:01:14","post_date_gmt":"2020-11-10 09:01:14","post_content":"Genre comprenant environ 60 esp\u00e8ces, la plupart des aires tropicales et du S. de l\u2019Afrique, nombre d'entre elles succulentes. Dans le N. de l\u2019Afrique, il est repr\u00e9sent\u00e9 par une seule esp\u00e8ce (<a href=\"https:\/\/www.northafricatrees.org\/fr\/esp%C3%A8ce\/kleinia-anteuphorbium-l-haw-3\/\"><strong>K. anteuphorbium<\/strong><\/a>), end\u00e9mique du Maroc, \u00e0 tiges et rameaux cactiformes et robustes, et feuilles petites et promptement caduques.","post_title":"Kleinia Mill.","post_excerpt":"","post_status":"publish","comment_status":"closed","ping_status":"closed","post_password":"","post_name":"kleinia-mill","to_ping":"","pinged":"","post_modified":"2021-09-10 15:22:37","post_modified_gmt":"2021-09-10 15:22:37","post_content_filtered":"","post_parent":"0","guid":"https:\/\/www.northafricatrees.org\/genus\/kleinia-mill\/","menu_order":"0","post_type":"genus","post_mime_type":"","comment_count":"0","translation_id":"998","element_type":"post_genus","element_id":"11067","trid":"114030","language_code":"fr","source_language_code":"es","id":"4","code":"fr","english_name":"French","major":"1","active":"1","default_locale":"fr_FR","tag":"fr","encode_url":"0","pod_item_id":"11067"},{"ID":"11064","post_author":"1","post_date":"2020-11-10 09:01:13","post_date_gmt":"2020-11-10 09:01:13","post_content":"Genre compos\u00e9 d\u2019environ 150 esp\u00e8ces \u00e0 aire de r\u00e9partition cosmopolite, mais particuli\u00e8rement bien repr\u00e9sent\u00e9es dans les r\u00e9gions temp\u00e9r\u00e9es de l\u2019h\u00e9misph\u00e8re nord. Il s\u2019agit g\u00e9n\u00e9ralement de plantes herbac\u00e9es annuelles, bisannuelles ou p\u00e9rennes, bien que l\u2019une des 11 esp\u00e8ces repr\u00e9sentant ce genre dans le N. de l\u2019Afrique (<a href=\"https:\/\/www.northafricatrees.org\/fr\/esp%C3%A8ce\/lactuca-orientalis-boiss-boiss-3\/\"><strong>L. orientalis<\/strong><\/a>) est un sous-arbuste ligneux des aires d\u00e9sertiques pouvant atteindre 60\u00a0cm de haut.","post_title":"Lactuca  L.","post_excerpt":"","post_status":"publish","comment_status":"closed","ping_status":"closed","post_password":"","post_name":"lactuca-l","to_ping":"","pinged":"","post_modified":"2021-09-10 15:26:54","post_modified_gmt":"2021-09-10 15:26:54","post_content_filtered":"","post_parent":"0","guid":"https:\/\/www.northafricatrees.org\/genus\/lactuca-l\/","menu_order":"0","post_type":"genus","post_mime_type":"","comment_count":"0","translation_id":"995","element_type":"post_genus","element_id":"11064","trid":"114029","language_code":"fr","source_language_code":"es","id":"4","code":"fr","english_name":"French","major":"1","active":"1","default_locale":"fr_FR","tag":"fr","encode_url":"0","pod_item_id":"11064"},{"ID":"11058","post_author":"1","post_date":"2020-11-10 09:01:13","post_date_gmt":"2020-11-10 09:01:13","post_content":"Genre qui compte environ 60 esp\u00e8ces de l\u2019Ancien Monde, 16 d\u2019entre elles pr\u00e9sentes dans le N. de l\u2019Afrique, r\u00e9parties dans toute la r\u00e9gion. Il s\u2019agit pour la plupart de plantes herbac\u00e9es annuelles ou p\u00e9rennes. Seule <strong>L. arborescens<\/strong> peut \u00eatre consid\u00e9r\u00e9e arbustive, d\u00e9passant 1 m de haut. Bien que de moindre port, deux esp\u00e8ces de la r\u00e9gion sont \u00e9galement ligneuses, \u00e9pineuses et \u00e0 ramifications intriqu\u00e9es, sous-arbustes \u00e9pineux propres des zones arides ou d\u00e9sertiques, <span class=\"HwtZe\" lang=\"fr\"><span class=\"jCAhz ChMk0b\"><span class=\"ryNqvb\">et qui ne d\u00e9passent g\u00e9n\u00e9ralement pas 50 cm de hauteur.<\/span><\/span><\/span>\r\n\r\n<strong>Launaea lanifera <\/strong>Pau (<em>L. acanthoclada<\/em> Maire) est un sous-arbuste de jusqu\u2019\u00e0 45(50)\u00a0cm de haut, tr\u00e8s similaire \u00e0 <em>L. arborescens<\/em> par ses capitules, mais pr\u00e9sente une rosette basale de feuilles bien d\u00e9velopp\u00e9es, bract\u00e9iformes les caulinaires, et \u00e0 aisselles lanugineuses dans les deux cas. Esp\u00e8ce end\u00e9mique ib\u00e9ro-maghr\u00e9bine, elle appara\u00eet dans les matorrals ensoleill\u00e9s des zones arides dans presque tout le Maroc, le N. de l\u2019Alg\u00e9rie et la Tunisie.\r\n\r\n<strong>Launaea spinosa<\/strong> (Forssk.) Kuntze [<em>Ara<\/em>. (\u00c9gypte)\u00a0: Kabath] est un sous-arbuste de 30-50\u00a0cm de haut, \u00e0 feuilles caulinaires peu nombreuses, \u00e0 plusieurs lobes triangulaires, glauques et glabres, et \u00e0 capitules petits et sessiles pr\u00e9sentant 6-10 fleurs ligul\u00e9es jaunes. Propre des aires pierreuses d\u00e9sertiques du Proche-Orient, elle appara\u00eet dans le N. de l'Afrique dans l'E. de l'\u00c9gypte, Sina\u00ef compris.","post_title":"Launaea Cass.","post_excerpt":"","post_status":"publish","comment_status":"closed","ping_status":"closed","post_password":"","post_name":"launaea-cass","to_ping":"","pinged":"","post_modified":"2023-08-31 09:13:20","post_modified_gmt":"2023-08-31 09:13:20","post_content_filtered":"","post_parent":"0","guid":"https:\/\/www.northafricatrees.org\/genus\/launaea-cass\/","menu_order":"0","post_type":"genus","post_mime_type":"","comment_count":"0","translation_id":"989","element_type":"post_genus","element_id":"11058","trid":"114027","language_code":"fr","source_language_code":"es","id":"4","code":"fr","english_name":"French","major":"1","active":"1","default_locale":"fr_FR","tag":"fr","encode_url":"0","pod_item_id":"11058"},{"ID":"11106","post_author":"1","post_date":"2020-11-10 09:01:16","post_date_gmt":"2020-11-10 09:01:16","post_content":"Genre comprenant 3 esp\u00e8ces nord-africaines qui forment des sous-arbustes \u00e0 tiges indur\u00e9es ou ligneuses \u00e0 la base, propres des zones arides ou d\u00e9sertiques.","post_title":"Perralderia Coss.","post_excerpt":"","post_status":"publish","comment_status":"closed","ping_status":"closed","post_password":"","post_name":"perralderia-coss","to_ping":"","pinged":"","post_modified":"2021-09-10 08:52:22","post_modified_gmt":"2021-09-10 08:52:22","post_content_filtered":"","post_parent":"0","guid":"https:\/\/www.northafricatrees.org\/genus\/perralderia-coss\/","menu_order":"0","post_type":"genus","post_mime_type":"","comment_count":"0","translation_id":"1037","element_type":"post_genus","element_id":"11106","trid":"114043","language_code":"fr","source_language_code":"es","id":"4","code":"fr","english_name":"French","major":"1","active":"1","default_locale":"fr_FR","tag":"fr","encode_url":"0","pod_item_id":"11106"},{"ID":"11088","post_author":"1","post_date":"2020-11-10 09:01:15","post_date_gmt":"2020-11-10 09:01:15","post_content":"Genre comprenant environ 27 esp\u00e8ces \u00e0 tiges habituellement herbac\u00e9es ou, lorsque ligneuses, g\u00e9n\u00e9ralement uniquement \u00e0 la base, amplement r\u00e9parties dans le Pal\u00e9arctique. Dans le N. de l\u2019Afrique apparaissent 10 esp\u00e8ces, parmi lesquelles se distingue <a href=\"https:\/\/www.northafricatrees.org\/fr\/esp%C3%A8ce\/phagnalon-calycinum-cav-dc-3\/\"><strong>P. calycinum<\/strong><\/a> par ses tiges lignifi\u00e9es et son port plus important.\r\n\r\nLes autres esp\u00e8ces du N. de l\u2019Afrique d\u00e9passent \u00e0 peine 0,5\u00a0m de haut, mais poss\u00e8dent fr\u00e9quemment la base des tiges ligneuse. <strong>P. sordidum <\/strong>(L.) Rchb. est une esp\u00e8ce end\u00e9mique de la r\u00e9gion m\u00e9diterran\u00e9enne occidentale, qui atteint jusqu\u2019\u00e0 40\u00a0cm de haut et vit dans les zones de basse et de moyenne montagne du N.-E. du Maroc, du Tell alg\u00e9rien et du N. de la Tunisie. <strong>P. saxatile<\/strong> (L.) Cass. est end\u00e9mique de la M\u00e9diterran\u00e9e centrale et occidentale et de la Macaron\u00e9sie, ne d\u00e9passe pas 50\u00a0cm de haut et appara\u00eet, dans le N. de l\u2019Afrique, dans une grande partie du N. du Maroc, de l\u2019Alg\u00e9rie, de la Tunisie et de la Libye. <strong>P. rupestre<\/strong> (L.) DC. est un petit sous-arbrisseau ne d\u00e9passant pas 40\u00a0cm de haut, propre des r\u00e9gions m\u00e9diterran\u00e9enne et macaron\u00e9sienne, et qui dans le N. de l\u2019Afrique appara\u00eet dans la moiti\u00e9 N. du Maroc et dans le N. de l\u2019Alg\u00e9rie, de la Tunisie, de la Libye et de l\u2019\u00c9gypte, p\u00e9ninsule du Sina\u00ef comprise. <strong>P. garamantum<\/strong> Maire est end\u00e9mique de l\u2019Alg\u00e9rie (massif du Hoggar). <strong>P. bicolor<\/strong> Ball (<em>P. atlanticum<\/em> Ball, nom illeg.) est end\u00e9mique du Maroc (Haut Atlas et Maroc atlantique moyen). <strong>P. latifolium<\/strong> Maire [<em>Aliella latifolia<\/em> (Maire) Dobignard] est \u00e9galement end\u00e9mique du Maroc (Anti-Atlas et Haut Atlas, entre 1700 et 2700\u00a0m d\u2019altitude). Les 3 autres esp\u00e8ces ne se trouvent qu\u2019en \u00c9gypte\u00a0: <strong>P. sinaicum<\/strong> Bornm. &amp; Kneuck, \u00e0 aire de r\u00e9partition allant du Sina\u00ef \u00e0 la Jordanie, <strong>P. barbeyanum<\/strong> Asch. &amp; Schweinf., qui appara\u00eet dans l'E. de l'\u00c9gypte, Sina\u00ef compris, \u00e9galement pr\u00e9sente au Proche-Orient, et <strong>P. nitidum<\/strong> Fresen., du Proche-Orient, que l\u2019on retrouve \u00e9galement dans la r\u00e9gion du Djebel Elba et au Sina\u00ef. Aucune de ces esp\u00e8ces n\u2019est actuellement \u00e9valu\u00e9e \u00e0 l\u2019\u00e9chelle mondiale dans la Liste rouge des esp\u00e8ces de l\u2019UICN. Dans le Liste rouge des plantes vasculaires d\u2019\u00c9gypte (<em>Flora Aegyptiaca <\/em>Vol 1, 2000), <em>P. sinaicum<\/em> est catalogu\u00e9e comme \u00ab\u00a0rare\u00a0\u00bb. En Alg\u00e9rie, <em>P. garamantum<\/em> est incluse dans la Liste des esp\u00e8ces v\u00e9g\u00e9tales non cultiv\u00e9es prot\u00e9g\u00e9es (d\u00e9cret ex\u00e9cutif 12-03 du 4 janvier 2012).","post_title":"Phagnalon Cass.","post_excerpt":"","post_status":"publish","comment_status":"closed","ping_status":"closed","post_password":"","post_name":"phagnalon-cass","to_ping":"","pinged":"","post_modified":"2021-09-10 10:41:29","post_modified_gmt":"2021-09-10 10:41:29","post_content_filtered":"","post_parent":"0","guid":"https:\/\/www.northafricatrees.org\/genus\/phagnalon-cass\/","menu_order":"0","post_type":"genus","post_mime_type":"","comment_count":"0","translation_id":"1019","element_type":"post_genus","element_id":"11088","trid":"114037","language_code":"fr","source_language_code":"es","id":"4","code":"fr","english_name":"French","major":"1","active":"1","default_locale":"fr_FR","tag":"fr","encode_url":"0","pod_item_id":"11088"},{"ID":"11112","post_author":"1","post_date":"2020-11-10 09:01:17","post_date_gmt":"2020-11-10 09:01:17","post_content":"Genre comprenant environ 56 esp\u00e8ces, r\u00e9parties principalement dans les zones tropicales et subtropicales de presque toute la plan\u00e8te. Il est repr\u00e9sent\u00e9 par 2 esp\u00e8ces dans le N. de l\u2019Afrique, toutes deux \u00e0 \u00e9cologie tropicale\u00a0: <strong>P. ovalis<\/strong>, qui s\u2019\u00e9tend au N.-O. jusqu\u2019au S. du Maroc, et <strong>P. dioscoridis<\/strong>, qui par le N.-E. parvient pratiquement jusqu\u2019\u00e0 la M\u00e9diterran\u00e9e au travers de l\u2019\u00c9gypte.","post_title":"Pluchea Cass.","post_excerpt":"","post_status":"publish","comment_status":"closed","ping_status":"closed","post_password":"","post_name":"pluchea-cass","to_ping":"","pinged":"","post_modified":"2021-08-08 08:19:08","post_modified_gmt":"2021-08-08 08:19:08","post_content_filtered":"","post_parent":"0","guid":"https:\/\/www.northafricatrees.org\/genus\/pluchea-cass\/","menu_order":"0","post_type":"genus","post_mime_type":"","comment_count":"0","translation_id":"1043","element_type":"post_genus","element_id":"11112","trid":"114045","language_code":"fr","source_language_code":"es","id":"4","code":"fr","english_name":"French","major":"1","active":"1","default_locale":"fr_FR","tag":"fr","encode_url":"0","pod_item_id":"11112"},{"ID":"11049","post_author":"1","post_date":"2020-11-10 09:01:12","post_date_gmt":"2020-11-10 09:01:12","post_content":"Genre comprenant environ 18 esp\u00e8ces, principalement herbac\u00e9es, \u00e0 aire de r\u00e9partition m\u00e9diterran\u00e9enne. Il est repr\u00e9sent\u00e9 par 5 esp\u00e8ces dans le N. de l\u2019Afrique, dont une arbustive\u00a0: <a href=\"https:\/\/www.northafricatrees.org\/fr\/esp%C3%A8ce\/ptilostemon-gnaphaloides-cirillo-sojak-3\/\"><strong>P. gnaphaloides<\/strong><\/a>.","post_title":"Ptilostemon Cass.","post_excerpt":"","post_status":"publish","comment_status":"closed","ping_status":"closed","post_password":"","post_name":"ptilostemon-cass","to_ping":"","pinged":"","post_modified":"2021-09-10 16:07:37","post_modified_gmt":"2021-09-10 16:07:37","post_content_filtered":"","post_parent":"0","guid":"https:\/\/www.northafricatrees.org\/genus\/ptilostemon-cass\/","menu_order":"0","post_type":"genus","post_mime_type":"","comment_count":"0","translation_id":"980","element_type":"post_genus","element_id":"11049","trid":"114024","language_code":"fr","source_language_code":"es","id":"4","code":"fr","english_name":"French","major":"1","active":"1","default_locale":"fr_FR","tag":"fr","encode_url":"0","pod_item_id":"11049"},{"ID":"11103","post_author":"1","post_date":"2020-11-10 09:01:16","post_date_gmt":"2020-11-10 09:01:16","post_content":"Genre comprenant environ 68 esp\u00e8ces propres des aires temp\u00e9r\u00e9es et tropicales de l\u2019Ancien Monde. Dans le N. de l'Afrique, il est repr\u00e9sent\u00e9 par 18 esp\u00e8ces, parmi lesquelles seules <a href=\"https:\/\/www.northafricatrees.org\/fr\/esp%C3%A8ce\/pulicaria-undulata-l-c-a-meyer-3\/\"><strong>P. undulata<\/strong><\/a> pr\u00e9sente des tiges lignifi\u00e9es \u00e0 la base, les autres esp\u00e8ces \u00e9tant herbac\u00e9es annuelles ou, lorsque p\u00e9rennes, \u00e0 base des tiges peu ou pas lignifi\u00e9e.","post_title":"Pulicaria Gaertn.","post_excerpt":"","post_status":"publish","comment_status":"closed","ping_status":"closed","post_password":"","post_name":"pulicaria-gaertn","to_ping":"","pinged":"","post_modified":"2021-09-10 09:19:06","post_modified_gmt":"2021-09-10 09:19:06","post_content_filtered":"","post_parent":"0","guid":"https:\/\/www.northafricatrees.org\/genus\/pulicaria-gaertn\/","menu_order":"0","post_type":"genus","post_mime_type":"","comment_count":"0","translation_id":"1034","element_type":"post_genus","element_id":"11103","trid":"114042","language_code":"fr","source_language_code":"es","id":"4","code":"fr","english_name":"French","major":"1","active":"1","default_locale":"fr_FR","tag":"fr","encode_url":"0","pod_item_id":"11103"},{"ID":"11082","post_author":"1","post_date":"2020-11-10 09:01:14","post_date_gmt":"2020-11-10 09:01:14","post_content":"Genre comprenant 3 esp\u00e8ces arbustives ou sous-arbustives, une d\u2019elles asiatique (<em>R. epapposum<\/em> Oliv.) et les 2 autres end\u00e9miques du N. de l\u2019Afrique.","post_title":"Rhanterium Desf.","post_excerpt":"","post_status":"publish","comment_status":"closed","ping_status":"closed","post_password":"","post_name":"rhanterium-desf","to_ping":"","pinged":"","post_modified":"2021-09-10 11:02:05","post_modified_gmt":"2021-09-10 11:02:05","post_content_filtered":"","post_parent":"0","guid":"https:\/\/www.northafricatrees.org\/genus\/rhanterium-desf\/","menu_order":"0","post_type":"genus","post_mime_type":"","comment_count":"0","translation_id":"1013","element_type":"post_genus","element_id":"11082","trid":"114035","language_code":"fr","source_language_code":"es","id":"4","code":"fr","english_name":"French","major":"1","active":"1","default_locale":"fr_FR","tag":"fr","encode_url":"0","pod_item_id":"11082"},{"ID":"11076","post_author":"1","post_date":"2020-11-10 09:01:14","post_date_gmt":"2020-11-10 09:01:14","post_content":"Genre comprenant environ 20 esp\u00e8ces euro-m\u00e9diterran\u00e9ennes, particuli\u00e8rement diversifi\u00e9 dans la p\u00e9ninsule ib\u00e9rique, avec 3 esp\u00e8ces dans le N. de l\u2019Afrique, dont 2 end\u00e9miques (<strong>S. adscensionis<\/strong> et <strong>S. africana<\/strong>) et une autre end\u00e9mique de la p\u00e9ninsule ib\u00e9rique, de Malte et du N.-O. de l\u2019Afrique (<strong>S. pectinata<\/strong>). Bien que leur port soit r\u00e9duit (\u00e0 peine 80\u00a0cm de haut), il s\u2019agit fr\u00e9quemment d\u2019esp\u00e8ces dominantes dans certaines formations v\u00e9g\u00e9tales et caract\u00e9ristiques du paysage.\r\n\r\nGenre tr\u00e8s proche, <strong>Pentzia<\/strong> Thunb. est compos\u00e9 de 25 esp\u00e8ces, la plupart des aires arides et d\u00e9sertiques du S. de l\u2019Afrique, dont 2 esp\u00e8ces arbustives dans le N. du continent. <strong>P. monodiana<\/strong> Maire (<em>Tamahaq\u00a0<\/em>: Tehatit), semblable \u00e0 une santoline de par son port et son aspect g\u00e9n\u00e9ral, mais dont les ak\u00e8nes pr\u00e9sentent un pappus en forme de couronne membraneuse liguliforme bien marqu\u00e9e. Il s\u2019agit d\u2019un petit sous-arbrisseau qui atteint 50\u00a0cm de haut, tr\u00e8s ramifi\u00e9, \u00e0 rameaux vieux \u00e0 \u00e9corce sub\u00e9reuse, les jeunes \u00e0 indument blanch\u00e2tre-s\u00e9ric\u00e9, feuilles m\u00e9dianes et sup\u00e9rieures pennatipartites et capitules de <em>c<\/em>. 1\u00a0cm de diam\u00e8tre, solitaires, longuement p\u00e9doncul\u00e9s, \u00e0 bract\u00e9es de l\u2019involucre lin\u00e9aires-lanc\u00e9ol\u00e9es, \u00e0 sommet scarieux blanch\u00e2tre et fleurs toutes flosculeuses, jaune-dor\u00e9. End\u00e9mique du Sahara alg\u00e9rien central, dans les plateaux du Hoggar et du Tassili-n-Ajjer. <strong>P. hesperidum<\/strong> Maire &amp; Wilczek est un petit sous-arbrisseau ligneux d\u2019\u00e0 peine 20\u00a0cm de haut, \u00e0 feuilles charnues, les m\u00e9dianes et sup\u00e9rieures \u00e0 bord denticul\u00e9, et les bract\u00e9es externes de l\u2019involucre ov\u00e9es ou oblongues, \u00e0 sommet scarieux brun p\u00e2le. End\u00e9mique des falaises \u00a0et plaines c\u00f4ti\u00e8res du Sahara marocain.\r\n\r\nGenre \u00e9galement proche, <strong>Cladanthus<\/strong> Cass. est form\u00e9 de 5 esp\u00e8ces m\u00e9diterran\u00e9ennes, toutes repr\u00e9sent\u00e9es dans le N. de l\u2019Afrique. Il s\u2019agit de plantes herbac\u00e9es annuelles ou p\u00e9rennes, avec une seule esp\u00e8ces suffrutescente. <strong>C. scariosus<\/strong> (Ball) Oberpr. &amp; Vogt (<em>Santolina scariosa<\/em> Ball, <em>Ormenis scariosa<\/em> (Ball) Litard. &amp; Maire), semblable aux esp\u00e8ces de <em>Santolina<\/em> et <em>Pentzia<\/em> de par son aspect, sa taille (\u00e0 peine 50\u00a0cm de haut) et ses capitules solitaires longuement p\u00e9doncul\u00e9s. N\u00e9anmoins, ce sous-arbrisseau se diff\u00e9rencie nettement par la pr\u00e9sence dans ses capitules de fleurs p\u00e9riph\u00e9riques h\u00e9miligul\u00e9es en plus des flosculeuses. De plus, contrairement \u00e0 <em>Santolina<\/em> et <em>Pentzia<\/em>, ses capitules pr\u00e9sentent des bract\u00e9es interflorales sur le r\u00e9ceptacle. L\u2019esp\u00e8ce est end\u00e9mique du Maroc, et occupe les zones arides des aires montagneuses de basse et moyenne altitude dans l\u2019Anti-Atlas, le Haut-Atlas, le Moyen Atlas et les plateaux du Maroc oriental.\r\n\r\nAucune de ces esp\u00e8ces n\u2019est actuellement \u00e9valu\u00e9e \u00e0 l\u2019\u00e9chelle mondiale dans la Liste rouge des esp\u00e8ces de l\u2019UICN. En Alg\u00e9rie, <em>P. monodiana<\/em> est incluse dans la Liste des esp\u00e8ces v\u00e9g\u00e9tales non cultiv\u00e9es prot\u00e9g\u00e9es (d\u00e9cret ex\u00e9cutif 12-03 du 4 janvier 2012).","post_title":"Santolina L.","post_excerpt":"","post_status":"publish","comment_status":"closed","ping_status":"closed","post_password":"","post_name":"santolina-l","to_ping":"","pinged":"","post_modified":"2021-07-25 20:36:54","post_modified_gmt":"2021-07-25 20:36:54","post_content_filtered":"","post_parent":"0","guid":"https:\/\/www.northafricatrees.org\/genus\/santolina-l\/","menu_order":"0","post_type":"genus","post_mime_type":"","comment_count":"0","translation_id":"1007","element_type":"post_genus","element_id":"11076","trid":"114033","language_code":"fr","source_language_code":"es","id":"4","code":"fr","english_name":"French","major":"1","active":"1","default_locale":"fr_FR","tag":"fr","encode_url":"0","pod_item_id":"11076"},{"ID":"11061","post_author":"1","post_date":"2020-11-10 09:01:13","post_date_gmt":"2020-11-10 09:01:13","post_content":"Genre comprenant environ 130 esp\u00e8ces d'Eurasie, Afrique et Oc\u00e9anie. Dans le N. de l\u2019Afrique, il est repr\u00e9sent\u00e9 par 13 esp\u00e8ces herbac\u00e9es annuelles ou bisannuelles, \u00e0 l\u2019exception de <a href=\"https:\/\/www.northafricatrees.org\/fr\/esp%C3%A8ce\/sonchus-pinnatifidus-cav-3\/\"><strong>S. pinnatifidus<\/strong><\/a>, arbuste de jusqu\u2019\u00e0 2(2,5)\u00a0m.","post_title":"Sonchus L.","post_excerpt":"","post_status":"publish","comment_status":"closed","ping_status":"closed","post_password":"","post_name":"sonchus-l","to_ping":"","pinged":"","post_modified":"2021-09-10 15:30:55","post_modified_gmt":"2021-09-10 15:30:55","post_content_filtered":"","post_parent":"0","guid":"https:\/\/www.northafricatrees.org\/genus\/sonchus-l\/","menu_order":"0","post_type":"genus","post_mime_type":"","comment_count":"0","translation_id":"992","element_type":"post_genus","element_id":"11061","trid":"114028","language_code":"fr","source_language_code":"es","id":"4","code":"fr","english_name":"French","major":"1","active":"1","default_locale":"fr_FR","tag":"fr","encode_url":"0","pod_item_id":"11061"},{"ID":"11043","post_author":"1","post_date":"2020-11-10 09:01:12","post_date_gmt":"2020-11-10 09:01:12","post_content":"Genre monosp\u00e9cifique (son unique esp\u00e8ce est <a href=\"https:\/\/www.northafricatrees.org\/fr\/esp%C3%A8ce\/warionia-saharae-coss-3\/\"><strong>W. saharae<\/strong><\/a>) end\u00e9mique du N.-O. de l\u2019Afrique, dans la zone de transition entre les v\u00e9g\u00e9tations m\u00e9diterran\u00e9enne, macaron\u00e9sienne et saharienne.","post_title":"Warionia  Benth. & Coss.","post_excerpt":"","post_status":"publish","comment_status":"closed","ping_status":"closed","post_password":"","post_name":"warionia-benth-coss","to_ping":"","pinged":"","post_modified":"2021-09-10 19:26:12","post_modified_gmt":"2021-09-10 19:26:12","post_content_filtered":"","post_parent":"0","guid":"https:\/\/www.northafricatrees.org\/genus\/warionia-benth-coss\/","menu_order":"0","post_type":"genus","post_mime_type":"","comment_count":"0","translation_id":"974","element_type":"post_genus","element_id":"11043","trid":"114022","language_code":"fr","source_language_code":"es","id":"4","code":"fr","english_name":"French","major":"1","active":"1","default_locale":"fr_FR","tag":"fr","encode_url":"0","pod_item_id":"11043"}],"groups_keys":[{"ID":"42094","post_author":"2","post_date":"2021-09-09 17:14:04","post_date_gmt":"2021-09-09 17:14:04","post_content":"","post_title":"Capitules \u00e0 fleurs toutes ligul\u00e9es. Plantes \u00e0 latex","post_excerpt":"","post_status":"publish","comment_status":"closed","ping_status":"closed","post_password":"","post_name":"capitules-a-fleurs-toutes-ligulees-plantes-a-latex","to_ping":"","pinged":"","post_modified":"2021-09-09 17:14:04","post_modified_gmt":"2021-09-09 17:14:04","post_content_filtered":"","post_parent":"0","guid":"https:\/\/www.northafricatrees.org\/?post_type=family_group_key&#038;p=42094","menu_order":"0","post_type":"family_group_key","post_mime_type":"","comment_count":"0","translation_id":"34131","element_type":"post_family_group_key","element_id":"42094","trid":"653334","language_code":"fr","source_language_code":null,"id":"4","code":"fr","english_name":"French","major":"1","active":"1","default_locale":"fr_FR","tag":"fr","encode_url":"0","pod_item_id":"42094"},{"ID":"42095","post_author":"2","post_date":"2021-09-09 17:14:48","post_date_gmt":"2021-09-09 17:14:48","post_content":"","post_title":"Capitules \u00e0 fleurs toutes flosculeuses, ou \u00e0 fleurs floculeuses et ligul\u00e9es ou h\u00e9miligul\u00e9es. Plantes sans latex","post_excerpt":"","post_status":"publish","comment_status":"closed","ping_status":"closed","post_password":"","post_name":"capitules-a-fleurs-toutes-flosculeuses-ou-a-fleurs-floculeuses-et-ligulees-ou-hemiligulees-plantes-sans-latex","to_ping":"","pinged":"","post_modified":"2021-09-09 17:14:48","post_modified_gmt":"2021-09-09 17:14:48","post_content_filtered":"","post_parent":"0","guid":"https:\/\/www.northafricatrees.org\/?post_type=family_group_key&#038;p=42095","menu_order":"0","post_type":"family_group_key","post_mime_type":"","comment_count":"0","translation_id":"34132","element_type":"post_family_group_key","element_id":"42095","trid":"653335","language_code":"fr","source_language_code":null,"id":"4","code":"fr","english_name":"French","major":"1","active":"1","default_locale":"fr_FR","tag":"fr","encode_url":"0","pod_item_id":"42095"},{"ID":"42096","post_author":"2","post_date":"2021-09-09 17:24:49","post_date_gmt":"2021-09-09 17:24:49","post_content":"","post_title":"Feuilles caulinaires \u00e0 base longuement d\u00e9currente sur la tige. Capitules \u00e0 4(5) fleurs","post_excerpt":"","post_status":"publish","comment_status":"closed","ping_status":"closed","post_password":"","post_name":"feuilles-caulinaires-a-base-longuement-decurrente-sur-la-tige-capitules-a-45-fleurs","to_ping":"","pinged":"","post_modified":"2021-09-09 17:24:49","post_modified_gmt":"2021-09-09 17:24:49","post_content_filtered":"","post_parent":"0","guid":"https:\/\/www.northafricatrees.org\/?post_type=family_group_key&#038;p=42096","menu_order":"0","post_type":"family_group_key","post_mime_type":"","comment_count":"0","translation_id":"34133","element_type":"post_family_group_key","element_id":"42096","trid":"653336","language_code":"fr","source_language_code":null,"id":"4","code":"fr","english_name":"French","major":"1","active":"1","default_locale":"fr_FR","tag":"fr","encode_url":"0","pod_item_id":"42096"},{"ID":"42097","post_author":"2","post_date":"2021-09-09 17:25:50","post_date_gmt":"2021-09-09 17:25:50","post_content":"","post_title":"Feuilles caulinaires \u00e0 base non d\u00e9currente. Capitules \u00e0 6 fleurs ou plus","post_excerpt":"","post_status":"publish","comment_status":"closed","ping_status":"closed","post_password":"","post_name":"feuilles-caulinaires-a-base-non-decurrente-capitules-a-6-fleurs-ou-plus","to_ping":"","pinged":"","post_modified":"2021-09-09 17:25:50","post_modified_gmt":"2021-09-09 17:25:50","post_content_filtered":"","post_parent":"0","guid":"https:\/\/www.northafricatrees.org\/?post_type=family_group_key&#038;p=42097","menu_order":"0","post_type":"family_group_key","post_mime_type":"","comment_count":"0","translation_id":"34134","element_type":"post_family_group_key","element_id":"42097","trid":"653337","language_code":"fr","source_language_code":null,"id":"4","code":"fr","english_name":"French","major":"1","active":"1","default_locale":"fr_FR","tag":"fr","encode_url":"0","pod_item_id":"42097"},{"ID":"42098","post_author":"2","post_date":"2021-09-09 17:26:53","post_date_gmt":"2021-09-09 17:26:53","post_content":"","post_title":"Ak\u00e8nes cylindriques ou l\u00e9g\u00e8rement comprim\u00e9s. Capitules \u00e0 6-20(25) fleurs","post_excerpt":"","post_status":"publish","comment_status":"closed","ping_status":"closed","post_password":"","post_name":"akenes-cylindriques-ou-legerement-comprimes-capitules-a-6-2025-fleurs","to_ping":"","pinged":"","post_modified":"2021-09-09 17:26:53","post_modified_gmt":"2021-09-09 17:26:53","post_content_filtered":"","post_parent":"0","guid":"https:\/\/www.northafricatrees.org\/?post_type=family_group_key&#038;p=42098","menu_order":"0","post_type":"family_group_key","post_mime_type":"","comment_count":"0","translation_id":"34135","element_type":"post_family_group_key","element_id":"42098","trid":"653338","language_code":"fr","source_language_code":null,"id":"4","code":"fr","english_name":"French","major":"1","active":"1","default_locale":"fr_FR","tag":"fr","encode_url":"0","pod_item_id":"42098"},{"ID":"42099","post_author":"2","post_date":"2021-09-09 17:27:35","post_date_gmt":"2021-09-09 17:27:35","post_content":"","post_title":"Ak\u00e8nes nettement comprim\u00e9s. Capitules \u00e0 plus de 20 fleurs","post_excerpt":"","post_status":"publish","comment_status":"closed","ping_status":"closed","post_password":"","post_name":"akenes-nettement-comprimes-capitules-a-plus-de-20-fleurs","to_ping":"","pinged":"","post_modified":"2021-09-09 17:27:35","post_modified_gmt":"2021-09-09 17:27:35","post_content_filtered":"","post_parent":"0","guid":"https:\/\/www.northafricatrees.org\/?post_type=family_group_key&#038;p=42099","menu_order":"0","post_type":"family_group_key","post_mime_type":"","comment_count":"0","translation_id":"34136","element_type":"post_family_group_key","element_id":"42099","trid":"653339","language_code":"fr","source_language_code":null,"id":"4","code":"fr","english_name":"French","major":"1","active":"1","default_locale":"fr_FR","tag":"fr","encode_url":"0","pod_item_id":"42099"},{"ID":"42100","post_author":"2","post_date":"2021-09-09 17:28:29","post_date_gmt":"2021-09-09 17:28:29","post_content":"","post_title":"Capitules \u00e0 fleurs toutes flosculeuses","post_excerpt":"","post_status":"publish","comment_status":"closed","ping_status":"closed","post_password":"","post_name":"capitules-a-fleurs-toutes-flosculeuses","to_ping":"","pinged":"","post_modified":"2021-09-09 17:28:29","post_modified_gmt":"2021-09-09 17:28:29","post_content_filtered":"","post_parent":"0","guid":"https:\/\/www.northafricatrees.org\/?post_type=family_group_key&#038;p=42100","menu_order":"0","post_type":"family_group_key","post_mime_type":"","comment_count":"0","translation_id":"34137","element_type":"post_family_group_key","element_id":"42100","trid":"653340","language_code":"fr","source_language_code":null,"id":"4","code":"fr","english_name":"French","major":"1","active":"1","default_locale":"fr_FR","tag":"fr","encode_url":"0","pod_item_id":"42100"},{"ID":"42101","post_author":"2","post_date":"2021-09-09 17:29:17","post_date_gmt":"2021-09-09 17:29:17","post_content":"","post_title":"Capitules \u00e0 fleurs ligul\u00e9es ou h\u00e9miligul\u00e9es \u00e0 la p\u00e9riph\u00e9rie et flosculeuses dans la partie centrale","post_excerpt":"","post_status":"publish","comment_status":"closed","ping_status":"closed","post_password":"","post_name":"capitules-a-fleurs-ligulees-ou-hemiligulees-a-la-peripherie-et-flosculeuses-dans-la-partie-centrale","to_ping":"","pinged":"","post_modified":"2021-09-09 17:29:17","post_modified_gmt":"2021-09-09 17:29:17","post_content_filtered":"","post_parent":"0","guid":"https:\/\/www.northafricatrees.org\/?post_type=family_group_key&#038;p=42101","menu_order":"0","post_type":"family_group_key","post_mime_type":"","comment_count":"0","translation_id":"34138","element_type":"post_family_group_key","element_id":"42101","trid":"653341","language_code":"fr","source_language_code":null,"id":"4","code":"fr","english_name":"French","major":"1","active":"1","default_locale":"fr_FR","tag":"fr","encode_url":"0","pod_item_id":"42101"},{"ID":"42102","post_author":"2","post_date":"2021-09-09 17:30:06","post_date_gmt":"2021-09-09 17:30:06","post_content":"","post_title":"Feuilles \u00e9pineuses","post_excerpt":"","post_status":"publish","comment_status":"closed","ping_status":"closed","post_password":"","post_name":"feuilles-epineuses","to_ping":"","pinged":"","post_modified":"2021-09-09 17:30:06","post_modified_gmt":"2021-09-09 17:30:06","post_content_filtered":"","post_parent":"0","guid":"https:\/\/www.northafricatrees.org\/?post_type=family_group_key&#038;p=42102","menu_order":"0","post_type":"family_group_key","post_mime_type":"","comment_count":"0","translation_id":"34139","element_type":"post_family_group_key","element_id":"42102","trid":"653342","language_code":"fr","source_language_code":null,"id":"4","code":"fr","english_name":"French","major":"1","active":"1","default_locale":"fr_FR","tag":"fr","encode_url":"0","pod_item_id":"42102"},{"ID":"42103","post_author":"2","post_date":"2021-09-09 17:30:36","post_date_gmt":"2021-09-09 17:30:36","post_content":"","post_title":"Feuilles sans \u00e9pines","post_excerpt":"","post_status":"publish","comment_status":"closed","ping_status":"closed","post_password":"","post_name":"feuilles-sans-epines","to_ping":"","pinged":"","post_modified":"2021-09-09 17:30:36","post_modified_gmt":"2021-09-09 17:30:36","post_content_filtered":"","post_parent":"0","guid":"https:\/\/www.northafricatrees.org\/?post_type=family_group_key&#038;p=42103","menu_order":"0","post_type":"family_group_key","post_mime_type":"","comment_count":"0","translation_id":"34140","element_type":"post_family_group_key","element_id":"42103","trid":"653343","language_code":"fr","source_language_code":null,"id":"4","code":"fr","english_name":"French","major":"1","active":"1","default_locale":"fr_FR","tag":"fr","encode_url":"0","pod_item_id":"42103"},{"ID":"42105","post_author":"2","post_date":"2021-09-09 17:31:29","post_date_gmt":"2021-09-09 17:31:29","post_content":"","post_title":"Capitules entour\u00e9s de feuilles involucrales semblables aux caulinaires et plus longues que l\u2019involucre. R\u00e9ceptacle poilu","post_excerpt":"","post_status":"publish","comment_status":"closed","ping_status":"closed","post_password":"","post_name":"capitules-entoures-de-feuilles-involucrales-semblables-aux-caulinaires-et-plus-longues-que-linvolucre-receptacle-poilu","to_ping":"","pinged":"","post_modified":"2021-09-09 17:31:29","post_modified_gmt":"2021-09-09 17:31:29","post_content_filtered":"","post_parent":"0","guid":"https:\/\/www.northafricatrees.org\/?post_type=family_group_key&#038;p=42105","menu_order":"0","post_type":"family_group_key","post_mime_type":"","comment_count":"0","translation_id":"34141","element_type":"post_family_group_key","element_id":"42105","trid":"653344","language_code":"fr","source_language_code":null,"id":"4","code":"fr","english_name":"French","major":"1","active":"1","default_locale":"fr_FR","tag":"fr","encode_url":"0","pod_item_id":"42105"},{"ID":"42106","post_author":"2","post_date":"2021-09-09 17:32:24","post_date_gmt":"2021-09-09 17:32:24","post_content":"","post_title":"Capitules non entour\u00e9s de feuilles involucrales semblables aux caulinaires. R\u00e9ceptacle sans poils","post_excerpt":"","post_status":"publish","comment_status":"closed","ping_status":"closed","post_password":"","post_name":"capitules-non-entoures-de-feuilles-involucrales-semblables-aux-caulinaires-receptacle-sans-poils","to_ping":"","pinged":"","post_modified":"2021-09-09 17:32:45","post_modified_gmt":"2021-09-09 17:32:45","post_content_filtered":"","post_parent":"0","guid":"https:\/\/www.northafricatrees.org\/?post_type=family_group_key&#038;p=42106","menu_order":"0","post_type":"family_group_key","post_mime_type":"","comment_count":"0","translation_id":"34142","element_type":"post_family_group_key","element_id":"42106","trid":"653345","language_code":"fr","source_language_code":null,"id":"4","code":"fr","english_name":"French","major":"1","active":"1","default_locale":"fr_FR","tag":"fr","encode_url":"0","pod_item_id":"42106"},{"ID":"42108","post_author":"2","post_date":"2021-09-09 17:33:47","post_date_gmt":"2021-09-09 17:33:47","post_content":"","post_title":"Arbustes cactiformes, \u00e0 tiges cylindriques \u00e9paisses. Involucre pr\u00e9sentant une rang\u00e9e interne de bract\u00e9es longues et une autre externe de bract\u00e9es tr\u00e8s courtes","post_excerpt":"","post_status":"publish","comment_status":"closed","ping_status":"closed","post_password":"","post_name":"arbustes-cactiformes-a-tiges-cylindriques-epaisses-involucre-presentant-une-rangee-interne-de-bractees-longues-et-une-autre-externe-de-bractees-tres-courtes","to_ping":"","pinged":"","post_modified":"2021-09-09 17:34:38","post_modified_gmt":"2021-09-09 17:34:38","post_content_filtered":"","post_parent":"0","guid":"https:\/\/www.northafricatrees.org\/?post_type=family_group_key&#038;p=42108","menu_order":"0","post_type":"family_group_key","post_mime_type":"","comment_count":"0","translation_id":"34143","element_type":"post_family_group_key","element_id":"42108","trid":"653346","language_code":"fr","source_language_code":null,"id":"4","code":"fr","english_name":"French","major":"1","active":"1","default_locale":"fr_FR","tag":"fr","encode_url":"0","pod_item_id":"42108"},{"ID":"42109","post_author":"2","post_date":"2021-09-09 17:35:50","post_date_gmt":"2021-09-09 17:35:50","post_content":"","post_title":"Arbustes ou sous-arbustes non cactiformes. Involucre \u00e0 plusieurs rang\u00e9es de bract\u00e9es imbriqu\u00e9es","post_excerpt":"","post_status":"publish","comment_status":"closed","ping_status":"closed","post_password":"","post_name":"arbustes-ou-sous-arbustes-non-cactiformes-involucre-a-plusieurs-rangees-de-bractees-imbriquees","to_ping":"","pinged":"","post_modified":"2021-09-09 17:36:25","post_modified_gmt":"2021-09-09 17:36:25","post_content_filtered":"","post_parent":"0","guid":"https:\/\/www.northafricatrees.org\/?post_type=family_group_key&#038;p=42109","menu_order":"0","post_type":"family_group_key","post_mime_type":"","comment_count":"0","translation_id":"34144","element_type":"post_family_group_key","element_id":"42109","trid":"653347","language_code":"fr","source_language_code":null,"id":"4","code":"fr","english_name":"French","major":"1","active":"1","default_locale":"fr_FR","tag":"fr","encode_url":"0","pod_item_id":"42109"},{"ID":"42110","post_author":"2","post_date":"2021-09-09 17:37:15","post_date_gmt":"2021-09-09 17:37:15","post_content":"","post_title":"Capitules de 3-12 mm de long, r\u00e9unis en inflorescences spiciformes, panicul\u00e9es ou corymbiformes denses","post_excerpt":"","post_status":"publish","comment_status":"closed","ping_status":"closed","post_password":"","post_name":"capitules-de-3-12-mm-de-long-reunis-en-inflorescences-spiciformes-paniculees-ou-corymbiformes-denses","to_ping":"","pinged":"","post_modified":"2021-09-09 17:37:15","post_modified_gmt":"2021-09-09 17:37:15","post_content_filtered":"","post_parent":"0","guid":"https:\/\/www.northafricatrees.org\/?post_type=family_group_key&#038;p=42110","menu_order":"0","post_type":"family_group_key","post_mime_type":"","comment_count":"0","translation_id":"34145","element_type":"post_family_group_key","element_id":"42110","trid":"653348","language_code":"fr","source_language_code":null,"id":"4","code":"fr","english_name":"French","major":"1","active":"1","default_locale":"fr_FR","tag":"fr","encode_url":"0","pod_item_id":"42110"},{"ID":"42111","post_author":"2","post_date":"2021-09-09 17:37:58","post_date_gmt":"2021-09-09 17:37:58","post_content":"","post_title":"Capitules de (5)6-40 mm de long, solitaires ou r\u00e9unis en inflorescences corymbiformes l\u00e2ches","post_excerpt":"","post_status":"publish","comment_status":"closed","ping_status":"closed","post_password":"","post_name":"capitules-de-56-40-mm-de-long-solitaires-ou-reunis-en-inflorescences-corymbiformes-laches","to_ping":"","pinged":"","post_modified":"2021-09-09 17:37:58","post_modified_gmt":"2021-09-09 17:37:58","post_content_filtered":"","post_parent":"0","guid":"https:\/\/www.northafricatrees.org\/?post_type=family_group_key&#038;p=42111","menu_order":"0","post_type":"family_group_key","post_mime_type":"","comment_count":"0","translation_id":"34146","element_type":"post_family_group_key","element_id":"42111","trid":"653349","language_code":"fr","source_language_code":null,"id":"4","code":"fr","english_name":"French","major":"1","active":"1","default_locale":"fr_FR","tag":"fr","encode_url":"0","pod_item_id":"42111"},{"ID":"42112","post_author":"2","post_date":"2021-09-09 17:38:26","post_date_gmt":"2021-09-09 17:38:26","post_content":"","post_title":"Ak\u00e8nes sans pappus","post_excerpt":"","post_status":"publish","comment_status":"closed","ping_status":"closed","post_password":"","post_name":"akenes-sans-pappus","to_ping":"","pinged":"","post_modified":"2021-09-09 17:38:26","post_modified_gmt":"2021-09-09 17:38:26","post_content_filtered":"","post_parent":"0","guid":"https:\/\/www.northafricatrees.org\/?post_type=family_group_key&#038;p=42112","menu_order":"0","post_type":"family_group_key","post_mime_type":"","comment_count":"0","translation_id":"34147","element_type":"post_family_group_key","element_id":"42112","trid":"653350","language_code":"fr","source_language_code":null,"id":"4","code":"fr","english_name":"French","major":"1","active":"1","default_locale":"fr_FR","tag":"fr","encode_url":"0","pod_item_id":"42112"},{"ID":"42113","post_author":"2","post_date":"2021-09-09 17:39:05","post_date_gmt":"2021-09-09 17:39:05","post_content":"","post_title":"Ak\u00e8nes \u00e0 pappus","post_excerpt":"","post_status":"publish","comment_status":"closed","ping_status":"closed","post_password":"","post_name":"akenes-a-pappus","to_ping":"","pinged":"","post_modified":"2021-09-09 17:39:05","post_modified_gmt":"2021-09-09 17:39:05","post_content_filtered":"","post_parent":"0","guid":"https:\/\/www.northafricatrees.org\/?post_type=family_group_key&#038;p=42113","menu_order":"0","post_type":"family_group_key","post_mime_type":"","comment_count":"0","translation_id":"34148","element_type":"post_family_group_key","element_id":"42113","trid":"653351","language_code":"fr","source_language_code":null,"id":"4","code":"fr","english_name":"French","major":"1","active":"1","default_locale":"fr_FR","tag":"fr","encode_url":"0","pod_item_id":"42113"},{"ID":"42114","post_author":"2","post_date":"2021-09-09 17:40:08","post_date_gmt":"2021-09-09 17:40:08","post_content":"","post_title":"R\u00e9ceptacle \u00e0 \u00e9cailles interflorales. Capitules de 6-9 mm de diam\u00e8tre","post_excerpt":"","post_status":"publish","comment_status":"closed","ping_status":"closed","post_password":"","post_name":"receptacle-a-ecailles-interflorales-capitules-de-6-9-mm-de-diametre","to_ping":"","pinged":"","post_modified":"2021-09-09 18:26:01","post_modified_gmt":"2021-09-09 18:26:01","post_content_filtered":"","post_parent":"0","guid":"https:\/\/www.northafricatrees.org\/?post_type=family_group_key&#038;p=42114","menu_order":"0","post_type":"family_group_key","post_mime_type":"","comment_count":"0","translation_id":"34149","element_type":"post_family_group_key","element_id":"42114","trid":"653352","language_code":"fr","source_language_code":null,"id":"4","code":"fr","english_name":"French","major":"1","active":"1","default_locale":"fr_FR","tag":"fr","encode_url":"0","pod_item_id":"42114"},{"ID":"42115","post_author":"2","post_date":"2021-09-09 17:40:48","post_date_gmt":"2021-09-09 17:40:48","post_content":"","post_title":"R\u00e9ceptacle sans \u00e9cailles interflorales. Capitules de 1,5-6 mm de diam\u00e8tre","post_excerpt":"","post_status":"publish","comment_status":"closed","ping_status":"closed","post_password":"","post_name":"receptacle-sans-ecailles-interflorales-capitules-de-15-6-mm-de-diametre","to_ping":"","pinged":"","post_modified":"2021-09-09 17:40:48","post_modified_gmt":"2021-09-09 17:40:48","post_content_filtered":"","post_parent":"0","guid":"https:\/\/www.northafricatrees.org\/?post_type=family_group_key&#038;p=42115","menu_order":"0","post_type":"family_group_key","post_mime_type":"","comment_count":"0","translation_id":"34150","element_type":"post_family_group_key","element_id":"42115","trid":"653353","language_code":"fr","source_language_code":null,"id":"4","code":"fr","english_name":"French","major":"1","active":"1","default_locale":"fr_FR","tag":"fr","encode_url":"0","pod_item_id":"42115"},{"ID":"42116","post_author":"2","post_date":"2021-09-09 17:42:11","post_date_gmt":"2021-09-09 17:42:11","post_content":"","post_title":"Feuilles enti\u00e8res. Bract\u00e9es de l\u2019involucre \u00e0 bord entier","post_excerpt":"","post_status":"publish","comment_status":"closed","ping_status":"closed","post_password":"","post_name":"feuilles-entieres-bractees-de-linvolucre-a-bord-entier","to_ping":"","pinged":"","post_modified":"2021-09-09 17:42:11","post_modified_gmt":"2021-09-09 17:42:11","post_content_filtered":"","post_parent":"0","guid":"https:\/\/www.northafricatrees.org\/?post_type=family_group_key&#038;p=42116","menu_order":"0","post_type":"family_group_key","post_mime_type":"","comment_count":"0","translation_id":"34151","element_type":"post_family_group_key","element_id":"42116","trid":"653354","language_code":"fr","source_language_code":null,"id":"4","code":"fr","english_name":"French","major":"1","active":"1","default_locale":"fr_FR","tag":"fr","encode_url":"0","pod_item_id":"42116"},{"ID":"42117","post_author":"2","post_date":"2021-09-09 17:42:55","post_date_gmt":"2021-09-09 17:42:55","post_content":"","post_title":"Feuilles dent\u00e9es. Bract\u00e9es de l\u2019involucre \u00e0 bord fimbri\u00e9","post_excerpt":"","post_status":"publish","comment_status":"closed","ping_status":"closed","post_password":"","post_name":"feuilles-dentees-bractees-de-linvolucre-a-bord-fimbrie","to_ping":"","pinged":"","post_modified":"2021-09-09 17:43:12","post_modified_gmt":"2021-09-09 17:43:12","post_content_filtered":"","post_parent":"0","guid":"https:\/\/www.northafricatrees.org\/?post_type=family_group_key&#038;p=42117","menu_order":"0","post_type":"family_group_key","post_mime_type":"","comment_count":"0","translation_id":"34152","element_type":"post_family_group_key","element_id":"42117","trid":"653355","language_code":"fr","source_language_code":null,"id":"4","code":"fr","english_name":"French","major":"1","active":"1","default_locale":"fr_FR","tag":"fr","encode_url":"0","pod_item_id":"42117"},{"ID":"42119","post_author":"2","post_date":"2021-09-09 17:43:49","post_date_gmt":"2021-09-09 17:43:49","post_content":"","post_title":"Ak\u00e8nes sans pappus, ou \u00e0 pappus form\u00e9 d\u2019une couronne membraneuse liguliforme","post_excerpt":"","post_status":"publish","comment_status":"closed","ping_status":"closed","post_password":"","post_name":"akenes-sans-pappus-ou-a-pappus-forme-dune-couronne-membraneuse-liguliforme","to_ping":"","pinged":"","post_modified":"2021-09-09 17:43:49","post_modified_gmt":"2021-09-09 17:43:49","post_content_filtered":"","post_parent":"0","guid":"https:\/\/www.northafricatrees.org\/?post_type=family_group_key&#038;p=42119","menu_order":"0","post_type":"family_group_key","post_mime_type":"","comment_count":"0","translation_id":"34153","element_type":"post_family_group_key","element_id":"42119","trid":"653356","language_code":"fr","source_language_code":null,"id":"4","code":"fr","english_name":"French","major":"1","active":"1","default_locale":"fr_FR","tag":"fr","encode_url":"0","pod_item_id":"42119"},{"ID":"42120","post_author":"2","post_date":"2021-09-09 17:44:17","post_date_gmt":"2021-09-09 17:44:17","post_content":"","post_title":"Ak\u00e8nes \u00e0 pappus form\u00e9 de poils scabres ou plumeux","post_excerpt":"","post_status":"publish","comment_status":"closed","ping_status":"closed","post_password":"","post_name":"akenes-a-pappus-forme-de-poils-scabres-ou-plumeux","to_ping":"","pinged":"","post_modified":"2021-09-09 17:44:17","post_modified_gmt":"2021-09-09 17:44:17","post_content_filtered":"","post_parent":"0","guid":"https:\/\/www.northafricatrees.org\/?post_type=family_group_key&#038;p=42120","menu_order":"0","post_type":"family_group_key","post_mime_type":"","comment_count":"0","translation_id":"34154","element_type":"post_family_group_key","element_id":"42120","trid":"653357","language_code":"fr","source_language_code":null,"id":"4","code":"fr","english_name":"French","major":"1","active":"1","default_locale":"fr_FR","tag":"fr","encode_url":"0","pod_item_id":"42120"},{"ID":"42121","post_author":"2","post_date":"2021-09-09 17:45:02","post_date_gmt":"2021-09-09 17:45:02","post_content":"","post_title":"Ak\u00e8nes sans pappus","post_excerpt":"","post_status":"publish","comment_status":"closed","ping_status":"closed","post_password":"","post_name":"akenes-sans-pappus-2","to_ping":"","pinged":"","post_modified":"2021-09-09 17:45:02","post_modified_gmt":"2021-09-09 17:45:02","post_content_filtered":"","post_parent":"0","guid":"https:\/\/www.northafricatrees.org\/?post_type=family_group_key&#038;p=42121","menu_order":"0","post_type":"family_group_key","post_mime_type":"","comment_count":"0","translation_id":"34155","element_type":"post_family_group_key","element_id":"42121","trid":"653358","language_code":"fr","source_language_code":null,"id":"4","code":"fr","english_name":"French","major":"1","active":"1","default_locale":"fr_FR","tag":"fr","encode_url":"0","pod_item_id":"42121"},{"ID":"42122","post_author":"2","post_date":"2021-09-09 17:45:58","post_date_gmt":"2021-09-09 17:45:58","post_content":"","post_title":"Ak\u00e8nes \u00e0 pappus form\u00e9 d\u2019une couronne membraneuse liguliforme","post_excerpt":"","post_status":"publish","comment_status":"closed","ping_status":"closed","post_password":"","post_name":"akenes-a-pappus-forme-dune-couronne-membraneuse-liguliforme","to_ping":"","pinged":"","post_modified":"2021-09-09 18:31:30","post_modified_gmt":"2021-09-09 18:31:30","post_content_filtered":"","post_parent":"0","guid":"https:\/\/www.northafricatrees.org\/?post_type=family_group_key&#038;p=42122","menu_order":"0","post_type":"family_group_key","post_mime_type":"","comment_count":"0","translation_id":"34156","element_type":"post_family_group_key","element_id":"42122","trid":"653359","language_code":"fr","source_language_code":null,"id":"4","code":"fr","english_name":"French","major":"1","active":"1","default_locale":"fr_FR","tag":"fr","encode_url":"0","pod_item_id":"42122"},{"ID":"42123","post_author":"2","post_date":"2021-09-09 17:47:24","post_date_gmt":"2021-09-09 17:47:24","post_content":"","post_title":"Pappus form\u00e9 par des poils plumeux","post_excerpt":"","post_status":"publish","comment_status":"closed","ping_status":"closed","post_password":"","post_name":"pappus-forme-par-des-poils-plumeux","to_ping":"","pinged":"","post_modified":"2021-09-09 17:47:24","post_modified_gmt":"2021-09-09 17:47:24","post_content_filtered":"","post_parent":"0","guid":"https:\/\/www.northafricatrees.org\/?post_type=family_group_key&#038;p=42123","menu_order":"0","post_type":"family_group_key","post_mime_type":"","comment_count":"0","translation_id":"34157","element_type":"post_family_group_key","element_id":"42123","trid":"653360","language_code":"fr","source_language_code":null,"id":"4","code":"fr","english_name":"French","major":"1","active":"1","default_locale":"fr_FR","tag":"fr","encode_url":"0","pod_item_id":"42123"},{"ID":"42124","post_author":"2","post_date":"2021-09-09 17:47:59","post_date_gmt":"2021-09-09 17:47:59","post_content":"","post_title":"Pappus form\u00e9 par des poils ou \u00e9cailles scabres","post_excerpt":"","post_status":"publish","comment_status":"closed","ping_status":"closed","post_password":"","post_name":"pappus-forme-par-des-poils-ou-ecailles-scabres","to_ping":"","pinged":"","post_modified":"2021-09-09 17:47:59","post_modified_gmt":"2021-09-09 17:47:59","post_content_filtered":"","post_parent":"0","guid":"https:\/\/www.northafricatrees.org\/?post_type=family_group_key&#038;p=42124","menu_order":"0","post_type":"family_group_key","post_mime_type":"","comment_count":"0","translation_id":"34158","element_type":"post_family_group_key","element_id":"42124","trid":"653361","language_code":"fr","source_language_code":null,"id":"4","code":"fr","english_name":"French","major":"1","active":"1","default_locale":"fr_FR","tag":"fr","encode_url":"0","pod_item_id":"42124"},{"ID":"42125","post_author":"2","post_date":"2021-09-09 17:48:50","post_date_gmt":"2021-09-09 17:48:50","post_content":"","post_title":"Bract\u00e9es de l\u2019involucre \u00e0 appendice apical pectin\u00e9 ou pourvu d\u2019une \u00e9pine apicale bien d\u00e9velopp\u00e9e. Fleurs bleu-violet, ros\u00e2tres ou rouge\u00e2tres","post_excerpt":"","post_status":"publish","comment_status":"closed","ping_status":"closed","post_password":"","post_name":"bractees-de-linvolucre-a-appendice-apical-pectine-ou-pourvu-dune-epine-apicale-bien-developpee-fleurs-bleu-violet-rosatres-ou-rougeatres","to_ping":"","pinged":"","post_modified":"2021-09-09 17:48:50","post_modified_gmt":"2021-09-09 17:48:50","post_content_filtered":"","post_parent":"0","guid":"https:\/\/www.northafricatrees.org\/?post_type=family_group_key&#038;p=42125","menu_order":"0","post_type":"family_group_key","post_mime_type":"","comment_count":"0","translation_id":"34159","element_type":"post_family_group_key","element_id":"42125","trid":"653362","language_code":"fr","source_language_code":null,"id":"4","code":"fr","english_name":"French","major":"1","active":"1","default_locale":"fr_FR","tag":"fr","encode_url":"0","pod_item_id":"42125"},{"ID":"42126","post_author":"2","post_date":"2021-09-09 17:49:55","post_date_gmt":"2021-09-09 17:49:55","post_content":"","post_title":"Bract\u00e9es de l\u2019involucre sans appendice apical pectin\u00e9, obtuses, aigu\u00ebs ou acumin\u00e9es, mais sans \u00e9pine apicale bien d\u00e9velopp\u00e9e. Fleurs jaunes, \u00e0 sommet des lobules parfois pourpr\u00e9","post_excerpt":"","post_status":"publish","comment_status":"closed","ping_status":"closed","post_password":"","post_name":"bractees-de-linvolucre-sans-appendice-apical-pectine-obtuses-aigues-ou-acuminees-mais-sans-epine-apicale-bien-developpee-fleurs-jaunes-a-sommet-des-lobules-parfois-pourpre","to_ping":"","pinged":"","post_modified":"2021-09-09 17:49:55","post_modified_gmt":"2021-09-09 17:49:55","post_content_filtered":"","post_parent":"0","guid":"https:\/\/www.northafricatrees.org\/?post_type=family_group_key&#038;p=42126","menu_order":"0","post_type":"family_group_key","post_mime_type":"","comment_count":"0","translation_id":"34160","element_type":"post_family_group_key","element_id":"42126","trid":"653363","language_code":"fr","source_language_code":null,"id":"4","code":"fr","english_name":"French","major":"1","active":"1","default_locale":"fr_FR","tag":"fr","encode_url":"0","pod_item_id":"42126"},{"ID":"42127","post_author":"2","post_date":"2021-09-09 17:51:05","post_date_gmt":"2021-09-09 17:51:05","post_content":"","post_title":"Bract\u00e9es m\u00e9dianes de l\u2019involucre \u00e0 \u00e9pine apicale de (1,5)12-15 mm. R\u00e9ceptacle \u00e0 \u00e9cailles interflorales s\u00e9tac\u00e9es","post_excerpt":"","post_status":"publish","comment_status":"closed","ping_status":"closed","post_password":"","post_name":"bractees-medianes-de-linvolucre-a-epine-apicale-de-1512-15-mm-receptacle-a-ecailles-interflorales-setacees","to_ping":"","pinged":"","post_modified":"2021-09-09 17:51:05","post_modified_gmt":"2021-09-09 17:51:05","post_content_filtered":"","post_parent":"0","guid":"https:\/\/www.northafricatrees.org\/?post_type=family_group_key&#038;p=42127","menu_order":"0","post_type":"family_group_key","post_mime_type":"","comment_count":"0","translation_id":"34161","element_type":"post_family_group_key","element_id":"42127","trid":"653364","language_code":"fr","source_language_code":null,"id":"4","code":"fr","english_name":"French","major":"1","active":"1","default_locale":"fr_FR","tag":"fr","encode_url":"0","pod_item_id":"42127"},{"ID":"42128","post_author":"2","post_date":"2021-09-09 17:51:52","post_date_gmt":"2021-09-09 17:51:52","post_content":"","post_title":"Bract\u00e9es m\u00e9dianes de l\u2019involucre inermes. R\u00e9ceptacle poilu","post_excerpt":"","post_status":"publish","comment_status":"closed","ping_status":"closed","post_password":"","post_name":"bractees-medianes-de-linvolucre-inermes-receptacle-poilu","to_ping":"","pinged":"","post_modified":"2021-09-09 17:53:21","post_modified_gmt":"2021-09-09 17:53:21","post_content_filtered":"","post_parent":"0","guid":"https:\/\/www.northafricatrees.org\/?post_type=family_group_key&#038;p=42128","menu_order":"0","post_type":"family_group_key","post_mime_type":"","comment_count":"0","translation_id":"34162","element_type":"post_family_group_key","element_id":"42128","trid":"653365","language_code":"fr","source_language_code":null,"id":"4","code":"fr","english_name":"French","major":"1","active":"1","default_locale":"fr_FR","tag":"fr","encode_url":"0","pod_item_id":"42128"},{"ID":"42129","post_author":"2","post_date":"2021-09-09 17:52:34","post_date_gmt":"2021-09-09 17:52:34","post_content":"","post_title":"Capitules de 30-40 cm de long. Feuilles sinu\u00e9es-pennatifides","post_excerpt":"","post_status":"publish","comment_status":"closed","ping_status":"closed","post_password":"","post_name":"capitules-de-30-40-cm-de-long-feuilles-sinuees-pennatifides","to_ping":"","pinged":"","post_modified":"2021-09-09 17:52:34","post_modified_gmt":"2021-09-09 17:52:34","post_content_filtered":"","post_parent":"0","guid":"https:\/\/www.northafricatrees.org\/?post_type=family_group_key&#038;p=42129","menu_order":"0","post_type":"family_group_key","post_mime_type":"","comment_count":"0","translation_id":"34163","element_type":"post_family_group_key","element_id":"42129","trid":"653366","language_code":"fr","source_language_code":null,"id":"4","code":"fr","english_name":"French","major":"1","active":"1","default_locale":"fr_FR","tag":"fr","encode_url":"0","pod_item_id":"42129"},{"ID":"42130","post_author":"2","post_date":"2021-09-09 17:54:46","post_date_gmt":"2021-09-09 17:54:46","post_content":"","post_title":"Capitules \u00e0 feuilles involucrales similaires aux caulinaires et plus longues que l\u2019involucre","post_excerpt":"","post_status":"publish","comment_status":"closed","ping_status":"closed","post_password":"","post_name":"capitules-a-feuilles-involucrales-similaires-aux-caulinaires-et-plus-longues-que-linvolucre","to_ping":"","pinged":"","post_modified":"2021-09-09 18:38:32","post_modified_gmt":"2021-09-09 18:38:32","post_content_filtered":"","post_parent":"0","guid":"https:\/\/www.northafricatrees.org\/?post_type=family_group_key&#038;p=42130","menu_order":"0","post_type":"family_group_key","post_mime_type":"","comment_count":"0","translation_id":"34164","element_type":"post_family_group_key","element_id":"42130","trid":"653367","language_code":"fr","source_language_code":null,"id":"4","code":"fr","english_name":"French","major":"1","active":"1","default_locale":"fr_FR","tag":"fr","encode_url":"0","pod_item_id":"42130"},{"ID":"42131","post_author":"2","post_date":"2021-09-09 17:55:26","post_date_gmt":"2021-09-09 17:55:26","post_content":"","post_title":"Capitules sans feuilles involucrales","post_excerpt":"","post_status":"publish","comment_status":"closed","ping_status":"closed","post_password":"","post_name":"capitules-sans-feuilles-involucrales","to_ping":"","pinged":"","post_modified":"2021-09-09 17:55:26","post_modified_gmt":"2021-09-09 17:55:26","post_content_filtered":"","post_parent":"0","guid":"https:\/\/www.northafricatrees.org\/?post_type=family_group_key&#038;p=42131","menu_order":"0","post_type":"family_group_key","post_mime_type":"","comment_count":"0","translation_id":"34165","element_type":"post_family_group_key","element_id":"42131","trid":"653368","language_code":"fr","source_language_code":null,"id":"4","code":"fr","english_name":"French","major":"1","active":"1","default_locale":"fr_FR","tag":"fr","encode_url":"0","pod_item_id":"42131"},{"ID":"42132","post_author":"2","post_date":"2021-09-09 17:56:54","post_date_gmt":"2021-09-09 17:56:54","post_content":"","post_title":"Capitules de 6-25 mm de long. Feuilles enti\u00e8res ou dent\u00e9es","post_excerpt":"","post_status":"publish","comment_status":"closed","ping_status":"closed","post_password":"","post_name":"capitules-de-6-25-mm-de-long-feuilles-entieres-ou-dentees","to_ping":"","pinged":"","post_modified":"2021-09-09 17:56:54","post_modified_gmt":"2021-09-09 17:56:54","post_content_filtered":"","post_parent":"0","guid":"https:\/\/www.northafricatrees.org\/?post_type=family_group_key&#038;p=42132","menu_order":"0","post_type":"family_group_key","post_mime_type":"","comment_count":"0","translation_id":"34166","element_type":"post_family_group_key","element_id":"42132","trid":"653369","language_code":"fr","source_language_code":null,"id":"4","code":"fr","english_name":"French","major":"1","active":"1","default_locale":"fr_FR","tag":"fr","encode_url":"0","pod_item_id":"42132"},{"ID":"42133","post_author":"2","post_date":"2021-09-09 17:58:26","post_date_gmt":"2021-09-09 17:58:26","post_content":"","post_title":"Ak\u00e8nes non comprim\u00e9s. Capitules \u00e0 fleurs p\u00e9riph\u00e9riques filiformes et femelles, les autres flosculeuses et hermaphrodites. Bract\u00e9es de l\u2019involucre \u00e0 bord et sommet scarieux","post_excerpt":"","post_status":"publish","comment_status":"closed","ping_status":"closed","post_password":"","post_name":"akenes-non-comprimes-capitules-a-fleurs-peripheriques-filiformes-et-femelles-les-autres-flosculeuses-et-hermaphrodites-bractees-de-linvolucre-a-bord-et-sommet-scarieux","to_ping":"","pinged":"","post_modified":"2021-09-09 17:58:26","post_modified_gmt":"2021-09-09 17:58:26","post_content_filtered":"","post_parent":"0","guid":"https:\/\/www.northafricatrees.org\/?post_type=family_group_key&#038;p=42133","menu_order":"0","post_type":"family_group_key","post_mime_type":"","comment_count":"0","translation_id":"34167","element_type":"post_family_group_key","element_id":"42133","trid":"653370","language_code":"fr","source_language_code":null,"id":"4","code":"fr","english_name":"French","major":"1","active":"1","default_locale":"fr_FR","tag":"fr","encode_url":"0","pod_item_id":"42133"},{"ID":"42134","post_author":"2","post_date":"2021-09-09 17:59:54","post_date_gmt":"2021-09-09 17:59:54","post_content":"","post_title":"Ak\u00e8nes comprim\u00e9s. Capitules \u00e0 fleurs toutes flosculeuses et hermaphrodites. Bract\u00e9oles de l\u2019involucre, du moins les externes et m\u00e9dianes, sans bord scarieux","post_excerpt":"","post_status":"publish","comment_status":"closed","ping_status":"closed","post_password":"","post_name":"akenes-comprimes-capitules-a-fleurs-toutes-flosculeuses-et-hermaphrodites-bracteoles-de-linvolucre-du-moins-les-externes-et-medianes-sans-bord-scarieux","to_ping":"","pinged":"","post_modified":"2021-09-09 17:59:54","post_modified_gmt":"2021-09-09 17:59:54","post_content_filtered":"","post_parent":"0","guid":"https:\/\/www.northafricatrees.org\/?post_type=family_group_key&#038;p=42134","menu_order":"0","post_type":"family_group_key","post_mime_type":"","comment_count":"0","translation_id":"34168","element_type":"post_family_group_key","element_id":"42134","trid":"653371","language_code":"fr","source_language_code":null,"id":"4","code":"fr","english_name":"French","major":"1","active":"1","default_locale":"fr_FR","tag":"fr","encode_url":"0","pod_item_id":"42134"},{"ID":"42135","post_author":"2","post_date":"2021-09-09 18:00:41","post_date_gmt":"2021-09-09 18:00:41","post_content":"","post_title":"Involucre \u00e0 une seule rang\u00e9e de bract\u00e9es. Feuilles charnues","post_excerpt":"","post_status":"publish","comment_status":"closed","ping_status":"closed","post_password":"","post_name":"involucre-a-une-seule-rangee-de-bractees-feuilles-charnues","to_ping":"","pinged":"","post_modified":"2021-09-09 18:03:36","post_modified_gmt":"2021-09-09 18:03:36","post_content_filtered":"","post_parent":"0","guid":"https:\/\/www.northafricatrees.org\/?post_type=family_group_key&#038;p=42135","menu_order":"0","post_type":"family_group_key","post_mime_type":"","comment_count":"0","translation_id":"34169","element_type":"post_family_group_key","element_id":"42135","trid":"653372","language_code":"fr","source_language_code":null,"id":"4","code":"fr","english_name":"French","major":"1","active":"1","default_locale":"fr_FR","tag":"fr","encode_url":"0","pod_item_id":"42135"},{"ID":"42136","post_author":"2","post_date":"2021-09-09 18:01:49","post_date_gmt":"2021-09-09 18:01:49","post_content":"","post_title":"Involucre \u00e0 2 rang\u00e9es de bract\u00e9es ou plus. Feuilles herbac\u00e9es ou charnues","post_excerpt":"","post_status":"publish","comment_status":"closed","ping_status":"closed","post_password":"","post_name":"involucre-a-2-rangees-de-bractees-ou-plus-feuilles-herbacees-ou-charnues","to_ping":"","pinged":"","post_modified":"2021-09-09 18:02:50","post_modified_gmt":"2021-09-09 18:02:50","post_content_filtered":"","post_parent":"0","guid":"https:\/\/www.northafricatrees.org\/?post_type=family_group_key&#038;p=42136","menu_order":"0","post_type":"family_group_key","post_mime_type":"","comment_count":"0","translation_id":"34170","element_type":"post_family_group_key","element_id":"42136","trid":"653373","language_code":"fr","source_language_code":null,"id":"4","code":"fr","english_name":"French","major":"1","active":"1","default_locale":"fr_FR","tag":"fr","encode_url":"0","pod_item_id":"42136"},{"ID":"42138","post_author":"2","post_date":"2021-09-09 18:04:05","post_date_gmt":"2021-09-09 18:04:05","post_content":"","post_title":"Involucre \u00e0 \u00e9cailles interflorales","post_excerpt":"","post_status":"publish","comment_status":"closed","ping_status":"closed","post_password":"","post_name":"involucre-a-ecailles-interflorales","to_ping":"","pinged":"","post_modified":"2021-09-09 18:04:05","post_modified_gmt":"2021-09-09 18:04:05","post_content_filtered":"","post_parent":"0","guid":"https:\/\/www.northafricatrees.org\/?post_type=family_group_key&#038;p=42138","menu_order":"0","post_type":"family_group_key","post_mime_type":"","comment_count":"0","translation_id":"34171","element_type":"post_family_group_key","element_id":"42138","trid":"653374","language_code":"fr","source_language_code":null,"id":"4","code":"fr","english_name":"French","major":"1","active":"1","default_locale":"fr_FR","tag":"fr","encode_url":"0","pod_item_id":"42138"},{"ID":"42139","post_author":"2","post_date":"2021-09-09 18:04:36","post_date_gmt":"2021-09-09 18:04:36","post_content":"","post_title":"Involucre sans \u00e9cailles interflorales","post_excerpt":"","post_status":"publish","comment_status":"closed","ping_status":"closed","post_password":"","post_name":"involucre-sans-ecailles-interflorales","to_ping":"","pinged":"","post_modified":"2021-09-09 18:04:36","post_modified_gmt":"2021-09-09 18:04:36","post_content_filtered":"","post_parent":"0","guid":"https:\/\/www.northafricatrees.org\/?post_type=family_group_key&#038;p=42139","menu_order":"0","post_type":"family_group_key","post_mime_type":"","comment_count":"0","translation_id":"34172","element_type":"post_family_group_key","element_id":"42139","trid":"653375","language_code":"fr","source_language_code":null,"id":"4","code":"fr","english_name":"French","major":"1","active":"1","default_locale":"fr_FR","tag":"fr","encode_url":"0","pod_item_id":"42139"},{"ID":"42140","post_author":"2","post_date":"2021-09-09 18:05:46","post_date_gmt":"2021-09-09 18:05:46","post_content":"","post_title":"Capitules \u00e0 feuilles involucrales similaires aux caulinaires et plus longues que l\u2019involucre","post_excerpt":"","post_status":"publish","comment_status":"closed","ping_status":"closed","post_password":"","post_name":"capitules-a-feuilles-involucrales-similaires-aux-caulinaires-et-plus-longues-que-linvolucre-2","to_ping":"","pinged":"","post_modified":"2021-09-09 18:05:46","post_modified_gmt":"2021-09-09 18:05:46","post_content_filtered":"","post_parent":"0","guid":"https:\/\/www.northafricatrees.org\/?post_type=family_group_key&#038;p=42140","menu_order":"0","post_type":"family_group_key","post_mime_type":"","comment_count":"0","translation_id":"34173","element_type":"post_family_group_key","element_id":"42140","trid":"653376","language_code":"fr","source_language_code":null,"id":"4","code":"fr","english_name":"French","major":"1","active":"1","default_locale":"fr_FR","tag":"fr","encode_url":"0","pod_item_id":"42140"},{"ID":"42141","post_author":"2","post_date":"2021-09-09 18:07:52","post_date_gmt":"2021-09-09 18:07:52","post_content":"","post_title":"Capitules sans feuilles involucrales","post_excerpt":"","post_status":"publish","comment_status":"closed","ping_status":"closed","post_password":"","post_name":"capitules-sans-feuilles-involucrales-2","to_ping":"","pinged":"","post_modified":"2021-09-09 18:07:52","post_modified_gmt":"2021-09-09 18:07:52","post_content_filtered":"","post_parent":"0","guid":"https:\/\/www.northafricatrees.org\/?post_type=family_group_key&#038;p=42141","menu_order":"0","post_type":"family_group_key","post_mime_type":"","comment_count":"0","translation_id":"34174","element_type":"post_family_group_key","element_id":"42141","trid":"653377","language_code":"fr","source_language_code":null,"id":"4","code":"fr","english_name":"French","major":"1","active":"1","default_locale":"fr_FR","tag":"fr","encode_url":"0","pod_item_id":"42141"},{"ID":"42142","post_author":"2","post_date":"2021-09-09 18:09:15","post_date_gmt":"2021-09-09 18:09:15","post_content":"","post_title":"Feuilles pennatis\u00e9qu\u00e9es","post_excerpt":"","post_status":"publish","comment_status":"closed","ping_status":"closed","post_password":"","post_name":"feuilles-pennatisequees","to_ping":"","pinged":"","post_modified":"2021-09-09 18:32:42","post_modified_gmt":"2021-09-09 18:32:42","post_content_filtered":"","post_parent":"0","guid":"https:\/\/www.northafricatrees.org\/?post_type=family_group_key&#038;p=42142","menu_order":"0","post_type":"family_group_key","post_mime_type":"","comment_count":"0","translation_id":"34175","element_type":"post_family_group_key","element_id":"42142","trid":"653378","language_code":"fr","source_language_code":null,"id":"4","code":"fr","english_name":"French","major":"1","active":"1","default_locale":"fr_FR","tag":"fr","encode_url":"0","pod_item_id":"42142"},{"ID":"42143","post_author":"2","post_date":"2021-09-09 18:09:59","post_date_gmt":"2021-09-09 18:09:59","post_content":"","post_title":"Feuilles enti\u00e8res, dent\u00e9es ou sinu\u00e9es-lob\u00e9es","post_excerpt":"","post_status":"publish","comment_status":"closed","ping_status":"closed","post_password":"","post_name":"feuilles-entieres-dentees-ou-sinuees-lobees","to_ping":"","pinged":"","post_modified":"2021-09-09 18:09:59","post_modified_gmt":"2021-09-09 18:09:59","post_content_filtered":"","post_parent":"0","guid":"https:\/\/www.northafricatrees.org\/?post_type=family_group_key&#038;p=42143","menu_order":"0","post_type":"family_group_key","post_mime_type":"","comment_count":"0","translation_id":"34176","element_type":"post_family_group_key","element_id":"42143","trid":"653379","language_code":"fr","source_language_code":null,"id":"4","code":"fr","english_name":"French","major":"1","active":"1","default_locale":"fr_FR","tag":"fr","encode_url":"0","pod_item_id":"42143"},{"ID":"42144","post_author":"2","post_date":"2021-09-09 18:10:33","post_date_gmt":"2021-09-09 18:10:33","post_content":"","post_title":"Ak\u00e8nes sans pappus","post_excerpt":"","post_status":"publish","comment_status":"closed","ping_status":"closed","post_password":"","post_name":"akenes-sans-pappus-3","to_ping":"","pinged":"","post_modified":"2021-09-09 18:10:33","post_modified_gmt":"2021-09-09 18:10:33","post_content_filtered":"","post_parent":"0","guid":"https:\/\/www.northafricatrees.org\/?post_type=family_group_key&#038;p=42144","menu_order":"0","post_type":"family_group_key","post_mime_type":"","comment_count":"0","translation_id":"34177","element_type":"post_family_group_key","element_id":"42144","trid":"653380","language_code":"fr","source_language_code":null,"id":"4","code":"fr","english_name":"French","major":"1","active":"1","default_locale":"fr_FR","tag":"fr","encode_url":"0","pod_item_id":"42144"},{"ID":"42145","post_author":"2","post_date":"2021-09-09 18:11:04","post_date_gmt":"2021-09-09 18:11:04","post_content":"","post_title":"Ak\u00e8nes \u00e0 pappus form\u00e9 d\u2019\u00e9cailles scarieuses courtes","post_excerpt":"","post_status":"publish","comment_status":"closed","ping_status":"closed","post_password":"","post_name":"akenes-a-pappus-forme-decailles-scarieuses-courtes","to_ping":"","pinged":"","post_modified":"2021-09-09 18:11:04","post_modified_gmt":"2021-09-09 18:11:04","post_content_filtered":"","post_parent":"0","guid":"https:\/\/www.northafricatrees.org\/?post_type=family_group_key&#038;p=42145","menu_order":"0","post_type":"family_group_key","post_mime_type":"","comment_count":"0","translation_id":"34178","element_type":"post_family_group_key","element_id":"42145","trid":"653381","language_code":"fr","source_language_code":null,"id":"4","code":"fr","english_name":"French","major":"1","active":"1","default_locale":"fr_FR","tag":"fr","encode_url":"0","pod_item_id":"42145"},{"ID":"42146","post_author":"2","post_date":"2021-09-09 18:12:10","post_date_gmt":"2021-09-09 18:12:10","post_content":"","post_title":"Ak\u00e8nes des fleurs ligul\u00e9es tr\u00e8s comprim\u00e9s, et ceux des fleurs flosculeuses l\u00e9g\u00e8rement comprim\u00e9s","post_excerpt":"","post_status":"publish","comment_status":"closed","ping_status":"closed","post_password":"","post_name":"akenes-des-fleurs-ligulees-tres-comprimes-et-ceux-des-fleurs-flosculeuses-legerement-comprimes","to_ping":"","pinged":"","post_modified":"2021-09-10 10:35:38","post_modified_gmt":"2021-09-10 10:35:38","post_content_filtered":"","post_parent":"0","guid":"https:\/\/www.northafricatrees.org\/?post_type=family_group_key&#038;p=42146","menu_order":"0","post_type":"family_group_key","post_mime_type":"","comment_count":"0","translation_id":"34179","element_type":"post_family_group_key","element_id":"42146","trid":"653382","language_code":"fr","source_language_code":null,"id":"4","code":"fr","english_name":"French","major":"1","active":"1","default_locale":"fr_FR","tag":"fr","encode_url":"0","pod_item_id":"42146"},{"ID":"42147","post_author":"2","post_date":"2021-09-09 18:13:15","post_date_gmt":"2021-09-09 18:13:15","post_content":"","post_title":"Ak\u00e8nes des fleurs ligul\u00e9es triqu\u00e8tres ou l\u00e9g\u00e8rement comprim\u00e9s, ceux des fleurs flosculeuses cylindriques","post_excerpt":"","post_status":"publish","comment_status":"closed","ping_status":"closed","post_password":"","post_name":"akenes-des-fleurs-ligulees-triquetres-ou-legerement-comprimes-ceux-des-fleurs-flosculeuses-cylindriques","to_ping":"","pinged":"","post_modified":"2021-09-09 18:13:15","post_modified_gmt":"2021-09-09 18:13:15","post_content_filtered":"","post_parent":"0","guid":"https:\/\/www.northafricatrees.org\/?post_type=family_group_key&#038;p=42147","menu_order":"0","post_type":"family_group_key","post_mime_type":"","comment_count":"0","translation_id":"34180","element_type":"post_family_group_key","element_id":"42147","trid":"653383","language_code":"fr","source_language_code":null,"id":"4","code":"fr","english_name":"French","major":"1","active":"1","default_locale":"fr_FR","tag":"fr","encode_url":"0","pod_item_id":"42147"},{"ID":"42148","post_author":"2","post_date":"2021-09-09 18:14:32","post_date_gmt":"2021-09-09 18:14:32","post_content":"","post_title":"Ak\u00e8nes externes sans pappus ; les internes pourvus d\u2019un pappus de 3-5 soies \u00e0 sommet plumeux","post_excerpt":"","post_status":"publish","comment_status":"closed","ping_status":"closed","post_password":"","post_name":"akenes-externes-sans-pappus-les-internes-pourvus-dun-pappus-de-3-5-soies-a-sommet-plumeux","to_ping":"","pinged":"","post_modified":"2021-09-09 18:14:32","post_modified_gmt":"2021-09-09 18:14:32","post_content_filtered":"","post_parent":"0","guid":"https:\/\/www.northafricatrees.org\/?post_type=family_group_key&#038;p=42148","menu_order":"0","post_type":"family_group_key","post_mime_type":"","comment_count":"0","translation_id":"34181","element_type":"post_family_group_key","element_id":"42148","trid":"653384","language_code":"fr","source_language_code":null,"id":"4","code":"fr","english_name":"French","major":"1","active":"1","default_locale":"fr_FR","tag":"fr","encode_url":"0","pod_item_id":"42148"},{"ID":"42149","post_author":"2","post_date":"2021-09-09 18:16:04","post_date_gmt":"2021-09-09 18:16:04","post_content":"","post_title":"Tous les ak\u00e8nes sans pappus","post_excerpt":"","post_status":"publish","comment_status":"closed","ping_status":"closed","post_password":"","post_name":"tous-les-akenes-sans-pappus","to_ping":"","pinged":"","post_modified":"2021-09-09 18:26:44","post_modified_gmt":"2021-09-09 18:26:44","post_content_filtered":"","post_parent":"0","guid":"https:\/\/www.northafricatrees.org\/?post_type=family_group_key&#038;p=42149","menu_order":"0","post_type":"family_group_key","post_mime_type":"","comment_count":"0","translation_id":"34182","element_type":"post_family_group_key","element_id":"42149","trid":"653385","language_code":"fr","source_language_code":null,"id":"4","code":"fr","english_name":"French","major":"1","active":"1","default_locale":"fr_FR","tag":"fr","encode_url":"0","pod_item_id":"42149"},{"ID":"42150","post_author":"2","post_date":"2021-09-09 18:17:23","post_date_gmt":"2021-09-09 18:17:23","post_content":"","post_title":"Capitules \u00e0 feuilles involucrales similaires aux caulinaires et plus longues que l\u2019involucre","post_excerpt":"","post_status":"publish","comment_status":"closed","ping_status":"closed","post_password":"","post_name":"capitules-a-feuilles-involucrales-similaires-aux-caulinaires-et-plus-longues-que-linvolucre-3","to_ping":"","pinged":"","post_modified":"2021-09-09 18:39:41","post_modified_gmt":"2021-09-09 18:39:41","post_content_filtered":"","post_parent":"0","guid":"https:\/\/www.northafricatrees.org\/?post_type=family_group_key&#038;p=42150","menu_order":"0","post_type":"family_group_key","post_mime_type":"","comment_count":"0","translation_id":"34183","element_type":"post_family_group_key","element_id":"42150","trid":"653386","language_code":"fr","source_language_code":null,"id":"4","code":"fr","english_name":"French","major":"1","active":"1","default_locale":"fr_FR","tag":"fr","encode_url":"0","pod_item_id":"42150"},{"ID":"42151","post_author":"2","post_date":"2021-09-09 18:17:57","post_date_gmt":"2021-09-09 18:17:57","post_content":"","post_title":"Capitules \u00e0 feuilles involucrales","post_excerpt":"","post_status":"publish","comment_status":"closed","ping_status":"closed","post_password":"","post_name":"capitules-a-feuilles-involucrales","to_ping":"","pinged":"","post_modified":"2021-09-09 18:17:57","post_modified_gmt":"2021-09-09 18:17:57","post_content_filtered":"","post_parent":"0","guid":"https:\/\/www.northafricatrees.org\/?post_type=family_group_key&#038;p=42151","menu_order":"0","post_type":"family_group_key","post_mime_type":"","comment_count":"0","translation_id":"34184","element_type":"post_family_group_key","element_id":"42151","trid":"653387","language_code":"fr","source_language_code":null,"id":"4","code":"fr","english_name":"French","major":"1","active":"1","default_locale":"fr_FR","tag":"fr","encode_url":"0","pod_item_id":"42151"},{"ID":"42152","post_author":"2","post_date":"2021-09-09 18:19:05","post_date_gmt":"2021-09-09 18:19:05","post_content":"","post_title":"Pappus form\u00e9 par des soies longues scabres entour\u00e9es par une rang\u00e9e externe d\u2019\u00e9cailles plus ou moins soud\u00e9es entre elles","post_excerpt":"","post_status":"publish","comment_status":"closed","ping_status":"closed","post_password":"","post_name":"pappus-forme-par-des-soies-longues-scabres-entourees-par-une-rangee-externe-decailles-plus-ou-moins-soudees-entre-elles","to_ping":"","pinged":"","post_modified":"2021-09-09 18:19:05","post_modified_gmt":"2021-09-09 18:19:05","post_content_filtered":"","post_parent":"0","guid":"https:\/\/www.northafricatrees.org\/?post_type=family_group_key&#038;p=42152","menu_order":"0","post_type":"family_group_key","post_mime_type":"","comment_count":"0","translation_id":"34185","element_type":"post_family_group_key","element_id":"42152","trid":"653388","language_code":"fr","source_language_code":null,"id":"4","code":"fr","english_name":"French","major":"1","active":"1","default_locale":"fr_FR","tag":"fr","encode_url":"0","pod_item_id":"42152"},{"ID":"42154","post_author":"2","post_date":"2021-09-09 18:19:51","post_date_gmt":"2021-09-09 18:19:51","post_content":"","post_title":"Pappus form\u00e9 de soies scarieuses longues, sans \u00e9cailles courtes","post_excerpt":"","post_status":"publish","comment_status":"closed","ping_status":"closed","post_password":"","post_name":"pappus-forme-de-soies-scarieuses-longues-sans-ecailles-courtes","to_ping":"","pinged":"","post_modified":"2021-09-09 18:19:51","post_modified_gmt":"2021-09-09 18:19:51","post_content_filtered":"","post_parent":"0","guid":"https:\/\/www.northafricatrees.org\/?post_type=family_group_key&#038;p=42154","menu_order":"0","post_type":"family_group_key","post_mime_type":"","comment_count":"0","translation_id":"34186","element_type":"post_family_group_key","element_id":"42154","trid":"653389","language_code":"fr","source_language_code":null,"id":"4","code":"fr","english_name":"French","major":"1","active":"1","default_locale":"fr_FR","tag":"fr","encode_url":"0","pod_item_id":"42154"},{"ID":"42155","post_author":"2","post_date":"2021-09-09 18:21:03","post_date_gmt":"2021-09-09 18:21:03","post_content":"","post_title":"Plantes glabres. Feuilles charnues, lin\u00e9aires, enti\u00e8res ou \u00e0 sommet trident\u00e9. Poils du pappus libres entre eux","post_excerpt":"","post_status":"publish","comment_status":"closed","ping_status":"closed","post_password":"","post_name":"plantes-glabres-feuilles-charnues-lineaires-entieres-ou-a-sommet-tridente-poils-du-pappus-libres-entre-eux","to_ping":"","pinged":"","post_modified":"2021-09-09 18:44:49","post_modified_gmt":"2021-09-09 18:44:49","post_content_filtered":"","post_parent":"0","guid":"https:\/\/www.northafricatrees.org\/?post_type=family_group_key&#038;p=42155","menu_order":"0","post_type":"family_group_key","post_mime_type":"","comment_count":"0","translation_id":"34187","element_type":"post_family_group_key","element_id":"42155","trid":"653390","language_code":"fr","source_language_code":null,"id":"4","code":"fr","english_name":"French","major":"1","active":"1","default_locale":"fr_FR","tag":"fr","encode_url":"0","pod_item_id":"42155"},{"ID":"42156","post_author":"2","post_date":"2021-09-09 18:22:42","post_date_gmt":"2021-09-09 18:22:42","post_content":"","post_title":"Plantes poilues-glanduleuses. Feuilles herbac\u00e9es, lanc\u00e9ol\u00e9es. Poils du pappus soud\u00e9s entre eux \u00e0 la base","post_excerpt":"","post_status":"publish","comment_status":"closed","ping_status":"closed","post_password":"","post_name":"plantes-poilues-glanduleuses-feuilles-herbacees-lanceolees-poils-du-pappus-soudes-entre-eux-a-la-base","to_ping":"","pinged":"","post_modified":"2021-09-09 18:22:42","post_modified_gmt":"2021-09-09 18:22:42","post_content_filtered":"","post_parent":"0","guid":"https:\/\/www.northafricatrees.org\/?post_type=family_group_key&#038;p=42156","menu_order":"0","post_type":"family_group_key","post_mime_type":"","comment_count":"0","translation_id":"34188","element_type":"post_family_group_key","element_id":"42156","trid":"653391","language_code":"fr","source_language_code":null,"id":"4","code":"fr","english_name":"French","major":"1","active":"1","default_locale":"fr_FR","tag":"fr","encode_url":"0","pod_item_id":"42156"}],"title_groups_keys":false,"images":false,"phylogenetic_order":"75","ID":10976,"post_title":"COMPOSITAE Giseke","post_content":"Il s\u2019agit de la plus importante famille de plantes vasculaires du Pal\u00e9arctique et de l\u2019une des plus importantes au monde, avec environ 1910 genres et 32\u00a0900 esp\u00e8ces. Elle est principalement compos\u00e9e d\u2019esp\u00e8ces herbac\u00e9es, les arbres, arbustes et esp\u00e8ces ligneuses y \u00e9tant rares. Elle est r\u00e9partie dans toute la plan\u00e8te, des montagnes arctiques aux for\u00eats tropicales. Toutes les esp\u00e8ces ont en commun le fait de pr\u00e9senter les fleurs r\u00e9unies en capitules entour\u00e9s d\u2019un involucre de bract\u00e9es, avec un r\u00e9ceptacle au sein duquel s\u2019ins\u00e8rent les fleurs plus ou moins \u00e9largi, plat ou convexe, pouvant \u00eatre alv\u00e9ol\u00e9 et pr\u00e9senter des poils ou \u00e9cailles entre les fleurs. Ces derni\u00e8res peuvent \u00eatre unisexu\u00e9es ou hermaphrodites et, chez les esp\u00e8ces nord-africaines, correspondre \u00e0 deux types\u00a0: les ligul\u00e9es et h\u00e9miligul\u00e9es, zygomorphes, qui pr\u00e9sentent les p\u00e9tales soud\u00e9s en un tube court dans la partie inf\u00e9rieure, et le reste en forme de languette \u00e0 5 dents (fleurs ligul\u00e9es proprement dites) ou \u00e0 3 dents (fleurs h\u00e9miligul\u00e9es), ou des fleurons actinomorphes qui pr\u00e9sentent une corolle tubuleuse \u00e0 5 dents apicales. L\u2019androc\u00e9e est form\u00e9 de 5 \u00e9tamines libres au niveau des filets mais \u00e0 anth\u00e8res coalescentes formant un tube plus ou moins longuement exserte qui entoure le style. Ovaire toujours inf\u00e8re et calice absent ou transform\u00e9 en un pappus form\u00e9 de poils, d\u2019\u00e9cailles ou d'une couronne membraneuse. Le fruit est une cyps\u00e8le (ak\u00e8ne produit par un ovaire inf\u00e8re).\r\n\r\nDans le N. de l'Afrique, cette famille est repr\u00e9sent\u00e9e par 124 esp\u00e8ces, la plupart herbac\u00e9es. Les esp\u00e8ces des genres <strong>Pluchea<\/strong> et <strong>Warionia<\/strong> peuvent atteindre un port arborescent, mais toutes les esp\u00e8ces ligneuses sont g\u00e9n\u00e9ralement de petite taille, arbustes ou arbrisseaux. La cl\u00e9 suivante pr\u00e9tend inclure tous les genres nord-africains pr\u00e9sentant des esp\u00e8ces ligneuses, qu'il s'agisse d\u2019arbustes ou d'arbrisseaux.","post_excerpt":"","post_author":"1","post_date":"2020-11-10 08:58:22","post_date_gmt":"2020-11-10 08:58:22","post_status":"publish","comment_status":"closed","ping_status":"closed","post_password":"","post_name":"compositae-giseke-3","to_ping":"","pinged":"","post_modified":"2021-08-08 08:16:56","post_modified_gmt":"2021-08-08 08:16:56","post_content_filtered":"","post_parent":0,"guid":"https:\/\/www.northafricatrees.org\/family\/compositae-giseke-3\/","menu_order":0,"post_type":"family","post_mime_type":"","comment_count":"0","comments":false,"id":10976}},"species":{"13523":{"short_name":"Carthamus arborescens","name_html":"<strong>Carthamus arborescens<\/strong> L.","short_description":"","common_names":"<em>Phonus arborescens<\/em> (L.) G. L\u00f3pez","other_name":"<em>Fra.<\/em>: <em>Carthame arborescent.\u00a0\u00a0 Esp<\/em>.: Cardo lechero, cardo cabrero.","flowering":"mai-ao\u00fbt.","fruiting":"juillet-septembre.","habitat":"Matorrals des terrains rocheux ou sableux des zones littorales et sublittorales. En zones \u00e0 bioclimat semi-aride \u00e0 sec, \u00e0 l\u2019\u00e9tage thermom\u00e9diterran\u00e9en.","distribution":"M\u00e9diterran\u00e9e occidentale. Dans le N. de l\u2019Afrique, il s\u2019agit d\u2019un arbuste peu habituel, uniquement pr\u00e9sent dans les zones littorales et sublittorales du Rif occidental jusqu\u2019\u00e0 l\u2019Atlas tellien central, pr\u00e8s d\u2019Alger.","observations":"","conservation":"Esp\u00e8ce peu commune et \u00e0 aire de r\u00e9partition restreinte. Elle n\u2019est actuellement pas \u00e9valu\u00e9e \u00e0 l\u2019\u00e9chelle mondiale dans la Liste rouge des esp\u00e8ces de l\u2019UICN.","genus":[{"ID":"11046","post_author":"1","post_date":"2020-11-10 09:01:12","post_date_gmt":"2020-11-10 09:01:12","post_content":"<strong>Carthamus<\/strong> (incl. <em>Phonus<\/em> Hill, et <em>Carduncellus<\/em> Adans., p.p.) est compos\u00e9 d' environ 48 esp\u00e8ces, essentiellement r\u00e9parties dans les r\u00e9gions s\u00e8ches d\u2019Europe, du N. de l\u2019Afrique et de l\u2019Asie occidentale. Dans le N. de l\u2019Afrique apparaissent 3 esp\u00e8ces d\u2019arbustes spinescents, un sous-arbuste \u00e9galement spinescent (<em>C. mareoticus<\/em> Delile) et 16 esp\u00e8ces annuelles ou p\u00e9rennes \u00e0 base des tiges parfois indur\u00e9e.","post_title":"Carthamus L.","post_excerpt":"","post_status":"publish","comment_status":"closed","ping_status":"closed","post_password":"","post_name":"carthamus-l","to_ping":"","pinged":"","post_modified":"2021-12-19 20:44:53","post_modified_gmt":"2021-12-19 20:44:53","post_content_filtered":"","post_parent":"0","guid":"https:\/\/www.northafricatrees.org\/genus\/carthamus-l\/","menu_order":"0","post_type":"genus","post_mime_type":"","comment_count":"0","translation_id":"977","element_type":"post_genus","element_id":"11046","trid":"114023","language_code":"fr","source_language_code":"es","id":"4","code":"fr","english_name":"French","major":"1","active":"1","default_locale":"fr_FR","tag":"fr","encode_url":"0","pod_item_id":"11046"}],"images":[{"ID":"30009","post_author":"1","post_date":"2021-02-01 07:21:18","post_date_gmt":"2021-02-01 07:21:18","post_content":"","post_title":"Carthamus arborecens. 1. Jes\u00fas Charco","post_excerpt":"Carthamus arborecens. Feuilles et inflorescences. Jes\u00fas Charco","post_status":"inherit","comment_status":"closed","ping_status":"closed","post_password":"","post_name":"ciamed-929-2","to_ping":"","pinged":"","post_modified":"2021-10-27 08:58:40","post_modified_gmt":"2021-10-27 08:58:40","post_content_filtered":"","post_parent":"13523","guid":"https:\/\/www.northafricatrees.org\/wp-content\/uploads\/2020\/11\/Carthamus-arborecens.-1.-Jesus-Charco.jpg","menu_order":"0","post_type":"attachment","post_mime_type":"image\/jpeg","comment_count":"0","translation_id":"21702","element_type":"post_attachment","element_id":"30009","trid":"120004","language_code":"fr","source_language_code":"es","id":"4","code":"fr","english_name":"French","major":"1","active":"1","default_locale":"fr_FR","tag":"fr","encode_url":"0","pod_item_id":"30009"}],"map_legend":"","kml":false,"zone_1":"[\" -5.2954102,35.6349767\",\" -5.3338623,35.5903188\",\" -5.2020264,35.3621761\",\" -4.8999023,35.1738083\",\" -4.5153809,35.0794603\",\" -4.1143799,35.0884506\",\" -3.916626,35.1378791\",\" -3.6584473,35.169318\",\" -3.427734399999999,35.1199086\",\" -3.1256104,35.1513544\",\" -2.9827881,35.1154153\",\" -2.7301025,35.016501\",\" -2.3620605,34.9895036\",\" -1.9500732,34.9940038\",\" -1.6204834,35.0299964\",\" -1.3677979,35.1648275\",\" -1.0876465,35.3442551\",\" -0.9613037,35.4740916\",\" -0.8459473000000001,35.5679805\",\" -0.5603027,35.6215819\",\" -0.3955078000000001,35.7509704\",\" -0.1867676,35.728677\",\" 0.065918,35.7643435\",\" 0.2197266,35.9112985\",\" 0.302124,36.057981\",\" 0.637207,36.1733569\",\" 1.038208,36.3284027\",\" 1.2963867,36.4257025\",\" 1.6918945,36.4610541\",\" 2.0324707,36.4743068\",\" 2.2796631,36.5317088\",\" 2.5048828,36.5140512\",\" 2.6971436,36.5272948\",\" 2.8674316,36.6155276\",\" 2.911377,36.7388841\",\" 2.7191162,36.6772306\",\" 2.444458,36.5890684\",\" 2.3455811,36.6463853\",\" 1.9555664,36.5626\",\" 1.3623047,36.5405362\",\" 0.9613037,36.4433803\",\" 0.3460693,36.1777911\",\" 0.0823975,35.9868963\",\" -0.0439453,35.8133587\",\" -0.3131104,35.8445345\",\" -0.3735352,35.9112985\",\" -0.4943848,35.875698\",\" -0.5932617,35.7375952\",\" -0.8459473000000001,35.7643435\",\" -1.1920166,35.5590434\",\" -1.2579346,35.3621761\",\" -1.4831543,35.3039186\",\" -1.9555664,35.0704691\",\" -2.2851562,35.1064281\",\" -2.4389648,35.1333869\",\" -2.6422119,35.0749649\",\" -2.8894043,35.1288943\",\" -2.9388428,35.2321594\",\" -2.9663086,35.4338199\",\" -3.2025146,35.2142097\",\" -3.3563232,35.2052333\",\" -3.7188721,35.2680469\",\" -3.8287354,35.2007448\",\" -3.955078100000001,35.2635619\",\" -4.3615723,35.1468629\",\" -4.7845459,35.2276724\",\" -5.0811768,35.4203915\",\" -5.2514648,35.5769165\",\" -5.2954102,35.6349767\",\" \"]","zone_2":"","zone_3":"","zone_4":"","zone_5":"","zone_6":"","zone_7":"","zone_8":"","zone_9":"","zone_10":"","zone_11":"","zone_12":"","ID":13523,"post_title":"Carthamus arborescens L.","post_content":"Arbuste tr\u00e8s piquant, \u00e0 feuilles persistantes, hermaphrodite, de jusqu\u2019\u00e0 1,5(3)\u00a0m de haut, tr\u00e8s rameux, \u00e0 port dress\u00e9 mais plus ou moins tortueux. Tige principale et rameaux vieux ligneux, \u00e0 bois tr\u00e8s dur. \u00c9corce blanch\u00e2tre-gris\u00e2tre. Le tronc principal et les parties plus anciennes des rameaux apparaissent nus, puis la partie plus ou moins m\u00e9diane des rameaux est dens\u00e9ment couverte de feuilles s\u00e8ches, blanch\u00e2tres-gris\u00e2tres, et enfin la partie sup\u00e9rieure est couverte de feuilles vertes. Ramilles jeunes vertes. D\u2019une mani\u00e8re g\u00e9n\u00e9rale, et \u00e0 exception du tronc et des plus vieux rameaux, l\u2019arbuste est couvert de nombreux poils glanduleux, ce qui lui conf\u00e8re un toucher collant et une forte odeur caract\u00e9ristique. Feuilles alternes, longuement ovales, \u00e0 grands lobes triangulaires-spinescents, plus ou moins rigides, vertes sur les deux faces, bien qu\u2019elles puissent \u00eatre verd\u00e2tre-jaun\u00e2tre dans la partie basale et m\u00e9diane, sessiles dans la partie sup\u00e9rieure des rameaux, plus ou moins amplexicaules dans la partie inf\u00e9rieure. Les feuilles s\u00e8ches tardent plusieurs ann\u00e9es \u00e0 se d\u00e9tacher des rameaux. Inflorescences en capitules solitaires, g\u00e9n\u00e9ralement terminaux, d\u2019environ 3,5-4,5\u00a0\u00d7\u00a02,5-3,5\u00a0cm, ovo\u00efdes, entour\u00e9s \u00e0 la base par des bract\u00e9es tr\u00e8s semblables aux feuilles, de la m\u00eame longueur ou un peu plus longues que le capitule, les autres bract\u00e9es de l\u2019involucre \u00e9tant plus ou moins ov\u00e9es-lanc\u00e9ol\u00e9es, enti\u00e8res ou dent\u00e9es-spinescentes. Fleurs tubuleuses, r\u00e9guli\u00e8res, sans ligules, tr\u00e8s saillantes au-dessus des bract\u00e9es, jaunes. Fruit en petit ak\u00e8ne allong\u00e9 subt\u00e9tragonal, \u00e0 surface brune et tr\u00e8s rugueuse, et houppe de poils caducs, qui se d\u00e9tachent facilement au toucher.","post_excerpt":"","post_author":"1","post_date":"2020-11-10 10:09:22","post_date_gmt":"2020-11-10 10:09:22","post_status":"publish","comment_status":"closed","ping_status":"closed","post_password":"","post_name":"carthamus-arborescens-l-3","to_ping":"","pinged":"","post_modified":"2021-10-27 08:58:40","post_modified_gmt":"2021-10-27 08:58:40","post_content_filtered":"","post_parent":0,"guid":"https:\/\/www.northafricatrees.org\/species\/carthamus-arborescens-l-3\/","menu_order":0,"post_type":"species","post_mime_type":"","comment_count":"0","comments":false,"id":13523},"13529":{"short_name":"Carthamus fruticosus","name_html":"<strong>Carthamus fruticosus<\/strong> Maire","short_description":"","common_names":"<em>Phonus fruticosus<\/em> (Maire) G. L\u00f3pez","other_name":"<em>Fra.<\/em>: Carthame de l\u2019Atlas.\u00a0\u00a0 <em>Esp<\/em>.: Cardo del Atlas.\u00a0\u00a0 <em>Ara<\/em>.:\/<em>Tam<\/em>.: Uajrik, ifskil.","flowering":"avril-ao\u00fbt.","fruiting":"juin-octobre.","habitat":"Matorrals, prairies et formations rocheuses sur substrats tr\u00e8s divers, \u00e0 base calcaire ou siliceuse. Basse et moyenne montagne (800-2000\u00a0m), en zones \u00e0 bioclimat semi-aride, \u00e0 l\u2019\u00e9tage m\u00e9som\u00e9diterran\u00e9en principalement.","distribution":"Esp\u00e8ce end\u00e9mique marocaine du versant S. du Haut Atlas central (atteignant \u00e9galement, bien que plus rarement, le versant N. et le secteur oriental) et de l\u2019Anti-Atlas central (depuis le massif du Siroua) et oriental.","observations":"","conservation":"Esp\u00e8ce peu commune et \u00e0 aire de r\u00e9partition restreinte. Elle n\u2019est actuellement pas \u00e9valu\u00e9e \u00e0 l\u2019\u00e9chelle mondiale dans la Liste rouge des esp\u00e8ces de l\u2019UICN.","genus":[{"ID":"11046","post_author":"1","post_date":"2020-11-10 09:01:12","post_date_gmt":"2020-11-10 09:01:12","post_content":"<strong>Carthamus<\/strong> (incl. <em>Phonus<\/em> Hill, et <em>Carduncellus<\/em> Adans., p.p.) est compos\u00e9 d' environ 48 esp\u00e8ces, essentiellement r\u00e9parties dans les r\u00e9gions s\u00e8ches d\u2019Europe, du N. de l\u2019Afrique et de l\u2019Asie occidentale. Dans le N. de l\u2019Afrique apparaissent 3 esp\u00e8ces d\u2019arbustes spinescents, un sous-arbuste \u00e9galement spinescent (<em>C. mareoticus<\/em> Delile) et 16 esp\u00e8ces annuelles ou p\u00e9rennes \u00e0 base des tiges parfois indur\u00e9e.","post_title":"Carthamus L.","post_excerpt":"","post_status":"publish","comment_status":"closed","ping_status":"closed","post_password":"","post_name":"carthamus-l","to_ping":"","pinged":"","post_modified":"2021-12-19 20:44:53","post_modified_gmt":"2021-12-19 20:44:53","post_content_filtered":"","post_parent":"0","guid":"https:\/\/www.northafricatrees.org\/genus\/carthamus-l\/","menu_order":"0","post_type":"genus","post_mime_type":"","comment_count":"0","translation_id":"977","element_type":"post_genus","element_id":"11046","trid":"114023","language_code":"fr","source_language_code":"es","id":"4","code":"fr","english_name":"French","major":"1","active":"1","default_locale":"fr_FR","tag":"fr","encode_url":"0","pod_item_id":"11046"}],"images":[{"ID":"26437","post_author":"1","post_date":"2021-01-04 13:19:55","post_date_gmt":"2021-01-04 13:19:55","post_content":"","post_title":"Carthamus fruticosus. 1. Joaquin Molero","post_excerpt":"Carthamus fruticosus. Aspect g\u00e9n\u00e9ral. Joaquin Molero","post_status":"inherit","comment_status":"closed","ping_status":"closed","post_password":"","post_name":"carthamus-fruticosus-1-joaquin-molero-2","to_ping":"","pinged":"","post_modified":"2026-04-13 15:55:33","post_modified_gmt":"2026-04-13 15:55:33","post_content_filtered":"","post_parent":"13529","guid":"https:\/\/www.northafricatrees.org\/wp-content\/uploads\/2020\/11\/Carthamus-fruticosus.-1.-Joaquin-Molero.jpg","menu_order":"0","post_type":"attachment","post_mime_type":"image\/jpeg","comment_count":"0","translation_id":"18327","element_type":"post_attachment","element_id":"26437","trid":"118305","language_code":"fr","source_language_code":"es","id":"4","code":"fr","english_name":"French","major":"1","active":"1","default_locale":"fr_FR","tag":"fr","encode_url":"0","pod_item_id":"26437"},{"ID":"26439","post_author":"1","post_date":"2021-01-04 13:19:56","post_date_gmt":"2021-01-04 13:19:56","post_content":"","post_title":"Carthamus fruticosus. 2. Joaquin Molero","post_excerpt":"Carthamus fruticosus. Rameaux avec feuilles et inflorescences naissantes. Joaquin Molero","post_status":"inherit","comment_status":"closed","ping_status":"closed","post_password":"","post_name":"carthamus-fruticosus-2-joaquin-molero-2","to_ping":"","pinged":"","post_modified":"2026-04-13 15:55:33","post_modified_gmt":"2026-04-13 15:55:33","post_content_filtered":"","post_parent":"13529","guid":"https:\/\/www.northafricatrees.org\/wp-content\/uploads\/2020\/11\/Carthamus-fruticosus.-2.-Joaquin-Molero.jpg","menu_order":"0","post_type":"attachment","post_mime_type":"image\/jpeg","comment_count":"0","translation_id":"18329","element_type":"post_attachment","element_id":"26439","trid":"118306","language_code":"fr","source_language_code":"es","id":"4","code":"fr","english_name":"French","major":"1","active":"1","default_locale":"fr_FR","tag":"fr","encode_url":"0","pod_item_id":"26439"},{"ID":"26441","post_author":"1","post_date":"2021-01-04 13:19:58","post_date_gmt":"2021-01-04 13:19:58","post_content":"","post_title":"Carthamus fruticosus. 3. Jes\u00fas Charco","post_excerpt":"Carthamus fruticosus. Rameau avec feuilles, inflorescences et infrutescences. Jes\u00fas Charco","post_status":"inherit","comment_status":"closed","ping_status":"closed","post_password":"","post_name":"carthamus-fruticosus-3-jesus-charco-2","to_ping":"","pinged":"","post_modified":"2026-04-13 15:55:33","post_modified_gmt":"2026-04-13 15:55:33","post_content_filtered":"","post_parent":"13529","guid":"https:\/\/www.northafricatrees.org\/wp-content\/uploads\/2020\/11\/Carthamus-fruticosus.-3.-Jesus-Charco.jpg","menu_order":"0","post_type":"attachment","post_mime_type":"image\/jpeg","comment_count":"0","translation_id":"18331","element_type":"post_attachment","element_id":"26441","trid":"118307","language_code":"fr","source_language_code":"es","id":"4","code":"fr","english_name":"French","major":"1","active":"1","default_locale":"fr_FR","tag":"fr","encode_url":"0","pod_item_id":"26441"},{"ID":"26443","post_author":"1","post_date":"2021-01-04 13:19:58","post_date_gmt":"2021-01-04 13:19:58","post_content":"","post_title":"Carthamus fruticosus. 4. Jean-Claude Thiaudi\u00e8re. Teline","post_excerpt":"Carthamus fruticosus. Rameaux avec feuilles et inflorescences. Jean-Claude Thiaudi\u00e8re. Teline","post_status":"inherit","comment_status":"closed","ping_status":"closed","post_password":"","post_name":"carthamus-fruticosus-4-jean-claude-thiaudiere-teline-2","to_ping":"","pinged":"","post_modified":"2026-04-13 15:55:34","post_modified_gmt":"2026-04-13 15:55:34","post_content_filtered":"","post_parent":"13529","guid":"https:\/\/www.northafricatrees.org\/wp-content\/uploads\/2020\/11\/Carthamus-fruticosus.-4.-Jean-Claude-Thiaudiere.-Teline.jpg","menu_order":"0","post_type":"attachment","post_mime_type":"image\/jpeg","comment_count":"0","translation_id":"18333","element_type":"post_attachment","element_id":"26443","trid":"118308","language_code":"fr","source_language_code":"es","id":"4","code":"fr","english_name":"French","major":"1","active":"1","default_locale":"fr_FR","tag":"fr","encode_url":"0","pod_item_id":"26443"},{"ID":"26445","post_author":"1","post_date":"2021-01-04 13:19:58","post_date_gmt":"2021-01-04 13:19:58","post_content":"","post_title":"Carthamus fruticosus. 5. Jos\u00e9 Quiles","post_excerpt":"Carthamus fruticosus. D\u00e9tail d'inflorescences. Jos\u00e9 Quiles","post_status":"inherit","comment_status":"closed","ping_status":"closed","post_password":"","post_name":"carthamus-fruticosus-5-jose-quiles-2","to_ping":"","pinged":"","post_modified":"2026-04-13 15:55:34","post_modified_gmt":"2026-04-13 15:55:34","post_content_filtered":"","post_parent":"13529","guid":"https:\/\/www.northafricatrees.org\/wp-content\/uploads\/2020\/11\/Carthamus-fruticosus.-5.-Jose-Quiles.jpg","menu_order":"0","post_type":"attachment","post_mime_type":"image\/jpeg","comment_count":"0","translation_id":"18335","element_type":"post_attachment","element_id":"26445","trid":"118309","language_code":"fr","source_language_code":"es","id":"4","code":"fr","english_name":"French","major":"1","active":"1","default_locale":"fr_FR","tag":"fr","encode_url":"0","pod_item_id":"26445"},{"ID":"26447","post_author":"1","post_date":"2021-01-04 13:19:59","post_date_gmt":"2021-01-04 13:19:59","post_content":"","post_title":"Carthamus fruticosus. 6. Joaquin Molero","post_excerpt":"Carthamus fruticosus. Rameaux avec feuilles et infrutescences. Joaquin Molero","post_status":"inherit","comment_status":"closed","ping_status":"closed","post_password":"","post_name":"carthamus-fruticosus-6-joaquin-molero-2","to_ping":"","pinged":"","post_modified":"2026-04-13 15:55:34","post_modified_gmt":"2026-04-13 15:55:34","post_content_filtered":"","post_parent":"13529","guid":"https:\/\/www.northafricatrees.org\/wp-content\/uploads\/2020\/11\/Carthamus-fruticosus.-6.-Joaquin-Molero.jpg","menu_order":"0","post_type":"attachment","post_mime_type":"image\/jpeg","comment_count":"0","translation_id":"18337","element_type":"post_attachment","element_id":"26447","trid":"118310","language_code":"fr","source_language_code":"es","id":"4","code":"fr","english_name":"French","major":"1","active":"1","default_locale":"fr_FR","tag":"fr","encode_url":"0","pod_item_id":"26447"},{"ID":"26449","post_author":"1","post_date":"2021-01-04 13:20:01","post_date_gmt":"2021-01-04 13:20:01","post_content":"","post_title":"Carthamus fruticosus. 7. Fouad Msanda. Teline","post_excerpt":"Carthamus fruticosus. Rameau avec feuilles et infrutescences. Fouad Msanda. Teline","post_status":"inherit","comment_status":"closed","ping_status":"closed","post_password":"","post_name":"carthamus-fruticosus-7-fouad-msanda-teline-2","to_ping":"","pinged":"","post_modified":"2026-04-13 15:55:34","post_modified_gmt":"2026-04-13 15:55:34","post_content_filtered":"","post_parent":"13529","guid":"https:\/\/www.northafricatrees.org\/wp-content\/uploads\/2020\/11\/Carthamus-fruticosus.-7.-Fouad-Msanda.-Teline.jpg","menu_order":"0","post_type":"attachment","post_mime_type":"image\/jpeg","comment_count":"0","translation_id":"18339","element_type":"post_attachment","element_id":"26449","trid":"118311","language_code":"fr","source_language_code":"es","id":"4","code":"fr","english_name":"French","major":"1","active":"1","default_locale":"fr_FR","tag":"fr","encode_url":"0","pod_item_id":"26449"}],"map_legend":"","kml":{"ID":"47251","post_author":"2","post_date":"2026-04-13 09:11:44","post_date_gmt":"2026-04-13 09:11:44","post_content":"","post_title":"Carthamus fruticosus","post_excerpt":"","post_status":"inherit","comment_status":"closed","ping_status":"closed","post_password":"","post_name":"carthamus-fruticosus-2-2","to_ping":"","pinged":"","post_modified":"2026-04-13 15:55:34","post_modified_gmt":"2026-04-13 15:55:34","post_content_filtered":"","post_parent":"13529","guid":"https:\/\/www.northafricatrees.org\/wp-content\/uploads\/2026\/04\/Carthamus-fruticosus.kml","menu_order":"0","post_type":"attachment","post_mime_type":"application\/xml","comment_count":"0","translation_id":"38217","element_type":"post_attachment","element_id":"47251","trid":"654930","language_code":"fr","source_language_code":"es","id":"4","code":"fr","english_name":"French","major":"1","active":"1","default_locale":"fr_FR","tag":"fr","encode_url":"0","pod_item_id":"47251"},"zone_1":"[\" -3.955772524298042,32.42299149441514\",\" -4.064261534125731,32.50938385935933\",\" -4.2518754,32.5335577\",\" -4.6087646,32.4773292\",\" -5.2789307,32.1546872\",\" -5.6112671,31.9475012\",\" -6.0095215,31.7328393\",\" -6.4324951,31.6206437\",\" -7.2125244,31.4192881\",\" -7.525634800000001,31.3114084\",\" -7.9650879,31.1470063\",\" -8.1188965,31.0717559\",\" -8.201275000000001,30.935071\",\" -8.145413803294103,30.78127395398885\",\" -7.983444640569394,30.60551574425132\",\" -7.729184737768447,30.5139389407441\",\" -7.341031768521114,30.47284188002034\",\" -6.915586565847761,30.49215155768724\",\" -6.463936109372442,30.57189528449466\",\" -5.950127507283432,30.71272570234899\",\" -5.361650815531296,30.94989500025534\",\" -4.758071041174809,31.2783806293563\",\" -4.645913805257148,31.37416863510918\",\" -4.628898008633218,31.462637873875\",\" -4.652833785110175,31.54097331914112\",\" -4.71609915901353,31.56790759411413\",\" -4.8010254,31.5785354\",\" -4.954834,31.5457714\",\" -5.1773027,31.5036593\",\" -5.2706751,31.5293941\",\" -5.282206066325545,31.6001344223513\",\" -5.25304360191453,31.68946223132235\",\" -5.150419204780884,31.76129449287401\",\" -4.921643075701904,31.89638220007734\",\" -4.1967773,32.0639556\",\" -4.029168257212429,32.15969275079903\",\" -3.9660644,32.2755224\",\" -3.955772524298042,32.42299149441514\",\" \"]","zone_2":"","zone_3":"","zone_4":"","zone_5":"","zone_6":"","zone_7":"","zone_8":"","zone_9":"","zone_10":"","zone_11":"","zone_12":"","ID":13529,"post_title":"Carthamus fruticosus Maire","post_content":"Arbuste tr\u00e8s piquant-\u00e9pineux, \u00e0 feuilles plus ou moins persistantes, hermaphrodite, de jusqu\u2019\u00e0 1,5(2)\u00a0m de haut, \u00e0 port dress\u00e9, tronc bien d\u00e9fini ou fr\u00e9quemment tr\u00e8s ramifi\u00e9 depuis la base, prenant alors une forme plus ou moins h\u00e9misph\u00e9rique. Rameaux droits fortement stri\u00e9s, \u00e0 \u00e9corce verd\u00e2tre-gris\u00e2tre. Feuilles alternes, de deux types\u00a0: les unes toujours solitaires, longuement lin\u00e9aires, rigides, spinescentes, enti\u00e8res ou \u00e0 2 petits lobes spiniformes \u00e0 la base, d\u2019abord vertes, puis blanch\u00e2tres en s\u00e9chant, persistantes sur la plantes durant plusieurs ann\u00e9es\u00a0; les autres solitaires ou en brachyblastes axillaires sur lesquels prendront naissance les nouvelles ramilles, longuement oblongues, aigu\u00ebs ou obtuses, att\u00e9nu\u00e9es \u00e0 la base, plus ou moins souples, non rigides ni spiciformes, verd\u00e2tre-gris\u00e2tre sur les deux faces, caduques, qui se d\u00e9tachent en s\u00e9chant et n\u2019apparaissent donc que sur les plus jeunes rameaux. Inflorescences en capitules solitaires, axillaires et terminaux, d'environ 2-3\u00a0cm, \u00e9troitement ovo\u00efdes, entour\u00e9s \u00e0 la base par des bract\u00e9es tr\u00e8s similaires aux feuilles spinescentes, plus ou moins de la m\u00eame longueur que le capitule. Les autres bract\u00e9es de l\u2019involucre sont ov\u00e9es-lanc\u00e9ol\u00e9s, enti\u00e8res, non dent\u00e9es comme chez les deux esp\u00e8ces pr\u00e9c\u00e9dentes du genre. Fleurs tubuleuses, r\u00e9guli\u00e8res, sans ligules, tr\u00e8s saillantes au-dessus des bract\u00e9es, jaunes. Fruit en petit ak\u00e8ne obovo\u00efde-subt\u00e9tragonal \u00e0 houppe de poils violac\u00e9s \u00e0 pourpr\u00e9-noir\u00e2tre, persistants.","post_excerpt":"","post_author":"1","post_date":"2020-11-10 10:09:22","post_date_gmt":"2020-11-10 10:09:22","post_status":"publish","comment_status":"closed","ping_status":"closed","post_password":"","post_name":"carthamus-fruticosus-maire-3","to_ping":"","pinged":"","post_modified":"2026-04-13 15:55:33","post_modified_gmt":"2026-04-13 15:55:33","post_content_filtered":"","post_parent":0,"guid":"https:\/\/www.northafricatrees.org\/species\/carthamus-fruticosus-maire-3\/","menu_order":0,"post_type":"species","post_mime_type":"","comment_count":"0","comments":false,"id":13529},"13526":{"short_name":"Carthamus riphaeus","name_html":"<strong>Carthamus riphaeus<\/strong> Font Quer & Pau","short_description":"","common_names":"<em>Phonus riphaeus<\/em> Font Quer &amp; Pau","other_name":"<em>Fra.<\/em>: Carthame du Rif<em>.\u00a0\u00a0 Esp<\/em>.: Cardo rife\u00f1o.","flowering":"mai-ao\u00fbt.","fruiting":"juillet-septembre.","habitat":"Matorrals et prairies sur sols argileux, marneux ou gypseux, parfois sur formations rocheuses, \u00e0 faible altitude. En zones \u00e0 bioclimat semi-aride \u00e0 subhumide, aux \u00e9tages thermom\u00e9diterran\u00e9en et m\u00e9som\u00e9diterran\u00e9en inf\u00e9rieur.","distribution":"End\u00e9mique du Rif (Maroc), tr\u00e8s localis\u00e9e dans les matorrals et prairies de l\u2019int\u00e9rieur du Rif central, s\u2019\u00e9tendant au S. jusqu\u2019\u00e0 Bab Marzouka, pr\u00e8s de Taza. Malgr\u00e9 son isolement au sein d\u2019une zone r\u00e9duite, cet arbuste peut \u00eatre relativement abondant dans certaines localit\u00e9s.","observations":"","conservation":"Esp\u00e8ce peu commune et \u00e0 aire de r\u00e9partition restreinte. Elle n\u2019est actuellement pas \u00e9valu\u00e9e \u00e0 l\u2019\u00e9chelle mondiale dans la Liste rouge des esp\u00e8ces de l\u2019UICN.","genus":[{"ID":"11046","post_author":"1","post_date":"2020-11-10 09:01:12","post_date_gmt":"2020-11-10 09:01:12","post_content":"<strong>Carthamus<\/strong> (incl. <em>Phonus<\/em> Hill, et <em>Carduncellus<\/em> Adans., p.p.) est compos\u00e9 d' environ 48 esp\u00e8ces, essentiellement r\u00e9parties dans les r\u00e9gions s\u00e8ches d\u2019Europe, du N. de l\u2019Afrique et de l\u2019Asie occidentale. Dans le N. de l\u2019Afrique apparaissent 3 esp\u00e8ces d\u2019arbustes spinescents, un sous-arbuste \u00e9galement spinescent (<em>C. mareoticus<\/em> Delile) et 16 esp\u00e8ces annuelles ou p\u00e9rennes \u00e0 base des tiges parfois indur\u00e9e.","post_title":"Carthamus L.","post_excerpt":"","post_status":"publish","comment_status":"closed","ping_status":"closed","post_password":"","post_name":"carthamus-l","to_ping":"","pinged":"","post_modified":"2021-12-19 20:44:53","post_modified_gmt":"2021-12-19 20:44:53","post_content_filtered":"","post_parent":"0","guid":"https:\/\/www.northafricatrees.org\/genus\/carthamus-l\/","menu_order":"0","post_type":"genus","post_mime_type":"","comment_count":"0","translation_id":"977","element_type":"post_genus","element_id":"11046","trid":"114023","language_code":"fr","source_language_code":"es","id":"4","code":"fr","english_name":"French","major":"1","active":"1","default_locale":"fr_FR","tag":"fr","encode_url":"0","pod_item_id":"11046"}],"images":[{"ID":"26451","post_author":"1","post_date":"2021-01-04 13:20:03","post_date_gmt":"2021-01-04 13:20:03","post_content":"","post_title":"Carthamus riphaeus. 1. Jes\u00fas Charco","post_excerpt":"Carthamus riphaeus. Feuilles et inflorescences. Jes\u00fas Charco","post_status":"inherit","comment_status":"closed","ping_status":"closed","post_password":"","post_name":"carthamus-riphaeus-1-jesus-charco-2","to_ping":"","pinged":"","post_modified":"2021-10-27 09:01:41","post_modified_gmt":"2021-10-27 09:01:41","post_content_filtered":"","post_parent":"13526","guid":"https:\/\/www.northafricatrees.org\/wp-content\/uploads\/2020\/11\/Carthamus-riphaeus.-1.-Jesus-Charco.jpg","menu_order":"0","post_type":"attachment","post_mime_type":"image\/jpeg","comment_count":"0","translation_id":"18341","element_type":"post_attachment","element_id":"26451","trid":"118312","language_code":"fr","source_language_code":"es","id":"4","code":"fr","english_name":"French","major":"1","active":"1","default_locale":"fr_FR","tag":"fr","encode_url":"0","pod_item_id":"26451"}],"map_legend":"","kml":false,"zone_1":"[\" -3.163170045161394,35.24688909285743\",\" -3.164062423541964,35.24609373243987\",\" -3.170639032565248,35.23976137208967\",\" -3.173181598551878,35.23802816266965\",\" -3.183496200988827,35.23153118141892\",\" -3.192326368966691,35.22752446428268\",\" -3.19342003990289,35.22320191693495\",\" -3.196430483579889,35.22482582635087\",\" -3.205626270036305,35.22317023291998\",\" -3.208551554210828,35.22493613269643\",\" -3.209279773942342,35.22749546294529\",\" -3.218613693567079,35.22734274457207\",\" -3.221860004235737,35.22401395527987\",\" -3.22801198666383,35.2216158932589\",\" -3.238589277473125,35.22307652356278\",\" -3.239756206283857,35.21994873274787\",\" -3.250454029629736,35.21759911720557\",\" -3.259198700859315,35.21294062271164\",\" -3.277164137215095,35.21106726744051\",\" -3.279993029354785,35.2095246621335\",\" -3.284306692299936,35.20951292777943\",\" -3.303936103768137,35.20487522021529\",\" -3.311462382482944,35.20007725166391\",\" -3.312014581507697,35.19757257141708\",\" -3.314997031088069,35.1954244570731\",\" -3.325252289061837,35.18938998995611\",\" -3.332995658722609,35.18629052958431\",\" -3.345475474313616,35.18554688737902\",\" -3.366046006517935,35.18993682542418\",\" -3.388891553702194,35.18953482936894\",\" -3.402879441532946,35.19221385308691\",\" -3.427697921421895,35.19255181111726\",\" -3.445494714209644,35.19826122817318\",\" -3.447566888001461,35.20416108206831\",\" -3.451442009141374,35.20598498451949\",\" -3.473990670333138,35.19852592922831\",\" -3.481987843963792,35.1997840528918\",\" -3.490852880456032,35.19912691107811\",\" -3.515624924750455,35.20787040959181\",\" -3.515899682923987,35.20800787276517\",\" -3.520339409236328,35.2094520751532\",\" -3.536297379820155,35.21732636991607\",\" -3.559388014745025,35.22120903546869\",\" -3.564551769948196,35.21993716566772\",\" -3.570045268774095,35.22034854884652\",\" -3.582329115796028,35.22370097502005\",\" -3.59108753406241,35.22695835004788\",\" -3.60665172209923,35.23470524055443\",\" -3.615779782410982,35.24020695378795\",\" -3.617715163923606,35.24363582323468\",\" -3.61959639815518,35.24376473655337\",\" -3.622966091312037,35.24723819708515\",\" -3.631545137098328,35.24910602062641\",\" -3.637386988318781,35.2543733768299\",\" -3.640736899088552,35.25588027455507\",\" -3.643842562084501,35.25590391233573\",\" -3.648828621143878,35.25846642708399\",\" -3.651355430108993,35.26142792156139\",\" -3.6663561865887,35.26905159775311\",\" -3.674312289080831,35.27737013332506\",\" -3.676381278373242,35.28446575009434\",\" -3.678099232593468,35.2858154040577\",\" -3.684909864098927,35.28459583702829\",\" -3.708190600415833,35.2882426355892\",\" -3.715848306953774,35.28367550412128\",\" -3.718291967300388,35.28382621071108\",\" -3.719233758031464,35.28578623454712\",\" -3.722462802616178,35.28552874335685\",\" -3.734979833952139,35.28106789376835\",\" -3.73859913933876,35.27589139786977\",\" -3.742045107595573,35.27432616202282\",\" -3.750171698165275,35.27477945540761\",\" -3.757349289038416,35.26634625447611\",\" -3.758902791430614,35.26277506102031\",\" -3.761755823172678,35.24574839817007\",\" -3.764923345136197,35.23864758511803\",\" -3.765131886227493,35.23116623293538\",\" -3.769204317725041,35.22770467493086\",\" -3.772731087369721,35.22107760674618\",\" -3.780324421334909,35.21431139995121\",\" -3.801553099895614,35.20382211859595\",\" -3.825076911270401,35.19892691894222\",\" -3.832919020196584,35.19729513056586\",\" -3.843124322629365,35.19670102133512\",\" -3.848779759678109,35.19673706346475\",\" -3.856079056703038,35.19789125158007\",\" -3.865642976142397,35.20026383310949\",\" -3.867187425059569,35.20089281085461\",\" -3.867187425059569,35.20117192804207\",\" -3.879941161555337,35.20375003343736\",\" -3.898094352072633,35.20976622902828\",\" -3.906997274304729,35.21438348421049\",\" -3.908731658239391,35.21932377767024\",\" -3.913892563490947,35.22084526060036\",\" -3.914040084682142,35.22504409091209\",\" -3.917986787360292,35.22865048922876\",\" -3.916747271569308,35.23119456427776\",\" -3.921612128097195,35.23233919709634\",\" -3.920504208302531,35.23529147082479\",\" -3.921745735876982,35.23767327220378\",\" -3.919260334396881,35.23901286814942\",\" -3.918899576754029,35.24062319960103\",\" -3.924280423802486,35.24172994578044\",\" -3.926187138525563,35.24401317606726\",\" -3.920071031852615,35.24768763507638\",\" -3.922602534379394,35.24935077202059\",\" -3.92077142386205,35.24943760875868\",\" -3.917769193693289,35.24697550871281\",\" -3.919687308222649,35.25076194950441\",\" -3.914328757166345,35.25468903886809\",\" -3.917610272695868,35.25629802943058\",\" -3.919294196569865,35.25881880214604\",\" -3.928695506892098,35.26195162286916\",\" -3.933369256585877,35.26052552563255\",\" -3.936967439595605,35.26070942440049\",\" -3.93851675114712,35.25922280998475\",\" -3.942395224959626,35.25912775973836\",\" -3.950640838104164,35.25142462304797\",\" -3.965753074544693,35.24507901928138\",\" -3.972131535042252,35.2414414405701\",\" -3.972899317749295,35.2396661536701\",\" -3.979994599071461,35.23639017076982\",\" -3.982461728126225,35.23684832588958\",\" -3.991471938579082,35.23465427867205\",\" -3.994403760824866,35.23685804846019\",\" -4.004553407813489,35.23262317601882\",\" -4.008340184052202,35.23221581550752\",\" -4.013106469487923,35.2330310392511\",\" -4.017184097268228,35.23559741029231\",\" -4.016321264314854,35.23935300613636\",\" -4.017232544646163,35.23989866798917\",\" -4.023301713003605,35.23845765099986\",\" -4.024633094541628,35.23635882220191\",\" -4.030116703522992,35.2368572102921\",\" -4.032922461502324,35.23387392344284\",\" -4.035538956257767,35.23327880787076\",\" -4.045209493922982,35.2367023128615\",\" -4.044529386122235,35.23343672342611\",\" -4.052114170232699,35.22888115903834\",\" -4.061783701556522,35.22859164838593\",\" -4.065297562332603,35.22440404880786\",\" -4.07900230940902,35.22315514589332\",\" -4.080532677640917,35.22075607753101\",\" -4.088644013010764,35.21981428679993\",\" -4.09569872591544,35.21746031314297\",\" -4.100884441663595,35.21290659236541\",\" -4.107225686416257,35.21036989355582\",\" -4.114148970598478,35.20484823066136\",\" -4.121962413634435,35.20578130426384\",\" -4.127738047772652,35.2024536885869\",\" -4.132448006869993,35.20287848335539\",\" -4.134951346227581,35.20004841760044\",\" -4.14876170518852,35.19875995171043\",\" -4.151572994897776,35.19705876085317\",\" -4.156267698795205,35.19814974911168\",\" -4.160076603752202,35.20132062284853\",\" -4.163927585289798,35.20165338459606\",\" -4.179215841537825,35.19781179108134\",\" -4.189260379362963,35.19790080687676\",\" -4.190277103405549,35.19770819008096\",\" -4.196554981926852,35.1955661110872\",\" -4.208502713629287,35.18823429277842\",\" -4.214600884223387,35.18995543329669\",\" -4.215135146269915,35.18708060738419\",\" -4.217887596035666,35.18468036630594\",\" -4.239490442929537,35.18477290204783\",\" -4.244998526061067,35.18806883370974\",\" -4.250257332409888,35.18704858882137\",\" -4.25239522056296,35.18783598484288\",\" -4.259271230982449,35.18474943244041\",\" -4.268228971389874,35.18317581401266\",\" -4.282723963540036,35.17776697196825\",\" -4.284476955347145,35.17760034018363\",\" -4.286235981605216,35.18082837842695\",\" -4.28865952501701,35.17851949947539\",\" -4.290045556557118,35.17217506932406\",\" -4.295526315586926,35.17079708401826\",\" -4.300835748371071,35.17296162717742\",\" -4.301309493238477,35.17172261410741\",\" -4.298465177725745,35.17046767584264\",\" -4.300546739540323,35.16749008799724\",\" -4.303325843412893,35.16701399589925\",\" -4.307581839130535,35.16879749720681\",\" -4.311849065581839,35.166785505147\",\" -4.314527586578834,35.16749159705961\",\" -4.314963278432515,35.16544859187906\",\" -4.319612049456453,35.16448551149722\",\" -4.321031775895676,35.16162141539604\",\" -4.325291794280815,35.15839589075779\",\" -4.330934826980638,35.15681523153774\",\" -4.334707521634755,35.15682914584846\",\" -4.33599514935662,35.15813940500959\",\" -4.34128480155232,35.15624995637046\",\" -4.341384880807539,35.15624995637046\",\" -4.341388066206264,35.15624995637046\",\" -4.346050080646648,35.15154653534438\",\" -4.350057133230052,35.15125752651369\",\" -4.356259742093357,35.14736279205926\",\" -4.365794156575021,35.14830156466553\",\" -4.365876969746296,35.15177100252981\",\" -4.369341713149481,35.15062687243227\",\" -4.370166157642018,35.14865008433395\",\" -4.375206027636011,35.14902844350792\",\" -4.376928844490521,35.15407166707382\",\" -4.385749288998454,35.15293122509604\",\" -4.396606367889547,35.15600587497119\",\" -4.404610917759612,35.15845255254334\",\" -4.410025962428165,35.15845188164906\",\" -4.41501051242517,35.15624995637046\",\" -4.41523749501431,35.15611266047097\",\" -4.434124772440271,35.15624995637046\",\" -4.439289462938291,35.15709951173312\",\" -4.468059667319722,35.14403077510025\",\" -4.479985352142251,35.10257540303246\",\" -4.485948194553487,35.06109893736613\",\" -4.462096824908485,35.0122761059576\",\" -4.414394086517859,35.00006584056615\",\" -4.378617032949649,34.98541111712939\",\" -4.32495145214773,34.9756398437039\",\" -4.262341608178645,34.96831062353652\",\" -4.193768921798267,34.97319684345962\",\" -4.119233393905972,34.9756398437039\",\" -4.050660707525594,34.9756398437039\",\" -3.994013705068369,34.95609380028873\",\" -3.955255230744228,34.91454297687693\",\" -3.946310967577063,34.86074008758504\",\" -3.943329545921757,34.80200586387957\",\" -3.943329545921757,34.70402244088297\",\" -3.97612517873398,34.63781794284387\",\" -4.002957969134911,34.6010148086865\",\" -4.047679285870288,34.55437408509602\",\" -4.116251972250666,34.52490330524341\",\" -4.202713185864809,34.47821990432516\",\" -4.250415924255435,34.43888729561223\",\" -4.304081504158035,34.41921404399301\",\" -4.32495145214773,34.37739301387654\",\" -4.339858558625508,34.34539812752161\",\" -4.339858558625508,34.3010773535371\",\" -4.318988610635813,34.26658946193419\",\" -4.295137240990812,34.229622448817\",\" -4.232527397021727,34.2025029878227\",\" -4.181843237875057,34.20003714929504\",\" -4.113270551494736,34.20003714929504\",\" -4.01786507471337,34.22469228711941\",\" -3.934385282754533,34.26658946193419\",\" -3.859849753962919,34.31831599109017\",\" -3.788295646826613,34.37739301387654\",\" -3.746555750847165,34.42413279059588\",\" -3.68692732763401,34.49787925962016\",\" -3.654131694821786,34.55928486730284\",\" -3.624317483664869,34.61573802089299\",\" -3.612391798842396,34.66970078716167\",\" -3.612391798842396,34.72607884646163\",\" -3.603447535675173,34.79466114029941\",\" -3.588540430096714,34.89253696211114\",\" -3.567670482107019,34.94631902939972\",\" -3.531893427639544,35.00006584056615\",\" -3.47226500532571,35.04401426464665\",\" -3.421580845279721,35.07330008722931\",\" -3.329156790153718,35.09281813205121\",\" -3.257602683017353,35.10745360100293\",\" -3.177104311814503,35.13184020935825\",\" -3.138345836591042,35.14646866989324\",\" -3.108531625434126,35.18790169650612\",\" -3.114494467845361,35.21226420213128\",\" -3.12642015266789,35.22687819707119\",\" -3.163170045161394,35.24688909285743\",\" \"]","zone_2":"","zone_3":"","zone_4":"","zone_5":"","zone_6":"","zone_7":"","zone_8":"","zone_9":"","zone_10":"","zone_11":"","zone_12":"","ID":13526,"post_title":"Carthamus riphaeus Font Quer & Pau","post_content":"Arbuste tr\u00e8s piquant, \u00e0 feuilles persistantes, hermaphrodite, de jusqu\u2019\u00e0 1,5(3)\u00a0m de haut, tr\u00e8s rameux, \u00e0 port dress\u00e9, tronc et rameaux fortement ligneux, gris\u00e2tre-jaun\u00e2tre. Feuilles alternes, beaucoup plus \u00e9troites que chez l\u2019esp\u00e8ce pr\u00e9c\u00e9dente (lanc\u00e9ol\u00e9es ou lin\u00e9aires-lanc\u00e9ol\u00e9es), \u00e0 lobes \u00e9galement plus \u00e9troits (lanc\u00e9ol\u00e9s-spinescents), tr\u00e8s rigides et spinescentes, verd\u00e2tre-jaun\u00e2tre sur les deux faces. Inflorescences en capitules solitaires, terminaux et axillaires, de 3-4,5\u00a0\u00d7\u00a01-2\u00a0cm, \u00e9troitement ovo\u00efdes, entour\u00e9s \u00e0 la base de l\u2019involucre par des bract\u00e9es tr\u00e8s semblables aux feuilles, environ deux fois plus longues que le capitule, les autres bract\u00e9es de l\u2019involucre \u00e9tant plus ou moins ov\u00e9es-lanc\u00e9ol\u00e9es, enti\u00e8res ou dent\u00e9es-spinescentes. Fleurs tubuleuses, r\u00e9guli\u00e8res, sans ligules, tr\u00e8s saillantes au-dessus des bract\u00e9es, jaunes. Fruit en petit ak\u00e8ne allong\u00e9 subt\u00e9tragonal, \u00e0 surface brun clair et houppe de poils caducs, qui se d\u00e9tachent facilement au toucher.","post_excerpt":"","post_author":"1","post_date":"2020-11-10 10:09:22","post_date_gmt":"2020-11-10 10:09:22","post_status":"publish","comment_status":"closed","ping_status":"closed","post_password":"","post_name":"carthamus-riphaeus-font-quer-pau-3","to_ping":"","pinged":"","post_modified":"2021-10-27 09:01:41","post_modified_gmt":"2021-10-27 09:01:41","post_content_filtered":"","post_parent":0,"guid":"https:\/\/www.northafricatrees.org\/species\/carthamus-riphaeus-font-quer-pau-3\/","menu_order":0,"post_type":"species","post_mime_type":"","comment_count":"0","comments":false,"id":13526}},"groups_keys":{"42260":{"ID":42260,"post_title":"Feuilles de deux types : les unes lin\u00e9aires, rigides, solitaires, transform\u00e9es en \u00e9pines, enti\u00e8res \u00e0 exception de 2 petits lobes spinescents qui naissent \u00e0 la base, et les autres lin\u00e9aires-oblongues, souples, fr\u00e9quemment en brachyblastes","post_content":"","post_excerpt":"","post_author":"2","post_date":"2021-09-10 19:17:38","post_date_gmt":"2021-09-10 19:17:38","post_status":"publish","comment_status":"closed","ping_status":"closed","post_password":"","post_name":"feuilles-de-deux-types-les-unes-lineaires-rigides-solitaires-transformees-en-epines-entieres-a-exception-de-2-petits-lobes-spinescents-qui-naissent-a-la-base-et-les-autres-lineaires-oblongues","to_ping":"","pinged":"","post_modified":"2021-09-10 19:17:38","post_modified_gmt":"2021-09-10 19:17:38","post_content_filtered":"","post_parent":0,"guid":"https:\/\/www.northafricatrees.org\/?post_type=genus_group_key&#038;p=42260","menu_order":0,"post_type":"genus_group_key","post_mime_type":"","comment_count":"0","comments":false,"id":42260},"42263":{"ID":42263,"post_title":"Feuilles lin\u00e9aires-lanc\u00e9ol\u00e9es \u00e0 lobes tr\u00e8s \u00e9troits, spiniformes. Bract\u00e9es foliac\u00e9es involucrales \u00b1 2 fois plus longues que le capitule","post_content":"","post_excerpt":"","post_author":"2","post_date":"2021-09-10 19:20:35","post_date_gmt":"2021-09-10 19:20:35","post_status":"publish","comment_status":"closed","ping_status":"closed","post_password":"","post_name":"feuilles-lineaires-lanceolees-a-lobes-tres-etroits-spiniformes-bractees-foliacees-involucrales-%c2%b1-2-fois-plus-longues-que-le-capitule","to_ping":"","pinged":"","post_modified":"2021-09-10 19:20:35","post_modified_gmt":"2021-09-10 19:20:35","post_content_filtered":"","post_parent":0,"guid":"https:\/\/www.northafricatrees.org\/?post_type=genus_group_key&#038;p=42263","menu_order":0,"post_type":"genus_group_key","post_mime_type":"","comment_count":"0","id":42263},"42262":{"ID":42262,"post_title":"Feuilles ovales ou ovales-lanc\u00e9ol\u00e9es, \u00e0 lobes larges termin\u00e9s en \u00e9pines.  \tBract\u00e9es foliac\u00e9es involucrales \u00e9gales ou 1,5 fois plus longues que le capitule","post_content":"","post_excerpt":"","post_author":"2","post_date":"2021-09-10 19:19:36","post_date_gmt":"2021-09-10 19:19:36","post_status":"publish","comment_status":"closed","ping_status":"closed","post_password":"","post_name":"feuilles-ovales-ou-ovales-lanceolees-a-lobes-larges-termines-en-epines-bractees-foliacees-involucrales-egales-ou-15-fois-plus-longues-que-le-capitule","to_ping":"","pinged":"","post_modified":"2021-09-10 19:19:36","post_modified_gmt":"2021-09-10 19:19:36","post_content_filtered":"","post_parent":0,"guid":"https:\/\/www.northafricatrees.org\/?post_type=genus_group_key&#038;p=42262","menu_order":0,"post_type":"genus_group_key","post_mime_type":"","comment_count":"0","id":42262},"42261":{"ID":42261,"post_title":"Feuilles toutes semblables, ovales \u00e0 lin\u00e9aires-lanc\u00e9ol\u00e9es, \u00e0 nombreux lobes \u00b1 triangulaires-spinescents","post_content":"","post_excerpt":"","post_author":"2","post_date":"2021-09-10 19:18:26","post_date_gmt":"2021-09-10 19:18:26","post_status":"publish","comment_status":"closed","ping_status":"closed","post_password":"","post_name":"feuilles-toutes-semblables-ovales-a-lineaires-lanceolees-a-nombreux-lobes-%c2%b1-triangulaires-spinescents","to_ping":"","pinged":"","post_modified":"2021-09-10 19:18:26","post_modified_gmt":"2021-09-10 19:18:26","post_content_filtered":"","post_parent":0,"guid":"https:\/\/www.northafricatrees.org\/?post_type=genus_group_key&#038;p=42261","menu_order":0,"post_type":"genus_group_key","post_mime_type":"","comment_count":"0","id":42261}},"title_groups_keys":[],"groups_keys_2":[],"title_groups_keys_2":[],"groups_keys_3":[],"title_groups_keys_3":[],"images":false,"ID":11046,"post_title":"Carthamus L.","post_content":"<strong>Carthamus<\/strong> (incl. <em>Phonus<\/em> Hill, et <em>Carduncellus<\/em> Adans., p.p.) est compos\u00e9 d' environ 48 esp\u00e8ces, essentiellement r\u00e9parties dans les r\u00e9gions s\u00e8ches d\u2019Europe, du N. de l\u2019Afrique et de l\u2019Asie occidentale. Dans le N. de l\u2019Afrique apparaissent 3 esp\u00e8ces d\u2019arbustes spinescents, un sous-arbuste \u00e9galement spinescent (<em>C. mareoticus<\/em> Delile) et 16 esp\u00e8ces annuelles ou p\u00e9rennes \u00e0 base des tiges parfois indur\u00e9e.","post_excerpt":"","post_author":"1","post_date":"2020-11-10 09:01:12","post_date_gmt":"2020-11-10 09:01:12","post_status":"publish","comment_status":"closed","ping_status":"closed","post_password":"","post_name":"carthamus-l","to_ping":"","pinged":"","post_modified":"2021-12-19 20:44:53","post_modified_gmt":"2021-12-19 20:44:53","post_content_filtered":"","post_parent":[],"guid":"https:\/\/www.northafricatrees.org\/genus\/carthamus-l\/","menu_order":0,"post_type":"genus","post_mime_type":"","comment_count":"0","comments":false,"id":11046}],"images":[{"ID":"30009","post_author":"1","post_date":"2021-02-01 07:21:18","post_date_gmt":"2021-02-01 07:21:18","post_content":"","post_title":"Carthamus arborecens. 1. Jes\u00fas Charco","post_excerpt":"Carthamus arborecens. Feuilles et inflorescences. Jes\u00fas Charco","post_status":"inherit","comment_status":"closed","ping_status":"closed","post_password":"","post_name":"ciamed-929-2","to_ping":"","pinged":"","post_modified":"2021-10-27 08:58:40","post_modified_gmt":"2021-10-27 08:58:40","post_content_filtered":"","post_parent":"13523","guid":"https:\/\/www.northafricatrees.org\/wp-content\/uploads\/2020\/11\/Carthamus-arborecens.-1.-Jesus-Charco.jpg","menu_order":"0","post_type":"attachment","post_mime_type":"image\/jpeg","comment_count":"0","translation_id":"21702","element_type":"post_attachment","element_id":"30009","trid":"120004","language_code":"fr","source_language_code":"es","id":"4","code":"fr","english_name":"French","major":"1","active":"1","default_locale":"fr_FR","tag":"fr","encode_url":"0","pod_item_id":"30009"}],"map_legend":"","kml":false,"zone_1":"[\" -5.2954102,35.6349767\",\" -5.3338623,35.5903188\",\" -5.2020264,35.3621761\",\" -4.8999023,35.1738083\",\" -4.5153809,35.0794603\",\" -4.1143799,35.0884506\",\" -3.916626,35.1378791\",\" -3.6584473,35.169318\",\" -3.427734399999999,35.1199086\",\" -3.1256104,35.1513544\",\" -2.9827881,35.1154153\",\" -2.7301025,35.016501\",\" -2.3620605,34.9895036\",\" -1.9500732,34.9940038\",\" -1.6204834,35.0299964\",\" -1.3677979,35.1648275\",\" -1.0876465,35.3442551\",\" -0.9613037,35.4740916\",\" -0.8459473000000001,35.5679805\",\" -0.5603027,35.6215819\",\" -0.3955078000000001,35.7509704\",\" -0.1867676,35.728677\",\" 0.065918,35.7643435\",\" 0.2197266,35.9112985\",\" 0.302124,36.057981\",\" 0.637207,36.1733569\",\" 1.038208,36.3284027\",\" 1.2963867,36.4257025\",\" 1.6918945,36.4610541\",\" 2.0324707,36.4743068\",\" 2.2796631,36.5317088\",\" 2.5048828,36.5140512\",\" 2.6971436,36.5272948\",\" 2.8674316,36.6155276\",\" 2.911377,36.7388841\",\" 2.7191162,36.6772306\",\" 2.444458,36.5890684\",\" 2.3455811,36.6463853\",\" 1.9555664,36.5626\",\" 1.3623047,36.5405362\",\" 0.9613037,36.4433803\",\" 0.3460693,36.1777911\",\" 0.0823975,35.9868963\",\" -0.0439453,35.8133587\",\" -0.3131104,35.8445345\",\" -0.3735352,35.9112985\",\" -0.4943848,35.875698\",\" -0.5932617,35.7375952\",\" -0.8459473000000001,35.7643435\",\" -1.1920166,35.5590434\",\" -1.2579346,35.3621761\",\" -1.4831543,35.3039186\",\" -1.9555664,35.0704691\",\" -2.2851562,35.1064281\",\" -2.4389648,35.1333869\",\" -2.6422119,35.0749649\",\" -2.8894043,35.1288943\",\" -2.9388428,35.2321594\",\" -2.9663086,35.4338199\",\" -3.2025146,35.2142097\",\" -3.3563232,35.2052333\",\" -3.7188721,35.2680469\",\" -3.8287354,35.2007448\",\" -3.955078100000001,35.2635619\",\" -4.3615723,35.1468629\",\" -4.7845459,35.2276724\",\" -5.0811768,35.4203915\",\" -5.2514648,35.5769165\",\" -5.2954102,35.6349767\",\" \"]","zone_2":"","zone_3":"","zone_4":"","zone_5":"","zone_6":"","zone_7":"","zone_8":"","zone_9":"","zone_10":"","zone_11":"","zone_12":"","yoast_head":"<!-- This site is optimized with the Yoast SEO plugin v15.6.2 - https:\/\/yoast.com\/wordpress\/plugins\/seo\/ -->\n<title>Carthamus arborescens L. - North Africa Trees<\/title>\n<meta name=\"robots\" content=\"noindex, follow\" \/>\n<meta property=\"og:locale\" content=\"fr_FR\" \/>\n<meta property=\"og:type\" content=\"article\" \/>\n<meta property=\"og:title\" content=\"Carthamus arborescens L. - North Africa Trees\" \/>\n<meta property=\"og:description\" content=\"Arbuste tr\u00e8s piquant, \u00e0 feuilles persistantes, hermaphrodite, de jusqu\u2019\u00e0 1,5(3)\u00a0m de haut, tr\u00e8s rameux, \u00e0 port dress\u00e9 mais plus ou moins tortueux. Tige principale et rameaux vieux ligneux, \u00e0 bois tr\u00e8s dur. \u00c9corce blanch\u00e2tre-gris\u00e2tre. Le tronc principal et les parties plus anciennes des rameaux apparaissent nus, puis la partie plus ou moins m\u00e9diane des rameaux...\" \/>\n<meta property=\"og:url\" content=\"https:\/\/www.northafricatrees.org\/fr\/esp\u00e8ce\/carthamus-arborescens-l-3\/\" \/>\n<meta property=\"og:site_name\" content=\"North Africa Trees\" \/>\n<meta property=\"article:modified_time\" content=\"2021-10-27T08:58:40+00:00\" \/>\n<meta name=\"twitter:card\" content=\"summary_large_image\" \/>\n<meta name=\"twitter:label1\" content=\"Dur\u00e9e de lecture est.\">\n\t<meta name=\"twitter:data1\" content=\"1 minute\">\n<script type=\"application\/ld+json\" class=\"yoast-schema-graph\">{\"@context\":\"https:\/\/schema.org\",\"@graph\":[{\"@type\":\"Organization\",\"@id\":\"https:\/\/www.northafricatrees.org\/#organization\",\"name\":\"North \\u00e1frica trees\",\"url\":\"https:\/\/www.northafricatrees.org\/\",\"sameAs\":[],\"logo\":{\"@type\":\"ImageObject\",\"@id\":\"https:\/\/www.northafricatrees.org\/#logo\",\"inLanguage\":\"fr-FR\",\"url\":\"https:\/\/www.northafricatrees.org\/wp-content\/uploads\/2020\/10\/logo-north-africa-trees.png\",\"width\":80,\"height\":70,\"caption\":\"North \\u00e1frica trees\"},\"image\":{\"@id\":\"https:\/\/www.northafricatrees.org\/#logo\"}},{\"@type\":\"WebSite\",\"@id\":\"https:\/\/www.northafricatrees.org\/#website\",\"url\":\"https:\/\/www.northafricatrees.org\/\",\"name\":\"North Africa Trees\",\"description\":\"\\u00c1rboles y arbustos aut\\u00f3ctonos del Norte de \\u00c1frica\",\"publisher\":{\"@id\":\"https:\/\/www.northafricatrees.org\/#organization\"},\"potentialAction\":[{\"@type\":\"SearchAction\",\"target\":\"https:\/\/www.northafricatrees.org\/?s={search_term_string}\",\"query-input\":\"required name=search_term_string\"}],\"inLanguage\":\"fr-FR\"},{\"@type\":\"WebPage\",\"@id\":\"https:\/\/www.northafricatrees.org\/fr\/esp\\u00e8ce\/carthamus-arborescens-l-3\/#webpage\",\"url\":\"https:\/\/www.northafricatrees.org\/fr\/esp\\u00e8ce\/carthamus-arborescens-l-3\/\",\"name\":\"Carthamus arborescens L. - North Africa Trees\",\"isPartOf\":{\"@id\":\"https:\/\/www.northafricatrees.org\/#website\"},\"datePublished\":\"2020-11-10T10:09:22+00:00\",\"dateModified\":\"2021-10-27T08:58:40+00:00\",\"inLanguage\":\"fr-FR\",\"potentialAction\":[{\"@type\":\"ReadAction\",\"target\":[\"https:\/\/www.northafricatrees.org\/fr\/esp\\u00e8ce\/carthamus-arborescens-l-3\/\"]}]}]}<\/script>\n<!-- \/ Yoast SEO plugin. -->","_links":{"self":[{"href":"https:\/\/www.northafricatrees.org\/fr\/wp-json\/wp\/v2\/species\/13523"}],"collection":[{"href":"https:\/\/www.northafricatrees.org\/fr\/wp-json\/wp\/v2\/species"}],"about":[{"href":"https:\/\/www.northafricatrees.org\/fr\/wp-json\/wp\/v2\/types\/species"}],"wp:attachment":[{"href":"https:\/\/www.northafricatrees.org\/fr\/wp-json\/wp\/v2\/media?parent=13523"}],"curies":[{"name":"wp","href":"https:\/\/api.w.org\/{rel}","templated":true}]}}