{"id":11849,"date":"2020-11-10T10:07:09","date_gmt":"2020-11-10T10:07:09","guid":{"rendered":"https:\/\/www.northafricatrees.org\/species\/dracaena-draco-l-l-3\/"},"modified":"2022-01-10T19:18:44","modified_gmt":"2022-01-10T19:18:44","slug":"dracaena-draco-l-l-3","status":"publish","type":"species","link":"https:\/\/www.northafricatrees.org\/fr\/esp\u00e8ce\/dracaena-draco-l-l-3\/","title":{"rendered":"Dracaena draco (L.) L."},"content":{"rendered":"<p>Arbre \u00e0 feuilles persistantes, hermaphrodite, atteignant 20 m de haut, \u00e0 port en parasol. Ramification tr\u00e8s singuli\u00e8re, l\u2019arbre pr\u00e9sentant g\u00e9n\u00e9ralement un tronc unique qui ne commence \u00e0 se ramifier qu\u2019\u00e0 partir de la premi\u00e8re floraison (qui survient \u00e0 l\u2019\u00e2ge de 10-15 ans), ou suite \u00e0 d\u2019autres circonstances, mais toujours apr\u00e8s avoir atteint un certain degr\u00e9 de maturit\u00e9, lorsqu&rsquo;il perd son unique bourgeon v\u00e9g\u00e9tatif terminal, laissant appara\u00eetre 2-6 bourgeons qui donneront naissance aux premi\u00e8res ramifications. Les exemplaires cultiv\u00e9s acqui\u00e8rent parfois de grandes dimensions sans se ramifier pour autant. L\u2019\u00e9corce est argent\u00e9e, brillante sur les tiges des jeunes arbres, brun-cendr\u00e9 et fendill\u00e9e sur les vieux troncs ; sur les vieux rameaux, elle est parsem\u00e9e de cicatrices laiss\u00e9es par les feuilles en tombant, qui disparaissent progressivement \u00e0 mesure que les rameaux s\u2019\u00e9paississent. Il est fr\u00e9quent que des racines a\u00e9riennes pendent des rameaux des exemplaires les plus \u00e2g\u00e9s. Feuilles group\u00e9es en rosettes denses \u00e0 l\u2019extr\u00e9mit\u00e9 de chaque rameau ; elles sont \u00e9troitement lin\u00e9aires-lanc\u00e9ol\u00e9es (40-60 \u00d7 2-3 cm), sessiles, coriaces, glabres, flexibles, tr\u00e8s aigu\u00ebs, mais non piquantes, de couleur vert-cendr\u00e9, rouge\u00e2tre-orang\u00e9 \u00e0 la base. Inflorescences ramifi\u00e9es en rac\u00e8mes terminaux ou subterminaux. Fleurs hermaphrodites, petites (15-25 mm de diam\u00e8tre), \u00e0 une seule enveloppe de 6 s\u00e9pales blanc-ros\u00e2tre ou blanc-jaun\u00e2tre. Six \u00e9tamines, \u00e9tendues sur les s\u00e9pales. Anth\u00e8res jaunes ou verd\u00e2tres. Le fruit est une baie globuleuse de 1-1,5 cm de diam\u00e8tre, \u00e0 surface rouge\u00e2tre-orang\u00e9, coriace et brillante. Elle ne renferme g\u00e9n\u00e9ralement qu\u2019une graine (rarement 2) globuleuse et lisse.<\/p>\n","protected":false},"featured_media":0,"template":"","short_name":"Dracaena draco","name_html":"<strong>Dracaena draco<\/strong> (L.) L.","short_description":"","common_names":"","other_name":"<em>Fra.<\/em>: Dragonnier de l\u2019Atlas.\u00a0\u00a0 <em>Esp<\/em>.: Drago del Atlas.\u00a0\u00a0 <em>Ang.<\/em>: Atlas dragon tree.\u00a0\u00a0 <em>Tam<\/em>.: Ajgal, achgal.","flowering":"les p\u00e9riodes de floraison et de fructification de cette esp\u00e8ce sont tr\u00e8s variables. La floraison est essentiellement hivernale, mais peut s\u2019\u00e9tendre jusqu\u2019au printemps, voire jusqu\u2019\u00e0 l\u2019\u00e9t\u00e9.","fruiting":"entre l'\u00e9t\u00e9 et l\u2019hiver, en fonction de l'\u00e9poque de floraison.","habitat":"Son aire de r\u00e9partition se limite aujourd\u2019hui aux formations rocheuses peu accessibles (400-1300 m d\u2019altitude), avec des pr\u00e9cipitations annuelles moyennes aux alentours de 400-500 m, aux \u00e9tages infram\u00e9diterran\u00e9en et thermom\u00e9diterran\u00e9en. Avant l\u2019intervention humaine, le dragonnier formait tr\u00e8s probablement des for\u00eats en association avec des gen\u00e9vriers, thuyas, ol\u00e9astres, pistachiers de l\u2019Atlas, ch\u00eanes verts, lauriers et arganiers. Ici, il coexiste avec d'autres esp\u00e8ces aussi int\u00e9ressantes que <em>Davallia canariensis, Asplenium aethiopicum, Selaginella rupestris <\/em>et <em>Aeonium korneliuslemsii.<\/em>","distribution":"R\u00e9gion macaron\u00e9sienne : elle appara\u00eet dans les \u00eeles Canaries, \u00e0 Mad\u00e8re et au Cap-Vert ; sur le continent africain, ses peuplements sont limit\u00e9s au S.-O. du Maroc, dans l'Anti-Atlas occidental, sur les falaises rocheuses des montagnes (Jbels lmzi et Adad Medni) au bord de l\u2019Assif Oumaghouz.","observations":"<em>D. draco<\/em> a \u00e9t\u00e9 consid\u00e9r\u00e9e comme end\u00e9mique des \u00eeles macaron\u00e9siennes jusqu\u2019en 1996. N\u00e9anmoins, en juin de cette m\u00eame ann\u00e9e, des peuplements de dragonniers compos\u00e9s de centaines, peut-\u00eatre de milliers de pieds croissant au sein de formations rocheuses inaccessibles des gorges de l\u2019Assif Oumarhouz (Anti-Atlas occidental) ont \u00e9t\u00e9 d\u00e9couverts : arbres de jusqu\u2019\u00e0 15 m de haut, \u00e0 caract\u00e8re autochtone prononc\u00e9. L\u2019analyse morphologique de ces arbres atlasiques a permis aux auteurs de la d\u00e9couverte de s\u00e9parer les dragonniers continentaux de leurs parents insulaires au niveau sous-sp\u00e9cifique : <em>D. draco <\/em>subsp. <em>ajgal<\/em> Benabid &amp; Cuzin. \u00c0 peine un an plus tard, une nouvelle esp\u00e8ce \u00e9tait d\u00e9couverte dans les \u00eeles Canaries : <em>D. tamaranae<\/em> A. Marrero, R. S. Almeida &amp; M. Gonz\u00e1lez-Mart\u00edn. Ces auteurs ont proc\u00e9d\u00e9 \u00e0 une \u00e9tude comparative d\u00e9taill\u00e9e des dragonniers du N. de l\u2019Afrique et de la p\u00e9ninsule arabique, qui leur a permis de d\u00e9duire l\u2019existence de 2 esp\u00e8ces atlantiques. Le dragonnier atlantique (<em>D. draco<\/em>) au Maroc et aux \u00eeles du Cap-Vert, aux \u00eeles Canaries et \u00e0 Mad\u00e8re, et le dragonnier de Grande Canarie (<em>D. tamaranae<\/em>), end\u00e9mique de l\u2019\u00eele de Grande Canarie.","conservation":"Le dragonnier occupait auparavant de vastes \u00e9tendues au sein des terres basses du S.-O. marocain et des \u00eeles macaron\u00e9siennes. De nos jours cependant, il a \u00e9t\u00e9 progressivement d\u00e9truit jusqu\u2019\u00e0 sa quasi extinction \u00e0 l\u2019\u00e9tat sauvage. Au Maroc, seuls quelques centaines d\u2019exemplaires subsistent, r\u00e9fugi\u00e9s au sein d\u2019escarpements inaccessibles. Un des usages les plus pr\u00e9judiciables dont il a fait l'objet correspond \u00e0 l\u2019abattage des troncs, qui sont ensuite vid\u00e9s pour la fabrication de ruches. L\u2019esp\u00e8ce est consid\u00e9r\u00e9e comme Vuln\u00e9rable (VU) \u00e0 l\u2019\u00e9chelle mondiale dans la Liste rouge des esp\u00e8ces de l\u2019UICN (Ba\u00f1ares <em>et al<\/em>., 1998).","genus":[{"short_name":"Dracaena","name_html":"<strong>Dracaena<\/strong> L.","short_description":"","references":"Almeida, R.S. 2003. Sobre la presencia de <em>Dracaena draco <\/em>(L.) L. en Gran Canaria (islas Canarias): aportaci\u00f3n corol\u00f3gica, estado actual y significaci\u00f3n biogeogr\u00e1fica. <em>Bot. Macaron\u00e9sica,<\/em> 24: 17-38.\r\n\r\nBenabid, A. &amp; Cuzin, F. 1997. Populations de dragonnier (<em>Dracaena draco<\/em> L. subsp. <em>ajgal<\/em> Benabid &amp; Cuzin) au Maroc: valeurs taxonomique, biog\u00e9ographique et phytosociologique. <em>Comptes rendus de l'Academie des Sciences. <\/em><em>Sciences de la Vie,<\/em> 320: 267-277.\r\n\r\nEl Azzouni, M. 2003. Conserving <em>Dracaena ombet<\/em>, Egypt's Dragon Tree. <em>Plant Talk<\/em> 34: 38-39.\r\n\r\nKamel, A., Ghazaly, U. M. &amp; Kallmander, M.W. 2014. Conservation status of the endangered Nubian dragon tree <em>Dracaena ombet<\/em> in Gebel Elba National Park, Egypt. <em>Oryx,<\/em> 49(4): 704-709.\r\n\r\nKassas, M. 1956. The mist oasis of Erkwit, Sudan. <em>Journal of Ecology,<\/em> 44(1): 180-194.\r\n\r\nMarrero, A., Almeida, R.S. &amp; Gonz\u00e1lez-Mart\u00edn, M. 1998. A new species of the wild dragon tree, <em>Dracaena <\/em>(Dracaenaceae) from Gran Canaria and its taxonomic and biogeographic implications. <em>Botanical Journal of the Linnean Society<\/em>, 128: 291-314.\r\n\r\nRobiansyah, I. &amp; Hajar, A.S. 2017. Predicting Current and Future Distribution of Endangered Tree <em>Dracaena ombet <\/em>Kotschy and Peyr. Under Climate Change. <em>Proceedings of the National Academy of Sciences<\/em>, <em>India Section B: Biological Sciences,<\/em> 87(1): 225\u2013232.","custom_author":"B. Vald\u00e9s & J. Charco.","family":{"10760":{"name_html":"<strong>ASPARAGACEAE<\/strong> Juss. (incl. DRACAENACEAE Salisb. & RUSCACEAE Spreng.)","short_name":"Asparagaceae","short_description":"","references":"Chase, M.W, Reveal, J.L. &amp; Fay, M.F. 2009. A subfamilial classification for the expanded asparagalean families Amaryllidaceae, Asparagaceae and Xanthorrhoeaceae\". <em>Botanical Journal of the Linnean Society<\/em>, 161 (2): 132\u2013136.","custom_author":"B. Vald\u00e9s & J. Charco.","genuses":[{"ID":"11784","post_author":"1","post_date":"2020-11-10 09:02:03","post_date_gmt":"2020-11-10 09:02:03","post_content":"Genre compos\u00e9 d\u2019environ 210 esp\u00e8ces, r\u00e9parties principalement par l'h\u00e9misph\u00e8re nord, dont 9 pr\u00e9sentes dans le N. de l\u2019Afrique, desquelles 3 sont herbac\u00e9es (<em>A. officinalis, A. maritima <\/em>et<em> A. aphyllus<\/em>) et 3 autres sont ligneuses (<strong>A. altissimus<\/strong>, <strong>A. albus<\/strong> et <strong>A. pastorianus<\/strong>). Elles apparaissent, bien que de mani\u00e8re in\u00e9gale, dans presque toute l'aire m\u00e9diterran\u00e9enne.\r\n\r\nAu milieu se trouvent les 3 autres esp\u00e8ces du genre pr\u00e9sentes dans la r\u00e9gion, \u00e0 tiges l\u00e9g\u00e8rement lignifi\u00e9es, mais ne pouvant \u00eatre que difficilement consid\u00e9r\u00e9es comme des arbustes ou des arbrisseaux, sont :\r\n\r\n<strong>A. horridus <\/strong>L. (<em>A.\u00a0stipularis<\/em> Forssk.) <em>Ara<\/em>. (\u00c9gypte) : Aqoul gabal, shawk, halioun), \u00e0 cladodes fascicul\u00e9s par 2-3, tr\u00e8s grands (jusqu\u2019\u00e0 5\u00a0cm), persistants, lin\u00e9aires, rigides et pointus, et <strong>A.\u00a0acutifolius<\/strong> L., \u00e0 cladodes fascicul\u00e9s par 4-12, petits (3-6\u00a0mm), persistants, lin\u00e9aires, semi-rigides et l\u00e9g\u00e8rement pointus. Toutes deux sont distribu\u00e9es dans toute l\u2019aire m\u00e9diterran\u00e9enne, \u00e0 exception des steppes et des zones les plus froides et humides. En Libye, <em>A.\u00a0horridus<\/em> vit dans toute la frange N. m\u00e9diterran\u00e9enne, mais <em>A.\u00a0acutifolius<\/em> s\u2019y fait tr\u00e8s rare (cit\u00e9e seulement aux environs de Khoms).\r\n\r\nUne derni\u00e8re esp\u00e8ce, \u00e0 peine ligneuse mais digne d\u2019\u00eatre mentionn\u00e9e, <strong>A.\u00a0verticillatus<\/strong> L., est une plante vivace, \u00e0 tiges peu lignifi\u00e9es mais pouvant atteindre 2,5\u00a0m de long\u00a0; rameaux dress\u00e9s ou flexibles\u00a0; cladodes (20-60\u00a0\u00d7\u00a00,5-1,2\u00a0mm) trigones, pourvus de papilles sur les bords, group\u00e9s en verticilles de (1)10-20(30)\u00a0; fruits de 5,5-8\u00a0mm, noirs. Elle vit en M\u00e9diterran\u00e9e orientale. Dans le N. de l\u2019Afrique, elle n\u2019est pr\u00e9sente, en tant qu\u2019adventice semble-t-il, que dans le N.-E. de la Libye (Djebel Akhdar, jusqu\u2019au oued Al-Kuf \u00e0 l\u2019O.).\r\n\r\nEn principe, aucune de ces esp\u00e8ces n\u2019est consid\u00e9r\u00e9e comme menac\u00e9e. <em>A. horridus<\/em> n\u2019est actuellement pas \u00e9valu\u00e9e \u00e0 l\u2019\u00e9chelle mondiale dans la Liste rouge des esp\u00e8ces de l\u2019UICN, tandis que <em>A. acutifolius<\/em> et <em>A. verticillatus<\/em> y sont consid\u00e9r\u00e9es comme de Pr\u00e9occupation mineure (LC) \u00e0 l\u2019\u00e9chelle mondiale (Rhodes &amp; Maxted, 2016).","post_title":"Asparagus L.","post_excerpt":"","post_status":"publish","comment_status":"closed","ping_status":"closed","post_password":"","post_name":"asparagus-l","to_ping":"","pinged":"","post_modified":"2021-07-16 19:17:06","post_modified_gmt":"2021-07-16 19:17:06","post_content_filtered":"","post_parent":"0","guid":"https:\/\/www.northafricatrees.org\/genus\/asparagus-l\/","menu_order":"0","post_type":"genus","post_mime_type":"","comment_count":"0","translation_id":"1715","element_type":"post_genus","element_id":"11784","trid":"114269","language_code":"fr","source_language_code":"es","id":"4","code":"fr","english_name":"French","major":"1","active":"1","default_locale":"fr_FR","tag":"fr","encode_url":"0","pod_item_id":"11784"},{"ID":"11790","post_author":"1","post_date":"2020-11-10 09:02:08","post_date_gmt":"2020-11-10 09:02:08","post_content":"<p>Genre comprenant environ 110 esp\u00e8ces afro-asiatiques, plus une en Am\u00e9rique centrale. Il est repr\u00e9sent\u00e9 dans le N. de l\u2019Afrique par 2 esp\u00e8ces : <strong>D. draco<\/strong>, qui, outre dans les \u00eeles macaron\u00e9siennes, maintient en peuplement relique dans les escarpements rocheux de l\u2019Anti-Atlas occidental (Maroc), et <strong>D. ombet<\/strong>, du N.-E. de l\u2019Afrique.<\/p>","post_title":"Dracaena L.","post_excerpt":"","post_status":"publish","comment_status":"closed","ping_status":"closed","post_password":"","post_name":"dracaena-l","to_ping":"","pinged":"","post_modified":"2020-11-10 09:02:08","post_modified_gmt":"2020-11-10 09:02:08","post_content_filtered":"","post_parent":"0","guid":"https:\/\/www.northafricatrees.org\/genus\/dracaena-l\/","menu_order":"0","post_type":"genus","post_mime_type":"","comment_count":"0","translation_id":"1721","element_type":"post_genus","element_id":"11790","trid":"114271","language_code":"fr","source_language_code":"es","id":"4","code":"fr","english_name":"French","major":"1","active":"1","default_locale":"fr_FR","tag":"fr","encode_url":"0","pod_item_id":"11790"},{"ID":"11787","post_author":"1","post_date":"2020-11-10 09:02:08","post_date_gmt":"2020-11-10 09:02:08","post_content":"<p>Genre comprenant 7 esp\u00e8ces, amplement r\u00e9parties dans l'h\u00e9misph\u00e8re nord, dont 2 dans le N. de l'Afrique, pr\u00e9sentes dans presque toute l\u2019aire m\u00e9diterran\u00e9enne non steppique.<\/p>","post_title":"Ruscus L.","post_excerpt":"","post_status":"publish","comment_status":"closed","ping_status":"closed","post_password":"","post_name":"ruscus-l","to_ping":"","pinged":"","post_modified":"2020-11-10 09:02:08","post_modified_gmt":"2020-11-10 09:02:08","post_content_filtered":"","post_parent":"0","guid":"https:\/\/www.northafricatrees.org\/genus\/ruscus-l\/","menu_order":"0","post_type":"genus","post_mime_type":"","comment_count":"0","translation_id":"1718","element_type":"post_genus","element_id":"11787","trid":"114270","language_code":"fr","source_language_code":"es","id":"4","code":"fr","english_name":"French","major":"1","active":"1","default_locale":"fr_FR","tag":"fr","encode_url":"0","pod_item_id":"11787"}],"groups_keys":[{"ID":"20455","post_author":"1","post_date":"2021-01-07 08:32:21","post_date_gmt":"2021-01-07 08:32:21","post_content":"","post_title":"Arbustes et arbrisseaux sans feuilles \u00e0 proprement dites,  cette fonction \u00e9tant remplie par de petits phylloclades (Ruscus) ou cladodes (Asparagus)","post_excerpt":"","post_status":"publish","comment_status":"closed","ping_status":"closed","post_password":"","post_name":"arbustes-et-arbrisseaux-sans-feuilles-a-proprement-dites-cette-fonction-etant-remplie-par-de-petits-phylloclades-ruscus-ou-cladodes-asparagus","to_ping":"","pinged":"","post_modified":"2021-01-07 08:32:21","post_modified_gmt":"2021-01-07 08:32:21","post_content_filtered":"","post_parent":"0","guid":"https:\/\/www.northafricatrees.org\/family-group-key\/arbustes-et-arbrisseaux-sans-feuilles-a-proprement-dites-cette-fonction-etant-remplie-par-de-petits-phylloclades-ruscus-ou-cladodes-asparagus\/","menu_order":"0","post_type":"family_group_key","post_mime_type":"","comment_count":"0","translation_id":"304","element_type":"post_family_group_key","element_id":"20455","trid":"116644","language_code":"fr","source_language_code":"es","id":"4","code":"fr","english_name":"French","major":"1","active":"1","default_locale":"fr_FR","tag":"fr","encode_url":"0","pod_item_id":"20455"},{"ID":"31946","post_author":"1","post_date":"2021-02-23 13:40:34","post_date_gmt":"2021-02-23 13:40:34","post_content":"","post_title":"Cladodes lin\u00e9aires, spinescents ou non","post_excerpt":"","post_status":"publish","comment_status":"closed","ping_status":"closed","post_password":"","post_name":"cladodes-lineaires-spinescents-ou-non","to_ping":"","pinged":"","post_modified":"2021-02-23 13:40:34","post_modified_gmt":"2021-02-23 13:40:34","post_content_filtered":"","post_parent":"0","guid":"https:\/\/www.northafricatrees.org\/family-group-key\/cladodes-lineaires-spinescents-ou-non\/","menu_order":"0","post_type":"family_group_key","post_mime_type":"","comment_count":"0","translation_id":"23737","element_type":"post_family_group_key","element_id":"31946","trid":"182752","language_code":"fr","source_language_code":"es","id":"4","code":"fr","english_name":"French","major":"1","active":"1","default_locale":"fr_FR","tag":"fr","encode_url":"0","pod_item_id":"31946"},{"ID":"31949","post_author":"1","post_date":"2021-02-23 13:40:34","post_date_gmt":"2021-02-23 13:40:34","post_content":"","post_title":"Arbres \u00e0 feuilles lin\u00e9aires-lanc\u00e9ol\u00e9es de 40 \u00e0 60 cm de long","post_excerpt":"","post_status":"publish","comment_status":"closed","ping_status":"closed","post_password":"","post_name":"arbres-a-feuilles-lineaires-lanceolees-de-40-a-60-cm-de-long","to_ping":"","pinged":"","post_modified":"2021-02-23 13:40:34","post_modified_gmt":"2021-02-23 13:40:34","post_content_filtered":"","post_parent":"0","guid":"https:\/\/www.northafricatrees.org\/family-group-key\/arbres-a-feuilles-lineaires-lanceolees-de-40-a-60-cm-de-long\/","menu_order":"0","post_type":"family_group_key","post_mime_type":"","comment_count":"0","translation_id":"23741","element_type":"post_family_group_key","element_id":"31949","trid":"182754","language_code":"fr","source_language_code":"es","id":"4","code":"fr","english_name":"French","major":"1","active":"1","default_locale":"fr_FR","tag":"fr","encode_url":"0","pod_item_id":"31949"},{"ID":"31952","post_author":"1","post_date":"2021-02-23 13:40:35","post_date_gmt":"2021-02-23 13:40:35","post_content":"","post_title":"Phylloclades aplanis en forme de feuilles ov\u00e9es ou ovales,  au centre desquelles naissent les fleurs","post_excerpt":"","post_status":"publish","comment_status":"closed","ping_status":"closed","post_password":"","post_name":"phylloclades-aplanis-en-forme-de-feuilles-ovees-ou-ovales-au-centre-desquelles-naissent-les-fleurs","to_ping":"","pinged":"","post_modified":"2021-02-23 13:40:35","post_modified_gmt":"2021-02-23 13:40:35","post_content_filtered":"","post_parent":"0","guid":"https:\/\/www.northafricatrees.org\/family-group-key\/phylloclades-aplanis-en-forme-de-feuilles-ovees-ou-ovales-au-centre-desquelles-naissent-les-fleurs\/","menu_order":"0","post_type":"family_group_key","post_mime_type":"","comment_count":"0","translation_id":"23745","element_type":"post_family_group_key","element_id":"31952","trid":"182756","language_code":"fr","source_language_code":"es","id":"4","code":"fr","english_name":"French","major":"1","active":"1","default_locale":"fr_FR","tag":"fr","encode_url":"0","pod_item_id":"31952"}],"title_groups_keys":false,"images":false,"phylogenetic_order":"7","ID":10760,"post_title":"ASPARAGACEAE Juss.","post_content":"Famille compos\u00e9e de 128 genres et environ 2930 esp\u00e8ces d\u2019arbustes, lianes et plantes herbac\u00e9es, r\u00e9parties sur presque toute la plan\u00e8te. Elle est repr\u00e9sent\u00e9e dans le N. de l\u2019Afrique par 3 genres comprenant des esp\u00e8ces plus ou moins ligneuses.","post_excerpt":"","post_author":"1","post_date":"2020-11-10 08:58:11","post_date_gmt":"2020-11-10 08:58:11","post_status":"publish","comment_status":"closed","ping_status":"closed","post_password":"","post_name":"asparagaceae-juss-3","to_ping":"","pinged":"","post_modified":"2021-07-07 14:50:22","post_modified_gmt":"2021-07-07 14:50:22","post_content_filtered":"","post_parent":0,"guid":"https:\/\/www.northafricatrees.org\/family\/asparagaceae-juss-3\/","menu_order":0,"post_type":"family","post_mime_type":"","comment_count":"0","comments":false,"id":10760}},"species":{"11849":{"short_name":"Dracaena draco","name_html":"<strong>Dracaena draco<\/strong> (L.) L.","short_description":"","common_names":"","other_name":"<em>Fra.<\/em>: Dragonnier de l\u2019Atlas.\u00a0\u00a0 <em>Esp<\/em>.: Drago del Atlas.\u00a0\u00a0 <em>Ang.<\/em>: Atlas dragon tree.\u00a0\u00a0 <em>Tam<\/em>.: Ajgal, achgal.","flowering":"les p\u00e9riodes de floraison et de fructification de cette esp\u00e8ce sont tr\u00e8s variables. La floraison est essentiellement hivernale, mais peut s\u2019\u00e9tendre jusqu\u2019au printemps, voire jusqu\u2019\u00e0 l\u2019\u00e9t\u00e9.","fruiting":"entre l'\u00e9t\u00e9 et l\u2019hiver, en fonction de l'\u00e9poque de floraison.","habitat":"Son aire de r\u00e9partition se limite aujourd\u2019hui aux formations rocheuses peu accessibles (400-1300 m d\u2019altitude), avec des pr\u00e9cipitations annuelles moyennes aux alentours de 400-500 m, aux \u00e9tages infram\u00e9diterran\u00e9en et thermom\u00e9diterran\u00e9en. Avant l\u2019intervention humaine, le dragonnier formait tr\u00e8s probablement des for\u00eats en association avec des gen\u00e9vriers, thuyas, ol\u00e9astres, pistachiers de l\u2019Atlas, ch\u00eanes verts, lauriers et arganiers. Ici, il coexiste avec d'autres esp\u00e8ces aussi int\u00e9ressantes que <em>Davallia canariensis, Asplenium aethiopicum, Selaginella rupestris <\/em>et <em>Aeonium korneliuslemsii.<\/em>","distribution":"R\u00e9gion macaron\u00e9sienne : elle appara\u00eet dans les \u00eeles Canaries, \u00e0 Mad\u00e8re et au Cap-Vert ; sur le continent africain, ses peuplements sont limit\u00e9s au S.-O. du Maroc, dans l'Anti-Atlas occidental, sur les falaises rocheuses des montagnes (Jbels lmzi et Adad Medni) au bord de l\u2019Assif Oumaghouz.","observations":"<em>D. draco<\/em> a \u00e9t\u00e9 consid\u00e9r\u00e9e comme end\u00e9mique des \u00eeles macaron\u00e9siennes jusqu\u2019en 1996. N\u00e9anmoins, en juin de cette m\u00eame ann\u00e9e, des peuplements de dragonniers compos\u00e9s de centaines, peut-\u00eatre de milliers de pieds croissant au sein de formations rocheuses inaccessibles des gorges de l\u2019Assif Oumarhouz (Anti-Atlas occidental) ont \u00e9t\u00e9 d\u00e9couverts : arbres de jusqu\u2019\u00e0 15 m de haut, \u00e0 caract\u00e8re autochtone prononc\u00e9. L\u2019analyse morphologique de ces arbres atlasiques a permis aux auteurs de la d\u00e9couverte de s\u00e9parer les dragonniers continentaux de leurs parents insulaires au niveau sous-sp\u00e9cifique : <em>D. draco <\/em>subsp. <em>ajgal<\/em> Benabid &amp; Cuzin. \u00c0 peine un an plus tard, une nouvelle esp\u00e8ce \u00e9tait d\u00e9couverte dans les \u00eeles Canaries : <em>D. tamaranae<\/em> A. Marrero, R. S. Almeida &amp; M. Gonz\u00e1lez-Mart\u00edn. Ces auteurs ont proc\u00e9d\u00e9 \u00e0 une \u00e9tude comparative d\u00e9taill\u00e9e des dragonniers du N. de l\u2019Afrique et de la p\u00e9ninsule arabique, qui leur a permis de d\u00e9duire l\u2019existence de 2 esp\u00e8ces atlantiques. Le dragonnier atlantique (<em>D. draco<\/em>) au Maroc et aux \u00eeles du Cap-Vert, aux \u00eeles Canaries et \u00e0 Mad\u00e8re, et le dragonnier de Grande Canarie (<em>D. tamaranae<\/em>), end\u00e9mique de l\u2019\u00eele de Grande Canarie.","conservation":"Le dragonnier occupait auparavant de vastes \u00e9tendues au sein des terres basses du S.-O. marocain et des \u00eeles macaron\u00e9siennes. De nos jours cependant, il a \u00e9t\u00e9 progressivement d\u00e9truit jusqu\u2019\u00e0 sa quasi extinction \u00e0 l\u2019\u00e9tat sauvage. Au Maroc, seuls quelques centaines d\u2019exemplaires subsistent, r\u00e9fugi\u00e9s au sein d\u2019escarpements inaccessibles. Un des usages les plus pr\u00e9judiciables dont il a fait l'objet correspond \u00e0 l\u2019abattage des troncs, qui sont ensuite vid\u00e9s pour la fabrication de ruches. L\u2019esp\u00e8ce est consid\u00e9r\u00e9e comme Vuln\u00e9rable (VU) \u00e0 l\u2019\u00e9chelle mondiale dans la Liste rouge des esp\u00e8ces de l\u2019UICN (Ba\u00f1ares <em>et al<\/em>., 1998).","genus":[{"ID":"11790","post_author":"1","post_date":"2020-11-10 09:02:08","post_date_gmt":"2020-11-10 09:02:08","post_content":"<p>Genre comprenant environ 110 esp\u00e8ces afro-asiatiques, plus une en Am\u00e9rique centrale. Il est repr\u00e9sent\u00e9 dans le N. de l\u2019Afrique par 2 esp\u00e8ces : <strong>D. draco<\/strong>, qui, outre dans les \u00eeles macaron\u00e9siennes, maintient en peuplement relique dans les escarpements rocheux de l\u2019Anti-Atlas occidental (Maroc), et <strong>D. ombet<\/strong>, du N.-E. de l\u2019Afrique.<\/p>","post_title":"Dracaena L.","post_excerpt":"","post_status":"publish","comment_status":"closed","ping_status":"closed","post_password":"","post_name":"dracaena-l","to_ping":"","pinged":"","post_modified":"2020-11-10 09:02:08","post_modified_gmt":"2020-11-10 09:02:08","post_content_filtered":"","post_parent":"0","guid":"https:\/\/www.northafricatrees.org\/genus\/dracaena-l\/","menu_order":"0","post_type":"genus","post_mime_type":"","comment_count":"0","translation_id":"1721","element_type":"post_genus","element_id":"11790","trid":"114271","language_code":"fr","source_language_code":"es","id":"4","code":"fr","english_name":"French","major":"1","active":"1","default_locale":"fr_FR","tag":"fr","encode_url":"0","pod_item_id":"11790"}],"images":[{"ID":"26873","post_author":"1","post_date":"2021-01-04 13:23:30","post_date_gmt":"2021-01-04 13:23:30","post_content":"","post_title":"Dracaena draco. 1. Joaquin Molero","post_excerpt":"Dracaena draco. Port et habitat dans l'Anti-Atlas. Joaquin Molero.","post_status":"inherit","comment_status":"closed","ping_status":"closed","post_password":"","post_name":"dracaena-draco-1-joaquin-molero-2","to_ping":"","pinged":"","post_modified":"2022-01-10 19:18:44","post_modified_gmt":"2022-01-10 19:18:44","post_content_filtered":"","post_parent":"11849","guid":"https:\/\/www.northafricatrees.org\/wp-content\/uploads\/2020\/11\/Dracaena-draco.-1.-Joaquin-Molero.jpg","menu_order":"0","post_type":"attachment","post_mime_type":"image\/jpeg","comment_count":"0","translation_id":"18763","element_type":"post_attachment","element_id":"26873","trid":"118523","language_code":"fr","source_language_code":"es","id":"4","code":"fr","english_name":"French","major":"1","active":"1","default_locale":"fr_FR","tag":"fr","encode_url":"0","pod_item_id":"26873"},{"ID":"26875","post_author":"1","post_date":"2021-01-04 13:23:31","post_date_gmt":"2021-01-04 13:23:31","post_content":"","post_title":"Dracaena draco. 2. Fouad Msanda. Teline","post_excerpt":"Dracaena draco. Port et habitat dans l'Anti-Atlas. Fouad Msanda. Teline.","post_status":"inherit","comment_status":"closed","ping_status":"closed","post_password":"","post_name":"dracaena-draco-2-fouad-msanda-teline-2","to_ping":"","pinged":"","post_modified":"2022-01-10 19:18:44","post_modified_gmt":"2022-01-10 19:18:44","post_content_filtered":"","post_parent":"11849","guid":"https:\/\/www.northafricatrees.org\/wp-content\/uploads\/2020\/11\/Dracaena-draco.-2.-Fouad-Msanda.-Teline.jpg","menu_order":"0","post_type":"attachment","post_mime_type":"image\/jpeg","comment_count":"0","translation_id":"18765","element_type":"post_attachment","element_id":"26875","trid":"118524","language_code":"fr","source_language_code":"es","id":"4","code":"fr","english_name":"French","major":"1","active":"1","default_locale":"fr_FR","tag":"fr","encode_url":"0","pod_item_id":"26875"},{"ID":"26877","post_author":"1","post_date":"2021-01-04 13:23:32","post_date_gmt":"2021-01-04 13:23:32","post_content":"","post_title":"Dracaena draco. 3. Ralph Mangelsdorff. Teline","post_excerpt":"Dracaena draco. Port et habitat dans l'Anti-Atlas. Ralph Mangelsdorff. Teline.","post_status":"inherit","comment_status":"closed","ping_status":"closed","post_password":"","post_name":"dracaena-draco-3-ralph-mangelsdorff-teline-2","to_ping":"","pinged":"","post_modified":"2022-01-10 19:18:44","post_modified_gmt":"2022-01-10 19:18:44","post_content_filtered":"","post_parent":"11849","guid":"https:\/\/www.northafricatrees.org\/wp-content\/uploads\/2020\/11\/Dracaena-draco.-3.-Ralph-Mangelsdorff.-Teline.jpg","menu_order":"0","post_type":"attachment","post_mime_type":"image\/jpeg","comment_count":"0","translation_id":"18767","element_type":"post_attachment","element_id":"26877","trid":"118525","language_code":"fr","source_language_code":"es","id":"4","code":"fr","english_name":"French","major":"1","active":"1","default_locale":"fr_FR","tag":"fr","encode_url":"0","pod_item_id":"26877"},{"ID":"26879","post_author":"1","post_date":"2021-01-04 13:23:32","post_date_gmt":"2021-01-04 13:23:32","post_content":"","post_title":"Dracaena draco. 4. Ralph Mangelsdorff. Teline","post_excerpt":"Dracaena draco. Port et habitat dans l'Anti-Atlas. Ralph Mangelsdorff. Teline.","post_status":"inherit","comment_status":"closed","ping_status":"closed","post_password":"","post_name":"dracaena-draco-4-ralph-mangelsdorff-teline-2","to_ping":"","pinged":"","post_modified":"2022-01-10 19:18:44","post_modified_gmt":"2022-01-10 19:18:44","post_content_filtered":"","post_parent":"11849","guid":"https:\/\/www.northafricatrees.org\/wp-content\/uploads\/2020\/11\/Dracaena-draco.-4.-Ralph-Mangelsdorff.-Teline.jpg","menu_order":"0","post_type":"attachment","post_mime_type":"image\/jpeg","comment_count":"0","translation_id":"18769","element_type":"post_attachment","element_id":"26879","trid":"118526","language_code":"fr","source_language_code":"es","id":"4","code":"fr","english_name":"French","major":"1","active":"1","default_locale":"fr_FR","tag":"fr","encode_url":"0","pod_item_id":"26879"},{"ID":"26881","post_author":"1","post_date":"2021-01-04 13:23:32","post_date_gmt":"2021-01-04 13:23:32","post_content":"","post_title":"Dracaena draco. 5. Ralph Mangelsdorff. Teline","post_excerpt":"Dracaena draco. Port et habitat dans l'Anti-Atlas. Ralph Mangelsdorff. Teline.","post_status":"inherit","comment_status":"closed","ping_status":"closed","post_password":"","post_name":"dracaena-draco-5-ralph-mangelsdorff-teline-2","to_ping":"","pinged":"","post_modified":"2022-01-10 19:18:44","post_modified_gmt":"2022-01-10 19:18:44","post_content_filtered":"","post_parent":"11849","guid":"https:\/\/www.northafricatrees.org\/wp-content\/uploads\/2020\/11\/Dracaena-draco.-5.-Ralph-Mangelsdorff.-Teline.jpg","menu_order":"0","post_type":"attachment","post_mime_type":"image\/jpeg","comment_count":"0","translation_id":"18771","element_type":"post_attachment","element_id":"26881","trid":"118527","language_code":"fr","source_language_code":"es","id":"4","code":"fr","english_name":"French","major":"1","active":"1","default_locale":"fr_FR","tag":"fr","encode_url":"0","pod_item_id":"26881"},{"ID":"26883","post_author":"1","post_date":"2021-01-04 13:23:33","post_date_gmt":"2021-01-04 13:23:33","post_content":"","post_title":"Dracaena draco. 6. Ralph Mangelsdorff. Teline","post_excerpt":"Dracaena draco. Port et habitat dans l'Anti-Atlas. Ralph Mangelsdorff. Teline.","post_status":"inherit","comment_status":"closed","ping_status":"closed","post_password":"","post_name":"dracaena-draco-6-ralph-mangelsdorff-teline-2","to_ping":"","pinged":"","post_modified":"2022-01-10 19:18:44","post_modified_gmt":"2022-01-10 19:18:44","post_content_filtered":"","post_parent":"11849","guid":"https:\/\/www.northafricatrees.org\/wp-content\/uploads\/2020\/11\/Dracaena-draco.-6.-Ralph-Mangelsdorff.-Teline.jpg","menu_order":"0","post_type":"attachment","post_mime_type":"image\/jpeg","comment_count":"0","translation_id":"18773","element_type":"post_attachment","element_id":"26883","trid":"118528","language_code":"fr","source_language_code":"es","id":"4","code":"fr","english_name":"French","major":"1","active":"1","default_locale":"fr_FR","tag":"fr","encode_url":"0","pod_item_id":"26883"},{"ID":"26885","post_author":"1","post_date":"2021-01-04 13:23:33","post_date_gmt":"2021-01-04 13:23:33","post_content":"","post_title":"Dracaena draco. 7.Ralph Mangelsdorff. Teline","post_excerpt":"Dracaena draco. Port et habitat dans l'Anti-Atlas. Ralph Mangelsdorff. Teline.","post_status":"inherit","comment_status":"closed","ping_status":"closed","post_password":"","post_name":"dracaena-draco-7-ralph-mangelsdorff-teline-2","to_ping":"","pinged":"","post_modified":"2022-01-10 19:18:44","post_modified_gmt":"2022-01-10 19:18:44","post_content_filtered":"","post_parent":"11849","guid":"https:\/\/www.northafricatrees.org\/wp-content\/uploads\/2020\/11\/Dracaena-draco.-7.Ralph-Mangelsdorff.-Teline.jpg","menu_order":"0","post_type":"attachment","post_mime_type":"image\/jpeg","comment_count":"0","translation_id":"18775","element_type":"post_attachment","element_id":"26885","trid":"118529","language_code":"fr","source_language_code":"es","id":"4","code":"fr","english_name":"French","major":"1","active":"1","default_locale":"fr_FR","tag":"fr","encode_url":"0","pod_item_id":"26885"},{"ID":"26887","post_author":"1","post_date":"2021-01-04 13:23:33","post_date_gmt":"2021-01-04 13:23:33","post_content":"","post_title":"Dracaena draco. 8. Ralph Mangelsdorff. Teline","post_excerpt":"Dracaena draco. Port et habitat dans l'Anti-Atlas. Ralph Mangelsdorff. Teline.","post_status":"inherit","comment_status":"closed","ping_status":"closed","post_password":"","post_name":"dracaena-draco-8-ralph-mangelsdorff-teline-2","to_ping":"","pinged":"","post_modified":"2022-01-10 19:18:44","post_modified_gmt":"2022-01-10 19:18:44","post_content_filtered":"","post_parent":"11849","guid":"https:\/\/www.northafricatrees.org\/wp-content\/uploads\/2020\/11\/Dracaena-draco.-8.-Ralph-Mangelsdorff.-Teline.jpg","menu_order":"0","post_type":"attachment","post_mime_type":"image\/jpeg","comment_count":"0","translation_id":"18777","element_type":"post_attachment","element_id":"26887","trid":"118530","language_code":"fr","source_language_code":"es","id":"4","code":"fr","english_name":"French","major":"1","active":"1","default_locale":"fr_FR","tag":"fr","encode_url":"0","pod_item_id":"26887"},{"ID":"26889","post_author":"1","post_date":"2021-01-04 13:23:34","post_date_gmt":"2021-01-04 13:23:34","post_content":"","post_title":"Dracaena draco. 9. Jes\u00fas Charco","post_excerpt":"Dracaena draco. Feuilles et fruits. Jes\u00fas Charco.","post_status":"inherit","comment_status":"closed","ping_status":"closed","post_password":"","post_name":"dracaena-draco-9-jesus-charco-2","to_ping":"","pinged":"","post_modified":"2022-01-10 19:18:44","post_modified_gmt":"2022-01-10 19:18:44","post_content_filtered":"","post_parent":"11849","guid":"https:\/\/www.northafricatrees.org\/wp-content\/uploads\/2020\/11\/Dracaena-draco.-9.-Jesus-Charco.jpg","menu_order":"0","post_type":"attachment","post_mime_type":"image\/jpeg","comment_count":"0","translation_id":"18779","element_type":"post_attachment","element_id":"26889","trid":"118531","language_code":"fr","source_language_code":"es","id":"4","code":"fr","english_name":"French","major":"1","active":"1","default_locale":"fr_FR","tag":"fr","encode_url":"0","pod_item_id":"26889"}],"map_legend":"","kml":false,"zone_1":"[\" -9.257011399999954,29.78568420000005\",\" -9.26825539999993,29.78471620000005\",\" -9.27675249999993,29.78389640000006\",\" -9.284391699999958,29.77979910000005\",\" -9.288597099999947,29.77421180000005\",\" -9.294776899999931,29.76318520000007\",\" -9.297008499999947,29.75126320000004\",\" -9.293145699999968,29.74463090000006\",\" -9.284477199999969,29.73740210000005\",\" -9.267139099999952,29.73457090000005\",\" -9.253578199999936,29.73382470000007\",\" -9.228858899999977,29.73367560000003\",\" -9.218817699999931,29.74053210000005\",\" -9.208087899999953,29.75215740000004\",\" -9.206285499999979,29.75796930000007\",\" -9.207916299999965,29.76407930000005\",\" -9.215897999999982,29.77473330000004\",\" -9.221820799999932,29.77853280000005\",\" -9.241218599999968,29.78419440000005\",\" -9.257011399999954,29.78568420000005\"]","zone_2":"","zone_3":"","zone_4":"","zone_5":"","zone_6":"","zone_7":"","zone_8":"","zone_9":"","zone_10":"","zone_11":"","zone_12":"","ID":11849,"post_title":"Dracaena draco (L.) L.","post_content":"Arbre \u00e0 feuilles persistantes, hermaphrodite, atteignant 20 m de haut, \u00e0 port en parasol. Ramification tr\u00e8s singuli\u00e8re, l\u2019arbre pr\u00e9sentant g\u00e9n\u00e9ralement un tronc unique qui ne commence \u00e0 se ramifier qu\u2019\u00e0 partir de la premi\u00e8re floraison (qui survient \u00e0 l\u2019\u00e2ge de 10-15 ans), ou suite \u00e0 d\u2019autres circonstances, mais toujours apr\u00e8s avoir atteint un certain degr\u00e9 de maturit\u00e9, lorsqu'il perd son unique bourgeon v\u00e9g\u00e9tatif terminal, laissant appara\u00eetre 2-6 bourgeons qui donneront naissance aux premi\u00e8res ramifications. Les exemplaires cultiv\u00e9s acqui\u00e8rent parfois de grandes dimensions sans se ramifier pour autant. L\u2019\u00e9corce est argent\u00e9e, brillante sur les tiges des jeunes arbres, brun-cendr\u00e9 et fendill\u00e9e sur les vieux troncs ; sur les vieux rameaux, elle est parsem\u00e9e de cicatrices laiss\u00e9es par les feuilles en tombant, qui disparaissent progressivement \u00e0 mesure que les rameaux s\u2019\u00e9paississent. Il est fr\u00e9quent que des racines a\u00e9riennes pendent des rameaux des exemplaires les plus \u00e2g\u00e9s. Feuilles group\u00e9es en rosettes denses \u00e0 l\u2019extr\u00e9mit\u00e9 de chaque rameau ; elles sont \u00e9troitement lin\u00e9aires-lanc\u00e9ol\u00e9es (40-60 \u00d7 2-3 cm), sessiles, coriaces, glabres, flexibles, tr\u00e8s aigu\u00ebs, mais non piquantes, de couleur vert-cendr\u00e9, rouge\u00e2tre-orang\u00e9 \u00e0 la base. Inflorescences ramifi\u00e9es en rac\u00e8mes terminaux ou subterminaux. Fleurs hermaphrodites, petites (15-25 mm de diam\u00e8tre), \u00e0 une seule enveloppe de 6 s\u00e9pales blanc-ros\u00e2tre ou blanc-jaun\u00e2tre. Six \u00e9tamines, \u00e9tendues sur les s\u00e9pales. Anth\u00e8res jaunes ou verd\u00e2tres. Le fruit est une baie globuleuse de 1-1,5 cm de diam\u00e8tre, \u00e0 surface rouge\u00e2tre-orang\u00e9, coriace et brillante. Elle ne renferme g\u00e9n\u00e9ralement qu\u2019une graine (rarement 2) globuleuse et lisse.","post_excerpt":"","post_author":"1","post_date":"2020-11-10 10:07:09","post_date_gmt":"2020-11-10 10:07:09","post_status":"publish","comment_status":"closed","ping_status":"closed","post_password":"","post_name":"dracaena-draco-l-l-3","to_ping":"","pinged":"","post_modified":"2022-01-10 19:18:44","post_modified_gmt":"2022-01-10 19:18:44","post_content_filtered":"","post_parent":0,"guid":"https:\/\/www.northafricatrees.org\/species\/dracaena-draco-l-l-3\/","menu_order":0,"post_type":"species","post_mime_type":"","comment_count":"0","comments":false,"id":11849},"11852":{"short_name":"Dracaena ombet","name_html":"<strong>Dracaena ombet<\/strong> Heuglin ex Kotschy & Peyr.","short_description":"","common_names":"<em>D. rhabdophylla<\/em> Chiov., <em>D. schizantha<\/em> Baker","other_name":"<em>Fra.<\/em>: Dragonnier de Nubie.\u00a0\u00a0 <em>Esp<\/em>.: Drago nubio.\u00a0\u00a0 A<em>ng.<\/em>: Nubian dragon tree.\u00a0\u00a0 <em>Ara<\/em>.: Ombet, ombeit.","flowering":"les p\u00e9riodes de floraison et de fructification de cette esp\u00e8ce sont tr\u00e8s variables. La floraison est essentiellement hivernale, mais peut s\u2019\u00e9tendre jusqu\u2019au printemps, voire jusqu\u2019\u00e0 l\u2019\u00e9t\u00e9.","fruiting":"en fonction de l\u2019\u00e9poque de floraison.","habitat":"Versants pierreux et formations rocheuses granitiques orient\u00e9es \u00e0 l\u2019E. et au N.-E., entre 450 et 1450 m d\u2019altitude, en zones d\u00e9sertiques.","distribution":"N.-E. de l\u2019Afrique (\u00c9gypte, Soudan, \u00c9rythr\u00e9e, Djibouti, \u00c9thiopie et Somalie), et O. de la p\u00e9ninsule arabique. Il s\u2019agit d\u2019une esp\u00e8ce tr\u00e8s rare dans le N. de l\u2019Afrique, son aire de r\u00e9partition \u00e9tant limit\u00e9e aux zones montagneuses du Djebel Elba. Elle apparaissait \u00e9galement au N. du Soudan, dans la r\u00e9gion d\u2019Erowit, d\u2019o\u00f9, d\u2019apr\u00e8s El Azzouni (2003) et Kamel <em>et al<\/em>. (2014), elle aurait totalement disparue.","observations":"<em>D. ombet<\/em> inclut 2 sous-esp\u00e8ces : la subsp. type, qui occupe l\u2019aire de r\u00e9partition indiqu\u00e9e pour l\u2019esp\u00e8ce, et la subsp. <strong>schizantha<\/strong> (Baker) Bos., g\u00e9n\u00e9ralement consid\u00e9r\u00e9e comme une esp\u00e8ces \u00e0 part enti\u00e8re, qui appara\u00eet de mani\u00e8re tr\u00e8s localis\u00e9e dans le centre de l\u2019\u00c9thiopie et le N. de la Somalie.","conservation":"Esp\u00e8ce nettement menac\u00e9e, en raison de l\u2019augmentation de l\u2019aridification des zones dans lesquelles elle se trouve, pour le moins en \u00c9gypte, sa survie \u00e9tant uniquement tributaire des pr\u00e9cipitations occasionnelles et de la condensation de l'eau des nuages form\u00e9s en mer Rouge, pouss\u00e9s par les vents depuis la c\u00f4te jusqu'aux hauts reliefs. Les peuplements des cotes les plus basses du Djebel Elba ont enti\u00e8rement disparus. D\u2019autre part, ses feuilles \u00e9taient utilis\u00e9es localement pour l\u2019\u00e9laboration de cordes, sa r\u00e9sine rouge\u00e2tre en m\u00e9decine traditionnelle, et ses fruits, comestibles, aussi bien pour la consommation humaine que comme compl\u00e9ment d\u2019alimentation pour les dromadaires. Elle est consid\u00e9r\u00e9e comme En danger (EN) \u00e0 l\u2019\u00e9chelle mondiale dans la Liste rouge des esp\u00e8ces de l\u2019UICN (World Conservation Monitoring Centre, 1998). Dans la Liste rouge des plantes vasculaires d\u2019\u00c9gypte (<em>Flora Aegyptiaca<\/em> Vol 1, 2000), elle est catalogu\u00e9e comme \u00ab menac\u00e9e \u00bb.","genus":[{"ID":"11790","post_author":"1","post_date":"2020-11-10 09:02:08","post_date_gmt":"2020-11-10 09:02:08","post_content":"<p>Genre comprenant environ 110 esp\u00e8ces afro-asiatiques, plus une en Am\u00e9rique centrale. Il est repr\u00e9sent\u00e9 dans le N. de l\u2019Afrique par 2 esp\u00e8ces : <strong>D. draco<\/strong>, qui, outre dans les \u00eeles macaron\u00e9siennes, maintient en peuplement relique dans les escarpements rocheux de l\u2019Anti-Atlas occidental (Maroc), et <strong>D. ombet<\/strong>, du N.-E. de l\u2019Afrique.<\/p>","post_title":"Dracaena L.","post_excerpt":"","post_status":"publish","comment_status":"closed","ping_status":"closed","post_password":"","post_name":"dracaena-l","to_ping":"","pinged":"","post_modified":"2020-11-10 09:02:08","post_modified_gmt":"2020-11-10 09:02:08","post_content_filtered":"","post_parent":"0","guid":"https:\/\/www.northafricatrees.org\/genus\/dracaena-l\/","menu_order":"0","post_type":"genus","post_mime_type":"","comment_count":"0","translation_id":"1721","element_type":"post_genus","element_id":"11790","trid":"114271","language_code":"fr","source_language_code":"es","id":"4","code":"fr","english_name":"French","major":"1","active":"1","default_locale":"fr_FR","tag":"fr","encode_url":"0","pod_item_id":"11790"}],"images":false,"map_legend":"","kml":false,"zone_1":"[\" 39.41985305400004,15.38551857100003\",\" 39.34183540000004,15.47682490000005\",\" 39.15866380000006,15.56254310000003\",\" 39.04953010000003,15.64551900000004\",\" 38.99954070000007,15.72650200000004\",\" 38.96026610000007,15.94812520000005\",\" 38.80154410000006,16.68113750000003\",\" 38.62243650000005,17.23393990000005\",\" 38.46824530000004,17.36930730000006\",\" 38.22266570000005,17.99940880000003\",\" 38.09893390000008,18.06474100000003\",\" 37.73876570000004,18.16106000000008\",\" 37.49394210000003,18.31009100000006\",\" 37.39062650000005,18.43658300000004\",\" 37.30911070000008,18.63076940000008\",\" 37.14326820000008,18.97724690000007\",\" 37.12032820000007,19.15698360000005\",\" 37.11101360000004,19.30557490000007\",\" 37.00606390000007,19.95964650000008\",\" 36.96356540000005,20.09555880000005\",\" 36.93607630000003,20.23923040000005\",\" 36.88373470000005,20.35901630000006\",\" 36.97213420000003,20.63791720000006\",\" 36.99612330000008,20.90523630000007\",\" 36.87201510000006,21.15144950000007\",\" 36.67510990000005,21.83281880000004\",\" 36.40766510000003,22.21792080000006\",\" 36.37229920000004,22.23063290000005\",\" 36.33312510000008,22.21092460000006\",\" 36.29534250000006,22.17340810000007\",\" 36.21505740000004,22.04618620000002\",\" 36.19102690000005,21.91175930000003\",\" 36.31114600000007,21.31653620000003\",\" 36.51595760000004,20.94281420000004\",\" 36.62769150000003,20.78534720000005\",\" 36.64505960000003,20.73099380000008\",\" 36.62672250000003,20.68948390000003\",\" 36.59711480000004,20.62947860000003\",\" 36.47299840000005,20.19517400000007\",\" 36.35486930000008,20.00495050000006\",\" 36.33023960000003,19.94113510000005\",\" 36.39016170000008,19.44107820000005\",\" 36.43066410000006,19.32151120000003\",\" 36.62752200000006,19.06951390000006\",\" 36.77280180000003,18.92014130000007\",\" 36.91786020000006,18.81482200000005\",\" 37.03121600000003,18.75239580000005\",\" 37.04443450000008,18.71597700000007\",\" 37.03842530000003,18.67435550000005\",\" 37.00083050000006,18.61971250000005\",\" 36.99620660000005,18.57808100000005\",\" 36.99242120000002,18.54632280000004\",\" 37.04683130000007,18.48226400000004\",\" 37.07814570000005,18.45153390000007\",\" 37.07375280000008,18.40646990000005\",\" 37.06371350000006,18.32794730000006\",\" 36.91864930000003,18.04995900000006\",\" 36.87372180000006,17.96321580000006\",\" 36.84029130000005,17.83098340000004\",\" 36.81327520000008,17.73278490000007\",\" 36.83570040000006,17.60580820000007\",\" 37.46272090000008,17.01768630000004\",\" 37.43437890000007,16.91641530000004\",\" 37.41156110000003,16.78886280000006\",\" 37.47848510000006,16.65198090000007\",\" 37.53153100000003,16.27766690000004\",\" 37.68310540000005,16.04581340000004\",\" 37.99896240000004,15.66799870000006\",\" 38.31344610000008,15.25503930000002\",\" 38.37387080000008,14.40275940000004\",\" 38.39145143700006,14.08727577900004\",\" 39.43567207300004,14.06981275200008\",\" 39.41985305400004,15.38551857100003\"]","zone_2":"","zone_3":"","zone_4":"","zone_5":"","zone_6":"","zone_7":"","zone_8":"","zone_9":"","zone_10":"","zone_11":"","zone_12":"","ID":11852,"post_title":"Dracaena ombet Heuglin ex Kotschy & Peyr.","post_content":"Arbre \u00e0 feuilles persistantes, hermaphrodite, de jusqu\u2019\u00e0 8(9) m de haut, \u00e0 port en parasol chez les vieux exemplaires. Tronc droit, \u00e0 3-5 rameaux, dont les extr\u00e9mit\u00e9s sont divis\u00e9es de mani\u00e8re dichotomique jusqu\u2019\u00e0 5(6) fois. Rameaux un peu crassulescents, \u00e0 cicatrices laiss\u00e9es par les feuilles en tombant, ces derni\u00e8res formant des fascicules denses \u00e0 l\u2019extr\u00e9mit\u00e9 des derni\u00e8res divisions des rameaux. Feuilles de jusqu\u2019\u00e0 60 \u00d7 3 cm, dress\u00e9es, lin\u00e9aires, glauques, un peu crassulescentes, l\u00e9g\u00e8rement canalicul\u00e9es sur l\u2019endroit, convexes sur l\u2019envers, \u00e0 bord lisse, base \u00e9largie embrassante pourpre fonc\u00e9, et apex graduellement r\u00e9tr\u00e9ci en une pointe aigu\u00eb, \u00e9paisse et rigide. Inflorescences panicul\u00e9es, de jusqu\u2019\u00e0 50 cm de long, tr\u00e8s ramifi\u00e9es, \u00e0 bract\u00e9es tr\u00e8s petites, ov\u00e9es-lanc\u00e9ol\u00e9es. Fleurs p\u00e9dicell\u00e9es, \u00e0 t\u00e9pales soud\u00e9s \u00e0 la base qui forment un tube court campanul\u00e9, et lobules de 4-6 cm, lin\u00e9aires, blanch\u00e2tres. \u00c9tamines un peu plus courtes que le p\u00e9rianthe, \u00e0 filets plats. Le fruit est une baie de 1-1,5 cm de diam\u00e8tre, jaun\u00e2tre.","post_excerpt":"","post_author":"1","post_date":"2020-11-10 10:07:09","post_date_gmt":"2020-11-10 10:07:09","post_status":"publish","comment_status":"closed","ping_status":"closed","post_password":"","post_name":"dracaena-ombet-heuglin-ex-kotschy-peyr-3","to_ping":"","pinged":"","post_modified":"2021-10-11 10:15:48","post_modified_gmt":"2021-10-11 10:15:48","post_content_filtered":"","post_parent":0,"guid":"https:\/\/www.northafricatrees.org\/species\/dracaena-ombet-heuglin-ex-kotschy-peyr-3\/","menu_order":0,"post_type":"species","post_mime_type":"","comment_count":"0","comments":false,"id":11852}},"groups_keys":{"34822":{"ID":34822,"post_title":"Fleurs \u00e0 lobules de 7-8 mm, blanc-jaun\u00e2tre. Baies rouge-orang\u00e9. Feuilles planes, \u00e0 base embrassante rouge\u00e2tre","post_content":"","post_excerpt":"","post_author":"1","post_date":"2021-02-23 14:21:07","post_date_gmt":"2021-02-23 14:21:07","post_status":"publish","comment_status":"closed","ping_status":"closed","post_password":"","post_name":"fleurs-a-lobules-de-7-8-mm-blanc-jaunatre-baies-rouge-orange-feuilles-planes-a-base-embrassante-rougeatre","to_ping":"","pinged":"","post_modified":"2021-02-23 14:21:07","post_modified_gmt":"2021-02-23 14:21:07","post_content_filtered":"","post_parent":0,"guid":"https:\/\/www.northafricatrees.org\/genus-group-key\/fleurs-a-lobules-de-7-8-mm-blanc-jaunatre-baies-rouge-orange-feuilles-planes-a-base-embrassante-rougeatre\/","menu_order":0,"post_type":"genus_group_key","post_mime_type":"","comment_count":"0","comments":false,"id":34822},"34825":{"ID":34825,"post_title":"Fleurs \u00e0 lobules de 4-6 mm, blanch\u00e2tres. Baies jaun\u00e2tres. Feuilles l\u00e9g\u00e8rement canalicul\u00e9es sur l\u2019endroit, convexes sur l\u2019envers, \u00e0 base embrassante pourpre fonc\u00e9","post_content":"","post_excerpt":"","post_author":"1","post_date":"2021-02-23 14:21:08","post_date_gmt":"2021-02-23 14:21:08","post_status":"publish","comment_status":"closed","ping_status":"closed","post_password":"","post_name":"fleurs-a-lobules-de-4-6-mm-blanchatres-baies-jaunatres-feuilles-legerement-canaliculees-sur-lendroit-convexes-sur-lenvers-a-base-embrassante-pourpre-fonce","to_ping":"","pinged":"","post_modified":"2021-02-23 14:21:08","post_modified_gmt":"2021-02-23 14:21:08","post_content_filtered":"","post_parent":0,"guid":"https:\/\/www.northafricatrees.org\/genus-group-key\/fleurs-a-lobules-de-4-6-mm-blanchatres-baies-jaunatres-feuilles-legerement-canaliculees-sur-lendroit-convexes-sur-lenvers-a-base-embrassante-pourpre-fonce\/","menu_order":0,"post_type":"genus_group_key","post_mime_type":"","comment_count":"0","id":34825}},"title_groups_keys":[],"groups_keys_2":[],"title_groups_keys_2":[],"groups_keys_3":[],"title_groups_keys_3":[],"images":false,"ID":11790,"post_title":"Dracaena L.","post_content":"<p>Genre comprenant environ 110 esp\u00e8ces afro-asiatiques, plus une en Am\u00e9rique centrale. Il est repr\u00e9sent\u00e9 dans le N. de l\u2019Afrique par 2 esp\u00e8ces : <strong>D. draco<\/strong>, qui, outre dans les \u00eeles macaron\u00e9siennes, maintient en peuplement relique dans les escarpements rocheux de l\u2019Anti-Atlas occidental (Maroc), et <strong>D. ombet<\/strong>, du N.-E. de l\u2019Afrique.<\/p>","post_excerpt":"","post_author":"1","post_date":"2020-11-10 09:02:08","post_date_gmt":"2020-11-10 09:02:08","post_status":"publish","comment_status":"closed","ping_status":"closed","post_password":"","post_name":"dracaena-l","to_ping":"","pinged":"","post_modified":"2020-11-10 09:02:08","post_modified_gmt":"2020-11-10 09:02:08","post_content_filtered":"","post_parent":[],"guid":"https:\/\/www.northafricatrees.org\/genus\/dracaena-l\/","menu_order":0,"post_type":"genus","post_mime_type":"","comment_count":"0","comments":false,"id":11790}],"images":[{"ID":"26873","post_author":"1","post_date":"2021-01-04 13:23:30","post_date_gmt":"2021-01-04 13:23:30","post_content":"","post_title":"Dracaena draco. 1. Joaquin Molero","post_excerpt":"Dracaena draco. Port et habitat dans l'Anti-Atlas. Joaquin Molero.","post_status":"inherit","comment_status":"closed","ping_status":"closed","post_password":"","post_name":"dracaena-draco-1-joaquin-molero-2","to_ping":"","pinged":"","post_modified":"2022-01-10 19:18:44","post_modified_gmt":"2022-01-10 19:18:44","post_content_filtered":"","post_parent":"11849","guid":"https:\/\/www.northafricatrees.org\/wp-content\/uploads\/2020\/11\/Dracaena-draco.-1.-Joaquin-Molero.jpg","menu_order":"0","post_type":"attachment","post_mime_type":"image\/jpeg","comment_count":"0","translation_id":"18763","element_type":"post_attachment","element_id":"26873","trid":"118523","language_code":"fr","source_language_code":"es","id":"4","code":"fr","english_name":"French","major":"1","active":"1","default_locale":"fr_FR","tag":"fr","encode_url":"0","pod_item_id":"26873"},{"ID":"26875","post_author":"1","post_date":"2021-01-04 13:23:31","post_date_gmt":"2021-01-04 13:23:31","post_content":"","post_title":"Dracaena draco. 2. Fouad Msanda. Teline","post_excerpt":"Dracaena draco. Port et habitat dans l'Anti-Atlas. Fouad Msanda. Teline.","post_status":"inherit","comment_status":"closed","ping_status":"closed","post_password":"","post_name":"dracaena-draco-2-fouad-msanda-teline-2","to_ping":"","pinged":"","post_modified":"2022-01-10 19:18:44","post_modified_gmt":"2022-01-10 19:18:44","post_content_filtered":"","post_parent":"11849","guid":"https:\/\/www.northafricatrees.org\/wp-content\/uploads\/2020\/11\/Dracaena-draco.-2.-Fouad-Msanda.-Teline.jpg","menu_order":"0","post_type":"attachment","post_mime_type":"image\/jpeg","comment_count":"0","translation_id":"18765","element_type":"post_attachment","element_id":"26875","trid":"118524","language_code":"fr","source_language_code":"es","id":"4","code":"fr","english_name":"French","major":"1","active":"1","default_locale":"fr_FR","tag":"fr","encode_url":"0","pod_item_id":"26875"},{"ID":"26877","post_author":"1","post_date":"2021-01-04 13:23:32","post_date_gmt":"2021-01-04 13:23:32","post_content":"","post_title":"Dracaena draco. 3. Ralph Mangelsdorff. Teline","post_excerpt":"Dracaena draco. Port et habitat dans l'Anti-Atlas. Ralph Mangelsdorff. Teline.","post_status":"inherit","comment_status":"closed","ping_status":"closed","post_password":"","post_name":"dracaena-draco-3-ralph-mangelsdorff-teline-2","to_ping":"","pinged":"","post_modified":"2022-01-10 19:18:44","post_modified_gmt":"2022-01-10 19:18:44","post_content_filtered":"","post_parent":"11849","guid":"https:\/\/www.northafricatrees.org\/wp-content\/uploads\/2020\/11\/Dracaena-draco.-3.-Ralph-Mangelsdorff.-Teline.jpg","menu_order":"0","post_type":"attachment","post_mime_type":"image\/jpeg","comment_count":"0","translation_id":"18767","element_type":"post_attachment","element_id":"26877","trid":"118525","language_code":"fr","source_language_code":"es","id":"4","code":"fr","english_name":"French","major":"1","active":"1","default_locale":"fr_FR","tag":"fr","encode_url":"0","pod_item_id":"26877"},{"ID":"26879","post_author":"1","post_date":"2021-01-04 13:23:32","post_date_gmt":"2021-01-04 13:23:32","post_content":"","post_title":"Dracaena draco. 4. Ralph Mangelsdorff. Teline","post_excerpt":"Dracaena draco. Port et habitat dans l'Anti-Atlas. Ralph Mangelsdorff. Teline.","post_status":"inherit","comment_status":"closed","ping_status":"closed","post_password":"","post_name":"dracaena-draco-4-ralph-mangelsdorff-teline-2","to_ping":"","pinged":"","post_modified":"2022-01-10 19:18:44","post_modified_gmt":"2022-01-10 19:18:44","post_content_filtered":"","post_parent":"11849","guid":"https:\/\/www.northafricatrees.org\/wp-content\/uploads\/2020\/11\/Dracaena-draco.-4.-Ralph-Mangelsdorff.-Teline.jpg","menu_order":"0","post_type":"attachment","post_mime_type":"image\/jpeg","comment_count":"0","translation_id":"18769","element_type":"post_attachment","element_id":"26879","trid":"118526","language_code":"fr","source_language_code":"es","id":"4","code":"fr","english_name":"French","major":"1","active":"1","default_locale":"fr_FR","tag":"fr","encode_url":"0","pod_item_id":"26879"},{"ID":"26881","post_author":"1","post_date":"2021-01-04 13:23:32","post_date_gmt":"2021-01-04 13:23:32","post_content":"","post_title":"Dracaena draco. 5. Ralph Mangelsdorff. Teline","post_excerpt":"Dracaena draco. Port et habitat dans l'Anti-Atlas. Ralph Mangelsdorff. Teline.","post_status":"inherit","comment_status":"closed","ping_status":"closed","post_password":"","post_name":"dracaena-draco-5-ralph-mangelsdorff-teline-2","to_ping":"","pinged":"","post_modified":"2022-01-10 19:18:44","post_modified_gmt":"2022-01-10 19:18:44","post_content_filtered":"","post_parent":"11849","guid":"https:\/\/www.northafricatrees.org\/wp-content\/uploads\/2020\/11\/Dracaena-draco.-5.-Ralph-Mangelsdorff.-Teline.jpg","menu_order":"0","post_type":"attachment","post_mime_type":"image\/jpeg","comment_count":"0","translation_id":"18771","element_type":"post_attachment","element_id":"26881","trid":"118527","language_code":"fr","source_language_code":"es","id":"4","code":"fr","english_name":"French","major":"1","active":"1","default_locale":"fr_FR","tag":"fr","encode_url":"0","pod_item_id":"26881"},{"ID":"26883","post_author":"1","post_date":"2021-01-04 13:23:33","post_date_gmt":"2021-01-04 13:23:33","post_content":"","post_title":"Dracaena draco. 6. Ralph Mangelsdorff. Teline","post_excerpt":"Dracaena draco. Port et habitat dans l'Anti-Atlas. Ralph Mangelsdorff. Teline.","post_status":"inherit","comment_status":"closed","ping_status":"closed","post_password":"","post_name":"dracaena-draco-6-ralph-mangelsdorff-teline-2","to_ping":"","pinged":"","post_modified":"2022-01-10 19:18:44","post_modified_gmt":"2022-01-10 19:18:44","post_content_filtered":"","post_parent":"11849","guid":"https:\/\/www.northafricatrees.org\/wp-content\/uploads\/2020\/11\/Dracaena-draco.-6.-Ralph-Mangelsdorff.-Teline.jpg","menu_order":"0","post_type":"attachment","post_mime_type":"image\/jpeg","comment_count":"0","translation_id":"18773","element_type":"post_attachment","element_id":"26883","trid":"118528","language_code":"fr","source_language_code":"es","id":"4","code":"fr","english_name":"French","major":"1","active":"1","default_locale":"fr_FR","tag":"fr","encode_url":"0","pod_item_id":"26883"},{"ID":"26885","post_author":"1","post_date":"2021-01-04 13:23:33","post_date_gmt":"2021-01-04 13:23:33","post_content":"","post_title":"Dracaena draco. 7.Ralph Mangelsdorff. Teline","post_excerpt":"Dracaena draco. Port et habitat dans l'Anti-Atlas. Ralph Mangelsdorff. Teline.","post_status":"inherit","comment_status":"closed","ping_status":"closed","post_password":"","post_name":"dracaena-draco-7-ralph-mangelsdorff-teline-2","to_ping":"","pinged":"","post_modified":"2022-01-10 19:18:44","post_modified_gmt":"2022-01-10 19:18:44","post_content_filtered":"","post_parent":"11849","guid":"https:\/\/www.northafricatrees.org\/wp-content\/uploads\/2020\/11\/Dracaena-draco.-7.Ralph-Mangelsdorff.-Teline.jpg","menu_order":"0","post_type":"attachment","post_mime_type":"image\/jpeg","comment_count":"0","translation_id":"18775","element_type":"post_attachment","element_id":"26885","trid":"118529","language_code":"fr","source_language_code":"es","id":"4","code":"fr","english_name":"French","major":"1","active":"1","default_locale":"fr_FR","tag":"fr","encode_url":"0","pod_item_id":"26885"},{"ID":"26887","post_author":"1","post_date":"2021-01-04 13:23:33","post_date_gmt":"2021-01-04 13:23:33","post_content":"","post_title":"Dracaena draco. 8. Ralph Mangelsdorff. Teline","post_excerpt":"Dracaena draco. Port et habitat dans l'Anti-Atlas. Ralph Mangelsdorff. Teline.","post_status":"inherit","comment_status":"closed","ping_status":"closed","post_password":"","post_name":"dracaena-draco-8-ralph-mangelsdorff-teline-2","to_ping":"","pinged":"","post_modified":"2022-01-10 19:18:44","post_modified_gmt":"2022-01-10 19:18:44","post_content_filtered":"","post_parent":"11849","guid":"https:\/\/www.northafricatrees.org\/wp-content\/uploads\/2020\/11\/Dracaena-draco.-8.-Ralph-Mangelsdorff.-Teline.jpg","menu_order":"0","post_type":"attachment","post_mime_type":"image\/jpeg","comment_count":"0","translation_id":"18777","element_type":"post_attachment","element_id":"26887","trid":"118530","language_code":"fr","source_language_code":"es","id":"4","code":"fr","english_name":"French","major":"1","active":"1","default_locale":"fr_FR","tag":"fr","encode_url":"0","pod_item_id":"26887"},{"ID":"26889","post_author":"1","post_date":"2021-01-04 13:23:34","post_date_gmt":"2021-01-04 13:23:34","post_content":"","post_title":"Dracaena draco. 9. Jes\u00fas Charco","post_excerpt":"Dracaena draco. Feuilles et fruits. Jes\u00fas Charco.","post_status":"inherit","comment_status":"closed","ping_status":"closed","post_password":"","post_name":"dracaena-draco-9-jesus-charco-2","to_ping":"","pinged":"","post_modified":"2022-01-10 19:18:44","post_modified_gmt":"2022-01-10 19:18:44","post_content_filtered":"","post_parent":"11849","guid":"https:\/\/www.northafricatrees.org\/wp-content\/uploads\/2020\/11\/Dracaena-draco.-9.-Jesus-Charco.jpg","menu_order":"0","post_type":"attachment","post_mime_type":"image\/jpeg","comment_count":"0","translation_id":"18779","element_type":"post_attachment","element_id":"26889","trid":"118531","language_code":"fr","source_language_code":"es","id":"4","code":"fr","english_name":"French","major":"1","active":"1","default_locale":"fr_FR","tag":"fr","encode_url":"0","pod_item_id":"26889"}],"map_legend":"","kml":false,"zone_1":"[\" -9.257011399999954,29.78568420000005\",\" -9.26825539999993,29.78471620000005\",\" -9.27675249999993,29.78389640000006\",\" -9.284391699999958,29.77979910000005\",\" -9.288597099999947,29.77421180000005\",\" -9.294776899999931,29.76318520000007\",\" -9.297008499999947,29.75126320000004\",\" -9.293145699999968,29.74463090000006\",\" -9.284477199999969,29.73740210000005\",\" -9.267139099999952,29.73457090000005\",\" -9.253578199999936,29.73382470000007\",\" -9.228858899999977,29.73367560000003\",\" -9.218817699999931,29.74053210000005\",\" -9.208087899999953,29.75215740000004\",\" -9.206285499999979,29.75796930000007\",\" -9.207916299999965,29.76407930000005\",\" -9.215897999999982,29.77473330000004\",\" -9.221820799999932,29.77853280000005\",\" -9.241218599999968,29.78419440000005\",\" -9.257011399999954,29.78568420000005\"]","zone_2":"","zone_3":"","zone_4":"","zone_5":"","zone_6":"","zone_7":"","zone_8":"","zone_9":"","zone_10":"","zone_11":"","zone_12":"","yoast_head":"<!-- This site is optimized with the Yoast SEO plugin v15.6.2 - https:\/\/yoast.com\/wordpress\/plugins\/seo\/ -->\n<title>Dracaena draco (L.) L. - North Africa Trees<\/title>\n<meta name=\"robots\" content=\"noindex, follow\" \/>\n<meta property=\"og:locale\" content=\"fr_FR\" \/>\n<meta property=\"og:type\" content=\"article\" \/>\n<meta property=\"og:title\" content=\"Dracaena draco (L.) L. - North Africa Trees\" \/>\n<meta property=\"og:description\" content=\"Arbre \u00e0 feuilles persistantes, hermaphrodite, atteignant 20 m de haut, \u00e0 port en parasol. Ramification tr\u00e8s singuli\u00e8re, l\u2019arbre pr\u00e9sentant g\u00e9n\u00e9ralement un tronc unique qui ne commence \u00e0 se ramifier qu\u2019\u00e0 partir de la premi\u00e8re floraison (qui survient \u00e0 l\u2019\u00e2ge de 10-15 ans), ou suite \u00e0 d\u2019autres circonstances, mais toujours apr\u00e8s avoir atteint un certain degr\u00e9...\" \/>\n<meta property=\"og:url\" content=\"https:\/\/www.northafricatrees.org\/fr\/esp\u00e8ce\/dracaena-draco-l-l-3\/\" \/>\n<meta property=\"og:site_name\" content=\"North Africa Trees\" \/>\n<meta property=\"article:modified_time\" content=\"2022-01-10T19:18:44+00:00\" \/>\n<meta name=\"twitter:card\" content=\"summary_large_image\" \/>\n<meta name=\"twitter:label1\" content=\"Dur\u00e9e de lecture est.\">\n\t<meta name=\"twitter:data1\" content=\"1 minute\">\n<script type=\"application\/ld+json\" class=\"yoast-schema-graph\">{\"@context\":\"https:\/\/schema.org\",\"@graph\":[{\"@type\":\"Organization\",\"@id\":\"https:\/\/www.northafricatrees.org\/#organization\",\"name\":\"North \\u00e1frica trees\",\"url\":\"https:\/\/www.northafricatrees.org\/\",\"sameAs\":[],\"logo\":{\"@type\":\"ImageObject\",\"@id\":\"https:\/\/www.northafricatrees.org\/#logo\",\"inLanguage\":\"fr-FR\",\"url\":\"https:\/\/www.northafricatrees.org\/wp-content\/uploads\/2020\/10\/logo-north-africa-trees.png\",\"width\":80,\"height\":70,\"caption\":\"North \\u00e1frica trees\"},\"image\":{\"@id\":\"https:\/\/www.northafricatrees.org\/#logo\"}},{\"@type\":\"WebSite\",\"@id\":\"https:\/\/www.northafricatrees.org\/#website\",\"url\":\"https:\/\/www.northafricatrees.org\/\",\"name\":\"North Africa Trees\",\"description\":\"\\u00c1rboles y arbustos aut\\u00f3ctonos del Norte de \\u00c1frica\",\"publisher\":{\"@id\":\"https:\/\/www.northafricatrees.org\/#organization\"},\"potentialAction\":[{\"@type\":\"SearchAction\",\"target\":\"https:\/\/www.northafricatrees.org\/?s={search_term_string}\",\"query-input\":\"required name=search_term_string\"}],\"inLanguage\":\"fr-FR\"},{\"@type\":\"WebPage\",\"@id\":\"https:\/\/www.northafricatrees.org\/fr\/esp\\u00e8ce\/dracaena-draco-l-l-3\/#webpage\",\"url\":\"https:\/\/www.northafricatrees.org\/fr\/esp\\u00e8ce\/dracaena-draco-l-l-3\/\",\"name\":\"Dracaena draco (L.) L. - North Africa Trees\",\"isPartOf\":{\"@id\":\"https:\/\/www.northafricatrees.org\/#website\"},\"datePublished\":\"2020-11-10T10:07:09+00:00\",\"dateModified\":\"2022-01-10T19:18:44+00:00\",\"inLanguage\":\"fr-FR\",\"potentialAction\":[{\"@type\":\"ReadAction\",\"target\":[\"https:\/\/www.northafricatrees.org\/fr\/esp\\u00e8ce\/dracaena-draco-l-l-3\/\"]}]}]}<\/script>\n<!-- \/ Yoast SEO plugin. -->","_links":{"self":[{"href":"https:\/\/www.northafricatrees.org\/fr\/wp-json\/wp\/v2\/species\/11849"}],"collection":[{"href":"https:\/\/www.northafricatrees.org\/fr\/wp-json\/wp\/v2\/species"}],"about":[{"href":"https:\/\/www.northafricatrees.org\/fr\/wp-json\/wp\/v2\/types\/species"}],"wp:attachment":[{"href":"https:\/\/www.northafricatrees.org\/fr\/wp-json\/wp\/v2\/media?parent=11849"}],"curies":[{"name":"wp","href":"https:\/\/api.w.org\/{rel}","templated":true}]}}