{"id":29662,"date":"2020-12-15T14:34:03","date_gmt":"2020-12-15T14:34:03","guid":{"rendered":"https:\/\/www.northafricatrees.org\/por-que-solo-especies-autoctonas\/conservacion-y-restauracion-de-habitats-naturales\/"},"modified":"2023-01-09T16:51:12","modified_gmt":"2023-01-09T16:51:12","slug":"conservation-et-restauration-des-habitats-naturels","status":"publish","type":"page","link":"https:\/\/www.northafricatrees.org\/fr\/pourquoi-uniquement-les-especes-autochtones\/conservation-et-restauration-des-habitats-naturels\/","title":{"rendered":"Conservation et restauration \u00e9cologique"},"content":{"rendered":"<div class=\"wpb-content-wrapper\"><section class=\"l-section wpb_row height_medium\"><div class=\"l-section-h i-cf\"><div class=\"g-cols vc_row type_default valign_top\"><div class=\"vc_col-sm-8 wpb_column vc_column_container\"><div class=\"vc_column-inner\"><div class=\"wpb_wrapper\">[vc_custom_heading text=\u00a0\u00bbConservation et restauration \u00e9cologique\u00a0\u00bb font_container=\u00a0\u00bbtag:h1|text_align:left\u00a0\u00bb use_theme_fonts=\u00a0\u00bbyes\u00a0\u00bb]<div class=\"wpb_text_column\" ><div class=\"wpb_wrapper\"><p>Planter des arbres \u00e9tant \u00e0 la mode, et le sera encore davantage dans les prochaines ann\u00e9es, il convient de bien conna\u00eetre les esp\u00e8ces autochtones. Il s\u2019agit en substance de celles qui poussent de mani\u00e8re naturelle (sans intervention intentionnelle ou accidentelle de l\u2019homme) en un lieu donn\u00e9. Cela para\u00eet tr\u00e8s simple, mais la situation se complique si la v\u00e9g\u00e9tation de ce lieu a \u00e9t\u00e9 largement d\u00e9vast\u00e9e depuis longtemps et ne permet plus d&rsquo;entrevoir directement la nature de la v\u00e9g\u00e9tation originelle. Dans de tels cas, lorsqu&rsquo;il ne reste que peu de vestiges de la v\u00e9g\u00e9tation naturelle, voire aucun, ou si celle qui est observ\u00e9e suscite des doutes quant \u00e0 son caract\u00e8re naturel, il est possible de faire appel \u00e0 des sp\u00e9cialistes en botanique, biog\u00e9ographie, g\u00e9obotanique, etc. de l\u2019universit\u00e9 la plus proche. Il peut \u00eatre \u00e9galement utile d&rsquo;interroger les anciens de la r\u00e9gion, avec cependant le risque que ces derniers, bien qu&rsquo;anim\u00e9s par les meilleures intentions, puissent fournir des informations erron\u00e9es. Il convient d\u2019adopter syst\u00e9matiquement une vision historique, sur des milliers d\u2019ann\u00e9es, en conjuguant les connaissances historiques avec de bonnes connaissances biog\u00e9ographiques. Lorsque nos grands-parents sont n\u00e9s, il existait d\u00e9j\u00e0 de nombreuses esp\u00e8ces exotiques envahissantes sur le terrain (eucalyptus, agaves, opuntias, etc.), et ils nous diront donc parfois que ce sont des esp\u00e8ces locales, qui ont toujours \u00e9t\u00e9 l\u00e0.<\/p>\n<div id=\"attachment_14713\" style=\"width: 1034px\" class=\"wp-caption alignnone\"><img aria-describedby=\"caption-attachment-14713\" loading=\"lazy\" class=\"wp-image-14713 size-large\" src=\"https:\/\/www.northafricatrees.org\/wp-content\/uploads\/2020\/12\/grupo-plantas-exoticas-1024x554.jpg\" alt=\"Grupo de Plantas Ex\u00f3ticas\" width=\"1024\" height=\"554\" srcset=\"https:\/\/www.northafricatrees.org\/wp-content\/uploads\/2020\/12\/grupo-plantas-exoticas-1024x554.jpg 1024w, https:\/\/www.northafricatrees.org\/wp-content\/uploads\/2020\/12\/grupo-plantas-exoticas-300x162.jpg 300w, https:\/\/www.northafricatrees.org\/wp-content\/uploads\/2020\/12\/grupo-plantas-exoticas.jpg 1300w\" sizes=\"(max-width: 1024px) 100vw, 1024px\" \/><p id=\"caption-attachment-14713\" class=\"wp-caption-text\">Vaste groupe de plantes exotiques (certaines envahissantes) dans les parcs, rues et ronds-points d\u2019un petit village du Sina\u00ef, une des zones pr\u00e9sentant la plus grande richesse biologique du bassin m\u00e9diterran\u00e9en. Il est aujourd\u2019hui temps de remplacer toutes ces plantes par des arbres et arbustes autochtones du cru, certains d&rsquo;une grande beaut\u00e9 et menac\u00e9s d&rsquo;extinction. En plus de contribuer \u00e0 freiner l\u2019expansion des esp\u00e8ces exotiques, cela donnera aux espaces publics un int\u00e9r\u00eat et une beaut\u00e9 qui seront appr\u00e9ci\u00e9s aussi bien par la population locale que les visiteurs. Des images comme celle-ci se r\u00e9p\u00e8tent malheureusement dans toute la g\u00e9ographie des pays m\u00e9diterran\u00e9ens. Helios Sainz.<\/p><\/div><br \/>\n<div id=\"attachment_14714\" style=\"width: 1034px\" class=\"wp-caption alignnone\"><img aria-describedby=\"caption-attachment-14714\" loading=\"lazy\" class=\"wp-image-14714 size-large\" src=\"https:\/\/www.northafricatrees.org\/wp-content\/uploads\/2020\/12\/exceso-recoleccion-lena-y-madera-1024x675.jpg\" alt=\"Exceso de Recolecci\u00f3n Le\u00f1a y Madera\" width=\"1024\" height=\"675\" srcset=\"https:\/\/www.northafricatrees.org\/wp-content\/uploads\/2020\/12\/exceso-recoleccion-lena-y-madera-1024x675.jpg 1024w, https:\/\/www.northafricatrees.org\/wp-content\/uploads\/2020\/12\/exceso-recoleccion-lena-y-madera-300x198.jpg 300w, https:\/\/www.northafricatrees.org\/wp-content\/uploads\/2020\/12\/exceso-recoleccion-lena-y-madera.jpg 1299w\" sizes=\"(max-width: 1024px) 100vw, 1024px\" \/><p id=\"caption-attachment-14714\" class=\"wp-caption-text\">L\u2019exc\u00e8s de collecte et de coupe de bois de chauffage ainsi que le surp\u00e2turage favorisent une \u00e9rosion massive au sein de terres fertiles, comme celles-ci situ\u00e9es \u00e0 Chefchaouen (N. du Maroc). Ce n\u2019est qu\u2019en r\u00e9glementant ces pratiques afin de les rendre durables et en proc\u00e9dant \u00e0 une reforestation imm\u00e9diate avec des esp\u00e8ces autochtones qu\u2019il sera possible d\u2019\u00e9viter une aggravation des dommages. Jes\u00fas Charco.<\/p><\/div>\n<p>\u00catre autochtone du Maroc n&rsquo;implique pas de l&rsquo;\u00eatre de toutes les zones du Maroc. Une mauvaise compr\u00e9hension de ce principe conduit fr\u00e9quemment les administrations, entreprises, ONG et p\u00e9pini\u00e8res \u00e0 proposer des plantes comme autochtones tout en sachant qu\u2019elles vont \u00eatre plant\u00e9es dans des zones o\u00f9 elles ne le sont pas. Si le N. de l\u2019Afrique s\u2019av\u00e8re complexe du point de vue biog\u00e9ographique, cela ne constitue pas un probl\u00e8me : c&rsquo;est gr\u00e2ce \u00e0 cette complexit\u00e9 et \u00e0 la diversit\u00e9 de ses sols, climats et microclimats, qu&rsquo;il h\u00e9berge une biodiversit\u00e9 extraordinaire. Il convient de la conna\u00eetre, de la respecter, et de ne pas la d\u00e9naturer en plantant n&rsquo;importe quelle esp\u00e8ce \u00e0 n&rsquo;importe quel endroit.<\/p>\n<p>La pr\u00e9servation du g\u00e9nome des plantes rev\u00eat une importance fondamentale pour l&rsquo;avenir. C\u2019est pour cela qu&rsquo;il est si important de conna\u00eetre la <strong>provenance des graines<\/strong>. Dans une r\u00e9gion comme le N. de l\u2019Afrique, dot\u00e9e d\u2019une telle diversit\u00e9 g\u00e9n\u00e9tique, les graines foresti\u00e8res ne devraient \u00eatre sem\u00e9es que dans la zone de laquelle elles proviennent. Si une plantation veut \u00eatre r\u00e9alis\u00e9e sur un terrain donn\u00e9 et qu&rsquo;il n&rsquo;existe pas de graines ou de plantules en provenant sur le march\u00e9, la meilleure solution est de collecter des graines directement des arbres ou arbustes autochtones de la zone destin\u00e9e \u00e0 \u00eatre plant\u00e9e.<\/p>\n<p>La proc\u00e9dure de plantation est simple, mais pas toujours respect\u00e9e, ce qui rend les \u00e9checs et les pertes inutiles de ressources associ\u00e9es assez fr\u00e9quents. Tout commence avec le choix de l\u2019\u00e9poque la plus ad\u00e9quate\u00a0: g\u00e9n\u00e9ralement fin de l&rsquo;automne et d\u00e9but de l&rsquo;hiver (lorsque d\u00e9bute la saison fra\u00eeche et humide) dans l\u2019aire m\u00e9diterran\u00e9enne, \u00e9galement au d\u00e9but de la saison des pluies (d\u00e9but de l\u2019\u00e9t\u00e9) au Sahel, et \u00e0 toute \u00e9poque de l\u2019ann\u00e9e dans le Sahara continental, int\u00e9rieur, surtout lorsque des pr\u00e9cipitations sont attendues.<\/p>\n<p>Il convient de privil\u00e9gier les trous (r\u00e9alis\u00e9s manuellement ou avec appui m\u00e9canique) aux foss\u00e9s rectilignes creus\u00e9s par des tracteurs, car cette pratique d\u00e9truit bonne part de la v\u00e9g\u00e9tation autochtone (si pr\u00e9sente), d\u00e9structure les sols et entra\u00eene une artificialisation du paysage.<\/p>\n<p>Planter les jeunes arbres de 1 \u00e0 2 ans entre arbustes \u00e9pineux peut para\u00eetre une bonne id\u00e9e afin de prot\u00e9ger les jeunes plants de la s\u00e9cheresse et des herbivores, mais ils entreront rapidement en comp\u00e9tition avec l\u2019esp\u00e8ce nurse, et une des esp\u00e8ces finira par dominer l&rsquo;autre. Il est donc pr\u00e9f\u00e9rable de les planter dans un endroit exempt de plantes ligneuses, afin que les racines se d\u00e9veloppent sans comp\u00e9tition pour les nutriments. Avec les ans, les racines des unes et des autres finissent par se communiquer entre elles, par \u00e9tablir des relations b\u00e9n\u00e9fiques pour bon nombre d\u2019entre elles ainsi que pour la formation et le maintien du sol.<\/p>\n<p>Pour les prot\u00e9ger le cas \u00e9ch\u00e9ant de l\u2019ensoleillement et des herbivores, il est pr\u00e9f\u00e9rable de mettre en place des tubes de protection opaques (pas de mailles) faits maison ou achet\u00e9s, ces derniers \u00e9tant tr\u00e8s bon march\u00e9s en grande quantit\u00e9. Les tubes doivent avoir un diam\u00e8tre de 10-15 cm et une hauteur de 70-80 cm, soit environ 10 cm enterr\u00e9s et 50-60 cm au-dessus du sol. Outre la protection cit\u00e9e, ces tubes pr\u00e9sentent deux grands avantages : ils permettent d&rsquo;une part d&rsquo;optimiser l&rsquo;eau lors de l&rsquo;irrigation, le tube en retenant presque l\u2019int\u00e9gralit\u00e9 pour la plante, et \u00e0 la plante de pousser plus rapidement en hauteur d\u2019autre part, la croissance op\u00e9rant principalement vers le haut, en recherche de lumi\u00e8re en raison de l&rsquo;opacit\u00e9 du tube.<\/p>\n<p>Une fois les jeunes arbres plant\u00e9s en trous dispers\u00e9s sur le terrain et les tubes de protection en place, il convient de leur appliquer une irrigation de soutien au d\u00e9but de la saison s\u00e8che (pour les aider \u00e0 la surmonter) et une autre \u00e0 la fin de cette m\u00eame saison (en cas de retard des pluies), au moins les deux premi\u00e8res ann\u00e9es, jusqu&rsquo;\u00e0 ce que le plant soit bien enracin\u00e9 sur le terrain.<\/p>\n<p>Apr\u00e8s 1-3 ann\u00e9es, la cime du plant d\u00e9passe du tube : pour \u00e9viter qu\u2019il ne soit abrouti par les herbivores (sauvages et domestiques), ce qui stopperait sa croissance rapide en hauteur, il convient de remplacer le tube par un autre de plus grande dimension (environ 30 \u00d7 130 cm), enterr\u00e9 d\u2019environ 20 cm dans le sol. Ce remplacement permet de maintenir le niveau de protection initial et d\u2019assurer une croissance rapide et s\u00fbre. Une fois \u00e2g\u00e9 de 4-6 ans, lorsque la cime d\u00e9passe largement du second tube, ce dernier peut \u00eatre retir\u00e9 : le jeune arbre est bien enracin\u00e9 et l\u2019\u00e9corce du tronc endurcie, le prot\u00e9geant des petits herbivores. Il convient de maintenir les grands herbivores \u00e0 distance encore quelques ann\u00e9es, jusqu\u2019\u00e0 ce qu\u2019ils ne puissent plus atteindre les parties m\u00e9dianes et sup\u00e9rieures du houppier.<\/p>\n<p>Il existe bien entendu d\u2019autres techniques de semi et\/ou de plantation ; celles d\u00e9crites ici respectent cependant \u00e0 100 % le milieu naturel et pr\u00e9sentent un bon rapport entre les co\u00fbts et la probabilit\u00e9 de succ\u00e8s de la future for\u00eat. Ces activit\u00e9s peuvent \u00eatre r\u00e9alis\u00e9es avec \u00e0 grand renfort de financements, moyens logistiques et autres, ou avec moins de ressources mais beaucoup d\u2019enthousiasme, par les communaut\u00e9s locales, les enfants d\u2019une \u00e9cole, les associations de tout type, etc.<\/p>\n<p>Toutefois, le plus important n\u2019est pas de planter des arbres pour am\u00e9liorer l\u2019environnement (bien qu\u2019il s\u2019agisse l\u00e0 d\u2019une t\u00e2che positive), mais bien de conserver et de permettre que la v\u00e9g\u00e9tation naturelle se d\u00e9veloppe librement. Pour restaurer les for\u00eats, le mieux est parfois d\u2019abandonner toute intervention sur le terrain, \u00e0 exception bien entendu de l\u2019\u00e9radication des esp\u00e8ces exotiques. La for\u00eat, lib\u00e9r\u00e9e des gestions assur\u00e9es par l\u2019homme, et surtout du pastoralisme, a tendance \u00e0 bien se r\u00e9cup\u00e9rer, m\u00eame si ce processus prend du temps. Dans las zones m\u00e9diterran\u00e9ennes il est possible de garantir une restauration rapide et efficace de la for\u00eat en mettant simplement en place des cl\u00f4tures de protection et <span class=\"HwtZe\" lang=\"fr\"><span class=\"jCAhz ChMk0b\"><span class=\"ryNqvb\">s&rsquo;il y a des arbres semenciers sur le site ou \u00e0 proximit\u00e9.<\/span><\/span><\/span> Bien que moins rapide et patente, cette strat\u00e9gie simple donne \u00e9galement de tr\u00e8s bons r\u00e9sultats dans les zones sahariennes et sah\u00e9liennes.<\/p>\n<p><img loading=\"lazy\" class=\"wp-image-14715 size-large alignnone\" src=\"https:\/\/www.northafricatrees.org\/wp-content\/uploads\/2020\/12\/conservacion-restauracion-habitats-naturales-1024x651.jpg\" alt=\"Conservaci\u00f3n y Restauraci\u00f3n de H\u00e1bitats Naturales\" width=\"1024\" height=\"651\" srcset=\"https:\/\/www.northafricatrees.org\/wp-content\/uploads\/2020\/12\/conservacion-restauracion-habitats-naturales-1024x651.jpg 1024w, https:\/\/www.northafricatrees.org\/wp-content\/uploads\/2020\/12\/conservacion-restauracion-habitats-naturales-300x191.jpg 300w, https:\/\/www.northafricatrees.org\/wp-content\/uploads\/2020\/12\/conservacion-restauracion-habitats-naturales.jpg 2048w\" sizes=\"(max-width: 1024px) 100vw, 1024px\" \/><\/p>\n<div id=\"attachment_14716\" style=\"width: 1034px\" class=\"wp-caption alignnone\"><img aria-describedby=\"caption-attachment-14716\" loading=\"lazy\" class=\"wp-image-14716 size-large\" src=\"https:\/\/www.northafricatrees.org\/wp-content\/uploads\/2020\/12\/bosques-mediterraneos-norte-africa-1024x704.jpg\" alt=\"Bosques Mediterr\u00e1neos Norte de \u00c1frica\" width=\"1024\" height=\"704\" srcset=\"https:\/\/www.northafricatrees.org\/wp-content\/uploads\/2020\/12\/bosques-mediterraneos-norte-africa-1024x704.jpg 1024w, https:\/\/www.northafricatrees.org\/wp-content\/uploads\/2020\/12\/bosques-mediterraneos-norte-africa-300x206.jpg 300w, https:\/\/www.northafricatrees.org\/wp-content\/uploads\/2020\/12\/bosques-mediterraneos-norte-africa.jpg 1298w\" sizes=\"(max-width: 1024px) 100vw, 1024px\" \/><p id=\"caption-attachment-14716\" class=\"wp-caption-text\">Une grande partie des for\u00eats m\u00e9diterran\u00e9ennes du N. de l\u2019Afrique sont en train de dispara\u00eetre. Et cela non pas \u00e0 cause des coupes ou des incendies, mais en raison de son vieillissement, de la mortalit\u00e9 caus\u00e9e par l\u2019\u00e9rosion et le dess\u00e9chement des sols, ainsi que de la mutilation des arbres qui r\u00e9duit leur dur\u00e9e de vie. L\u2019origine de ces ph\u00e9nom\u00e8nes r\u00e9side principalement dans l&rsquo;\u00e9levage. C\u00e9draies en voie de disparation : en haut en Alg\u00e9rie (Khellaf Rebbas) et en bas au Maroc (Abdelmonaim H. Bakali).<\/p><\/div>\n<p>En marge de l&rsquo;invasion croissante des esp\u00e8ces exotiques, le surp\u00e2turage, quel qu&rsquo;en soit la forme, constitue la principale menace pour la conservation <span class=\"HwtZe\" lang=\"fr\"><span class=\"jCAhz ChMk0b\"><span class=\"ryNqvb\">de la plupart des \u00e9cosyst\u00e8mes terrestres du<\/span><\/span><\/span> N. de l&rsquo;Afrique.<\/p>\n<p>Interrog\u00e9s au sujet des probl\u00e8mes auxquels font face les plantes autochtones, presque tous les experts du N. de l\u2019Afrique citent en premier lieu le surp\u00e2turage. Et lorsque que ce n\u2019est pas le cas, tous reconnaissent apr\u00e8s un moment de r\u00e9flexion qu\u2019il s\u2019agit du probl\u00e8me principal. C\u2019est un fait reconnu depuis plus d\u2019un si\u00e8cle, alors que les statistiques montrent que les cheptels, et donc le d\u00e9sert, se d\u00e9veloppent de mani\u00e8re continue dans les pays du N. de l\u2019Afrique.<\/p>\n<div id=\"attachment_14721\" style=\"width: 1034px\" class=\"wp-caption alignnone\"><img aria-describedby=\"caption-attachment-14721\" loading=\"lazy\" class=\"wp-image-14721 size-large\" src=\"https:\/\/www.northafricatrees.org\/wp-content\/uploads\/2020\/12\/jose-antonio-banuelos-1024x510.jpg\" alt=\"Jos\u00e9 Antonio Ba\u00f1uelos\" width=\"1024\" height=\"510\" srcset=\"https:\/\/www.northafricatrees.org\/wp-content\/uploads\/2020\/12\/jose-antonio-banuelos-1024x510.jpg 1024w, https:\/\/www.northafricatrees.org\/wp-content\/uploads\/2020\/12\/jose-antonio-banuelos-300x149.jpg 300w, https:\/\/www.northafricatrees.org\/wp-content\/uploads\/2020\/12\/jose-antonio-banuelos.jpg 1296w\" sizes=\"(max-width: 1024px) 100vw, 1024px\" \/><p id=\"caption-attachment-14721\" class=\"wp-caption-text\">Jos\u00e9 Antonio Ba\u00f1uelos<\/p><\/div><br \/>\n<div id=\"attachment_14722\" style=\"width: 1034px\" class=\"wp-caption alignnone\"><img aria-describedby=\"caption-attachment-14722\" loading=\"lazy\" class=\"wp-image-14722 size-large\" src=\"https:\/\/www.northafricatrees.org\/wp-content\/uploads\/2020\/12\/rebano-1024x494.jpg\" alt=\"Reba\u00f1o\" width=\"1024\" height=\"494\" srcset=\"https:\/\/www.northafricatrees.org\/wp-content\/uploads\/2020\/12\/rebano-1024x494.jpg 1024w, https:\/\/www.northafricatrees.org\/wp-content\/uploads\/2020\/12\/rebano-300x145.jpg 300w, https:\/\/www.northafricatrees.org\/wp-content\/uploads\/2020\/12\/rebano.jpg 1296w\" sizes=\"(max-width: 1024px) 100vw, 1024px\" \/><p id=\"caption-attachment-14722\" class=\"wp-caption-text\">Jos\u00e9 Antonio Ba\u00f1uelos<\/p><\/div><br \/>\n<div id=\"attachment_14723\" style=\"width: 1034px\" class=\"wp-caption alignnone\"><img aria-describedby=\"caption-attachment-14723\" loading=\"lazy\" class=\"wp-image-14723 size-large\" src=\"https:\/\/www.northafricatrees.org\/wp-content\/uploads\/2020\/12\/camellos-1024x466.jpg\" alt=\"Camellos\" width=\"1024\" height=\"466\" srcset=\"https:\/\/www.northafricatrees.org\/wp-content\/uploads\/2020\/12\/camellos-1024x466.jpg 1024w, https:\/\/www.northafricatrees.org\/wp-content\/uploads\/2020\/12\/camellos-300x137.jpg 300w, https:\/\/www.northafricatrees.org\/wp-content\/uploads\/2020\/12\/camellos.jpg 1298w\" sizes=\"(max-width: 1024px) 100vw, 1024px\" \/><p id=\"caption-attachment-14723\" class=\"wp-caption-text\">Jes\u00fas Charco<\/p><\/div>\n<p>En r\u00e9alit\u00e9, le nombre de t\u00eates de b\u00e9tail peut ne pas sembler excessif \u00e0 premi\u00e8re vue, mais compte tenu de l\u2019appauvrissement croissant des sols, de la s\u00e9cheresse et de l\u2019\u00e9limination progressive de la v\u00e9g\u00e9tation naturelle, toute pression de l\u2019\u00e9levage quelle qu\u2019elle soit peut s\u2019av\u00e9rer excessive dans la plupart du territoire. La majeure partie des sols non urbains ou agricoles des zones de plaine requi\u00e8rent une protection urgente contre le surp\u00e2turage et la d\u00e9sertification. Cela a \u00e9t\u00e9 dit \u00e0 maintes reprises dans le cadre de forums locaux, nationaux et internationaux. De vastes zones (des centaines de milliers d\u2019hectares, en particulier le long des cours d\u2019eau et sur les versants des collines et montagnes) devraient \u00eatre pr\u00e9serv\u00e9es du p\u00e2turage pendant au moins 30 ans. Plus tard, lorsque la partie inf\u00e9rieure du houppier des arbres aura largement d\u00e9pass\u00e9 2 m de haut, elles pourraient \u00e0 nouveau \u00eatre ouvertes \u00e0 un pastoralisme bien r\u00e9gul\u00e9, durable, offrant des p\u00e2turages excellents l\u00e0 o\u00f9, 30 ou 40 ans plus t\u00f4t, tout n\u2019\u00e9tait que pierres, terre et poussi\u00e8re.<\/p>\n<div id=\"attachment_14717\" style=\"width: 1034px\" class=\"wp-caption alignnone\"><img aria-describedby=\"caption-attachment-14717\" loading=\"lazy\" class=\"wp-image-14717 size-large\" src=\"https:\/\/www.northafricatrees.org\/wp-content\/uploads\/2020\/12\/regeneracion-arbolado-1024x683.jpg\" alt=\"Regeneraci\u00f3n del Arbolado\" width=\"1024\" height=\"683\" srcset=\"https:\/\/www.northafricatrees.org\/wp-content\/uploads\/2020\/12\/regeneracion-arbolado-1024x683.jpg 1024w, https:\/\/www.northafricatrees.org\/wp-content\/uploads\/2020\/12\/regeneracion-arbolado-300x200.jpg 300w, https:\/\/www.northafricatrees.org\/wp-content\/uploads\/2020\/12\/regeneracion-arbolado.jpg 1299w\" sizes=\"(max-width: 1024px) 100vw, 1024px\" \/><p id=\"caption-attachment-14717\" class=\"wp-caption-text\">Une interdiction du p\u00e2turage permettrait d\u2019obtenir une r\u00e9cup\u00e9ration spectaculaire des surfaces bois\u00e9es dans de grandes r\u00e9gions m\u00e9diterran\u00e9ennes et du Sahel. Il est donc important de planter des arbres autochtones, mais encore plus de faciliter la r\u00e9cup\u00e9ration naturelle des for\u00eats. Sur la photographie, for\u00eat mixte de c\u00e8dres et ch\u00eanes verts en pleine r\u00e9cup\u00e9ration apr\u00e8s avoir \u00e9t\u00e9 prot\u00e9g\u00e9e du p\u00e2turage. Maroc. Joaqu\u00edn Molero.<\/p><\/div><br \/>\n<div id=\"attachment_14719\" style=\"width: 1034px\" class=\"wp-caption alignnone\"><img aria-describedby=\"caption-attachment-14719\" loading=\"lazy\" class=\"wp-image-14719 size-large\" src=\"https:\/\/www.northafricatrees.org\/wp-content\/uploads\/2020\/12\/regeneracion-arbolado-sahara-1024x667.jpg\" alt=\"Renegeraci\u00f3n del Arbolado en el Sahara\" width=\"1024\" height=\"667\" srcset=\"https:\/\/www.northafricatrees.org\/wp-content\/uploads\/2020\/12\/regeneracion-arbolado-sahara-1024x667.jpg 1024w, https:\/\/www.northafricatrees.org\/wp-content\/uploads\/2020\/12\/regeneracion-arbolado-sahara-300x195.jpg 300w, https:\/\/www.northafricatrees.org\/wp-content\/uploads\/2020\/12\/regeneracion-arbolado-sahara.jpg 1298w\" sizes=\"(max-width: 1024px) 100vw, 1024px\" \/><p id=\"caption-attachment-14719\" class=\"wp-caption-text\">Suite \u00e0 l\u2019interruption du surp\u00e2turage, la r\u00e9g\u00e9n\u00e9ration naturelle des arbres, en pr\u00e9sence d\u2019arbres adultes \u00e0 proximit\u00e9, se r\u00e9alise relativement bien m\u00eame dans le Sahara. Au premier plan, un jeune acacia (<em>Vachellia tortlis<\/em>) d&rsquo;environ 10\u00a0cm, se dresse pour se convertir en un grand arbre, refuge de faune, cr\u00e9ateur et protecteur du sol et de l&rsquo;humidit\u00e9. Cependant, si des mesures ne sont pas prises pour le prot\u00e9ger, ses \u00e9pines ne le sauveront pas du surp\u00e2turage des ch\u00e8vres et des chameaux, il ne pourra pas grandir et, tr\u00e8s probablement, il dispara\u00eetra avant d&rsquo;atteindre 1 m de hauteur. S.-E. de l\u2019\u00c9gypte. Jes\u00fas Charco.<\/p><\/div>\n<p><span class=\"HwtZe\" lang=\"fr\"><span class=\"jCAhz ChMk0b\"><span class=\"ryNqvb\">Pour conserver et restaurer la biodiversit\u00e9 en Afrique du Nord et dans le reste du monde, notamment la biodiversit\u00e9 v\u00e9g\u00e9tale (base des \u00e9cosyst\u00e8mes), la soci\u00e9t\u00e9 doit comprendre que prot\u00e9ger ce qui reste de for\u00eats, de buissons et de savanes, \u00e9radiquer le surp\u00e2turage et les esp\u00e8ces exotiques, est plus important que planter des arbres<\/span><\/span><\/span>.<\/p>\n<p>Ainsi, pour freiner la perte de biodiversit\u00e9 ainsi que l&rsquo;\u00e9rosion et la d\u00e9sertification croissantes dans le N. de l&rsquo;Afrique, il convient id\u00e9alement de combiner les trois pratiques suivantes\u00a0:<\/p>\n<ol>\n<li>R\u00e9duction drastique de la pression de l\u2019\u00e9levage sur le milieu naturel. Et cela de mani\u00e8re d\u00e9finitive, ou du moins en d\u00e9limitant de nombreuses zones de grandes surfaces, \u00e9parses, jusqu\u2019\u00e0 ce que la for\u00eat ou la savane se r\u00e9cup\u00e8re (30-40 ans) avant leur r\u00e9ouverture \u00e0 un \u00e9levage durable.<\/li>\n<li>D\u00e9velopper des plantations massives et mixtes d&rsquo;arbres autochtones, bien planifi\u00e9es, recr\u00e9ant au maximum la for\u00eat ancienne, non align\u00e9es, avec des tubes protecteurs opaques et avec une irrigation de soutien au moins pendant les saisons s\u00e8ches des 2 premi\u00e8res ann\u00e9es. Ou avec d&rsquo;autres techniques respectueuses de l&rsquo;environnement d&rsquo;efficacit\u00e9 \u00e9gale ou sup\u00e9rieure.<\/li>\n<li>\u00c9radication des esp\u00e8ces exotiques et envahissantes, sources d&rsquo;important dommages pass\u00e9s (et futurs si des mesures ne sont pas prises) \u00e0 l&rsquo;\u00e9conomie et \u00e0 l&rsquo;extraordinaire biodiversit\u00e9 africaine.<\/li>\n<\/ol>\n<p>En ce qui se r\u00e9f\u00e8re \u00e0 la conception de parcs, avenues, jardins, ronds-points, etc. avec des esp\u00e8ces autochtones, le choix offert par les esp\u00e8ces locales est encore plus large. Il est ainsi possible, avec un peu d\u2019imagination, de cr\u00e9er des espaces d\u2019une grande beaut\u00e9, riches d\u2019une multitude de formes, couleurs et parfums. Et tout cela avec l\u2019avantage suppl\u00e9mentaire de pouvoir servir de jardins botaniques pour l\u2019\u00e9ducation environnementale.<\/p>\n<p>Certaines plantations ont pour objectif une exploitation intensive du bois, rentable, avec des esp\u00e8ces autochtones ou allochtones, en \u00e9vitant qu&rsquo;elles ne s&rsquo;\u00e9tendent spontan\u00e9ment, et cela s\u2019av\u00e8re compr\u00e9hensible\u00a0: nous consommons tous du bois et du papier\u00a0; il s\u2019agit cependant l\u00e0 de cultures de bois et non de for\u00eats. N\u00e9anmoins, \u00e9tant donn\u00e9 que l\u2019exploitation du bois des for\u00eats naturelles du N. de l&rsquo;Afrique n\u2019est que peu ou pas rentable dans la majeure partie du territoire, il s\u2019av\u00e8re davantage souhaitable et rentable de consacrer ces for\u00eats \u00e0 d\u2019autres usages, de mani\u00e8re \u00e0 ce que leur r\u00e9cup\u00e9ration puisse b\u00e9n\u00e9ficier \u00e0 la soci\u00e9t\u00e9, avec des productions foresti\u00e8res durables, non agressives, telles que l\u2019extraction de li\u00e8ge et d\u2019autres produits non ligneux, l\u2019apiculture, le tourisme, la r\u00e9tention des sols et de l\u2019humidit\u00e9 (la plus importante du point de vue \u00e9conomique), la s\u00e9questration du CO<sub>2<\/sub>, etc.<\/p>\n<\/div><\/div><\/div><\/div><\/div><div class=\"vc_col-sm-4 wpb_column vc_column_container\"><div class=\"vc_column-inner\"><div class=\"wpb_wrapper\"><section class=\"l-section wpb_row us_custom_675bc7c9 height_medium width_full aside\"><div class=\"l-section-h i-cf\"><div class=\"g-cols vc_row type_default valign_top\"><div class=\"vc_col-sm-12 wpb_column vc_column_container\"><div class=\"vc_column-inner\"><div class=\"wpb_wrapper\"><div class=\"g-cols wpb_row  us_custom_39c264d6 type_default valign_top vc_inner mapaAside\"><div class=\"vc_col-sm-12 wpb_column vc_column_container\"><div class=\"vc_column-inner\"><div class=\"wpb_wrapper\"><div class=\"w-btn-wrapper width_auto align_center\"><a class=\"w-btn us-btn-style_1\" title=\"Recherche G\u00e9ographique\" href=\"https:\/\/www.northafricatrees.org\/fr\/recherche-geographique\/\"><span class=\"w-btn-label\">Recherche G\u00e9ographique<\/span><\/a><\/div><\/div><\/div><\/div><\/div>[vc_custom_heading text=\u00a0\u00bbActualit\u00e9s\u00a0\u00bb font_container=\u00a0\u00bbtag:p|text_align:left\u00a0\u00bb use_theme_fonts=\u00a0\u00bbyes\u00a0\u00bb css=\u00a0\u00bb%7B%22default%22%3A%7B%22color%22%3A%22%23185c29%22%2C%22font-weight%22%3A%22600%22%2C%22font-size%22%3A%221.2rem%22%2C%22margin-bottom%22%3A%220.5rem%22%7D%7D\u00a0\u00bb el_class=\u00a0\u00bbnoticias-title\u00a0\u00bb]<div class=\"w-grid us_custom_37fa7882 listaNews type_grid layout_7745\" id=\"us_grid_1\" data-filterable=\"true\"><style id=\"us_grid_1_css\">#us_grid_1 .w-grid-item:not(:last-child){margin-bottom:0.5rem}#us_grid_1 .g-loadmore{margin-top:0.5rem}<\/style><style>.layout_7745 .w-grid-item-h{}.layout_7745 .usg_post_title_1{color:#484848!important;font-weight:300!important;font-size:0.9rem!important}.layout_7745 .usg_post_date_1{font-weight:300!important;font-size:0.9rem!important}<\/style><div class=\"w-grid-list\" ><article class=\"w-grid-item size_1x1 post-47124 post type-post status-publish format-standard hentry category-non-classifiee\" data-id=\"47124\">\r\n\t<div class=\"w-grid-item-h\">\r\n\t\t\t\t\t<a class=\"w-grid-item-anchor\" href=\"https:\/\/www.northafricatrees.org\/fr\/la-disparition-des-forets-dafrique-du-nord\/\" rel=\"bookmark\" aria-label=\"La disparition des for\u00eats d&rsquo;Afrique du Nord\"><\/a>\r\n\t\t\t\t<div class=\"w-hwrapper usg_hwrapper_1 align_left valign_top\"><div class=\"w-post-elm post_title usg_post_title_1 entry-title color_link_inherit has_text_color\">La disparition des for\u00eats d&rsquo;Afrique du Nord<\/div><time class=\"w-post-elm post_date usg_post_date_1 entry-date published\" datetime=\"2026-04-10T18:14:53+00:00\">04\/10\/2026<\/time><\/div>\t<\/div>\r\n<\/article>\r\n<article class=\"w-grid-item size_1x1 post-46597 post type-post status-publish format-standard hentry category-sin-categoria-fr\" data-id=\"46597\">\r\n\t<div class=\"w-grid-item-h\">\r\n\t\t\t\t\t<a class=\"w-grid-item-anchor\" href=\"https:\/\/www.northafricatrees.org\/fr\/nueva-revision-general-de-la-web\/\" rel=\"bookmark\" aria-label=\"Nouvelles r\u00e9visions taxonomiques et additions sur le web.\"><\/a>\r\n\t\t\t\t<div class=\"w-hwrapper usg_hwrapper_1 align_left valign_top\"><div class=\"w-post-elm post_title usg_post_title_1 entry-title color_link_inherit has_text_color\">Nouvelles r\u00e9visions taxonomiques et additions sur le web.<\/div><time class=\"w-post-elm post_date usg_post_date_1 entry-date published\" datetime=\"2023-05-30T16:26:11+00:00\">05\/30\/2023<\/time><\/div>\t<\/div>\r\n<\/article>\r\n<article class=\"w-grid-item size_1x1 post-44530 post type-post status-publish format-standard hentry category-non-classifiee\" data-id=\"44530\">\r\n\t<div class=\"w-grid-item-h\">\r\n\t\t\t\t\t<a class=\"w-grid-item-anchor\" href=\"https:\/\/www.northafricatrees.org\/fr\/deux-nouveautes-importantes-pour-connaitre-et-conserver-la-flore-authoctone-du-maroc-et-de-legypte\/\" rel=\"bookmark\" aria-label=\"Deux nouveaut\u00e9s importantes pour conna\u00eetre et conserver la flore authoctone du Maroc et de l&rsquo;\u00c9gypte\"><\/a>\r\n\t\t\t\t<div class=\"w-hwrapper usg_hwrapper_1 align_left valign_top\"><div class=\"w-post-elm post_title usg_post_title_1 entry-title color_link_inherit has_text_color\">Deux nouveaut\u00e9s importantes pour conna\u00eetre et conserver la flore authoctone du Maroc et de l&rsquo;\u00c9gypte<\/div><time class=\"w-post-elm post_date usg_post_date_1 entry-date published\" datetime=\"2022-12-04T11:44:46+00:00\">12\/04\/2022<\/time><\/div>\t<\/div>\r\n<\/article>\r\n<article class=\"w-grid-item size_1x1 post-43648 post type-post status-publish format-standard hentry category-sin-categoria-fr\" data-id=\"43648\">\r\n\t<div class=\"w-grid-item-h\">\r\n\t\t\t\t\t<a class=\"w-grid-item-anchor\" href=\"https:\/\/www.northafricatrees.org\/fr\/presentacion-de-la-web-y-mas-descripciones-de-especies\/\" rel=\"bookmark\" aria-label=\"Pr\u00e9sentation du site web et ajout de nouvelles descriptions d&rsquo;esp\u00e8ces\"><\/a>\r\n\t\t\t\t<div class=\"w-hwrapper usg_hwrapper_1 align_left valign_top\"><div class=\"w-post-elm post_title usg_post_title_1 entry-title color_link_inherit has_text_color\">Pr\u00e9sentation du site web et ajout de nouvelles descriptions d&rsquo;esp\u00e8ces<\/div><time class=\"w-post-elm post_date usg_post_date_1 entry-date published\" datetime=\"2022-06-19T09:14:51+00:00\">06\/19\/2022<\/time><\/div>\t<\/div>\r\n<\/article>\r\n<article class=\"w-grid-item size_1x1 post-43639 post type-post status-publish format-standard hentry category-sin-categoria-fr\" data-id=\"43639\">\r\n\t<div class=\"w-grid-item-h\">\r\n\t\t\t\t\t<a class=\"w-grid-item-anchor\" href=\"https:\/\/www.northafricatrees.org\/fr\/adenocarpus-faurei-se-extingue-la-primera-especie-lenosa-del-norte-de-africa\/\" rel=\"bookmark\" aria-label=\"Adenocarpus faurei, la premi\u00e8re esp\u00e8ce ligneuse du nord de l&rsquo;Afrique \u00e0 s&rsquo;\u00e9teindre\"><\/a>\r\n\t\t\t\t<div class=\"w-hwrapper usg_hwrapper_1 align_left valign_top\"><div class=\"w-post-elm post_title usg_post_title_1 entry-title color_link_inherit has_text_color\">Adenocarpus faurei, la premi\u00e8re esp\u00e8ce ligneuse du nord de l&rsquo;Afrique \u00e0 s&rsquo;\u00e9teindre<\/div><time class=\"w-post-elm post_date usg_post_date_1 entry-date published\" datetime=\"2022-06-19T09:00:35+00:00\">06\/19\/2022<\/time><\/div>\t<\/div>\r\n<\/article>\r\n<article class=\"w-grid-item size_1x1 post-39688 post type-post status-publish format-standard hentry category-sin-categoria-fr\" data-id=\"39688\">\r\n\t<div class=\"w-grid-item-h\">\r\n\t\t\t\t\t<a class=\"w-grid-item-anchor\" href=\"https:\/\/www.northafricatrees.org\/fr\/prueba-2\/\" rel=\"bookmark\" aria-label=\"Statut vert des esp\u00e8ces de l\u2019UICN\"><\/a>\r\n\t\t\t\t<div class=\"w-hwrapper usg_hwrapper_1 align_left valign_top\"><div class=\"w-post-elm post_title usg_post_title_1 entry-title color_link_inherit has_text_color\">Statut vert des esp\u00e8ces de l\u2019UICN<\/div><time class=\"w-post-elm post_date usg_post_date_1 entry-date published\" datetime=\"2021-08-16T11:39:34+00:00\">08\/16\/2021<\/time><\/div>\t<\/div>\r\n<\/article>\r\n<article class=\"w-grid-item size_1x1 post-37573 post type-post status-publish format-standard has-post-thumbnail hentry category-sin-categoria-fr\" data-id=\"37573\">\r\n\t<div class=\"w-grid-item-h\">\r\n\t\t\t\t\t<a class=\"w-grid-item-anchor\" href=\"https:\/\/www.northafricatrees.org\/fr\/deux-nouveaux-experts-se-joignent-a-la-revision-des-especes\/\" rel=\"bookmark\" aria-label=\"Deux nouveaux experts se joignent \u00e0 la r\u00e9vision des esp\u00e8ces.\"><\/a>\r\n\t\t\t\t<div class=\"w-hwrapper usg_hwrapper_1 align_left valign_top\"><div class=\"w-post-elm post_title usg_post_title_1 entry-title color_link_inherit has_text_color\">Deux nouveaux experts se joignent \u00e0 la r\u00e9vision des esp\u00e8ces.<\/div><time class=\"w-post-elm post_date usg_post_date_1 entry-date published\" datetime=\"2021-08-10T11:41:45+00:00\">08\/10\/2021<\/time><\/div>\t<\/div>\r\n<\/article>\r\n<article class=\"w-grid-item size_1x1 post-36708 post type-post status-publish format-standard has-post-thumbnail hentry category-sin-categoria-fr\" data-id=\"36708\">\r\n\t<div class=\"w-grid-item-h\">\r\n\t\t\t\t\t<a class=\"w-grid-item-anchor\" href=\"https:\/\/www.northafricatrees.org\/fr\/prueba\/\" rel=\"bookmark\" aria-label=\"Gr\u00e2ce \u00e0 la revue botanique Al Yasmina, tout le contenu de la \u00ab\u00a0Flore de l\u2019Afrique du Nord\u00a0\u00bb de Ren\u00e9 Maire est d\u00e9sormais ais\u00e9ment consultable.\"><\/a>\r\n\t\t\t\t<div class=\"w-hwrapper usg_hwrapper_1 align_left valign_top\"><div class=\"w-post-elm post_title usg_post_title_1 entry-title color_link_inherit has_text_color\">Gr\u00e2ce \u00e0 la revue botanique Al Yasmina, tout le contenu de la \u00ab\u00a0Flore de l\u2019Afrique du Nord\u00a0\u00bb de Ren\u00e9 Maire est d\u00e9sormais ais\u00e9ment consultable.<\/div><time class=\"w-post-elm post_date usg_post_date_1 entry-date published\" datetime=\"2021-08-08T12:09:14+00:00\">08\/08\/2021<\/time><\/div>\t<\/div>\r\n<\/article>\r\n<\/div><div class=\"w-grid-preloader\"><div class=\"g-preloader type_1\">\r\n\t<div><\/div>\r\n<\/div>\r\n<\/div>\t<div class=\"w-grid-json hidden\" onclick='return {&quot;action&quot;:&quot;us_ajax_grid&quot;,&quot;ajax_url&quot;:&quot;https:\\\/\\\/www.northafricatrees.org\\\/wp-admin\\\/admin-ajax.php&quot;,&quot;infinite_scroll&quot;:0,&quot;max_num_pages&quot;:1,&quot;pagination&quot;:&quot;ajax&quot;,&quot;permalink_url&quot;:&quot;https:\\\/\\\/www.northafricatrees.org\\\/fr\\\/wp-json\\\/wp\\\/v2\\\/pages\\\/29662\\\/&quot;,&quot;template_vars&quot;:{&quot;columns&quot;:&quot;1&quot;,&quot;exclude_items&quot;:&quot;none&quot;,&quot;img_size&quot;:&quot;default&quot;,&quot;ignore_items_size&quot;:false,&quot;items_layout&quot;:&quot;7745&quot;,&quot;items_offset&quot;:&quot;1&quot;,&quot;load_animation&quot;:&quot;none&quot;,&quot;overriding_link&quot;:&quot;post&quot;,&quot;post_id&quot;:29705,&quot;query_args&quot;:{&quot;post_type&quot;:[&quot;post&quot;],&quot;post_status&quot;:[&quot;publish&quot;,&quot;acf-disabled&quot;,&quot;dp-rewrite-republish&quot;],&quot;posts_per_page&quot;:&quot;5&quot;},&quot;orderby_query_args&quot;:{&quot;orderby&quot;:{&quot;date&quot;:&quot;DESC&quot;}},&quot;type&quot;:&quot;grid&quot;,&quot;us_grid_ajax_index&quot;:1,&quot;us_grid_filter_params&quot;:null,&quot;us_grid_index&quot;:1,&quot;_us_grid_post_type&quot;:&quot;post&quot;,&quot;lang&quot;:&quot;fr&quot;}}'><\/div>\r\n\t<\/div><\/div><\/div><\/div><\/div><\/div><\/section>\n<\/div><\/div><\/div><\/div><\/div><\/section>\n<\/div>","protected":false},"excerpt":{"rendered":"Les \u00e9tudes botaniques sur l\u2019Afrique du Nord au milieu du XXe si\u00e8cle commen\u00e7aient \u00e0 \u00eatre abondantes et de plus en plus de qualit\u00e9 mais dispers\u00e9es. C\u2019est pourquoi Ren\u00e9 Maire, professeur \u00e0 l\u2019Universit\u00e9 d\u2019Alger, a relev\u00e9 le grand d\u00e9fi de cr\u00e9er la monumentale Flore de l\u2019Afrique du Nord. L\u2019apparition de son premier volume, en 1952, fut...","protected":false},"author":1,"featured_media":0,"parent":29648,"menu_order":0,"comment_status":"closed","ping_status":"closed","template":"","meta":[],"yoast_head":"<!-- This site is optimized with the Yoast SEO plugin v15.6.2 - https:\/\/yoast.com\/wordpress\/plugins\/seo\/ -->\n<title>Conservation et restauration \u00e9cologique - North Africa Trees<\/title>\n<meta name=\"robots\" content=\"index, follow, max-snippet:-1, max-image-preview:large, max-video-preview:-1\" \/>\n<link rel=\"canonical\" href=\"https:\/\/www.northafricatrees.org\/fr\/pourquoi-uniquement-les-especes-autochtones\/conservation-et-restauration-des-habitats-naturels\/\" \/>\n<meta property=\"og:locale\" content=\"fr_FR\" \/>\n<meta property=\"og:type\" content=\"article\" \/>\n<meta property=\"og:title\" content=\"Conservation et restauration \u00e9cologique - North Africa Trees\" \/>\n<meta property=\"og:url\" content=\"https:\/\/www.northafricatrees.org\/fr\/pourquoi-uniquement-les-especes-autochtones\/conservation-et-restauration-des-habitats-naturels\/\" \/>\n<meta property=\"og:site_name\" content=\"North Africa Trees\" \/>\n<meta property=\"article:modified_time\" content=\"2023-01-09T16:51:12+00:00\" \/>\n<meta property=\"og:image\" content=\"https:\/\/www.northafricatrees.org\/wp-content\/uploads\/2020\/12\/grupo-plantas-exoticas-1024x554.jpg\" \/>\n<meta name=\"twitter:card\" content=\"summary_large_image\" \/>\n<meta name=\"twitter:label1\" content=\"Dur\u00e9e de lecture est.\">\n\t<meta name=\"twitter:data1\" content=\"13 minutes\">\n<script type=\"application\/ld+json\" class=\"yoast-schema-graph\">{\"@context\":\"https:\/\/schema.org\",\"@graph\":[{\"@type\":\"Organization\",\"@id\":\"https:\/\/www.northafricatrees.org\/#organization\",\"name\":\"North \\u00e1frica trees\",\"url\":\"https:\/\/www.northafricatrees.org\/\",\"sameAs\":[],\"logo\":{\"@type\":\"ImageObject\",\"@id\":\"https:\/\/www.northafricatrees.org\/#logo\",\"inLanguage\":\"fr-FR\",\"url\":\"https:\/\/www.northafricatrees.org\/wp-content\/uploads\/2020\/10\/logo-north-africa-trees.png\",\"width\":80,\"height\":70,\"caption\":\"North \\u00e1frica trees\"},\"image\":{\"@id\":\"https:\/\/www.northafricatrees.org\/#logo\"}},{\"@type\":\"WebSite\",\"@id\":\"https:\/\/www.northafricatrees.org\/#website\",\"url\":\"https:\/\/www.northafricatrees.org\/\",\"name\":\"North Africa Trees\",\"description\":\"\\u00c1rboles y arbustos aut\\u00f3ctonos del Norte de \\u00c1frica\",\"publisher\":{\"@id\":\"https:\/\/www.northafricatrees.org\/#organization\"},\"potentialAction\":[{\"@type\":\"SearchAction\",\"target\":\"https:\/\/www.northafricatrees.org\/?s={search_term_string}\",\"query-input\":\"required name=search_term_string\"}],\"inLanguage\":\"fr-FR\"},{\"@type\":\"ImageObject\",\"@id\":\"https:\/\/www.northafricatrees.org\/fr\/pourquoi-uniquement-les-especes-autochtones\/conservation-et-restauration-des-habitats-naturels\/#primaryimage\",\"inLanguage\":\"fr-FR\",\"url\":\"https:\/\/www.northafricatrees.org\/wp-content\/uploads\/2020\/12\/grupo-plantas-exoticas.jpg\",\"width\":1300,\"height\":703,\"caption\":\"Amplio grupo de plantas ex\\u00f3ticas (algunas invasoras) en parques, calles y rotondas de un peque\\u00f1o pueblo del Sina\\u00ed, una de las zonas de mayor riqueza biol\\u00f3gica del Mediterr\\u00e1neo. Es hora de empezar a sustituir todo esto por los \\u00e1rboles y arbustos aut\\u00f3ctonos del entorno, algunos de gran belleza y amenazados de extinci\\u00f3n. Adem\\u00e1s de contribuir a frenar la expansi\\u00f3n de especies ex\\u00f3ticas se dar\\u00e1 a los espacion p\\u00fablicos un inter\\u00e9s y belleza que tanto la poblaci\\u00f3n local como los visitantes agradecer\\u00e1n. Lamentablemente, im\\u00e1genes como esta se repiten por toda la geograf\\u00eda de los pa\\u00edses mediterr\\u00e1neos. Helios Sainz.\"},{\"@type\":\"WebPage\",\"@id\":\"https:\/\/www.northafricatrees.org\/fr\/pourquoi-uniquement-les-especes-autochtones\/conservation-et-restauration-des-habitats-naturels\/#webpage\",\"url\":\"https:\/\/www.northafricatrees.org\/fr\/pourquoi-uniquement-les-especes-autochtones\/conservation-et-restauration-des-habitats-naturels\/\",\"name\":\"Conservation et restauration \\u00e9cologique - North Africa Trees\",\"isPartOf\":{\"@id\":\"https:\/\/www.northafricatrees.org\/#website\"},\"primaryImageOfPage\":{\"@id\":\"https:\/\/www.northafricatrees.org\/fr\/pourquoi-uniquement-les-especes-autochtones\/conservation-et-restauration-des-habitats-naturels\/#primaryimage\"},\"datePublished\":\"2020-12-15T14:34:03+00:00\",\"dateModified\":\"2023-01-09T16:51:12+00:00\",\"inLanguage\":\"fr-FR\",\"potentialAction\":[{\"@type\":\"ReadAction\",\"target\":[\"https:\/\/www.northafricatrees.org\/fr\/pourquoi-uniquement-les-especes-autochtones\/conservation-et-restauration-des-habitats-naturels\/\"]}]}]}<\/script>\n<!-- \/ Yoast SEO plugin. -->","_links":{"self":[{"href":"https:\/\/www.northafricatrees.org\/fr\/wp-json\/wp\/v2\/pages\/29662"}],"collection":[{"href":"https:\/\/www.northafricatrees.org\/fr\/wp-json\/wp\/v2\/pages"}],"about":[{"href":"https:\/\/www.northafricatrees.org\/fr\/wp-json\/wp\/v2\/types\/page"}],"author":[{"embeddable":true,"href":"https:\/\/www.northafricatrees.org\/fr\/wp-json\/wp\/v2\/users\/1"}],"replies":[{"embeddable":true,"href":"https:\/\/www.northafricatrees.org\/fr\/wp-json\/wp\/v2\/comments?post=29662"}],"version-history":[{"count":0,"href":"https:\/\/www.northafricatrees.org\/fr\/wp-json\/wp\/v2\/pages\/29662\/revisions"}],"up":[{"embeddable":true,"href":"https:\/\/www.northafricatrees.org\/fr\/wp-json\/wp\/v2\/pages\/29648"}],"wp:attachment":[{"href":"https:\/\/www.northafricatrees.org\/fr\/wp-json\/wp\/v2\/media?parent=29662"}],"curies":[{"name":"wp","href":"https:\/\/api.w.org\/{rel}","templated":true}]}}