{"id":29654,"date":"2020-12-15T13:29:55","date_gmt":"2020-12-15T13:29:55","guid":{"rendered":"https:\/\/www.northafricatrees.org\/por-que-solo-especies-autoctonas\/impacto-de-las-especies-exoticas\/"},"modified":"2023-01-08T17:16:49","modified_gmt":"2023-01-08T17:16:49","slug":"impact-des-especes-exotiques","status":"publish","type":"page","link":"https:\/\/www.northafricatrees.org\/fr\/pourquoi-uniquement-les-especes-autochtones\/impact-des-especes-exotiques\/","title":{"rendered":"Impact des esp\u00e8ces exotiques envahissantes"},"content":{"rendered":"<div class=\"wpb-content-wrapper\"><section class=\"l-section wpb_row height_medium\"><div class=\"l-section-h i-cf\"><div class=\"g-cols vc_row type_default valign_top\"><div class=\"vc_col-sm-8 wpb_column vc_column_container\"><div class=\"vc_column-inner\"><div class=\"wpb_wrapper\">[vc_custom_heading text=\u00a0\u00bbImpact des esp\u00e8ces exotiques envahissantes\u00a0\u00bb font_container=\u00a0\u00bbtag:h1|text_align:left\u00a0\u00bb use_theme_fonts=\u00a0\u00bbyes\u00a0\u00bb]<div class=\"wpb_text_column\" ><div class=\"wpb_wrapper\"><p>Il y a actuellement une tendance \u00e0 revaloriser les esp\u00e8ces indig\u00e8nes ou autochtones au d\u00e9triment les exotiques ou allochtones. Mais cette question importante fait fr\u00e9quemment surgir trois questions\u00a0:<\/p>\n<ol>\n<li>Face \u00e0 la grande vari\u00e9t\u00e9 d\u2019esp\u00e8ces existantes, pourquoi choisir des plantes autochtones\u00a0?<\/li>\n<li>Quels probl\u00e8mes posent l\u2019introduction d\u2019esp\u00e8ces exotiques\u00a0?<\/li>\n<li>Pourquoi doit-on promouvoir la conservation et la r\u00e9cup\u00e9ration des for\u00eats, matorrals et savanes autochtones\u00a0?<\/li>\n<\/ol>\n<p>Les raisons sont multiples\u00a0:<\/p>\n<p>Parce qu\u2019\u00e0 l\u2019heure actuelle, <strong>les principales menaces pour les \u00e9cosyst\u00e8mes \u00e0 l\u2019\u00e9chelle mondiale r\u00e9sident dans leur destruction directe par l\u2019homme et l\u2019arriv\u00e9e d\u2019esp\u00e8ces envahissantes dans les habitats naturels<\/strong> (Rapoport, 1979\u00a0; Cronk &amp; Fuller, 1995\u00a0; Rubec &amp; Lee, 1997\u00a0; etc.).<\/p>\n<p>Car l&rsquo;expansion de ces esp\u00e8ces \u00e9chappe souvent au contr\u00f4le humain, produisant ce qu&rsquo;on appelle des invasions biologiques. C&rsquo;est un processus qui commence lorsque certains organismes sont intentionnellement ou accidentellement emmen\u00e9s par l&rsquo;homme de leurs habitats naturels vers de nouveaux territoires, o\u00f9 nombre de ces organismes s&rsquo;adaptent, se reproduisent en masse et deviennent des envahisseurs. <strong>Les esp\u00e8ces envahissantes ont des effets d\u00e9vastateurs sur les \u00e9cosyst\u00e8mes naturels, provoquant le d\u00e9clin voire l&rsquo;extinction des esp\u00e8ces indig\u00e8nes, la destruction de l&rsquo;\u00e9cosyst\u00e8me primitif et parfois l&rsquo;alt\u00e9ration compl\u00e8te du paysage<\/strong> (Angassa 2005 ; Pejchar &amp; Mooney 2009 ; Vil\u00e0 <em>et al<\/em>. 2010 ; Eldrige <em>et al<\/em>. 2011).<\/p>\n<p>Les esp\u00e8ces envahissantes se reproduisent bien et rapidement, rivalisant avec les esp\u00e8ces indig\u00e8nes pour l&rsquo;habitat, le sol, l&rsquo;eau et la nourriture. Dans le cas de la faune, ils d\u00e9vorent souvent les esp\u00e8ces indig\u00e8nes. Dans le cas de la flore, ils affectent n\u00e9gativement la disponibilit\u00e9 et la qualit\u00e9 de l&rsquo;eau et des \u00e9l\u00e9ments nutritifs du sol, ils recouvrent parfois uniform\u00e9ment le sol ou la surface des rivi\u00e8res et des lacs, s&rsquo;ils sont \u00e9lev\u00e9s, ils projettent une ombre dense et permanente sur le sol, \u00e9liminant ainsi les esp\u00e8ces h\u00e9liophiles et alt\u00e9rant ainsi les processus \u00e9daphiques.<\/p>\n<p>En r\u00e9sum\u00e9, ils ont un impact tr\u00e8s n\u00e9gatif sur la biodiversit\u00e9 naturelle et les services \u00e9cosyst\u00e9miques (tels que les p\u00e2turages, l&rsquo;agriculture, l&rsquo;\u00e9levage ou la p\u00eache) qui, en fin de compte, ont \u00e9galement un impact sur le bien-\u00eatre humain (McDonall <em>et al.<\/em> 1989, Cronk &amp; Fuller, 1995\u00a0; Richardson <em>et al.<\/em> 2000, 2011 ; Pauchard et al. 2004 ; Jeschke <em>et al.<\/em> 2014).<\/p>\n<p>Il est d\u00e9j\u00e0 bien d\u00e9montr\u00e9 que les \u00e9cosyst\u00e8mes domin\u00e9s par des esp\u00e8ces exotiques ne sont pas durables \u00e0 long terme (Rapoport, 1975\u00a0; McDonall &amp; Cooper, 1995). Le d\u00e9clin et l&rsquo;extinction des esp\u00e8ces indig\u00e8nes dus aux invasions biologiques, selon les cas, peuvent \u00eatre dus \u00e0 un ou plusieurs m\u00e9canismes agissant ensemble, tels que la pr\u00e9dation, le parasitisme, la transmission de nouvelles maladies, la comp\u00e9tition pour les ressources, la contamination g\u00e9n\u00e9tique (hybridation) , etc. (D\u00edaz <em>et al<\/em>., 1998; Romero-Alcaraz &amp; \u00c1vila, 2000; Clavero &amp; Garc\u00eda-Berthou 2005; Downey &amp; Richardson 2016).<\/p>\n<p>Le probl\u00e8me des invasions biologiques atteint une magnitude dramatique et, ce qui est encore plus grave, reste pratiquement ignor\u00e9, ou pour le moins sous-estim\u00e9. L\u2019absence de prise de conscience de ce ph\u00e9nom\u00e8ne constitue le probl\u00e8me majeur, conduisant parfois \u00e0 des extinctions silencieuses, pass\u00e9es inaper\u00e7ues (Guijarro, 2001). Il est n\u00e9cessaire de le prendre tr\u00e8s au s\u00e9rieux dans toutes les politiques de conservation (Dana <em>et al.<\/em>, 2003).<\/p>\n<p>Les pr\u00e9visions indiquent que, <strong>si des mesures urgentes et de grande envergure ne sont pas prises, les invasions biologiques deviendront chaque jour plus fr\u00e9quentes et dangereuses<\/strong>, augmentant le nombre d&rsquo;esp\u00e8ces qui continueront \u00e0 \u00eatre introduites dans de nouveaux habitats (Essl 2011; Essl <em>et al.<\/em> 2011; Rouget <em>et al<\/em>. 2016Bellard <em>et al<\/em>. 2016; Johnson <em>et al.<\/em> 2017; Seebens <em>et al.<\/em> 2017).<\/p>\n<div id=\"attachment_14709\" style=\"width: 1034px\" class=\"wp-caption alignnone\"><img aria-describedby=\"caption-attachment-14709\" loading=\"lazy\" class=\"wp-image-14709 size-large\" src=\"https:\/\/www.northafricatrees.org\/wp-content\/uploads\/2020\/12\/especies-de-plantas-autoctonas-1024x420.jpg\" alt=\"Especies de Plantas Aut\u00f3ctonas\" width=\"1024\" height=\"420\" srcset=\"https:\/\/www.northafricatrees.org\/wp-content\/uploads\/2020\/12\/especies-de-plantas-autoctonas-1024x420.jpg 1024w, https:\/\/www.northafricatrees.org\/wp-content\/uploads\/2020\/12\/especies-de-plantas-autoctonas-300x123.jpg 300w, https:\/\/www.northafricatrees.org\/wp-content\/uploads\/2020\/12\/especies-de-plantas-autoctonas.jpg 1297w\" sizes=\"(max-width: 1024px) 100vw, 1024px\" \/><p id=\"caption-attachment-14709\" class=\"wp-caption-text\">Les esp\u00e8ces de plantes autochtones permettent \u00e9galement le maintien de nombreuses esp\u00e8ces de la faune autochtone, la conservation de ces plantes \u00e9tant donc d\u2019une importance vitale pour l\u2019ensemble de l\u2019\u00e9cosyst\u00e8me. Jes\u00fas Charco.<\/p><\/div>\n<p>Mais malgr\u00e9 le fait que ce grave probl\u00e8me environnemental soit bien connu depuis des d\u00e9cennies, les esp\u00e8ces v\u00e9g\u00e9tales exotiques continuent \u00e0 pr\u00e9valoir dans les p\u00e9pini\u00e8res commerciales et foresti\u00e8res. Et pire encore, on peut trouver graines d&rsquo;esp\u00e8ces de n&rsquo;importe o\u00f9 dans le monde en vente sur Internet sans aucun type de contr\u00f4le. Milliers d&rsquo;esp\u00e8ces exotiques et\/ou envahissantes continuent d&rsquo;\u00eatre plant\u00e9es \u00e0 travers le monde \u00e0 des fins foresti\u00e8res, agronomiques ou ornementales.<\/p>\n<p>Un probl\u00e8me environnemental et moral suppl\u00e9mentaire est que de plus en plus de personnes et d&rsquo;institutions \u00e0 travers le monde<strong>, avec de bonnes intentions mais avec peu d&rsquo;informations, utilisent fr\u00e9quemment des esp\u00e8ces exotiques pour soi-disant aider \u00e0 reboiser la plan\u00e8te<\/strong>. Si planter des arbres est \u00e0 la mode, les pr\u00e9judices pour l\u2019environnement sont parfois plus importants que les b\u00e9n\u00e9fices lorsqu\u2019il ne s\u2019agit pas d\u2019esp\u00e8ces autochtones.<\/p>\n<p>Importations d\u2019esp\u00e8ces d\u2019Afrique subsaharienne, europ\u00e9ennes, am\u00e9ricaines, asiatiques et d\u2019Oc\u00e9anie ont \u00e9t\u00e9 observ\u00e9es dans le N. de l\u2019Afrique. Pins, cypr\u00e8s, eucalyptus, agaves, opuntias, platanes, catalpas, acacias, robiniers et autres esp\u00e8ces sont utilis\u00e9s depuis d\u00e9cennies dans les champs, villages et villes, certaines de ces esp\u00e8ces pr\u00e9sentant un fort caract\u00e8re envahissant.<\/p>\n<p>De nombreux paysages affichent une physionomie qui les rend attractifs aux yeux du profane, bien qu\u2019ils n\u2019h\u00e9bergent pratiquement pas d\u2019esp\u00e8ces de flore ou de faune autochtones. Il s\u2019agit de paysages, parfois arbor\u00e9s, voire comportant de grandes plantations d\u2019arbres, pratiquement d\u00e9pourvus de valeur \u00e9cologique, silencieux, au sein desquels une grande partie de la biodiversit\u00e9 locale a \u00e9t\u00e9 perdue sans qu\u2019aucune am\u00e9lioration \u00e9conomique substantielle n\u2019ait \u00e9t\u00e9 not\u00e9e en retour. Mais il ne faut pas penser que les administrations foresti\u00e8res en soient les seules responsables, nous le sommes tous, car d\u2019une mani\u00e8re g\u00e9n\u00e9rale nous ne pensons pas \u00e0 planter des esp\u00e8ces autochtones ne serait-ce que dans nos villages ou autour de nos maisons.<\/p>\n<p>Le probl\u00e8me existe, il est reconnu, et il faut y faire front. Il est temps d\u2019unir les efforts pour d\u2019une part promouvoir la connaissance et l\u2019utilisation des esp\u00e8ces autochtones, et d\u2019autre part d\u2019\u00e9radiquer les plantes exotiques et\/ou envahissantes. Il est possible et n\u00e9cessaire de mobiliser des moyens techniques et \u00e9conomiques pour le r\u00e9soudre, mais le principal instrument de lutte contre ce probl\u00e8me \u00e9cologique et socio\u00e9conomique nouveau et chaque jour plus \u00e9tendu doit assur\u00e9ment \u00eatre la sensibilisation environnementale de la soci\u00e9t\u00e9.<\/p>\n<p><strong>Il faut, dans les \u00e9coles, sensibiliser les enfants \u00e0 la n\u00e9cessit\u00e9 de semer des <\/strong><strong>esp\u00e8ces<\/strong> <strong>autochtones et d\u2019\u00e9radiquer les exotiques, <\/strong><strong>c&rsquo;est-\u00e0-dire valoriser et pr\u00e9server leur patrimoine naturel et culturel ancestral<\/strong>.<\/p>\n<p><strong>\u00a0<\/strong>Le Conseil de l\u2019Europe a \u00e9labor\u00e9 en 2004 la Strat\u00e9gie europ\u00e9enne relative aux esp\u00e8ces exotiques envahissantes. L\u2019invasion d\u2019esp\u00e8ces exotiques est si grave que d\u00e8s le d\u00e9but des ann\u00e9es 80 du si\u00e8cle dernier, le Conseil de l\u2019Europe a exhort\u00e9 les \u00c9tats membres \u00e0 interdire l\u2019introduction d\u2019esp\u00e8ces non indig\u00e8nes dans le milieu, \u00e0 \u00e9tablir des mesures pr\u00e9ventives et \u00e0 mettre en \u0153uvre des programmes pour leur \u00e9radication.<\/p>\n<div id=\"attachment_43265\" style=\"width: 1034px\" class=\"wp-caption alignnone\"><img aria-describedby=\"caption-attachment-43265\" loading=\"lazy\" class=\"wp-image-43265 size-large\" src=\"https:\/\/www.northafricatrees.org\/wp-content\/uploads\/2021\/12\/Invasoras-1024x372.jpg\" alt=\"\" width=\"1024\" height=\"372\" srcset=\"https:\/\/www.northafricatrees.org\/wp-content\/uploads\/2021\/12\/Invasoras-1024x372.jpg 1024w, https:\/\/www.northafricatrees.org\/wp-content\/uploads\/2021\/12\/Invasoras-300x109.jpg 300w, https:\/\/www.northafricatrees.org\/wp-content\/uploads\/2021\/12\/Invasoras.jpg 1625w\" sizes=\"(max-width: 1024px) 100vw, 1024px\" \/><p id=\"caption-attachment-43265\" class=\"wp-caption-text\">Acacia saligna, Cilindropuntia imbricata y Carpobrotus edulis, 3 des esp\u00e8ces envahissantes les plus nuisibles au monde poussent ensemble ici. Leur \u00e9radication est tr\u00e8s difficile et co\u00fbteuse car apr\u00e8s avoir \u00e9t\u00e9 coup\u00e9es et\/ou arrach\u00e9es, comme les eucalyptus et de nombreuses autres esp\u00e8ces envahissantes, elles repoussent encore et encore. Jes\u00fas Charco.<\/p><\/div>\n<p>Au cours de l\u2019\u00e9t\u00e9 2012, le service scientifique de la Commission europ\u00e9enne, le Centre commun de recherche (JRC) a mis en marche EASIN, le R\u00e9seau d\u2019information europ\u00e9en sur les esp\u00e8ces exotiques, dans le but de coordonner les informations et la lutte contre les esp\u00e8ces exotiques actuellement connues en Europe (entre 12\u00a0000 et 16\u00a0000 selon les diff\u00e9rentes \u00e9tudes). Il confirme la grave menace que repr\u00e9sentent les esp\u00e8ces exotiques envahissantes pour la biodiversit\u00e9 et les ressources naturelles, esp\u00e8ces qui, outre leur impact \u00e9cologique, <strong>ont un impact \u00e9conomique \u00e9valu\u00e9e \u00e0 plus de 9\u00a0milliards d\u2019euros annuels<\/strong>. La Commission europ\u00e9enne a d\u00e9clar\u00e9 la lutte contre les esp\u00e8ces exotiques envahissantes comme objectif de la strat\u00e9gie europ\u00e9enne pour 2020.<\/p>\n<p>Dans certains pays du bassin m\u00e9diterran\u00e9en, il est \u00e9tabli que <strong>les administrations publiques doivent \u00e9viter la prolif\u00e9ration des esp\u00e8ces allochtones<\/strong>, comme c\u2019est le cas en Espagne avec la loi 4\/1989 de Conservation des espaces naturels et de la faune et flore sauvages. De m\u00eame, en mati\u00e8re programmatique, la Strat\u00e9gie espagnole pour la conservation et l\u2019utilisation durable de la diversit\u00e9 biologique (1999) contient diverses r\u00e9f\u00e9rences \u00e0 la n\u00e9cessit\u00e9 d\u2019\u00e9tablir des mesures pr\u00e9ventives de contr\u00f4le et d\u2019\u00e9radication de ces esp\u00e8ces. Le d\u00e9cret royal 630 de 2013 r\u00e9glemente le Catalogue espagnol des esp\u00e8ces exotiques envahissantes.<\/p>\n<p>En Afrique, le Programme mondial pour les esp\u00e8ces envahissantes (GISP) a \u00e9t\u00e9 mis en place, destin\u00e9 \u00e0 coordonner et faciliter des r\u00e9ponses \u00e0 la menace croissante que repr\u00e9sentent ces esp\u00e8ces. Une de ses publications les plus int\u00e9ressantes porte le titre \u00e9vocateur de <em><strong>L\u2019Afrique envahie<\/strong><\/em> (Matthews &amp; Brand, 2004).<\/p>\n<p>Il existe \u00e9galement une organisation tr\u00e8s active contre les esp\u00e8ces envahissantes en Afrique\u00a0: CABI (Centre internationales pour l\u2019agriculture et les biosciences). Plac\u00e9e sous les hospices du Programme des Nations unies pour l\u2019environnement (PNUE), elle a publi\u00e9 <em>Les plantes exotiques envahissantes et leur gestion en Afrique<\/em> (Boy &amp; Witt, 2013), un document de synth\u00e8se int\u00e9ressant du projet \u00ab \u00c9limination de barri\u00e8res pour la gestion des plantes envahissantes en Afrique (RBIPMA) \u00bb, d\u00e9velopp\u00e9 dans quatre pays entre 2005 et 2010. En 2014, elle a produit une vid\u00e9o de divulgation sur les plantes envahissantes ; \u00ab <strong><em>The green invasion. <\/em><\/strong><strong><em>Destroying the livelihoods in Africa<\/em><\/strong> \u00bb.<\/p>\n<p>&nbsp;<\/p>\n<p><strong>L&rsquo;\u00c9valuation th\u00e9matique du GSEE<\/strong>.<\/p>\n<p>Le Groupe de sp\u00e9cialistes de l&rsquo;UICN sur les esp\u00e8ces envahissantes (GSEE) a produit un rapport pour mettre \u00e0 jour les r\u00e9ponses politiques, la l\u00e9gislation et les mesures de gestion pour contr\u00f4ler et emp\u00eacher la propagation des esp\u00e8ces exotiques envahissantes. Ce rapport est destin\u00e9 \u00e0 soutenir l&rsquo;\u00ab \u00c9valuation th\u00e9matique des esp\u00e8ces exotiques envahissantes et leur surveillance \u00bb de la Plateforme intergouvernementale scientifique et politique sur la biodiversit\u00e9 et les services \u00e9cosyst\u00e9miques (IPBES). Il a \u00e9t\u00e9 pr\u00e9par\u00e9 par GSEE \u00e0 travers de la Gestion des Donn\u00e9es sur la Biodiversit\u00e9 avec le soutien financier du Minist\u00e8re fran\u00e7ais de la Transition \u00c9cologique (MTE).<\/p>\n<p>Le rapport complet peut \u00eatre consult\u00e9 ici :<\/p>\n<p><a href=\"http:\/\/www.issg.org\/pdf\/Report_Invasive-Species-Integration-of-IUCN-data_Policies.pdf\">Report- Supporting the \u2018Thematic assessment of Invasive Alien Species and their control\u2019 of the Intergovernmental Science-Policy Platform on Biodiversity and Ecosystem Services (IPBES)<\/a><\/p>\n<p>&nbsp;<\/p>\n<p><strong>La Classification de l&rsquo;Impact Environnemental des Taxons Envahissants de l&rsquo;UICN (EICAT)<\/strong><\/p>\n<p>L&rsquo;EICAT est une m\u00e9thode simple, objective et transparente pour classer les taxons exotiques en fonction de l&rsquo;ampleur de leurs impacts environnementaux n\u00e9gatifs dans leurs nouvelles zones d&rsquo;expansion. Sur la base des impacts qu&rsquo;ils causent sur les taxons indig\u00e8nes, les taxons exotiques sont class\u00e9s en cinq cat\u00e9gories d&rsquo;impact.<\/p>\n<div id=\"attachment_43274\" style=\"width: 710px\" class=\"wp-caption alignnone\"><img aria-describedby=\"caption-attachment-43274\" loading=\"lazy\" class=\"wp-image-43274\" src=\"https:\/\/www.northafricatrees.org\/wp-content\/uploads\/2021\/12\/Categorias-EICAT-300x222.jpg\" alt=\"\" width=\"700\" height=\"518\" srcset=\"https:\/\/www.northafricatrees.org\/wp-content\/uploads\/2021\/12\/Categorias-EICAT-300x222.jpg 300w, https:\/\/www.northafricatrees.org\/wp-content\/uploads\/2021\/12\/Categorias-EICAT-1024x757.jpg 1024w, https:\/\/www.northafricatrees.org\/wp-content\/uploads\/2021\/12\/Categorias-EICAT.jpg 1179w\" sizes=\"(max-width: 700px) 100vw, 700px\" \/><p id=\"caption-attachment-43274\" class=\"wp-caption-text\">Les diff\u00e9rentes cat\u00e9gories EICAT et les relations entre elles.<\/p><\/div>\n<p>Le document complet est consultable ici : <a href=\"https:\/\/www.iucn.org\/theme\/species\/our-work\/invasive-species\/eicat\">https:\/\/www.iucn.org\/theme\/species\/our-work\/invasive-species\/eicat<\/a><\/p>\n<p>&nbsp;<\/p>\n<p><strong>Le Registre Mondial des Esp\u00e8ces Envahissantes (GRIIS), du GSEE<\/strong><\/p>\n<p>Ce Registre a \u00e9t\u00e9 d\u00e9velopp\u00e9 par le Groupe de sp\u00e9cialistes des esp\u00e8ces envahissantes de l&rsquo;UICN SSC (GEEI). Il s&rsquo;agit d&rsquo;une initiative soutenue par le Secr\u00e9tariat de la Convention sur la Diversit\u00e9 Biologique (CDB), du Programme des Nations Unies pour l&rsquo;environnement. Ce registre compile des inventaires annot\u00e9s et v\u00e9rifi\u00e9s par pays des esp\u00e8ces introduites et envahissantes. Pour la publication et la mise \u00e0 jour des listes de chaque pays, le site Internet du Global Biodiversity Information Facility (GBIF) a \u00e9t\u00e9 choisi. Les listes des esp\u00e8ces introduites et invasives dans les pays d&rsquo;Afrique du Nord sont consultables ici :<\/p>\n<p><a href=\"https:\/\/griis.org\/download\">https:\/\/griis.org\/download<\/a><\/p>\n<p>Le GSEE a \u00e9galement publi\u00e9 une liste des <strong>100 Esp\u00e8ces exotiques envahissantes parmi les plus n\u00e9fastes au monde :<\/strong><\/p>\n<p><a href=\"http:\/\/www.issg.org\/publications.htm#worst100\">http:\/\/www.issg.org\/publications.htm#worst100<\/a><\/p>\n<p>&nbsp;<\/p>\n<p>Voir ici plus d\u2019\u00e9tudes et r\u00e9f\u00e9rences sur les invasions bilogiques :<\/p>\n<p><a href=\"https:\/\/www.northafricatrees.org\/fr\/bibliographie\/\">https:\/\/www.northafricatrees.org\/fr\/bibliographie\/<\/a><\/p>\n<\/div><\/div><\/div><\/div><\/div><div class=\"vc_col-sm-4 wpb_column vc_column_container\"><div class=\"vc_column-inner\"><div class=\"wpb_wrapper\"><section class=\"l-section wpb_row us_custom_675bc7c9 height_medium width_full aside\"><div class=\"l-section-h i-cf\"><div class=\"g-cols vc_row type_default valign_top\"><div class=\"vc_col-sm-12 wpb_column vc_column_container\"><div class=\"vc_column-inner\"><div class=\"wpb_wrapper\"><div class=\"g-cols wpb_row  us_custom_39c264d6 type_default valign_top vc_inner mapaAside\"><div class=\"vc_col-sm-12 wpb_column vc_column_container\"><div class=\"vc_column-inner\"><div class=\"wpb_wrapper\"><div class=\"w-btn-wrapper width_auto align_center\"><a class=\"w-btn us-btn-style_1\" title=\"Recherche G\u00e9ographique\" href=\"https:\/\/www.northafricatrees.org\/fr\/recherche-geographique\/\"><span class=\"w-btn-label\">Recherche G\u00e9ographique<\/span><\/a><\/div><\/div><\/div><\/div><\/div>[vc_custom_heading text=\u00a0\u00bbActualit\u00e9s\u00a0\u00bb font_container=\u00a0\u00bbtag:p|text_align:left\u00a0\u00bb use_theme_fonts=\u00a0\u00bbyes\u00a0\u00bb css=\u00a0\u00bb%7B%22default%22%3A%7B%22color%22%3A%22%23185c29%22%2C%22font-weight%22%3A%22600%22%2C%22font-size%22%3A%221.2rem%22%2C%22margin-bottom%22%3A%220.5rem%22%7D%7D\u00a0\u00bb el_class=\u00a0\u00bbnoticias-title\u00a0\u00bb]<div class=\"w-grid us_custom_37fa7882 listaNews type_grid layout_7745\" id=\"us_grid_1\" data-filterable=\"true\"><style id=\"us_grid_1_css\">#us_grid_1 .w-grid-item:not(:last-child){margin-bottom:0.5rem}#us_grid_1 .g-loadmore{margin-top:0.5rem}<\/style><style>.layout_7745 .w-grid-item-h{}.layout_7745 .usg_post_title_1{color:#484848!important;font-weight:300!important;font-size:0.9rem!important}.layout_7745 .usg_post_date_1{font-weight:300!important;font-size:0.9rem!important}<\/style><div class=\"w-grid-list\" ><article class=\"w-grid-item size_1x1 post-47124 post type-post status-publish format-standard hentry category-non-classifiee\" data-id=\"47124\">\r\n\t<div class=\"w-grid-item-h\">\r\n\t\t\t\t\t<a class=\"w-grid-item-anchor\" href=\"https:\/\/www.northafricatrees.org\/fr\/la-disparition-des-forets-dafrique-du-nord\/\" rel=\"bookmark\" aria-label=\"La disparition des for\u00eats d&rsquo;Afrique du Nord\"><\/a>\r\n\t\t\t\t<div class=\"w-hwrapper usg_hwrapper_1 align_left valign_top\"><div class=\"w-post-elm post_title usg_post_title_1 entry-title color_link_inherit has_text_color\">La disparition des for\u00eats d&rsquo;Afrique du Nord<\/div><time class=\"w-post-elm post_date usg_post_date_1 entry-date published\" datetime=\"2026-04-10T18:14:53+00:00\">04\/10\/2026<\/time><\/div>\t<\/div>\r\n<\/article>\r\n<article class=\"w-grid-item size_1x1 post-46597 post type-post status-publish format-standard hentry category-sin-categoria-fr\" data-id=\"46597\">\r\n\t<div class=\"w-grid-item-h\">\r\n\t\t\t\t\t<a class=\"w-grid-item-anchor\" href=\"https:\/\/www.northafricatrees.org\/fr\/nueva-revision-general-de-la-web\/\" rel=\"bookmark\" aria-label=\"Nouvelles r\u00e9visions taxonomiques et additions sur le web.\"><\/a>\r\n\t\t\t\t<div class=\"w-hwrapper usg_hwrapper_1 align_left valign_top\"><div class=\"w-post-elm post_title usg_post_title_1 entry-title color_link_inherit has_text_color\">Nouvelles r\u00e9visions taxonomiques et additions sur le web.<\/div><time class=\"w-post-elm post_date usg_post_date_1 entry-date published\" datetime=\"2023-05-30T16:26:11+00:00\">05\/30\/2023<\/time><\/div>\t<\/div>\r\n<\/article>\r\n<article class=\"w-grid-item size_1x1 post-44530 post type-post status-publish format-standard hentry category-non-classifiee\" data-id=\"44530\">\r\n\t<div class=\"w-grid-item-h\">\r\n\t\t\t\t\t<a class=\"w-grid-item-anchor\" href=\"https:\/\/www.northafricatrees.org\/fr\/deux-nouveautes-importantes-pour-connaitre-et-conserver-la-flore-authoctone-du-maroc-et-de-legypte\/\" rel=\"bookmark\" aria-label=\"Deux nouveaut\u00e9s importantes pour conna\u00eetre et conserver la flore authoctone du Maroc et de l&rsquo;\u00c9gypte\"><\/a>\r\n\t\t\t\t<div class=\"w-hwrapper usg_hwrapper_1 align_left valign_top\"><div class=\"w-post-elm post_title usg_post_title_1 entry-title color_link_inherit has_text_color\">Deux nouveaut\u00e9s importantes pour conna\u00eetre et conserver la flore authoctone du Maroc et de l&rsquo;\u00c9gypte<\/div><time class=\"w-post-elm post_date usg_post_date_1 entry-date published\" datetime=\"2022-12-04T11:44:46+00:00\">12\/04\/2022<\/time><\/div>\t<\/div>\r\n<\/article>\r\n<article class=\"w-grid-item size_1x1 post-43648 post type-post status-publish format-standard hentry category-sin-categoria-fr\" data-id=\"43648\">\r\n\t<div class=\"w-grid-item-h\">\r\n\t\t\t\t\t<a class=\"w-grid-item-anchor\" href=\"https:\/\/www.northafricatrees.org\/fr\/presentacion-de-la-web-y-mas-descripciones-de-especies\/\" rel=\"bookmark\" aria-label=\"Pr\u00e9sentation du site web et ajout de nouvelles descriptions d&rsquo;esp\u00e8ces\"><\/a>\r\n\t\t\t\t<div class=\"w-hwrapper usg_hwrapper_1 align_left valign_top\"><div class=\"w-post-elm post_title usg_post_title_1 entry-title color_link_inherit has_text_color\">Pr\u00e9sentation du site web et ajout de nouvelles descriptions d&rsquo;esp\u00e8ces<\/div><time class=\"w-post-elm post_date usg_post_date_1 entry-date published\" datetime=\"2022-06-19T09:14:51+00:00\">06\/19\/2022<\/time><\/div>\t<\/div>\r\n<\/article>\r\n<article class=\"w-grid-item size_1x1 post-43639 post type-post status-publish format-standard hentry category-sin-categoria-fr\" data-id=\"43639\">\r\n\t<div class=\"w-grid-item-h\">\r\n\t\t\t\t\t<a class=\"w-grid-item-anchor\" href=\"https:\/\/www.northafricatrees.org\/fr\/adenocarpus-faurei-se-extingue-la-primera-especie-lenosa-del-norte-de-africa\/\" rel=\"bookmark\" aria-label=\"Adenocarpus faurei, la premi\u00e8re esp\u00e8ce ligneuse du nord de l&rsquo;Afrique \u00e0 s&rsquo;\u00e9teindre\"><\/a>\r\n\t\t\t\t<div class=\"w-hwrapper usg_hwrapper_1 align_left valign_top\"><div class=\"w-post-elm post_title usg_post_title_1 entry-title color_link_inherit has_text_color\">Adenocarpus faurei, la premi\u00e8re esp\u00e8ce ligneuse du nord de l&rsquo;Afrique \u00e0 s&rsquo;\u00e9teindre<\/div><time class=\"w-post-elm post_date usg_post_date_1 entry-date published\" datetime=\"2022-06-19T09:00:35+00:00\">06\/19\/2022<\/time><\/div>\t<\/div>\r\n<\/article>\r\n<article class=\"w-grid-item size_1x1 post-39688 post type-post status-publish format-standard hentry category-sin-categoria-fr\" data-id=\"39688\">\r\n\t<div class=\"w-grid-item-h\">\r\n\t\t\t\t\t<a class=\"w-grid-item-anchor\" href=\"https:\/\/www.northafricatrees.org\/fr\/prueba-2\/\" rel=\"bookmark\" aria-label=\"Statut vert des esp\u00e8ces de l\u2019UICN\"><\/a>\r\n\t\t\t\t<div class=\"w-hwrapper usg_hwrapper_1 align_left valign_top\"><div class=\"w-post-elm post_title usg_post_title_1 entry-title color_link_inherit has_text_color\">Statut vert des esp\u00e8ces de l\u2019UICN<\/div><time class=\"w-post-elm post_date usg_post_date_1 entry-date published\" datetime=\"2021-08-16T11:39:34+00:00\">08\/16\/2021<\/time><\/div>\t<\/div>\r\n<\/article>\r\n<article class=\"w-grid-item size_1x1 post-37573 post type-post status-publish format-standard has-post-thumbnail hentry category-sin-categoria-fr\" data-id=\"37573\">\r\n\t<div class=\"w-grid-item-h\">\r\n\t\t\t\t\t<a class=\"w-grid-item-anchor\" href=\"https:\/\/www.northafricatrees.org\/fr\/deux-nouveaux-experts-se-joignent-a-la-revision-des-especes\/\" rel=\"bookmark\" aria-label=\"Deux nouveaux experts se joignent \u00e0 la r\u00e9vision des esp\u00e8ces.\"><\/a>\r\n\t\t\t\t<div class=\"w-hwrapper usg_hwrapper_1 align_left valign_top\"><div class=\"w-post-elm post_title usg_post_title_1 entry-title color_link_inherit has_text_color\">Deux nouveaux experts se joignent \u00e0 la r\u00e9vision des esp\u00e8ces.<\/div><time class=\"w-post-elm post_date usg_post_date_1 entry-date published\" datetime=\"2021-08-10T11:41:45+00:00\">08\/10\/2021<\/time><\/div>\t<\/div>\r\n<\/article>\r\n<article class=\"w-grid-item size_1x1 post-36708 post type-post status-publish format-standard has-post-thumbnail hentry category-sin-categoria-fr\" data-id=\"36708\">\r\n\t<div class=\"w-grid-item-h\">\r\n\t\t\t\t\t<a class=\"w-grid-item-anchor\" href=\"https:\/\/www.northafricatrees.org\/fr\/prueba\/\" rel=\"bookmark\" aria-label=\"Gr\u00e2ce \u00e0 la revue botanique Al Yasmina, tout le contenu de la \u00ab\u00a0Flore de l\u2019Afrique du Nord\u00a0\u00bb de Ren\u00e9 Maire est d\u00e9sormais ais\u00e9ment consultable.\"><\/a>\r\n\t\t\t\t<div class=\"w-hwrapper usg_hwrapper_1 align_left valign_top\"><div class=\"w-post-elm post_title usg_post_title_1 entry-title color_link_inherit has_text_color\">Gr\u00e2ce \u00e0 la revue botanique Al Yasmina, tout le contenu de la \u00ab\u00a0Flore de l\u2019Afrique du Nord\u00a0\u00bb de Ren\u00e9 Maire est d\u00e9sormais ais\u00e9ment consultable.<\/div><time class=\"w-post-elm post_date usg_post_date_1 entry-date published\" datetime=\"2021-08-08T12:09:14+00:00\">08\/08\/2021<\/time><\/div>\t<\/div>\r\n<\/article>\r\n<\/div><div class=\"w-grid-preloader\"><div class=\"g-preloader type_1\">\r\n\t<div><\/div>\r\n<\/div>\r\n<\/div>\t<div class=\"w-grid-json hidden\" onclick='return {&quot;action&quot;:&quot;us_ajax_grid&quot;,&quot;ajax_url&quot;:&quot;https:\\\/\\\/www.northafricatrees.org\\\/wp-admin\\\/admin-ajax.php&quot;,&quot;infinite_scroll&quot;:0,&quot;max_num_pages&quot;:1,&quot;pagination&quot;:&quot;ajax&quot;,&quot;permalink_url&quot;:&quot;https:\\\/\\\/www.northafricatrees.org\\\/fr\\\/wp-json\\\/wp\\\/v2\\\/pages\\\/29654\\\/&quot;,&quot;template_vars&quot;:{&quot;columns&quot;:&quot;1&quot;,&quot;exclude_items&quot;:&quot;none&quot;,&quot;img_size&quot;:&quot;default&quot;,&quot;ignore_items_size&quot;:false,&quot;items_layout&quot;:&quot;7745&quot;,&quot;items_offset&quot;:&quot;1&quot;,&quot;load_animation&quot;:&quot;none&quot;,&quot;overriding_link&quot;:&quot;post&quot;,&quot;post_id&quot;:29705,&quot;query_args&quot;:{&quot;post_type&quot;:[&quot;post&quot;],&quot;post_status&quot;:[&quot;publish&quot;,&quot;acf-disabled&quot;,&quot;dp-rewrite-republish&quot;],&quot;posts_per_page&quot;:&quot;5&quot;},&quot;orderby_query_args&quot;:{&quot;orderby&quot;:{&quot;date&quot;:&quot;DESC&quot;}},&quot;type&quot;:&quot;grid&quot;,&quot;us_grid_ajax_index&quot;:1,&quot;us_grid_filter_params&quot;:null,&quot;us_grid_index&quot;:1,&quot;_us_grid_post_type&quot;:&quot;post&quot;,&quot;lang&quot;:&quot;fr&quot;}}'><\/div>\r\n\t<\/div><\/div><\/div><\/div><\/div><\/div><\/section>\n<\/div><\/div><\/div><\/div><\/div><\/section>\n<\/div>","protected":false},"excerpt":{"rendered":"Les \u00e9tudes botaniques sur l\u2019Afrique du Nord au milieu du XXe si\u00e8cle commen\u00e7aient \u00e0 \u00eatre abondantes et de plus en plus de qualit\u00e9 mais dispers\u00e9es. C\u2019est pourquoi Ren\u00e9 Maire, professeur \u00e0 l\u2019Universit\u00e9 d\u2019Alger, a relev\u00e9 le grand d\u00e9fi de cr\u00e9er la monumentale Flore de l\u2019Afrique du Nord. L\u2019apparition de son premier volume, en 1952, fut...","protected":false},"author":1,"featured_media":0,"parent":29648,"menu_order":0,"comment_status":"closed","ping_status":"closed","template":"","meta":[],"yoast_head":"<!-- This site is optimized with the Yoast SEO plugin v15.6.2 - https:\/\/yoast.com\/wordpress\/plugins\/seo\/ -->\n<title>Impact des esp\u00e8ces exotiques envahissantes - North Africa Trees<\/title>\n<meta name=\"robots\" content=\"index, follow, max-snippet:-1, max-image-preview:large, max-video-preview:-1\" \/>\n<link rel=\"canonical\" href=\"https:\/\/www.northafricatrees.org\/fr\/pourquoi-uniquement-les-especes-autochtones\/impact-des-especes-exotiques\/\" \/>\n<meta property=\"og:locale\" content=\"fr_FR\" \/>\n<meta property=\"og:type\" content=\"article\" \/>\n<meta property=\"og:title\" content=\"Impact des esp\u00e8ces exotiques envahissantes - North Africa Trees\" \/>\n<meta property=\"og:url\" content=\"https:\/\/www.northafricatrees.org\/fr\/pourquoi-uniquement-les-especes-autochtones\/impact-des-especes-exotiques\/\" \/>\n<meta property=\"og:site_name\" content=\"North Africa Trees\" \/>\n<meta property=\"article:modified_time\" content=\"2023-01-08T17:16:49+00:00\" \/>\n<meta property=\"og:image\" content=\"https:\/\/www.northafricatrees.org\/wp-content\/uploads\/2020\/12\/especies-de-plantas-autoctonas-1024x420.jpg\" \/>\n<meta name=\"twitter:card\" content=\"summary_large_image\" \/>\n<meta name=\"twitter:label1\" content=\"Dur\u00e9e de lecture est.\">\n\t<meta name=\"twitter:data1\" content=\"9 minutes\">\n<script type=\"application\/ld+json\" class=\"yoast-schema-graph\">{\"@context\":\"https:\/\/schema.org\",\"@graph\":[{\"@type\":\"Organization\",\"@id\":\"https:\/\/www.northafricatrees.org\/#organization\",\"name\":\"North \\u00e1frica trees\",\"url\":\"https:\/\/www.northafricatrees.org\/\",\"sameAs\":[],\"logo\":{\"@type\":\"ImageObject\",\"@id\":\"https:\/\/www.northafricatrees.org\/#logo\",\"inLanguage\":\"fr-FR\",\"url\":\"https:\/\/www.northafricatrees.org\/wp-content\/uploads\/2020\/10\/logo-north-africa-trees.png\",\"width\":80,\"height\":70,\"caption\":\"North \\u00e1frica trees\"},\"image\":{\"@id\":\"https:\/\/www.northafricatrees.org\/#logo\"}},{\"@type\":\"WebSite\",\"@id\":\"https:\/\/www.northafricatrees.org\/#website\",\"url\":\"https:\/\/www.northafricatrees.org\/\",\"name\":\"North Africa Trees\",\"description\":\"\\u00c1rboles y arbustos aut\\u00f3ctonos del Norte de \\u00c1frica\",\"publisher\":{\"@id\":\"https:\/\/www.northafricatrees.org\/#organization\"},\"potentialAction\":[{\"@type\":\"SearchAction\",\"target\":\"https:\/\/www.northafricatrees.org\/?s={search_term_string}\",\"query-input\":\"required name=search_term_string\"}],\"inLanguage\":\"fr-FR\"},{\"@type\":\"ImageObject\",\"@id\":\"https:\/\/www.northafricatrees.org\/fr\/pourquoi-uniquement-les-especes-autochtones\/impact-des-especes-exotiques\/#primaryimage\",\"inLanguage\":\"fr-FR\",\"url\":\"https:\/\/www.northafricatrees.org\/wp-content\/uploads\/2020\/12\/especies-de-plantas-autoctonas.jpg\",\"width\":1297,\"height\":532,\"caption\":\"Las especies de plantas aut\\u00f3ctonas a su vez mantienen a numerosas especies de fauna aut\\u00f3ctona por lo que la conservaci\\u00f3n de estas plantas es de vital importancia para todo el ecosistema. Jes\\u00fas Charco.\"},{\"@type\":\"WebPage\",\"@id\":\"https:\/\/www.northafricatrees.org\/fr\/pourquoi-uniquement-les-especes-autochtones\/impact-des-especes-exotiques\/#webpage\",\"url\":\"https:\/\/www.northafricatrees.org\/fr\/pourquoi-uniquement-les-especes-autochtones\/impact-des-especes-exotiques\/\",\"name\":\"Impact des esp\\u00e8ces exotiques envahissantes - North Africa Trees\",\"isPartOf\":{\"@id\":\"https:\/\/www.northafricatrees.org\/#website\"},\"primaryImageOfPage\":{\"@id\":\"https:\/\/www.northafricatrees.org\/fr\/pourquoi-uniquement-les-especes-autochtones\/impact-des-especes-exotiques\/#primaryimage\"},\"datePublished\":\"2020-12-15T13:29:55+00:00\",\"dateModified\":\"2023-01-08T17:16:49+00:00\",\"inLanguage\":\"fr-FR\",\"potentialAction\":[{\"@type\":\"ReadAction\",\"target\":[\"https:\/\/www.northafricatrees.org\/fr\/pourquoi-uniquement-les-especes-autochtones\/impact-des-especes-exotiques\/\"]}]}]}<\/script>\n<!-- \/ Yoast SEO plugin. -->","_links":{"self":[{"href":"https:\/\/www.northafricatrees.org\/fr\/wp-json\/wp\/v2\/pages\/29654"}],"collection":[{"href":"https:\/\/www.northafricatrees.org\/fr\/wp-json\/wp\/v2\/pages"}],"about":[{"href":"https:\/\/www.northafricatrees.org\/fr\/wp-json\/wp\/v2\/types\/page"}],"author":[{"embeddable":true,"href":"https:\/\/www.northafricatrees.org\/fr\/wp-json\/wp\/v2\/users\/1"}],"replies":[{"embeddable":true,"href":"https:\/\/www.northafricatrees.org\/fr\/wp-json\/wp\/v2\/comments?post=29654"}],"version-history":[{"count":0,"href":"https:\/\/www.northafricatrees.org\/fr\/wp-json\/wp\/v2\/pages\/29654\/revisions"}],"up":[{"embeddable":true,"href":"https:\/\/www.northafricatrees.org\/fr\/wp-json\/wp\/v2\/pages\/29648"}],"wp:attachment":[{"href":"https:\/\/www.northafricatrees.org\/fr\/wp-json\/wp\/v2\/media?parent=29654"}],"curies":[{"name":"wp","href":"https:\/\/api.w.org\/{rel}","templated":true}]}}