{"id":29629,"date":"2020-12-15T15:11:02","date_gmt":"2020-12-15T15:11:02","guid":{"rendered":"https:\/\/www.northafricatrees.org\/el-proyecto\/descripcion-de-especies\/"},"modified":"2023-01-08T16:34:48","modified_gmt":"2023-01-08T16:34:48","slug":"description-des-especes","status":"publish","type":"page","link":"https:\/\/www.northafricatrees.org\/fr\/le-project\/description-des-especes\/","title":{"rendered":"Description des esp\u00e8ces"},"content":{"rendered":"<div class=\"wpb-content-wrapper\"><section class=\"l-section wpb_row height_medium\"><div class=\"l-section-h i-cf\"><div class=\"g-cols vc_row type_default valign_top\"><div class=\"vc_col-sm-8 wpb_column vc_column_container\"><div class=\"vc_column-inner\"><div class=\"wpb_wrapper\">[vc_custom_heading text=\u00a0\u00bbDescription des esp\u00e8ces\u00a0\u00bb font_container=\u00a0\u00bbtag:h1|text_align:left\u00a0\u00bb use_theme_fonts=\u00a0\u00bbyes\u00a0\u00bb]<div class=\"wpb_text_column\" ><div class=\"wpb_wrapper\"><p>Le site Web est structur\u00e9 de mani\u00e8re \u00e0 ce qu\u2019il soit le plus simple possible \u00e0 utiliser. Il est ainsi possible d\u2019acc\u00e9der \u00e0 une famille, un genre ou une esp\u00e8ce en \u00e9crivant directement son nom dans le moteur de recherche.<\/p>\n<p>Si l\u2019on ne connait pas le nom de l\u2019esp\u00e8ce, mais au moins celui de la famille \u00e0 laquelle elle appartient, il est possible de le rechercher dans la liste des familles disponible, ou bien de l\u2019\u00e9crire dans le moteur de recherche. Apparaitra alors une br\u00e8ve description de la famille, et dans certains cas une ou plusieurs r\u00e9f\u00e9rences bibliographiques permettant de mieux la conna\u00eetre. Si la famille comprend plus d\u2019un genre, la cl\u00e9 de genres s\u2019affichera. Une fois le genre qui nous int\u00e9resse identifi\u00e9, un simple clic fera appara\u00eetre une br\u00e8ve description de ce dernier, une bibliographie pertinente et, s\u2019il comprend plus d\u2019une esp\u00e8ce, la cl\u00e9 de ses esp\u00e8ces. Une fois l\u2019esp\u00e8ce identifi\u00e9e, un simple clic fera appara\u00eetre une description d\u00e9taill\u00e9e de cette derni\u00e8re, agr\u00e9ment\u00e9e de photos et d\u2019une carte de r\u00e9partition.<\/p>\n<p>Le langage utilis\u00e9 dans les cl\u00e9s a \u00e9t\u00e9 le moins technique possible afin de faciliter leur compr\u00e9hension par les amateurs\u00a0; n\u00e9anmoins, en cas de doute sur un terme donn\u00e9, vous pouvez consulter le glossaire fourni sur le site ou l\u2019un des dictionnaires de botanique existant.<\/p>\n<p>La description de chaque esp\u00e8ce est pr\u00e9c\u00e9d\u00e9e du nom scientifique accept\u00e9, accompagn\u00e9 le cas \u00e9ch\u00e9ant de ses synonymes et des noms communs en plusieurs langues\u00a0; vient ensuite la description morphologique qui commence habituellement par le port, c\u2019est-\u00e0-dire s\u2019il s\u2019agit d\u2019un arbre, un arbuste, un arbrisseau ou une liane, pouvant \u00eatre dress\u00e9, rampant, grimpant, etc.<\/p>\n<p>L\u2019information relative au port semble peu pertinente car, bien que divers param\u00e8tres prenant en compte la hauteur et la ramification du tronc aient \u00e9t\u00e9 \u00e9tablis, ce crit\u00e8re n\u2019est pas tr\u00e8s applicable dans le N. de l\u2019Afrique. Dans cette r\u00e9gion, en milieu m\u00e9diterran\u00e9en, les arbres sont g\u00e9n\u00e9ralement plus petits qu\u2019en Europe ou en Afrique tropicale, et ils atteignent des tailles de plus en plus r\u00e9duites du fait de l\u2019aridification du terrain. En d\u2019autres termes, au fur et \u00e0 mesure que les sols se font plus minces en raison de l&rsquo;\u00e9rosion et de la d\u00e9sertification qui affectent la r\u00e9gion, plus r\u00e9duites sont les proportions atteintes par les arbres qui y naissent. La perte de sol y \u00e9tant tr\u00e8s grave, les arbres tendent de plus en plus \u00e0 pr\u00e9senter des troncs courts et tortueux\u00a0; cela est \u00e9galement d\u00fb \u00e0 la pression excessive du b\u00e9tail, ainsi qu\u2019\u00e0 la disparition du milieu forestier ombrag\u00e9 primitif\u00a0: la lumi\u00e8re du soleil leur parvenant directement, ils n\u2019ont pas besoin de pousser rapidement en hauteur pour chercher la lumi\u00e8re entre les cimes des autres arbres, comme le faisaient leurs anc\u00eatres des si\u00e8cles auparavant. Les grands arbres et arbustes que l\u2019on peut encore observer sur le terrain sont des vestiges du pass\u00e9, des pieds centenaires qui se sont d\u00e9velopp\u00e9s dans de meilleures conditions \u00e9cologiques qu&rsquo;aujourd\u2019hui. Il en va de m\u00eame avec les arbustes, la pression du b\u00e9tail \u00e0 laquelle ils sont soumis retardant et alt\u00e9rant leur croissance normale et d\u00e9formant leurs branches et feuilles, leur conf\u00e9rant souvent un port tr\u00e8s \u00e9loign\u00e9 de celui qu\u2019ils pr\u00e9senteraient en conditions naturelles.<\/p>\n<p>Il convient d\u2019\u00eatre prudents avec la description de la forme et de la taille des feuilles. Une m\u00eame esp\u00e8ce pr\u00e9sentera des feuilles plus grandes et plus souples en milieu humide, alors qu&rsquo;elles tendront \u00e0 \u00eatre plus petites et coriaces en milieu tr\u00e8s sec. De m\u00eame, chez les esp\u00e8ces plus ou moins \u00e9pineuses, plus l\u2019habitat sera sec, plus les ramilles, \u00e9pines et feuilles seront vuln\u00e9rantes. Les mesures du limbe pr\u00e9sent\u00e9es ici correspondent normalement aux extr\u00eames observ\u00e9s, soit directement sur le terrain, soit au sein de la litt\u00e9rature. Les mesures entre parenth\u00e8ses plac\u00e9es au d\u00e9but et\/ou \u00e0 la fin des valeurs indiquent des mesures extr\u00eames exceptionnelles. Ainsi, dans l\u2019exemple de mesures longitudinales d\u2019une feuille de (10)15-20(25)\u00a0mm, les dimensions habituelles minimale et maximale sont de 15-20\u00a0mm, tandis que, de mani\u00e8re exceptionnelle, des feuilles de seulement 10\u00a0mm et d\u2019autres de jusqu\u2019\u00e0 25\u00a0mm de long ont \u00e9t\u00e9 observ\u00e9es.<\/p>\n<p>Deux facteurs importants doivent \u00eatre pris en compte pour les \u00e9poques de floraison et de fructification. En premier lieu, les dates indiqu\u00e9es se r\u00e9f\u00e8rent g\u00e9n\u00e9ralement \u00e0 l\u2019ensemble de l\u2019aire de r\u00e9partition de l\u2019esp\u00e8ce dans le N. de l\u2019Afrique, et il convient donc de consid\u00e9rer que la floraison a lieu plus t\u00f4t dans les zones plus chaudes et plus tard dans les zones plus froides. Il est donc n\u00e9cessaire de tenir compte \u00e9galement des gradients altitudinaux et longitudinaux. Ainsi, tandis que dans les r\u00e9gions c\u00f4ti\u00e8res et les d\u00e9pressions plus chaudes et humides de l\u2019int\u00e9rieur les plantes peuvent commencer \u00e0 fleurir en f\u00e9vrier, la floraison des m\u00eames esp\u00e8ces ne d\u00e9butera qu\u2019en mars, en avril voire en mai dans les montagnes et les plateaux int\u00e9rieurs. L\u2019autre facteur \u00e0 garder en m\u00e9moire est que dans les r\u00e9gions sahariennes, de nombreuses esp\u00e8ces fleurissent de mani\u00e8re intemporelle, la floraison d\u00e9pendant parfois exclusivement des pr\u00e9cipitations.<\/p>\n<div id=\"attachment_14750\" style=\"width: 1309px\" class=\"wp-caption alignnone\"><img aria-describedby=\"caption-attachment-14750\" loading=\"lazy\" class=\"wp-image-14750 size-full\" src=\"https:\/\/www.northafricatrees.org\/wp-content\/uploads\/2020\/12\/vachellia-seyal.jpg\" alt=\"Vachellia Seyal\" width=\"1299\" height=\"901\" srcset=\"https:\/\/www.northafricatrees.org\/wp-content\/uploads\/2020\/12\/vachellia-seyal.jpg 1299w, https:\/\/www.northafricatrees.org\/wp-content\/uploads\/2020\/12\/vachellia-seyal-300x208.jpg 300w, https:\/\/www.northafricatrees.org\/wp-content\/uploads\/2020\/12\/vachellia-seyal-1024x710.jpg 1024w\" sizes=\"(max-width: 1299px) 100vw, 1299px\" \/><p id=\"caption-attachment-14750\" class=\"wp-caption-text\"><strong>Vachellia seyal<\/strong>. Rameau pr\u00e9sentant des feuilles et des inflorescences \u00e0 divers moments de l\u2019anth\u00e8se. Jes\u00fas Charco.<\/p><\/div>\n<p>Pour appuyer les cl\u00e9s d\u2019identification et les descriptions des esp\u00e8ces, le pr\u00e9sent guide contient plus de 3000 photographies, qui permettent dans bien des cas une identification rapide. Il est cependant d\u00e9conseill\u00e9 de proc\u00e9der \u00e0 une identification sur la seule base des photographies, qui ne sont destin\u00e9es qu\u2019\u00e0 compl\u00e9ter les informations pr\u00e9sent\u00e9es dans les cl\u00e9s et les descriptions. Le travail photographique a \u00e9t\u00e9 r\u00e9alis\u00e9 en veillant \u00e0 ne pas endommager les plantes, en particulier les plus rares, qui ont syst\u00e9matiquement \u00e9t\u00e9 trait\u00e9es avec une attention particuli\u00e8re. Il a en permanence \u00e9t\u00e9 tenu compte du fait que l\u2019exc\u00e8s de collecte d\u2019\u00e9chantillons nuit gravement aux peuplements les plus r\u00e9duits. C&rsquo;est pour cette raison qu&rsquo;aucun \u00e9chantillon n&rsquo;a fait l&rsquo;objet de collecte ou d&rsquo;herborisation au cours de la r\u00e9alisation de ce travail.<\/p>\n<p><strong>Les c<span class=\"VIiyi\" lang=\"fr\"><span class=\"JLqJ4b ChMk0b\" data-language-for-alternatives=\"fr\" data-language-to-translate-into=\"es\" data-phrase-index=\"0\">artes de r\u00e9partition des esp\u00e8ces<\/span><\/span><br \/>\n<\/strong><\/p>\n<p>Une nouveaut\u00e9 importante offerte par cette \u00e9dition Web est de pouvoir rechercher les esp\u00e8ces connues dans une zone concr\u00e8te. Ainsi, si vous souhaitez vous pencher sur une r\u00e9gion et savoir quelles esp\u00e8ces elle abrite, il suffit de la tracer sur la carte, faisant appara\u00eetre une liste de toutes les esp\u00e8ces connues dans cette zone. Il s\u2019agit d\u2019un outil particuli\u00e8rement utile pour tous ceux qui explorent le terrain, leur permettant de disposer d\u2019une liste des esp\u00e8ces pr\u00e9sentes et d\u2019\u00e9tablir d\u2019\u00e9ventuelles omissions. Dans ce cas, si les auteurs d\u2019une d\u00e9couverte envoient de bonnes photographies et une s\u00e9rie de donn\u00e9es requises (voir la section \u00ab\u00a0recherche par carte\u00a0\u00bb, leur d\u00e9couverte peut contribuer \u00e0 l\u2019am\u00e9lioration des cartes et des listes associ\u00e9es.<\/p>\n<p>Le N. de l\u2019Afrique n\u2019ayant pas \u00e9t\u00e9 encore suffisamment explor\u00e9 sur le plan botanique, certaines esp\u00e8ces ne b\u00e9n\u00e9ficient que d\u2019une information partielle et impr\u00e9cise\u00a0; les limites des aires de r\u00e9partition indiqu\u00e9es dans les cartes de ce guide ne doivent donc pas \u00eatre consid\u00e9r\u00e9es comme d\u00e9finitives, ne correspondant qu\u2019\u00e0 une estimation. Nous esp\u00e9rons, avec l\u2019aide de tous et toutes, pouvoir les am\u00e9liorer dans les prochaines ann\u00e9es.<\/p>\n<p><strong>L&rsquo;usage des plantes<\/strong><\/p>\n<p>Concernant l&rsquo;usage des plantes, et apr\u00e8s plusieurs discussions, Il a \u00e9t\u00e9 d\u00e9cid\u00e9 de ne pas inclure les usages possibles des plantes afin de ne pas encourager leur utilisation \u00e0 des fins n\u2019ayant pas toujours fait l&rsquo;objet d&rsquo;une confirmation scientifique et dont les r\u00e9sultats s&rsquo;av\u00e8rent dans la plupart des cas douteux, qui ne contribuent \u00e0 l&rsquo;\u00e9conomie d\u2019aucun pays et qui, au contraire, menacent la survie de nombreuses esp\u00e8ces de flore (et leur faune associ\u00e9e). En r\u00e8gle g\u00e9n\u00e9rale, les utilisations ne seront cit\u00e9es que lorsqu&rsquo;elles sont b\u00e9n\u00e9fiques pour l&rsquo;environnement. (en entendant par exemple comme b\u00e9n\u00e9fiques pour l\u2019environnement les usages les plus utiles pour la restauration \u00e9cologique). Cette d\u00e9cision a \u00e9t\u00e9 prise parce que de nombreuses esp\u00e8ces sont pr\u00e9cis\u00e9ment menac\u00e9es par une collecte excessive.<\/p>\n<p>Il existe pour le nord de l\u2019Afrique des centaines de publications sur l&rsquo;utilisation des plantes sauvages, sur leurs propri\u00e9t\u00e9s nutritionnelles pour l&rsquo;homme et les animaux, leurs usages m\u00e9dicinaux, v\u00e9t\u00e9rinaires et magiques, leurs huiles essentielles, les propri\u00e9t\u00e9s des diff\u00e9rentes essences de bois, etc. Ces questions font continuellement l\u2019objet de publications de divers types, et les gens collectent de plus en plus de plantes dans la nature en raison de leurs propri\u00e9t\u00e9s r\u00e9elles ou imaginaires.<\/p>\n<p>Depuis la fin du XXe si\u00e8cle, un cri d\u2019alarme a \u00e9t\u00e9 lanc\u00e9 pour d\u00e9noncer les abus en mati\u00e8re de collecte de plantes sauvages. Ainsi, dans la Liste rouge des plantes vasculaires d&rsquo;\u00c9gypte (<em>Flora Aegyptiaca<\/em> Vol 1, 2000), en citant <em>Cleome droserifolia<\/em>, il \u00e9tait indiqu\u00e9 que \u00ab L&rsquo;exploitation s\u00e9v\u00e8re comme plante m\u00e9dicinale a conduit \u00e0 la disparition de ses populations de zones consid\u00e9rables \u00bb.<\/p>\n<p>Plus r\u00e9cemment (2018), l&rsquo;UICN a publi\u00e9 le livre <a href=\"https:\/\/www.iucn.org\/content\/conserving-wild-plants-south-and-east-mediterranean-region\"><em>Conserving wild plants in the South and East Mediterranean region<\/em><\/a>. Les auteurs de chaque pays y ont indiqu\u00e9 quelles \u00e9taient les principales menaces pour la flore. Parmi les menaces les plus cit\u00e9es sp\u00e9cifiquement : r\u00e9colte de plantes ; r\u00e9colte incontr\u00f4l\u00e9e de plantes pour la m\u00e9decine et\/ou l&rsquo;alimentation ; r\u00e9colte de plantes m\u00e9dicinales; collecte excessive de plantes m\u00e9dicinales ; r\u00e9colte de plantes non durable ; surexploitation des ressources locales \u2011plantes alimentaires &#8230; plantes aromatiques et m\u00e9dicinales.<\/p>\n<p>Dans la <em>Liste rouge des esp\u00e8ces menac\u00e9es de l&rsquo;UICN<\/em>, leur utilisation directe par l&rsquo;homme est express\u00e9ment indiqu\u00e9e entre les menaces pour la conservation des plantes. Parmi les esp\u00e8ces v\u00e9g\u00e9tales \u00e9valu\u00e9es dans le monde, 3\u00a0420 esp\u00e8ces sont menac\u00e9es par la r\u00e9colte (dont beaucoup sont herbac\u00e9es). En outre, 26\u00a0590 esp\u00e8ces sont menac\u00e9es par l&rsquo;exploitation foresti\u00e8re et la r\u00e9colte de bois . <a href=\"https:\/\/www.iucnredlist.org\/search\">https:\/\/www.iucnredlist.org\/search<\/a><\/p>\n<\/div><\/div><\/div><\/div><\/div><div class=\"vc_col-sm-4 wpb_column vc_column_container\"><div class=\"vc_column-inner\"><div class=\"wpb_wrapper\"><section class=\"l-section wpb_row us_custom_675bc7c9 height_medium width_full aside\"><div class=\"l-section-h i-cf\"><div class=\"g-cols vc_row type_default valign_top\"><div class=\"vc_col-sm-12 wpb_column vc_column_container\"><div class=\"vc_column-inner\"><div class=\"wpb_wrapper\"><div class=\"g-cols wpb_row  us_custom_39c264d6 type_default valign_top vc_inner mapaAside\"><div class=\"vc_col-sm-12 wpb_column vc_column_container\"><div class=\"vc_column-inner\"><div class=\"wpb_wrapper\"><div class=\"w-btn-wrapper width_auto align_center\"><a class=\"w-btn us-btn-style_1\" title=\"Recherche G\u00e9ographique\" href=\"https:\/\/www.northafricatrees.org\/fr\/recherche-geographique\/\"><span class=\"w-btn-label\">Recherche G\u00e9ographique<\/span><\/a><\/div><\/div><\/div><\/div><\/div>[vc_custom_heading text=\u00a0\u00bbActualit\u00e9s\u00a0\u00bb font_container=\u00a0\u00bbtag:p|text_align:left\u00a0\u00bb use_theme_fonts=\u00a0\u00bbyes\u00a0\u00bb css=\u00a0\u00bb%7B%22default%22%3A%7B%22color%22%3A%22%23185c29%22%2C%22font-weight%22%3A%22600%22%2C%22font-size%22%3A%221.2rem%22%2C%22margin-bottom%22%3A%220.5rem%22%7D%7D\u00a0\u00bb el_class=\u00a0\u00bbnoticias-title\u00a0\u00bb]<div class=\"w-grid us_custom_37fa7882 listaNews type_grid layout_7745\" id=\"us_grid_1\" data-filterable=\"true\"><style id=\"us_grid_1_css\">#us_grid_1 .w-grid-item:not(:last-child){margin-bottom:0.5rem}#us_grid_1 .g-loadmore{margin-top:0.5rem}<\/style><style>.layout_7745 .w-grid-item-h{}.layout_7745 .usg_post_title_1{color:#484848!important;font-weight:300!important;font-size:0.9rem!important}.layout_7745 .usg_post_date_1{font-weight:300!important;font-size:0.9rem!important}<\/style><div class=\"w-grid-list\" ><article class=\"w-grid-item size_1x1 post-47124 post type-post status-publish format-standard hentry category-non-classifiee\" data-id=\"47124\">\r\n\t<div class=\"w-grid-item-h\">\r\n\t\t\t\t\t<a class=\"w-grid-item-anchor\" href=\"https:\/\/www.northafricatrees.org\/fr\/la-disparition-des-forets-dafrique-du-nord\/\" rel=\"bookmark\" aria-label=\"La disparition des for\u00eats d&rsquo;Afrique du Nord\"><\/a>\r\n\t\t\t\t<div class=\"w-hwrapper usg_hwrapper_1 align_left valign_top\"><div class=\"w-post-elm post_title usg_post_title_1 entry-title color_link_inherit has_text_color\">La disparition des for\u00eats d&rsquo;Afrique du Nord<\/div><time class=\"w-post-elm post_date usg_post_date_1 entry-date published\" datetime=\"2026-04-10T18:14:53+00:00\">04\/10\/2026<\/time><\/div>\t<\/div>\r\n<\/article>\r\n<article class=\"w-grid-item size_1x1 post-46597 post type-post status-publish format-standard hentry category-sin-categoria-fr\" data-id=\"46597\">\r\n\t<div class=\"w-grid-item-h\">\r\n\t\t\t\t\t<a class=\"w-grid-item-anchor\" href=\"https:\/\/www.northafricatrees.org\/fr\/nueva-revision-general-de-la-web\/\" rel=\"bookmark\" aria-label=\"Nouvelles r\u00e9visions taxonomiques et additions sur le web.\"><\/a>\r\n\t\t\t\t<div class=\"w-hwrapper usg_hwrapper_1 align_left valign_top\"><div class=\"w-post-elm post_title usg_post_title_1 entry-title color_link_inherit has_text_color\">Nouvelles r\u00e9visions taxonomiques et additions sur le web.<\/div><time class=\"w-post-elm post_date usg_post_date_1 entry-date published\" datetime=\"2023-05-30T16:26:11+00:00\">05\/30\/2023<\/time><\/div>\t<\/div>\r\n<\/article>\r\n<article class=\"w-grid-item size_1x1 post-44530 post type-post status-publish format-standard hentry category-non-classifiee\" data-id=\"44530\">\r\n\t<div class=\"w-grid-item-h\">\r\n\t\t\t\t\t<a class=\"w-grid-item-anchor\" href=\"https:\/\/www.northafricatrees.org\/fr\/deux-nouveautes-importantes-pour-connaitre-et-conserver-la-flore-authoctone-du-maroc-et-de-legypte\/\" rel=\"bookmark\" aria-label=\"Deux nouveaut\u00e9s importantes pour conna\u00eetre et conserver la flore authoctone du Maroc et de l&rsquo;\u00c9gypte\"><\/a>\r\n\t\t\t\t<div class=\"w-hwrapper usg_hwrapper_1 align_left valign_top\"><div class=\"w-post-elm post_title usg_post_title_1 entry-title color_link_inherit has_text_color\">Deux nouveaut\u00e9s importantes pour conna\u00eetre et conserver la flore authoctone du Maroc et de l&rsquo;\u00c9gypte<\/div><time class=\"w-post-elm post_date usg_post_date_1 entry-date published\" datetime=\"2022-12-04T11:44:46+00:00\">12\/04\/2022<\/time><\/div>\t<\/div>\r\n<\/article>\r\n<article class=\"w-grid-item size_1x1 post-43648 post type-post status-publish format-standard hentry category-sin-categoria-fr\" data-id=\"43648\">\r\n\t<div class=\"w-grid-item-h\">\r\n\t\t\t\t\t<a class=\"w-grid-item-anchor\" href=\"https:\/\/www.northafricatrees.org\/fr\/presentacion-de-la-web-y-mas-descripciones-de-especies\/\" rel=\"bookmark\" aria-label=\"Pr\u00e9sentation du site web et ajout de nouvelles descriptions d&rsquo;esp\u00e8ces\"><\/a>\r\n\t\t\t\t<div class=\"w-hwrapper usg_hwrapper_1 align_left valign_top\"><div class=\"w-post-elm post_title usg_post_title_1 entry-title color_link_inherit has_text_color\">Pr\u00e9sentation du site web et ajout de nouvelles descriptions d&rsquo;esp\u00e8ces<\/div><time class=\"w-post-elm post_date usg_post_date_1 entry-date published\" datetime=\"2022-06-19T09:14:51+00:00\">06\/19\/2022<\/time><\/div>\t<\/div>\r\n<\/article>\r\n<article class=\"w-grid-item size_1x1 post-43639 post type-post status-publish format-standard hentry category-sin-categoria-fr\" data-id=\"43639\">\r\n\t<div class=\"w-grid-item-h\">\r\n\t\t\t\t\t<a class=\"w-grid-item-anchor\" href=\"https:\/\/www.northafricatrees.org\/fr\/adenocarpus-faurei-se-extingue-la-primera-especie-lenosa-del-norte-de-africa\/\" rel=\"bookmark\" aria-label=\"Adenocarpus faurei, la premi\u00e8re esp\u00e8ce ligneuse du nord de l&rsquo;Afrique \u00e0 s&rsquo;\u00e9teindre\"><\/a>\r\n\t\t\t\t<div class=\"w-hwrapper usg_hwrapper_1 align_left valign_top\"><div class=\"w-post-elm post_title usg_post_title_1 entry-title color_link_inherit has_text_color\">Adenocarpus faurei, la premi\u00e8re esp\u00e8ce ligneuse du nord de l&rsquo;Afrique \u00e0 s&rsquo;\u00e9teindre<\/div><time class=\"w-post-elm post_date usg_post_date_1 entry-date published\" datetime=\"2022-06-19T09:00:35+00:00\">06\/19\/2022<\/time><\/div>\t<\/div>\r\n<\/article>\r\n<article class=\"w-grid-item size_1x1 post-39688 post type-post status-publish format-standard hentry category-sin-categoria-fr\" data-id=\"39688\">\r\n\t<div class=\"w-grid-item-h\">\r\n\t\t\t\t\t<a class=\"w-grid-item-anchor\" href=\"https:\/\/www.northafricatrees.org\/fr\/prueba-2\/\" rel=\"bookmark\" aria-label=\"Statut vert des esp\u00e8ces de l\u2019UICN\"><\/a>\r\n\t\t\t\t<div class=\"w-hwrapper usg_hwrapper_1 align_left valign_top\"><div class=\"w-post-elm post_title usg_post_title_1 entry-title color_link_inherit has_text_color\">Statut vert des esp\u00e8ces de l\u2019UICN<\/div><time class=\"w-post-elm post_date usg_post_date_1 entry-date published\" datetime=\"2021-08-16T11:39:34+00:00\">08\/16\/2021<\/time><\/div>\t<\/div>\r\n<\/article>\r\n<article class=\"w-grid-item size_1x1 post-37573 post type-post status-publish format-standard has-post-thumbnail hentry category-sin-categoria-fr\" data-id=\"37573\">\r\n\t<div class=\"w-grid-item-h\">\r\n\t\t\t\t\t<a class=\"w-grid-item-anchor\" href=\"https:\/\/www.northafricatrees.org\/fr\/deux-nouveaux-experts-se-joignent-a-la-revision-des-especes\/\" rel=\"bookmark\" aria-label=\"Deux nouveaux experts se joignent \u00e0 la r\u00e9vision des esp\u00e8ces.\"><\/a>\r\n\t\t\t\t<div class=\"w-hwrapper usg_hwrapper_1 align_left valign_top\"><div class=\"w-post-elm post_title usg_post_title_1 entry-title color_link_inherit has_text_color\">Deux nouveaux experts se joignent \u00e0 la r\u00e9vision des esp\u00e8ces.<\/div><time class=\"w-post-elm post_date usg_post_date_1 entry-date published\" datetime=\"2021-08-10T11:41:45+00:00\">08\/10\/2021<\/time><\/div>\t<\/div>\r\n<\/article>\r\n<article class=\"w-grid-item size_1x1 post-36708 post type-post status-publish format-standard has-post-thumbnail hentry category-sin-categoria-fr\" data-id=\"36708\">\r\n\t<div class=\"w-grid-item-h\">\r\n\t\t\t\t\t<a class=\"w-grid-item-anchor\" href=\"https:\/\/www.northafricatrees.org\/fr\/prueba\/\" rel=\"bookmark\" aria-label=\"Gr\u00e2ce \u00e0 la revue botanique Al Yasmina, tout le contenu de la \u00ab\u00a0Flore de l\u2019Afrique du Nord\u00a0\u00bb de Ren\u00e9 Maire est d\u00e9sormais ais\u00e9ment consultable.\"><\/a>\r\n\t\t\t\t<div class=\"w-hwrapper usg_hwrapper_1 align_left valign_top\"><div class=\"w-post-elm post_title usg_post_title_1 entry-title color_link_inherit has_text_color\">Gr\u00e2ce \u00e0 la revue botanique Al Yasmina, tout le contenu de la \u00ab\u00a0Flore de l\u2019Afrique du Nord\u00a0\u00bb de Ren\u00e9 Maire est d\u00e9sormais ais\u00e9ment consultable.<\/div><time class=\"w-post-elm post_date usg_post_date_1 entry-date published\" datetime=\"2021-08-08T12:09:14+00:00\">08\/08\/2021<\/time><\/div>\t<\/div>\r\n<\/article>\r\n<\/div><div class=\"w-grid-preloader\"><div class=\"g-preloader type_1\">\r\n\t<div><\/div>\r\n<\/div>\r\n<\/div>\t<div class=\"w-grid-json hidden\" onclick='return {&quot;action&quot;:&quot;us_ajax_grid&quot;,&quot;ajax_url&quot;:&quot;https:\\\/\\\/www.northafricatrees.org\\\/wp-admin\\\/admin-ajax.php&quot;,&quot;infinite_scroll&quot;:0,&quot;max_num_pages&quot;:1,&quot;pagination&quot;:&quot;ajax&quot;,&quot;permalink_url&quot;:&quot;https:\\\/\\\/www.northafricatrees.org\\\/fr\\\/wp-json\\\/wp\\\/v2\\\/pages\\\/29629\\\/&quot;,&quot;template_vars&quot;:{&quot;columns&quot;:&quot;1&quot;,&quot;exclude_items&quot;:&quot;none&quot;,&quot;img_size&quot;:&quot;default&quot;,&quot;ignore_items_size&quot;:false,&quot;items_layout&quot;:&quot;7745&quot;,&quot;items_offset&quot;:&quot;1&quot;,&quot;load_animation&quot;:&quot;none&quot;,&quot;overriding_link&quot;:&quot;post&quot;,&quot;post_id&quot;:29705,&quot;query_args&quot;:{&quot;post_type&quot;:[&quot;post&quot;],&quot;post_status&quot;:[&quot;publish&quot;,&quot;acf-disabled&quot;,&quot;dp-rewrite-republish&quot;],&quot;posts_per_page&quot;:&quot;5&quot;},&quot;orderby_query_args&quot;:{&quot;orderby&quot;:{&quot;date&quot;:&quot;DESC&quot;}},&quot;type&quot;:&quot;grid&quot;,&quot;us_grid_ajax_index&quot;:1,&quot;us_grid_filter_params&quot;:null,&quot;us_grid_index&quot;:1,&quot;_us_grid_post_type&quot;:&quot;post&quot;,&quot;lang&quot;:&quot;fr&quot;}}'><\/div>\r\n\t<\/div><\/div><\/div><\/div><\/div><\/div><\/section>\n<\/div><\/div><\/div><\/div><\/div><\/section>\n<\/div>","protected":false},"excerpt":{"rendered":"Les \u00e9tudes botaniques sur l\u2019Afrique du Nord au milieu du XXe si\u00e8cle commen\u00e7aient \u00e0 \u00eatre abondantes et de plus en plus de qualit\u00e9 mais dispers\u00e9es. C\u2019est pourquoi Ren\u00e9 Maire, professeur \u00e0 l\u2019Universit\u00e9 d\u2019Alger, a relev\u00e9 le grand d\u00e9fi de cr\u00e9er la monumentale Flore de l\u2019Afrique du Nord. L\u2019apparition de son premier volume, en 1952, fut...","protected":false},"author":1,"featured_media":0,"parent":29590,"menu_order":0,"comment_status":"closed","ping_status":"closed","template":"","meta":[],"yoast_head":"<!-- This site is optimized with the Yoast SEO plugin v15.6.2 - https:\/\/yoast.com\/wordpress\/plugins\/seo\/ -->\n<title>Description des esp\u00e8ces - North Africa Trees<\/title>\n<meta name=\"robots\" content=\"index, follow, max-snippet:-1, max-image-preview:large, max-video-preview:-1\" \/>\n<link rel=\"canonical\" href=\"https:\/\/www.northafricatrees.org\/fr\/le-project\/description-des-especes\/\" \/>\n<meta property=\"og:locale\" content=\"fr_FR\" \/>\n<meta property=\"og:type\" content=\"article\" \/>\n<meta property=\"og:title\" content=\"Description des esp\u00e8ces - North Africa Trees\" \/>\n<meta property=\"og:url\" content=\"https:\/\/www.northafricatrees.org\/fr\/le-project\/description-des-especes\/\" \/>\n<meta property=\"og:site_name\" content=\"North Africa Trees\" \/>\n<meta property=\"article:modified_time\" content=\"2023-01-08T16:34:48+00:00\" \/>\n<meta property=\"og:image\" content=\"https:\/\/www.northafricatrees.org\/wp-content\/uploads\/2020\/12\/vachellia-seyal.jpg\" \/>\n<meta name=\"twitter:card\" content=\"summary_large_image\" \/>\n<meta name=\"twitter:label1\" content=\"Dur\u00e9e de lecture est.\">\n\t<meta name=\"twitter:data1\" content=\"8 minutes\">\n<script type=\"application\/ld+json\" class=\"yoast-schema-graph\">{\"@context\":\"https:\/\/schema.org\",\"@graph\":[{\"@type\":\"Organization\",\"@id\":\"https:\/\/www.northafricatrees.org\/#organization\",\"name\":\"North \\u00e1frica trees\",\"url\":\"https:\/\/www.northafricatrees.org\/\",\"sameAs\":[],\"logo\":{\"@type\":\"ImageObject\",\"@id\":\"https:\/\/www.northafricatrees.org\/#logo\",\"inLanguage\":\"fr-FR\",\"url\":\"https:\/\/www.northafricatrees.org\/wp-content\/uploads\/2020\/10\/logo-north-africa-trees.png\",\"width\":80,\"height\":70,\"caption\":\"North \\u00e1frica trees\"},\"image\":{\"@id\":\"https:\/\/www.northafricatrees.org\/#logo\"}},{\"@type\":\"WebSite\",\"@id\":\"https:\/\/www.northafricatrees.org\/#website\",\"url\":\"https:\/\/www.northafricatrees.org\/\",\"name\":\"North Africa Trees\",\"description\":\"\\u00c1rboles y arbustos aut\\u00f3ctonos del Norte de \\u00c1frica\",\"publisher\":{\"@id\":\"https:\/\/www.northafricatrees.org\/#organization\"},\"potentialAction\":[{\"@type\":\"SearchAction\",\"target\":\"https:\/\/www.northafricatrees.org\/?s={search_term_string}\",\"query-input\":\"required name=search_term_string\"}],\"inLanguage\":\"fr-FR\"},{\"@type\":\"ImageObject\",\"@id\":\"https:\/\/www.northafricatrees.org\/fr\/le-project\/description-des-especes\/#primaryimage\",\"inLanguage\":\"fr-FR\",\"url\":\"https:\/\/www.northafricatrees.org\/wp-content\/uploads\/2020\/12\/vachellia-seyal.jpg\",\"width\":1299,\"height\":901,\"caption\":\"Vachellia Seyal\"},{\"@type\":\"WebPage\",\"@id\":\"https:\/\/www.northafricatrees.org\/fr\/le-project\/description-des-especes\/#webpage\",\"url\":\"https:\/\/www.northafricatrees.org\/fr\/le-project\/description-des-especes\/\",\"name\":\"Description des esp\\u00e8ces - North Africa Trees\",\"isPartOf\":{\"@id\":\"https:\/\/www.northafricatrees.org\/#website\"},\"primaryImageOfPage\":{\"@id\":\"https:\/\/www.northafricatrees.org\/fr\/le-project\/description-des-especes\/#primaryimage\"},\"datePublished\":\"2020-12-15T15:11:02+00:00\",\"dateModified\":\"2023-01-08T16:34:48+00:00\",\"inLanguage\":\"fr-FR\",\"potentialAction\":[{\"@type\":\"ReadAction\",\"target\":[\"https:\/\/www.northafricatrees.org\/fr\/le-project\/description-des-especes\/\"]}]}]}<\/script>\n<!-- \/ Yoast SEO plugin. -->","_links":{"self":[{"href":"https:\/\/www.northafricatrees.org\/fr\/wp-json\/wp\/v2\/pages\/29629"}],"collection":[{"href":"https:\/\/www.northafricatrees.org\/fr\/wp-json\/wp\/v2\/pages"}],"about":[{"href":"https:\/\/www.northafricatrees.org\/fr\/wp-json\/wp\/v2\/types\/page"}],"author":[{"embeddable":true,"href":"https:\/\/www.northafricatrees.org\/fr\/wp-json\/wp\/v2\/users\/1"}],"replies":[{"embeddable":true,"href":"https:\/\/www.northafricatrees.org\/fr\/wp-json\/wp\/v2\/comments?post=29629"}],"version-history":[{"count":0,"href":"https:\/\/www.northafricatrees.org\/fr\/wp-json\/wp\/v2\/pages\/29629\/revisions"}],"up":[{"embeddable":true,"href":"https:\/\/www.northafricatrees.org\/fr\/wp-json\/wp\/v2\/pages\/29590"}],"wp:attachment":[{"href":"https:\/\/www.northafricatrees.org\/fr\/wp-json\/wp\/v2\/media?parent=29629"}],"curies":[{"name":"wp","href":"https:\/\/api.w.org\/{rel}","templated":true}]}}