{"id":29590,"date":"2020-12-15T11:13:08","date_gmt":"2020-12-15T11:13:08","guid":{"rendered":"https:\/\/www.northafricatrees.org\/el-proyecto\/"},"modified":"2021-07-22T12:51:14","modified_gmt":"2021-07-22T12:51:14","slug":"le-project","status":"publish","type":"page","link":"https:\/\/www.northafricatrees.org\/fr\/le-project\/","title":{"rendered":"Le project"},"content":{"rendered":"<div class=\"wpb-content-wrapper\"><section class=\"l-section wpb_row height_medium\"><div class=\"l-section-h i-cf\"><div class=\"g-cols vc_row type_default valign_top\"><div class=\"vc_col-sm-8 wpb_column vc_column_container\"><div class=\"vc_column-inner\"><div class=\"wpb_wrapper\">[vc_custom_heading text=\u00a0\u00bbLe project\u00a0\u00bb font_container=\u00a0\u00bbtag:h1|text_align:left\u00a0\u00bb use_theme_fonts=\u00a0\u00bbyes\u00a0\u00bb]<div class=\"wpb_text_column\" ><div class=\"wpb_wrapper\"><p>Cette section vous offre une pr\u00e9sentation de l\u2019historique du projet, un aper\u00e7u g\u00e9n\u00e9ral de la mani\u00e8re dont le travail a \u00e9t\u00e9 accompli, une description de la zone de travail, la syst\u00e9matique botanique utilis\u00e9e pour la classification ainsi que la m\u00e9thodologie appliqu\u00e9e pour la pr\u00e9sentation des esp\u00e8ces. Vous trouverez \u00e0 la fin de cette section une liste des personnes qui ont particip\u00e9 jusqu&rsquo;alors \u00e0 ce projet multidisciplinaire.<\/p>\n<\/div><\/div><\/div><\/div><\/div><div class=\"vc_col-sm-4 wpb_column vc_column_container\"><div class=\"vc_column-inner\"><div class=\"wpb_wrapper\"><section class=\"l-section wpb_row us_custom_675bc7c9 height_medium width_full aside\"><div class=\"l-section-h i-cf\"><div class=\"g-cols vc_row type_default valign_top\"><div class=\"vc_col-sm-12 wpb_column vc_column_container\"><div class=\"vc_column-inner\"><div class=\"wpb_wrapper\"><div class=\"g-cols wpb_row  us_custom_39c264d6 type_default valign_top vc_inner mapaAside\"><div class=\"vc_col-sm-12 wpb_column vc_column_container\"><div class=\"vc_column-inner\"><div class=\"wpb_wrapper\"><div class=\"w-btn-wrapper width_auto align_center\"><a class=\"w-btn us-btn-style_1\" title=\"Recherche G\u00e9ographique\" href=\"https:\/\/www.northafricatrees.org\/fr\/recherche-geographique\/\"><span class=\"w-btn-label\">Recherche G\u00e9ographique<\/span><\/a><\/div><\/div><\/div><\/div><\/div>[vc_custom_heading text=\u00a0\u00bbActualit\u00e9s\u00a0\u00bb font_container=\u00a0\u00bbtag:p|text_align:left\u00a0\u00bb use_theme_fonts=\u00a0\u00bbyes\u00a0\u00bb css=\u00a0\u00bb%7B%22default%22%3A%7B%22color%22%3A%22%23185c29%22%2C%22font-weight%22%3A%22600%22%2C%22font-size%22%3A%221.2rem%22%2C%22margin-bottom%22%3A%220.5rem%22%7D%7D\u00a0\u00bb el_class=\u00a0\u00bbnoticias-title\u00a0\u00bb]<div class=\"w-grid us_custom_37fa7882 listaNews type_grid layout_7745\" id=\"us_grid_1\" data-filterable=\"true\"><style id=\"us_grid_1_css\">#us_grid_1 .w-grid-item:not(:last-child){margin-bottom:0.5rem}#us_grid_1 .g-loadmore{margin-top:0.5rem}<\/style><style>.layout_7745 .w-grid-item-h{}.layout_7745 .usg_post_title_1{color:#484848!important;font-weight:300!important;font-size:0.9rem!important}.layout_7745 .usg_post_date_1{font-weight:300!important;font-size:0.9rem!important}<\/style><div class=\"w-grid-list\" ><article class=\"w-grid-item size_1x1 post-47124 post type-post status-publish format-standard hentry category-non-classifiee\" data-id=\"47124\">\r\n\t<div class=\"w-grid-item-h\">\r\n\t\t\t\t\t<a class=\"w-grid-item-anchor\" href=\"https:\/\/www.northafricatrees.org\/fr\/la-disparition-des-forets-dafrique-du-nord\/\" rel=\"bookmark\" aria-label=\"La disparition des for\u00eats d&rsquo;Afrique du Nord\"><\/a>\r\n\t\t\t\t<div class=\"w-hwrapper usg_hwrapper_1 align_left valign_top\"><div class=\"w-post-elm post_title usg_post_title_1 entry-title color_link_inherit has_text_color\">La disparition des for\u00eats d&rsquo;Afrique du Nord<\/div><time class=\"w-post-elm post_date usg_post_date_1 entry-date published\" datetime=\"2026-04-10T18:14:53+00:00\">04\/10\/2026<\/time><\/div>\t<\/div>\r\n<\/article>\r\n<article class=\"w-grid-item size_1x1 post-46597 post type-post status-publish format-standard hentry category-sin-categoria-fr\" data-id=\"46597\">\r\n\t<div class=\"w-grid-item-h\">\r\n\t\t\t\t\t<a class=\"w-grid-item-anchor\" href=\"https:\/\/www.northafricatrees.org\/fr\/nueva-revision-general-de-la-web\/\" rel=\"bookmark\" aria-label=\"Nouvelles r\u00e9visions taxonomiques et additions sur le web.\"><\/a>\r\n\t\t\t\t<div class=\"w-hwrapper usg_hwrapper_1 align_left valign_top\"><div class=\"w-post-elm post_title usg_post_title_1 entry-title color_link_inherit has_text_color\">Nouvelles r\u00e9visions taxonomiques et additions sur le web.<\/div><time class=\"w-post-elm post_date usg_post_date_1 entry-date published\" datetime=\"2023-05-30T16:26:11+00:00\">05\/30\/2023<\/time><\/div>\t<\/div>\r\n<\/article>\r\n<article class=\"w-grid-item size_1x1 post-44530 post type-post status-publish format-standard hentry category-non-classifiee\" data-id=\"44530\">\r\n\t<div class=\"w-grid-item-h\">\r\n\t\t\t\t\t<a class=\"w-grid-item-anchor\" href=\"https:\/\/www.northafricatrees.org\/fr\/deux-nouveautes-importantes-pour-connaitre-et-conserver-la-flore-authoctone-du-maroc-et-de-legypte\/\" rel=\"bookmark\" aria-label=\"Deux nouveaut\u00e9s importantes pour conna\u00eetre et conserver la flore authoctone du Maroc et de l&rsquo;\u00c9gypte\"><\/a>\r\n\t\t\t\t<div class=\"w-hwrapper usg_hwrapper_1 align_left valign_top\"><div class=\"w-post-elm post_title usg_post_title_1 entry-title color_link_inherit has_text_color\">Deux nouveaut\u00e9s importantes pour conna\u00eetre et conserver la flore authoctone du Maroc et de l&rsquo;\u00c9gypte<\/div><time class=\"w-post-elm post_date usg_post_date_1 entry-date published\" datetime=\"2022-12-04T11:44:46+00:00\">12\/04\/2022<\/time><\/div>\t<\/div>\r\n<\/article>\r\n<article class=\"w-grid-item size_1x1 post-43648 post type-post status-publish format-standard hentry category-sin-categoria-fr\" data-id=\"43648\">\r\n\t<div class=\"w-grid-item-h\">\r\n\t\t\t\t\t<a class=\"w-grid-item-anchor\" href=\"https:\/\/www.northafricatrees.org\/fr\/presentacion-de-la-web-y-mas-descripciones-de-especies\/\" rel=\"bookmark\" aria-label=\"Pr\u00e9sentation du site web et ajout de nouvelles descriptions d&rsquo;esp\u00e8ces\"><\/a>\r\n\t\t\t\t<div class=\"w-hwrapper usg_hwrapper_1 align_left valign_top\"><div class=\"w-post-elm post_title usg_post_title_1 entry-title color_link_inherit has_text_color\">Pr\u00e9sentation du site web et ajout de nouvelles descriptions d&rsquo;esp\u00e8ces<\/div><time class=\"w-post-elm post_date usg_post_date_1 entry-date published\" datetime=\"2022-06-19T09:14:51+00:00\">06\/19\/2022<\/time><\/div>\t<\/div>\r\n<\/article>\r\n<article class=\"w-grid-item size_1x1 post-43639 post type-post status-publish format-standard hentry category-sin-categoria-fr\" data-id=\"43639\">\r\n\t<div class=\"w-grid-item-h\">\r\n\t\t\t\t\t<a class=\"w-grid-item-anchor\" href=\"https:\/\/www.northafricatrees.org\/fr\/adenocarpus-faurei-se-extingue-la-primera-especie-lenosa-del-norte-de-africa\/\" rel=\"bookmark\" aria-label=\"Adenocarpus faurei, la premi\u00e8re esp\u00e8ce ligneuse du nord de l&rsquo;Afrique \u00e0 s&rsquo;\u00e9teindre\"><\/a>\r\n\t\t\t\t<div class=\"w-hwrapper usg_hwrapper_1 align_left valign_top\"><div class=\"w-post-elm post_title usg_post_title_1 entry-title color_link_inherit has_text_color\">Adenocarpus faurei, la premi\u00e8re esp\u00e8ce ligneuse du nord de l&rsquo;Afrique \u00e0 s&rsquo;\u00e9teindre<\/div><time class=\"w-post-elm post_date usg_post_date_1 entry-date published\" datetime=\"2022-06-19T09:00:35+00:00\">06\/19\/2022<\/time><\/div>\t<\/div>\r\n<\/article>\r\n<article class=\"w-grid-item size_1x1 post-39688 post type-post status-publish format-standard hentry category-sin-categoria-fr\" data-id=\"39688\">\r\n\t<div class=\"w-grid-item-h\">\r\n\t\t\t\t\t<a class=\"w-grid-item-anchor\" href=\"https:\/\/www.northafricatrees.org\/fr\/prueba-2\/\" rel=\"bookmark\" aria-label=\"Statut vert des esp\u00e8ces de l\u2019UICN\"><\/a>\r\n\t\t\t\t<div class=\"w-hwrapper usg_hwrapper_1 align_left valign_top\"><div class=\"w-post-elm post_title usg_post_title_1 entry-title color_link_inherit has_text_color\">Statut vert des esp\u00e8ces de l\u2019UICN<\/div><time class=\"w-post-elm post_date usg_post_date_1 entry-date published\" datetime=\"2021-08-16T11:39:34+00:00\">08\/16\/2021<\/time><\/div>\t<\/div>\r\n<\/article>\r\n<article class=\"w-grid-item size_1x1 post-37573 post type-post status-publish format-standard has-post-thumbnail hentry category-sin-categoria-fr\" data-id=\"37573\">\r\n\t<div class=\"w-grid-item-h\">\r\n\t\t\t\t\t<a class=\"w-grid-item-anchor\" href=\"https:\/\/www.northafricatrees.org\/fr\/deux-nouveaux-experts-se-joignent-a-la-revision-des-especes\/\" rel=\"bookmark\" aria-label=\"Deux nouveaux experts se joignent \u00e0 la r\u00e9vision des esp\u00e8ces.\"><\/a>\r\n\t\t\t\t<div class=\"w-hwrapper usg_hwrapper_1 align_left valign_top\"><div class=\"w-post-elm post_title usg_post_title_1 entry-title color_link_inherit has_text_color\">Deux nouveaux experts se joignent \u00e0 la r\u00e9vision des esp\u00e8ces.<\/div><time class=\"w-post-elm post_date usg_post_date_1 entry-date published\" datetime=\"2021-08-10T11:41:45+00:00\">08\/10\/2021<\/time><\/div>\t<\/div>\r\n<\/article>\r\n<article class=\"w-grid-item size_1x1 post-36708 post type-post status-publish format-standard has-post-thumbnail hentry category-sin-categoria-fr\" data-id=\"36708\">\r\n\t<div class=\"w-grid-item-h\">\r\n\t\t\t\t\t<a class=\"w-grid-item-anchor\" href=\"https:\/\/www.northafricatrees.org\/fr\/prueba\/\" rel=\"bookmark\" aria-label=\"Gr\u00e2ce \u00e0 la revue botanique Al Yasmina, tout le contenu de la \u00ab\u00a0Flore de l\u2019Afrique du Nord\u00a0\u00bb de Ren\u00e9 Maire est d\u00e9sormais ais\u00e9ment consultable.\"><\/a>\r\n\t\t\t\t<div class=\"w-hwrapper usg_hwrapper_1 align_left valign_top\"><div class=\"w-post-elm post_title usg_post_title_1 entry-title color_link_inherit has_text_color\">Gr\u00e2ce \u00e0 la revue botanique Al Yasmina, tout le contenu de la \u00ab\u00a0Flore de l\u2019Afrique du Nord\u00a0\u00bb de Ren\u00e9 Maire est d\u00e9sormais ais\u00e9ment consultable.<\/div><time class=\"w-post-elm post_date usg_post_date_1 entry-date published\" datetime=\"2021-08-08T12:09:14+00:00\">08\/08\/2021<\/time><\/div>\t<\/div>\r\n<\/article>\r\n<\/div><div class=\"w-grid-preloader\"><div class=\"g-preloader type_1\">\r\n\t<div><\/div>\r\n<\/div>\r\n<\/div>\t<div class=\"w-grid-json hidden\" onclick='return {&quot;action&quot;:&quot;us_ajax_grid&quot;,&quot;ajax_url&quot;:&quot;https:\\\/\\\/www.northafricatrees.org\\\/wp-admin\\\/admin-ajax.php&quot;,&quot;infinite_scroll&quot;:0,&quot;max_num_pages&quot;:1,&quot;pagination&quot;:&quot;ajax&quot;,&quot;permalink_url&quot;:&quot;https:\\\/\\\/www.northafricatrees.org\\\/fr\\\/wp-json\\\/wp\\\/v2\\\/pages\\\/29590\\\/&quot;,&quot;template_vars&quot;:{&quot;columns&quot;:&quot;1&quot;,&quot;exclude_items&quot;:&quot;none&quot;,&quot;img_size&quot;:&quot;default&quot;,&quot;ignore_items_size&quot;:false,&quot;items_layout&quot;:&quot;7745&quot;,&quot;items_offset&quot;:&quot;1&quot;,&quot;load_animation&quot;:&quot;none&quot;,&quot;overriding_link&quot;:&quot;post&quot;,&quot;post_id&quot;:29705,&quot;query_args&quot;:{&quot;post_type&quot;:[&quot;post&quot;],&quot;post_status&quot;:[&quot;publish&quot;,&quot;acf-disabled&quot;,&quot;dp-rewrite-republish&quot;],&quot;posts_per_page&quot;:&quot;5&quot;},&quot;orderby_query_args&quot;:{&quot;orderby&quot;:{&quot;date&quot;:&quot;DESC&quot;}},&quot;type&quot;:&quot;grid&quot;,&quot;us_grid_ajax_index&quot;:1,&quot;us_grid_filter_params&quot;:null,&quot;us_grid_index&quot;:1,&quot;_us_grid_post_type&quot;:&quot;post&quot;,&quot;lang&quot;:&quot;fr&quot;}}'><\/div>\r\n\t<\/div><\/div><\/div><\/div><\/div><\/div><\/section>\n<\/div><\/div><\/div><\/div><\/div><\/section>\n<\/div>","protected":false},"excerpt":{"rendered":"Les \u00e9tudes botaniques sur l\u2019Afrique du Nord au milieu du XXe si\u00e8cle commen\u00e7aient \u00e0 \u00eatre abondantes et de plus en plus de qualit\u00e9 mais dispers\u00e9es. C\u2019est pourquoi Ren\u00e9 Maire, professeur \u00e0 l\u2019Universit\u00e9 d\u2019Alger, a relev\u00e9 le grand d\u00e9fi de cr\u00e9er la monumentale Flore de l\u2019Afrique du Nord. L\u2019apparition de son premier volume, en 1952, fut...","protected":false},"author":1,"featured_media":0,"parent":0,"menu_order":0,"comment_status":"closed","ping_status":"closed","template":"","meta":[],"yoast_head":"<!-- This site is optimized with the Yoast SEO plugin v15.6.2 - https:\/\/yoast.com\/wordpress\/plugins\/seo\/ -->\n<title>Le project - North Africa Trees<\/title>\n<meta name=\"robots\" content=\"index, follow, max-snippet:-1, max-image-preview:large, max-video-preview:-1\" \/>\n<link rel=\"canonical\" href=\"https:\/\/www.northafricatrees.org\/fr\/le-project\/\" \/>\n<meta property=\"og:locale\" content=\"fr_FR\" \/>\n<meta property=\"og:type\" content=\"article\" \/>\n<meta property=\"og:title\" content=\"Le project - North Africa Trees\" \/>\n<meta property=\"og:url\" content=\"https:\/\/www.northafricatrees.org\/fr\/le-project\/\" \/>\n<meta property=\"og:site_name\" content=\"North Africa Trees\" \/>\n<meta property=\"article:modified_time\" content=\"2021-07-22T12:51:14+00:00\" \/>\n<meta name=\"twitter:card\" content=\"summary_large_image\" \/>\n<meta name=\"twitter:label1\" content=\"Dur\u00e9e de lecture est.\">\n\t<meta name=\"twitter:data1\" content=\"1 minute\">\n<script type=\"application\/ld+json\" class=\"yoast-schema-graph\">{\"@context\":\"https:\/\/schema.org\",\"@graph\":[{\"@type\":\"Organization\",\"@id\":\"https:\/\/www.northafricatrees.org\/#organization\",\"name\":\"North \\u00e1frica trees\",\"url\":\"https:\/\/www.northafricatrees.org\/\",\"sameAs\":[],\"logo\":{\"@type\":\"ImageObject\",\"@id\":\"https:\/\/www.northafricatrees.org\/#logo\",\"inLanguage\":\"fr-FR\",\"url\":\"https:\/\/www.northafricatrees.org\/wp-content\/uploads\/2020\/10\/logo-north-africa-trees.png\",\"width\":80,\"height\":70,\"caption\":\"North \\u00e1frica trees\"},\"image\":{\"@id\":\"https:\/\/www.northafricatrees.org\/#logo\"}},{\"@type\":\"WebSite\",\"@id\":\"https:\/\/www.northafricatrees.org\/#website\",\"url\":\"https:\/\/www.northafricatrees.org\/\",\"name\":\"North Africa Trees\",\"description\":\"\\u00c1rboles y arbustos aut\\u00f3ctonos del Norte de \\u00c1frica\",\"publisher\":{\"@id\":\"https:\/\/www.northafricatrees.org\/#organization\"},\"potentialAction\":[{\"@type\":\"SearchAction\",\"target\":\"https:\/\/www.northafricatrees.org\/?s={search_term_string}\",\"query-input\":\"required name=search_term_string\"}],\"inLanguage\":\"fr-FR\"},{\"@type\":\"WebPage\",\"@id\":\"https:\/\/www.northafricatrees.org\/fr\/le-project\/#webpage\",\"url\":\"https:\/\/www.northafricatrees.org\/fr\/le-project\/\",\"name\":\"Le project - North Africa Trees\",\"isPartOf\":{\"@id\":\"https:\/\/www.northafricatrees.org\/#website\"},\"datePublished\":\"2020-12-15T11:13:08+00:00\",\"dateModified\":\"2021-07-22T12:51:14+00:00\",\"inLanguage\":\"fr-FR\",\"potentialAction\":[{\"@type\":\"ReadAction\",\"target\":[\"https:\/\/www.northafricatrees.org\/fr\/le-project\/\"]}]}]}<\/script>\n<!-- \/ Yoast SEO plugin. -->","_links":{"self":[{"href":"https:\/\/www.northafricatrees.org\/fr\/wp-json\/wp\/v2\/pages\/29590"}],"collection":[{"href":"https:\/\/www.northafricatrees.org\/fr\/wp-json\/wp\/v2\/pages"}],"about":[{"href":"https:\/\/www.northafricatrees.org\/fr\/wp-json\/wp\/v2\/types\/page"}],"author":[{"embeddable":true,"href":"https:\/\/www.northafricatrees.org\/fr\/wp-json\/wp\/v2\/users\/1"}],"replies":[{"embeddable":true,"href":"https:\/\/www.northafricatrees.org\/fr\/wp-json\/wp\/v2\/comments?post=29590"}],"version-history":[{"count":0,"href":"https:\/\/www.northafricatrees.org\/fr\/wp-json\/wp\/v2\/pages\/29590\/revisions"}],"wp:attachment":[{"href":"https:\/\/www.northafricatrees.org\/fr\/wp-json\/wp\/v2\/media?parent=29590"}],"curies":[{"name":"wp","href":"https:\/\/api.w.org\/{rel}","templated":true}]}}