{"id":11655,"date":"2020-11-10T09:01:52","date_gmt":"2020-11-10T09:01:52","guid":{"rendered":"https:\/\/www.northafricatrees.org\/genus\/tetraena-maxim\/"},"modified":"2023-05-22T18:02:07","modified_gmt":"2023-05-22T18:02:07","slug":"tetraena-maxim","status":"publish","type":"genus","link":"https:\/\/www.northafricatrees.org\/fr\/genres\/tetraena-maxim\/","title":{"rendered":"Zygophyllum L."},"content":{"rendered":"<p>Un genre avec environ 117 esp\u00e8ces typiques des zones tropicales et arides de la moiti\u00e9 occidentale de l&rsquo;Ancien Monde, atteignant les zones adjacentes de climats m\u00e9diterran\u00e9ens et\/ou tr\u00e8s continentaux (Asie centrale) et avec une pr\u00e9sence plus importante dans la r\u00e9gion n\u00e9otropicale. Le genre a subi de nombreuses modifications dans son traitement taxonomique : initialement c&rsquo;\u00e9tait un genre avec un grand nombre d&rsquo;esp\u00e8ces, y compris celles avec des folioles succulentes et des fruits schizocarpes. Par la suite, ces esp\u00e8ces ont \u00e9t\u00e9 jointes \u00e0 une autre pr\u00e9sente en Mongolie int\u00e9rieure (<em>Tetraena mongolica<\/em>) dans le genre <em>Tetraena<\/em> (Beier <em>et al<\/em>., 2003). Actuellement, on opte pour un traitement plus synth\u00e9tique (Christenhusz et al. 2018), qui fusionne les deux genres.<\/p>\n<p>Selon Beier et al. (2003) les fruits des esp\u00e8ces anciennement incluses dans <em>Tetraena<\/em> sont des schizocarpes et non des capsules. Bien que le terme \u00ab\u00a0capsule\u00a0\u00bb soit utilis\u00e9 dans toute la bibliographie consult\u00e9e, sauf dans <em>Flora iberica<\/em>, la terminologie propos\u00e9e par Beier et al. Pour d\u00e9signer les appendices des filaments staminaux, le terme \u00ab\u00a0scale\u00a0\u00bb sera utilis\u00e9, suivant la bibliographie anglo-saxonne qui utilise \u00ab\u00a0scales\u00a0\u00bb.<\/p>\n<p>L&rsquo;esp\u00e8ce type du genre est <strong>Z. fabago<\/strong> L., plante herbac\u00e9e vivace \u00e0 base l\u00e9g\u00e8rement lignifi\u00e9e et pouvant atteindre presque 1(1,5)\u00a0m de haut, \u00e0 feuilles bifoli\u00e9es, planes, non charnues, folioles elliptiques et fruits en capsule allong\u00e9e (3-4\u00a0cm), d\u00e9hiscente, \u00e0 4-5 graines aplanies\u00a0; elle se d\u00e9veloppe en milieux nitrifi\u00e9s voire anthropis\u00e9s (murs, ruines, etc.), et est vraisemblablement autochtone de la M\u00e9diterran\u00e9e orientale\u00a0; dans le N. de l\u2019Afrique, elle a \u00e9t\u00e9 cit\u00e9e en \u00c9gypte, o\u00f9 elle semble s\u2019\u00eatre \u00e9teinte [Liste rouge des plantes vasculaires d\u2019\u00c9gypte (<em>Flora Aegyptiaca<\/em>,Vol 1, 2000)], mais elle a cependant \u00e9t\u00e9 amplement distribu\u00e9e dans presque toute la plan\u00e8te au cours des si\u00e8cles pass\u00e9s, probablement de la main de l\u2019homme. Elle n\u2019est actuellement pas \u00e9valu\u00e9e \u00e0 l\u2019\u00e9chelle mondiale dans la Liste rouge des esp\u00e8ces de l\u2019UICN.<\/p>\n","protected":false},"template":"","short_name":"Zygophyllum","name_html":"<strong>Zygophyllum<\/strong> L.","short_description":"","references":"Barone, R. 2003. <em>Zygophyllum wartelotii<\/em> Maire (<em>Zygophyllaceae<\/em>), nueva cita para el Archipi\u00e9lago Canario. <em>Bot. Macaron\u00e9sica<\/em> 24: 173-178.\r\n\r\nBeier, B.A., Chase, M.W. &amp; Thulin, M. 2003. Phylogenetic relationships and taxonomy of subfamily <em>Zygophylloideae <\/em>(<em>Zygophyllaceae<\/em>) based on molecular and morphological data. <em>Plant Systematics and Evolution<\/em>, 240(1\/4): 11-39.\r\n\r\nGhazanfar, S. &amp; Osborne, J. 2015. Typification of <em>Zygophyllum propinquum<\/em> Decne. and <em>Z. coccineum <\/em>L. (<em>Zygophyllaceae<\/em>) and a key to <em>Tetraena<\/em> in SO Asia. <em>K<\/em><em>ew Bulletin<\/em> 70: 38.\r\n\r\nHosny, A. I. 1977. New taxa of Zygophyllum from Egypt. Bot. Notiser 130: 467-468.\r\n\r\nMarrero, M.V. &amp; Carqu\u00e9, E. 2004. <em>Zygophyllum gaetulum<\/em>. In Ba\u00f1ares <em>et al<\/em>. Atlas y Libro Rojo de la Flora Vascular Amenazada de Espa\u00f1a. Direcci\u00f3n General de Conservaci\u00f3n de la Naturaleza. Madrid. 915.\r\n\r\n&nbsp;","custom_author":"J.F. Mota, J. G\u00fcemes & F.J. P\u00e9rez Garc\u00eda.","family":false,"species":false,"groups_keys":[{"ID":35902,"post_title":"Fleurs dispos\u00e9es en groupes de 2-3(4)","post_content":"","post_excerpt":"","post_author":"1","post_date":"2021-02-23 14:27:09","post_date_gmt":"2021-02-23 14:27:09","post_status":"publish","comment_status":"closed","ping_status":"closed","post_password":"","post_name":"fleurs-disposees-en-groupes-de-2-34","to_ping":"","pinged":"","post_modified":"2021-02-23 14:27:09","post_modified_gmt":"2021-02-23 14:27:09","post_content_filtered":"","post_parent":[],"guid":"https:\/\/www.northafricatrees.org\/genus-group-key\/fleurs-disposees-en-groupes-de-2-34\/","menu_order":0,"post_type":"genus_group_key","post_mime_type":"","comment_count":"0","comments":false,"id":35902},{"ID":35905,"post_title":"Fleurs solitaires","post_content":"","post_excerpt":"","post_author":"1","post_date":"2021-02-23 14:27:11","post_date_gmt":"2021-02-23 14:27:11","post_status":"publish","comment_status":"closed","ping_status":"closed","post_password":"","post_name":"fleurs-solitaires","to_ping":"","pinged":"","post_modified":"2021-02-23 14:27:11","post_modified_gmt":"2021-02-23 14:27:11","post_content_filtered":"","post_parent":[],"guid":"https:\/\/www.northafricatrees.org\/genus-group-key\/fleurs-solitaires\/","menu_order":0,"post_type":"genus_group_key","post_mime_type":"","comment_count":"0","comments":false,"id":35905},{"ID":23181,"post_title":"Folioles crassulescentes \u00e0 section circulaire","post_content":"","post_excerpt":"","post_author":"1","post_date":"2021-01-07 10:47:44","post_date_gmt":"2021-01-07 10:47:44","post_status":"publish","comment_status":"closed","ping_status":"closed","post_password":"","post_name":"folioles-crassulescentes-a-section-circulaire","to_ping":"","pinged":"","post_modified":"2021-01-07 10:47:44","post_modified_gmt":"2021-01-07 10:47:44","post_content_filtered":"","post_parent":[],"guid":"https:\/\/www.northafricatrees.org\/genus-group-key\/folioles-crassulescentes-a-section-circulaire\/","menu_order":0,"post_type":"genus_group_key","post_mime_type":"","comment_count":"0","comments":false,"id":23181},{"ID":35911,"post_title":"Folioles planes","post_content":"","post_excerpt":"","post_author":"1","post_date":"2021-02-23 14:27:13","post_date_gmt":"2021-02-23 14:27:13","post_status":"publish","comment_status":"closed","ping_status":"closed","post_password":"","post_name":"folioles-planes","to_ping":"","pinged":"","post_modified":"2021-02-23 14:27:13","post_modified_gmt":"2021-02-23 14:27:13","post_content_filtered":"","post_parent":[],"guid":"https:\/\/www.northafricatrees.org\/genus-group-key\/folioles-planes\/","menu_order":0,"post_type":"genus_group_key","post_mime_type":"","comment_count":"0","comments":false,"id":35911},{"ID":23205,"post_title":"Fruits \u00e0 lobules apicaux \u00e9tendus ou recourb\u00e9s","post_content":"","post_excerpt":"","post_author":"1","post_date":"2021-01-07 10:47:47","post_date_gmt":"2021-01-07 10:47:47","post_status":"publish","comment_status":"closed","ping_status":"closed","post_password":"","post_name":"fruits-a-lobules-apicaux-etendus-ou-recourbes","to_ping":"","pinged":"","post_modified":"2021-01-07 10:47:47","post_modified_gmt":"2021-01-07 10:47:47","post_content_filtered":"","post_parent":[],"guid":"https:\/\/www.northafricatrees.org\/genus-group-key\/fruits-a-lobules-apicaux-etendus-ou-recourbes\/","menu_order":0,"post_type":"genus_group_key","post_mime_type":"","comment_count":"0","comments":false,"id":23205},{"ID":23208,"post_title":"Fruits \u00e0 lobules apicaux ni \u00e9tendus ni recourb\u00e9s","post_content":"","post_excerpt":"","post_author":"1","post_date":"2021-01-07 10:47:48","post_date_gmt":"2021-01-07 10:47:48","post_status":"publish","comment_status":"closed","ping_status":"closed","post_password":"","post_name":"fruits-a-lobules-apicaux-ni-etendus-ni-recourbes","to_ping":"","pinged":"","post_modified":"2021-01-07 10:47:48","post_modified_gmt":"2021-01-07 10:47:48","post_content_filtered":"","post_parent":[],"guid":"https:\/\/www.northafricatrees.org\/genus-group-key\/fruits-a-lobules-apicaux-ni-etendus-ni-recourbes\/","menu_order":0,"post_type":"genus_group_key","post_mime_type":"","comment_count":"0","comments":false,"id":23208},{"ID":35914,"post_title":"Fruits ail\u00e9s, \u00e0 ailes plus larges que la partie centrale de ce dernier","post_content":"","post_excerpt":"","post_author":"1","post_date":"2021-02-23 14:27:14","post_date_gmt":"2021-02-23 14:27:14","post_status":"publish","comment_status":"closed","ping_status":"closed","post_password":"","post_name":"fruits-ailes-a-ailes-plus-larges-que-la-partie-centrale-de-ce-dernier","to_ping":"","pinged":"","post_modified":"2021-02-23 14:27:14","post_modified_gmt":"2021-02-23 14:27:14","post_content_filtered":"","post_parent":[],"guid":"https:\/\/www.northafricatrees.org\/genus-group-key\/fruits-ailes-a-ailes-plus-larges-que-la-partie-centrale-de-ce-dernier\/","menu_order":0,"post_type":"genus_group_key","post_mime_type":"","comment_count":"0","comments":false,"id":35914},{"ID":23184,"post_title":"Fruits apt\u00e8res","post_content":"","post_excerpt":"","post_author":"1","post_date":"2021-01-07 10:47:44","post_date_gmt":"2021-01-07 10:47:44","post_status":"publish","comment_status":"closed","ping_status":"closed","post_password":"","post_name":"fruits-apteres","to_ping":"","pinged":"","post_modified":"2021-01-07 10:47:44","post_modified_gmt":"2021-01-07 10:47:44","post_content_filtered":"","post_parent":[],"guid":"https:\/\/www.northafricatrees.org\/genus-group-key\/fruits-apteres\/","menu_order":0,"post_type":"genus_group_key","post_mime_type":"","comment_count":"0","comments":false,"id":23184},{"ID":23196,"post_title":"Fruits cylindriques ou subcylindriques, \u00e0 partie sup\u00e9rieure non dilat\u00e9e en 5 lobules libres","post_content":"","post_excerpt":"","post_author":"1","post_date":"2021-01-07 10:47:46","post_date_gmt":"2021-01-07 10:47:46","post_status":"publish","comment_status":"closed","ping_status":"closed","post_password":"","post_name":"fruits-cylindriques-ou-subcylindriques-a-partie-superieure-non-dilatee-en-5-lobules-libres","to_ping":"","pinged":"","post_modified":"2021-01-07 10:47:46","post_modified_gmt":"2021-01-07 10:47:46","post_content_filtered":"","post_parent":[],"guid":"https:\/\/www.northafricatrees.org\/genus-group-key\/fruits-cylindriques-ou-subcylindriques-a-partie-superieure-non-dilatee-en-5-lobules-libres\/","menu_order":0,"post_type":"genus_group_key","post_mime_type":"","comment_count":"0","comments":false,"id":23196},{"ID":35908,"post_title":"Fruits m\u00fbrs \u00e0 partie inf\u00e9rieure de longueur sub\u00e9gale \t\u00e0 celle des lobules apicaux recourb\u00e9s","post_content":"","post_excerpt":"","post_author":"1","post_date":"2021-02-23 14:27:12","post_date_gmt":"2021-02-23 14:27:12","post_status":"publish","comment_status":"closed","ping_status":"closed","post_password":"","post_name":"fruits-murs-a-partie-inferieure-de-longueur-subegale-a-celle-des-lobules-apicaux-recourbes","to_ping":"","pinged":"","post_modified":"2021-02-23 14:27:12","post_modified_gmt":"2021-02-23 14:27:12","post_content_filtered":"","post_parent":[],"guid":"https:\/\/www.northafricatrees.org\/genus-group-key\/fruits-murs-a-partie-inferieure-de-longueur-subegale-a-celle-des-lobules-apicaux-recourbes\/","menu_order":0,"post_type":"genus_group_key","post_mime_type":"","comment_count":"0","comments":false,"id":35908},{"ID":23190,"post_title":"Fruits non subglobuleux","post_content":"","post_excerpt":"","post_author":"1","post_date":"2021-01-07 10:47:45","post_date_gmt":"2021-01-07 10:47:45","post_status":"publish","comment_status":"closed","ping_status":"closed","post_password":"","post_name":"fruits-non-subglobuleux","to_ping":"","pinged":"","post_modified":"2021-01-07 10:47:45","post_modified_gmt":"2021-01-07 10:47:45","post_content_filtered":"","post_parent":[],"guid":"https:\/\/www.northafricatrees.org\/genus-group-key\/fruits-non-subglobuleux\/","menu_order":0,"post_type":"genus_group_key","post_mime_type":"","comment_count":"0","comments":false,"id":23190},{"ID":23199,"post_title":"Fruits piriformes, campanul\u00e9s ou obconiques, \u00e0 partie sup\u00e9rieure dilat\u00e9e en 5 lobules libres","post_content":"","post_excerpt":"","post_author":"1","post_date":"2021-01-07 10:47:46","post_date_gmt":"2021-01-07 10:47:46","post_status":"publish","comment_status":"closed","ping_status":"closed","post_password":"","post_name":"fruits-piriformes-campanules-ou-obconiques-a-partie-superieure-dilatee-en-5-lobules-libres","to_ping":"","pinged":"","post_modified":"2021-01-07 10:47:46","post_modified_gmt":"2021-01-07 10:47:46","post_content_filtered":"","post_parent":[],"guid":"https:\/\/www.northafricatrees.org\/genus-group-key\/fruits-piriformes-campanules-ou-obconiques-a-partie-superieure-dilatee-en-5-lobules-libres\/","menu_order":0,"post_type":"genus_group_key","post_mime_type":"","comment_count":"0","comments":false,"id":23199},{"ID":23187,"post_title":"Fruits subglobuleux","post_content":"","post_excerpt":"","post_author":"1","post_date":"2021-01-07 10:47:45","post_date_gmt":"2021-01-07 10:47:45","post_status":"publish","comment_status":"closed","ping_status":"closed","post_password":"","post_name":"fruits-subglobuleux","to_ping":"","pinged":"","post_modified":"2021-01-07 10:47:45","post_modified_gmt":"2021-01-07 10:47:45","post_content_filtered":"","post_parent":[],"guid":"https:\/\/www.northafricatrees.org\/genus-group-key\/fruits-subglobuleux\/","menu_order":0,"post_type":"genus_group_key","post_mime_type":"","comment_count":"0","comments":false,"id":23187},{"ID":46480,"post_title":"Fruto maduro con la parte inferior m\u00e1s larga que los l\u00f3bulos apicales (c. 1-3 mm) no recurvados (Z. gaetulum gaetulum)","post_content":"","post_excerpt":"","post_author":"2","post_date":"2023-05-21 19:09:56","post_date_gmt":"2023-05-21 19:09:56","post_status":"publish","comment_status":"closed","ping_status":"closed","post_password":"","post_name":"fruto-maduro-con-la-parte-inferior-mas-larga-que-los-lobulos-apicales-c-1-3-mm-no-recurvados-z-gaetulum-gaetulum","to_ping":"","pinged":"","post_modified":"2023-05-21 19:09:56","post_modified_gmt":"2023-05-21 19:09:56","post_content_filtered":"","post_parent":[],"guid":"https:\/\/www.northafricatrees.org\/?post_type=genus_group_key&#038;p=46480","menu_order":0,"post_type":"genus_group_key","post_mime_type":"","comment_count":"0","comments":false,"id":46480},{"ID":23193,"post_title":"P\u00e9doncule du fruit de longueur sub\u00e9gale \u00e0 ce dernier. Schizocarpe pourvu \tDe petites verrues","post_content":"","post_excerpt":"","post_author":"1","post_date":"2021-01-07 10:47:46","post_date_gmt":"2021-01-07 10:47:46","post_status":"publish","comment_status":"closed","ping_status":"closed","post_password":"","post_name":"pedoncule-du-fruit-de-longueur-subegale-a-ce-dernier-schizocarpe-pourvu-de-petites-verrues","to_ping":"","pinged":"","post_modified":"2023-05-21 18:52:36","post_modified_gmt":"2023-05-21 18:52:36","post_content_filtered":"","post_parent":[],"guid":"https:\/\/www.northafricatrees.org\/genus-group-key\/pedoncule-du-fruit-de-longueur-subegale-a-ce-dernier-schizocarpe-pourvu-de-petites-verrues\/","menu_order":0,"post_type":"genus_group_key","post_mime_type":"","comment_count":"0","comments":false,"id":23193},{"ID":23202,"post_title":"P\u00e9doncule du fruit \u00e9gal ou plus long que ce dernier","post_content":"","post_excerpt":"","post_author":"1","post_date":"2021-01-07 10:47:47","post_date_gmt":"2021-01-07 10:47:47","post_status":"publish","comment_status":"closed","ping_status":"closed","post_password":"","post_name":"pedoncule-du-fruit-egal-ou-plus-long-que-ce-dernier","to_ping":"","pinged":"","post_modified":"2023-05-21 18:53:48","post_modified_gmt":"2023-05-21 18:53:48","post_content_filtered":"","post_parent":[],"guid":"https:\/\/www.northafricatrees.org\/genus-group-key\/pedoncule-du-fruit-egal-ou-plus-long-que-ce-dernier\/","menu_order":0,"post_type":"genus_group_key","post_mime_type":"","comment_count":"0","comments":false,"id":23202},{"ID":35917,"post_title":"P\u00e9doncule du fruit plus court que ce dernier (\u00be de sa longueur).  \tSchizocarpe lisse","post_content":"","post_excerpt":"","post_author":"1","post_date":"2021-02-23 14:27:16","post_date_gmt":"2021-02-23 14:27:16","post_status":"publish","comment_status":"closed","ping_status":"closed","post_password":"","post_name":"pedoncule-du-fruit-plus-court-que-ce-dernier-%c2%be-de-sa-longueur-schizocarpe-lisse","to_ping":"","pinged":"","post_modified":"2021-02-23 14:27:16","post_modified_gmt":"2021-02-23 14:27:16","post_content_filtered":"","post_parent":[],"guid":"https:\/\/www.northafricatrees.org\/genus-group-key\/pedoncule-du-fruit-plus-court-que-ce-dernier-%c2%be-de-sa-longueur-schizocarpe-lisse\/","menu_order":0,"post_type":"genus_group_key","post_mime_type":"","comment_count":"0","comments":false,"id":35917},{"ID":35920,"post_title":"P\u00e9doncule du fruit plus court que ce dernier (Z. gaetulum waterlotii)","post_content":"","post_excerpt":"","post_author":"1","post_date":"2021-02-23 14:27:17","post_date_gmt":"2021-02-23 14:27:17","post_status":"publish","comment_status":"closed","ping_status":"closed","post_password":"","post_name":"pedoncule-du-fruit-plus-court-que-ce-dernier","to_ping":"","pinged":"","post_modified":"2023-05-21 19:08:07","post_modified_gmt":"2023-05-21 19:08:07","post_content_filtered":"","post_parent":[],"guid":"https:\/\/www.northafricatrees.org\/genus-group-key\/pedoncule-du-fruit-plus-court-que-ce-dernier\/","menu_order":0,"post_type":"genus_group_key","post_mime_type":"","comment_count":"0","comments":false,"id":35920}],"title_groups_keys":false,"groups_keys_2":false,"title_groups_keys_2":false,"groups_keys_3":false,"title_groups_keys_3":false,"images":false,"yoast_head":"<!-- This site is optimized with the Yoast SEO plugin v15.6.2 - https:\/\/yoast.com\/wordpress\/plugins\/seo\/ -->\n<title>Zygophyllum L. - North Africa Trees<\/title>\n<meta name=\"robots\" content=\"noindex, follow\" \/>\n<meta property=\"og:locale\" content=\"fr_FR\" \/>\n<meta property=\"og:type\" content=\"article\" \/>\n<meta property=\"og:title\" content=\"Zygophyllum L. - North Africa Trees\" \/>\n<meta property=\"og:description\" content=\"Un genre avec environ 117 esp\u00e8ces typiques des zones tropicales et arides de la moiti\u00e9 occidentale de l&rsquo;Ancien Monde, atteignant les zones adjacentes de climats m\u00e9diterran\u00e9ens et\/ou tr\u00e8s continentaux (Asie centrale) et avec une pr\u00e9sence plus importante dans la r\u00e9gion n\u00e9otropicale. Le genre a subi de nombreuses modifications dans son traitement taxonomique : initialement c&rsquo;\u00e9tait...\" \/>\n<meta property=\"og:url\" content=\"https:\/\/www.northafricatrees.org\/fr\/genres\/tetraena-maxim\/\" \/>\n<meta property=\"og:site_name\" content=\"North Africa Trees\" \/>\n<meta property=\"article:modified_time\" content=\"2023-05-22T18:02:07+00:00\" \/>\n<meta name=\"twitter:card\" content=\"summary_large_image\" \/>\n<meta name=\"twitter:label1\" content=\"Dur\u00e9e de lecture est.\">\n\t<meta name=\"twitter:data1\" content=\"2 minutes\">\n<script type=\"application\/ld+json\" class=\"yoast-schema-graph\">{\"@context\":\"https:\/\/schema.org\",\"@graph\":[{\"@type\":\"Organization\",\"@id\":\"https:\/\/www.northafricatrees.org\/#organization\",\"name\":\"North \\u00e1frica trees\",\"url\":\"https:\/\/www.northafricatrees.org\/\",\"sameAs\":[],\"logo\":{\"@type\":\"ImageObject\",\"@id\":\"https:\/\/www.northafricatrees.org\/#logo\",\"inLanguage\":\"fr-FR\",\"url\":\"https:\/\/www.northafricatrees.org\/wp-content\/uploads\/2020\/10\/logo-north-africa-trees.png\",\"width\":80,\"height\":70,\"caption\":\"North \\u00e1frica trees\"},\"image\":{\"@id\":\"https:\/\/www.northafricatrees.org\/#logo\"}},{\"@type\":\"WebSite\",\"@id\":\"https:\/\/www.northafricatrees.org\/#website\",\"url\":\"https:\/\/www.northafricatrees.org\/\",\"name\":\"North Africa Trees\",\"description\":\"\\u00c1rboles y arbustos aut\\u00f3ctonos del Norte de \\u00c1frica\",\"publisher\":{\"@id\":\"https:\/\/www.northafricatrees.org\/#organization\"},\"potentialAction\":[{\"@type\":\"SearchAction\",\"target\":\"https:\/\/www.northafricatrees.org\/?s={search_term_string}\",\"query-input\":\"required name=search_term_string\"}],\"inLanguage\":\"fr-FR\"},{\"@type\":\"WebPage\",\"@id\":\"https:\/\/www.northafricatrees.org\/fr\/genres\/tetraena-maxim\/#webpage\",\"url\":\"https:\/\/www.northafricatrees.org\/fr\/genres\/tetraena-maxim\/\",\"name\":\"Zygophyllum L. - North Africa Trees\",\"isPartOf\":{\"@id\":\"https:\/\/www.northafricatrees.org\/#website\"},\"datePublished\":\"2020-11-10T09:01:52+00:00\",\"dateModified\":\"2023-05-22T18:02:07+00:00\",\"inLanguage\":\"fr-FR\",\"potentialAction\":[{\"@type\":\"ReadAction\",\"target\":[\"https:\/\/www.northafricatrees.org\/fr\/genres\/tetraena-maxim\/\"]}]}]}<\/script>\n<!-- \/ Yoast SEO plugin. -->","_links":{"self":[{"href":"https:\/\/www.northafricatrees.org\/fr\/wp-json\/wp\/v2\/genus\/11655"}],"collection":[{"href":"https:\/\/www.northafricatrees.org\/fr\/wp-json\/wp\/v2\/genus"}],"about":[{"href":"https:\/\/www.northafricatrees.org\/fr\/wp-json\/wp\/v2\/types\/genus"}],"wp:attachment":[{"href":"https:\/\/www.northafricatrees.org\/fr\/wp-json\/wp\/v2\/media?parent=11655"}],"curies":[{"name":"wp","href":"https:\/\/api.w.org\/{rel}","templated":true}]}}