{"id":11514,"date":"2020-11-10T09:01:45","date_gmt":"2020-11-10T09:01:45","guid":{"rendered":"https:\/\/www.northafricatrees.org\/genus\/cullen-medik\/"},"modified":"2021-09-06T09:55:32","modified_gmt":"2021-09-06T09:55:32","slug":"cullen-medik","status":"publish","type":"genus","link":"https:\/\/www.northafricatrees.org\/fr\/genres\/cullen-medik\/","title":{"rendered":"Cullen Medik."},"content":{"rendered":"<p>Genre compos\u00e9 d\u2019environ 13 esp\u00e8ces en Afrique, Asie et Oc\u00e9anie. Deux esp\u00e8ces dans le N. de l\u2019Afrique, <a href=\"https:\/\/www.northafricatrees.org\/fr\/esp%C3%A8ce\/cullen-plicatum-delile-c-h-stirt-3\/\"><strong>C. plicatum<\/strong><\/a>, sous-arbuste \u00e0 tiges lignifi\u00e9es et rameaux herbac\u00e9s, \u00e0 aire de r\u00e9partition saharienne et subtropicale, et <em>C. americanum<\/em>, qui est une plante herbac\u00e9e (voir observations). Ces esp\u00e8ces ont \u00e9t\u00e9 trait\u00e9es par le pass\u00e9 dans le genre <em>Psoralea<\/em> par de nombreux auteurs, aux c\u00f4t\u00e9s de <em>Psoralea bituminosa<\/em> et<em> P. flaccida<\/em>, plantes herbac\u00e9es vivaces tr\u00e8s proches l\u2019une de l\u2019autre, de jusqu\u2019\u00e0 1 m de haut et \u00e0 aire de r\u00e9partition m\u00e9diterran\u00e9enne et nord-africaine, qui sont aujourd\u2019hui incluses dans le genre <em>Bituminaria<\/em> Heist ex Fabr.<\/p>\n","protected":false},"template":"","short_name":"Cullen","name_html":"<strong>Cullen<\/strong> Medik.","short_description":"","references":"","custom_author":"H. Sainz.","family":false,"species":[{"short_name":"Cullen plicatum","name_html":"<strong>Cullen plicatum <\/strong>(Delile) C.H.Stirt.","short_description":"","common_names":"<em>Psoralea plicata<\/em> Delile, <em>P. odorata<\/em> Blatt. &amp; Hallb., <em>Munbya polystachya<\/em> (Poir.) Pomel","other_name":"<em>Ang.<\/em>: Scurfy-pea.\u00a0\u00a0 <em>Ara<\/em>.: Djettiat, hama, marmeid.<em> \u00a0 Tam<\/em>.: Tareda, taghaedda, amarkoess.","flowering":"f\u00e9vrier-avril.","fruiting":"mai-juin.","habitat":"Plaines et d\u00e9pressions du terrain en zones de savane, subd\u00e9sertiques et d\u00e9sertiques, souvent sableuses. Elle se comporte parfois comme une plante adventice ou rud\u00e9rale dans les zones cultiv\u00e9es.","distribution":"R\u00e9gion saharo-sindienne. Du Sahara occidental \u00e0 l\u2019Inde. Dans le N. de l\u2019Afrique, elle est commune dans les bandes m\u00e9ridionale et centrale du Sahara, s\u2019\u00e9tendant au N. jusqu\u2019au Maroc (S. de l\u2019Anti-Atlas), dans presque la totalit\u00e9 de l\u2019Alg\u00e9rie saharienne, en Libye et en \u00c9gypte.","observations":"Une autre esp\u00e8ce du genre est pr\u00e9sente dans le N. de l\u2019Afrique : <strong>C. americanum <\/strong>(L.) Rydb. [<em>Psoralea americana<\/em> L., <em>P. dentata<\/em> DC., <em>P. polystachia<\/em> Poir., <em>Munbya polystachya<\/em> (Poir.) Pomel.]. Malgr\u00e9 son nom \u2013fruit d'une confusion ancienne datant de la description g\u00e9n\u00e9rale, lorsque l\u2019on pensait qu\u2019elle avait \u00e9t\u00e9 cultiv\u00e9e \u00e0 partir de graines rapport\u00e9es des Am\u00e9riques\u2013, il s'agit d'un taxon autochtone. C\u2019est une plante herbac\u00e9e, un peu lignifi\u00e9e \u00e0 la base, qui peut atteindre 1 m de haut. Elle appara\u00eet en M\u00e9diterran\u00e9e occidentale, en Macaron\u00e9sie (\u00eeles Canaries et Mad\u00e8re), ainsi que dans les zones m\u00e9diterran\u00e9ennes du N. de l\u2019Afrique (Maroc, Alg\u00e9rie, Tunisie et Libye). Elle occupe des sols profonds argileux de fond de vall\u00e9e, et se comporte souvent comme une adventice au sein des cultures c\u00e9r\u00e9ali\u00e8res.","conservation":"Esp\u00e8ces peu communes mais \u00e0 aire de r\u00e9partition vaste, qui ne sont pas consid\u00e9r\u00e9es comme menac\u00e9es. Actuellement, <em>C. plicatum<\/em> n\u2019est pas \u00e9valu\u00e9e dans la Liste rouge des esp\u00e8ces de l\u2019UICN, tandis que <em>C. americanum<\/em> y est consid\u00e9r\u00e9e comme de Pr\u00e9occupation mineure (LC) \u00e0 l\u2019\u00e9chelle mondiale (Daoud-Bouattour <em>et al<\/em>., 2010).","genus":{"11514":{"short_name":"Cullen","name_html":"<strong>Cullen<\/strong> Medik.","short_description":"","references":"","custom_author":"H. Sainz.","family":false,"species":[{"ID":"12536","post_author":"1","post_date":"2020-11-10 10:07:58","post_date_gmt":"2020-11-10 10:07:58","post_content":"Sous-arbuste de 30-60(150) cm, hermaphrodite, dress\u00e9, \u00e0 tiges ligneuses, du moins \u00e0 la base et \u00e9corce blanch\u00e2tre. Ramilles jeunes herbac\u00e9es, fins et allong\u00e9es, anguleuses, verd\u00e2tre-blanch\u00e2tre, villeuses, \u00e0 poils dress\u00e9s, glanduleuse. Feuilles alternes, trifoliol\u00e9es, \u00e0 foliole centrale de 1-3,5 \u00d7 0,5-1 cm, \u00e0 p\u00e9tiole de jusqu\u2019\u00e0 10 mm, et folioles lat\u00e9rales de 0,6-2 \u00d7 0,4-0,8 cm, \u00e0 p\u00e9tiole de <em>c<\/em>. 1 mm, oblanc\u00e9ol\u00e9es, obtuses, bri\u00e8vement lobul\u00e9es et tr\u00e8s ondul\u00e9es, vertes et \u00e0 poils courts sur les deux faces et pr\u00e9sentant de tr\u00e8s nombreuses petites glandules noires sur l\u2019endroit. Inflorescences en rac\u00e8mes terminaux, plus ou moins longs et l\u00e2ches, \u00e0 fleurs dispos\u00e9es en petits groupes de 1-3 \u2011parfois tr\u00e8s espac\u00e9s\u2011, p\u00e9dicell\u00e9es. Bract\u00e9oles de 1(2) mm. Calice de 3-4,5 mm, tubuleux-campanul\u00e9, \u00e0 5 petites dents ov\u00e9es-lanc\u00e9ol\u00e9es, sub\u00e9gales, verd\u00e2tres, \u00e0 nervation brun-pourpr\u00e9, pubescent. Corolle de 3-7 mm, papilionac\u00e9e, glabrescente, ros\u00e2tre, \u00e0 teintes pourpr\u00e9es, en particulier sur la car\u00e8ne, \u00e0 peine plus longue que le calice. Gousse de 4-5 mm, ovo\u00efde, ind\u00e9hiscente, pubescente, qui reste incluse dans le calice, \u00e0 1 graine.","post_title":"Cullen plicatum (Delile) C.H.Stirt.","post_excerpt":"","post_status":"publish","comment_status":"closed","ping_status":"closed","post_password":"","post_name":"cullen-plicatum-delile-c-h-stirt-3","to_ping":"","pinged":"","post_modified":"2021-10-21 15:37:00","post_modified_gmt":"2021-10-21 15:37:00","post_content_filtered":"","post_parent":"0","guid":"https:\/\/www.northafricatrees.org\/species\/cullen-plicatum-delile-c-h-stirt-3\/","menu_order":"0","post_type":"species","post_mime_type":"","comment_count":"0","translation_id":"4650","element_type":"post_species","element_id":"12536","trid":"114514","language_code":"fr","source_language_code":"es","id":"4","code":"fr","english_name":"French","major":"1","active":"1","default_locale":"fr_FR","tag":"fr","encode_url":"0","pod_item_id":"12536"}],"groups_keys":false,"title_groups_keys":false,"groups_keys_2":false,"title_groups_keys_2":false,"groups_keys_3":false,"title_groups_keys_3":false,"images":false,"ID":11514,"post_title":"Cullen Medik.","post_content":"Genre compos\u00e9 d\u2019environ 13 esp\u00e8ces en Afrique, Asie et Oc\u00e9anie. Deux esp\u00e8ces dans le N. de l\u2019Afrique, <a href=\"https:\/\/www.northafricatrees.org\/fr\/esp%C3%A8ce\/cullen-plicatum-delile-c-h-stirt-3\/\"><strong>C. plicatum<\/strong><\/a>, sous-arbuste \u00e0 tiges lignifi\u00e9es et rameaux herbac\u00e9s, \u00e0 aire de r\u00e9partition saharienne et subtropicale, et <em>C. americanum<\/em>, qui est une plante herbac\u00e9e (voir observations). Ces esp\u00e8ces ont \u00e9t\u00e9 trait\u00e9es par le pass\u00e9 dans le genre <em>Psoralea<\/em> par de nombreux auteurs, aux c\u00f4t\u00e9s de <em>Psoralea bituminosa<\/em> et<em> P. flaccida<\/em>, plantes herbac\u00e9es vivaces tr\u00e8s proches l\u2019une de l\u2019autre, de jusqu\u2019\u00e0 1 m de haut et \u00e0 aire de r\u00e9partition m\u00e9diterran\u00e9enne et nord-africaine, qui sont aujourd\u2019hui incluses dans le genre <em>Bituminaria<\/em> Heist ex Fabr.","post_excerpt":"","post_author":"1","post_date":"2020-11-10 09:01:45","post_date_gmt":"2020-11-10 09:01:45","post_status":"publish","comment_status":"closed","ping_status":"closed","post_password":"","post_name":"cullen-medik","to_ping":"","pinged":"","post_modified":"2021-09-06 09:55:32","post_modified_gmt":"2021-09-06 09:55:32","post_content_filtered":"","post_parent":0,"guid":"https:\/\/www.northafricatrees.org\/genus\/cullen-medik\/","menu_order":0,"post_type":"genus","post_mime_type":"","comment_count":"0","comments":false,"id":11514}},"images":[{"ID":"26743","post_author":"1","post_date":"2021-01-04 13:22:35","post_date_gmt":"2021-01-04 13:22:35","post_content":"","post_title":"Cullen plicatum. 1. Annie Garcin. Teline","post_excerpt":"Cullen plicatum. Aspect g\u00e9n\u00e9ral. Annie Garcin. Teline","post_status":"inherit","comment_status":"closed","ping_status":"closed","post_password":"","post_name":"cullen-plicatum-1-annie-garcin-teline-2","to_ping":"","pinged":"","post_modified":"2021-10-21 15:37:00","post_modified_gmt":"2021-10-21 15:37:00","post_content_filtered":"","post_parent":"12536","guid":"https:\/\/www.northafricatrees.org\/wp-content\/uploads\/2020\/11\/Cullen-plicatum.-1.-Annie-Garcin.-Teline.jpg","menu_order":"0","post_type":"attachment","post_mime_type":"image\/jpeg","comment_count":"0","translation_id":"18633","element_type":"post_attachment","element_id":"26743","trid":"118458","language_code":"fr","source_language_code":"es","id":"4","code":"fr","english_name":"French","major":"1","active":"1","default_locale":"fr_FR","tag":"fr","encode_url":"0","pod_item_id":"26743"},{"ID":"26745","post_author":"1","post_date":"2021-01-04 13:22:36","post_date_gmt":"2021-01-04 13:22:36","post_content":"","post_title":"Cullen plicatum. 2. Jes\u00fas Charco","post_excerpt":"Cullen plicatum. Tiges avec feuilles. Jes\u00fas Charco","post_status":"inherit","comment_status":"closed","ping_status":"closed","post_password":"","post_name":"cullen-plicatum-2-jesus-charco-2","to_ping":"","pinged":"","post_modified":"2021-10-21 15:37:00","post_modified_gmt":"2021-10-21 15:37:00","post_content_filtered":"","post_parent":"12536","guid":"https:\/\/www.northafricatrees.org\/wp-content\/uploads\/2020\/11\/Cullen-plicatum.-2.-Jesus-Charco.jpg","menu_order":"0","post_type":"attachment","post_mime_type":"image\/jpeg","comment_count":"0","translation_id":"18635","element_type":"post_attachment","element_id":"26745","trid":"118459","language_code":"fr","source_language_code":"es","id":"4","code":"fr","english_name":"French","major":"1","active":"1","default_locale":"fr_FR","tag":"fr","encode_url":"0","pod_item_id":"26745"},{"ID":"26747","post_author":"1","post_date":"2021-01-04 13:22:37","post_date_gmt":"2021-01-04 13:22:37","post_content":"","post_title":"Cullen plicatum. 3. Jes\u00fas Charco","post_excerpt":"Cullen plicatum. inflorescences. Jes\u00fas Charco","post_status":"inherit","comment_status":"closed","ping_status":"closed","post_password":"","post_name":"cullen-plicatum-3-jesus-charco-2","to_ping":"","pinged":"","post_modified":"2021-10-21 15:37:00","post_modified_gmt":"2021-10-21 15:37:00","post_content_filtered":"","post_parent":"12536","guid":"https:\/\/www.northafricatrees.org\/wp-content\/uploads\/2020\/11\/Cullen-plicatum.-3.-Jesus-Charco.jpg","menu_order":"0","post_type":"attachment","post_mime_type":"image\/jpeg","comment_count":"0","translation_id":"18637","element_type":"post_attachment","element_id":"26747","trid":"118460","language_code":"fr","source_language_code":"es","id":"4","code":"fr","english_name":"French","major":"1","active":"1","default_locale":"fr_FR","tag":"fr","encode_url":"0","pod_item_id":"26747"},{"ID":"26749","post_author":"1","post_date":"2021-01-04 13:22:38","post_date_gmt":"2021-01-04 13:22:38","post_content":"","post_title":"Cullen plicatum. 4. Ahmed El Aboudi. Teline","post_excerpt":"Cullen plicatum. D\u00e9tail de l'inflorescence. Ahmed El Aboudi. Teline","post_status":"inherit","comment_status":"closed","ping_status":"closed","post_password":"","post_name":"cullen-plicatum-4-ahmed-el-aboudi-teline-2","to_ping":"","pinged":"","post_modified":"2021-10-21 15:37:01","post_modified_gmt":"2021-10-21 15:37:01","post_content_filtered":"","post_parent":"12536","guid":"https:\/\/www.northafricatrees.org\/wp-content\/uploads\/2020\/11\/Cullen-plicatum.-4.-Ahmed-El-Aboudi.-Teline.jpg","menu_order":"0","post_type":"attachment","post_mime_type":"image\/jpeg","comment_count":"0","translation_id":"18639","element_type":"post_attachment","element_id":"26749","trid":"118461","language_code":"fr","source_language_code":"es","id":"4","code":"fr","english_name":"French","major":"1","active":"1","default_locale":"fr_FR","tag":"fr","encode_url":"0","pod_item_id":"26749"},{"ID":"26751","post_author":"1","post_date":"2021-01-04 13:22:41","post_date_gmt":"2021-01-04 13:22:41","post_content":"","post_title":"Cullen plicatum. 5. Annie Garcin. Teline","post_excerpt":"Cullen plicatum. D\u00e9tail de l'inflorescence. Annie Garcin. Teline","post_status":"inherit","comment_status":"closed","ping_status":"closed","post_password":"","post_name":"cullen-plicatum-5-annie-garcin-teline-2","to_ping":"","pinged":"","post_modified":"2021-10-21 15:37:01","post_modified_gmt":"2021-10-21 15:37:01","post_content_filtered":"","post_parent":"12536","guid":"https:\/\/www.northafricatrees.org\/wp-content\/uploads\/2020\/11\/Cullen-plicatum.-5.-Annie-Garcin.-Teline.jpg","menu_order":"0","post_type":"attachment","post_mime_type":"image\/jpeg","comment_count":"0","translation_id":"18641","element_type":"post_attachment","element_id":"26751","trid":"118462","language_code":"fr","source_language_code":"es","id":"4","code":"fr","english_name":"French","major":"1","active":"1","default_locale":"fr_FR","tag":"fr","encode_url":"0","pod_item_id":"26751"}],"map_legend":"","kml":false,"zone_1":"[\" 35.79290768064499,23.90624993029007\",\" 35.79172097124587,23.90985448319788\",\" 35.7813378044961,23.91447173838009\",\" 35.77929630837798,23.91893811969851\",\" 35.77827783695267,23.91990922113371\",\" 35.77132782042264,23.92139160244057\",\" 35.77703101506933,23.91132148429909\",\" 35.78369144270596,23.90624993029007\",\" 35.78406192291948,23.90624993029007\",\" 35.78656308321979,23.90245276058647\",\" 35.78851003181256,23.89513217391072\",\" 35.79012958311381,23.89416674629837\",\" 35.79284733073979,23.9010890241392\",\" 35.79290768064499,23.90624993029007\",\" \"]","zone_2":"","zone_3":"","zone_4":"","zone_5":"","zone_6":"","zone_7":"","zone_8":"","zone_9":"","zone_10":"","zone_11":"","zone_12":"","ID":12536,"post_title":"Cullen plicatum (Delile) C.H.Stirt.","post_content":"Sous-arbuste de 30-60(150) cm, hermaphrodite, dress\u00e9, \u00e0 tiges ligneuses, du moins \u00e0 la base et \u00e9corce blanch\u00e2tre. Ramilles jeunes herbac\u00e9es, fins et allong\u00e9es, anguleuses, verd\u00e2tre-blanch\u00e2tre, villeuses, \u00e0 poils dress\u00e9s, glanduleuse. Feuilles alternes, trifoliol\u00e9es, \u00e0 foliole centrale de 1-3,5 \u00d7 0,5-1 cm, \u00e0 p\u00e9tiole de jusqu\u2019\u00e0 10 mm, et folioles lat\u00e9rales de 0,6-2 \u00d7 0,4-0,8 cm, \u00e0 p\u00e9tiole de <em>c<\/em>. 1 mm, oblanc\u00e9ol\u00e9es, obtuses, bri\u00e8vement lobul\u00e9es et tr\u00e8s ondul\u00e9es, vertes et \u00e0 poils courts sur les deux faces et pr\u00e9sentant de tr\u00e8s nombreuses petites glandules noires sur l\u2019endroit. Inflorescences en rac\u00e8mes terminaux, plus ou moins longs et l\u00e2ches, \u00e0 fleurs dispos\u00e9es en petits groupes de 1-3 \u2011parfois tr\u00e8s espac\u00e9s\u2011, p\u00e9dicell\u00e9es. Bract\u00e9oles de 1(2) mm. Calice de 3-4,5 mm, tubuleux-campanul\u00e9, \u00e0 5 petites dents ov\u00e9es-lanc\u00e9ol\u00e9es, sub\u00e9gales, verd\u00e2tres, \u00e0 nervation brun-pourpr\u00e9, pubescent. Corolle de 3-7 mm, papilionac\u00e9e, glabrescente, ros\u00e2tre, \u00e0 teintes pourpr\u00e9es, en particulier sur la car\u00e8ne, \u00e0 peine plus longue que le calice. Gousse de 4-5 mm, ovo\u00efde, ind\u00e9hiscente, pubescente, qui reste incluse dans le calice, \u00e0 1 graine.","post_excerpt":"","post_author":"1","post_date":"2020-11-10 10:07:58","post_date_gmt":"2020-11-10 10:07:58","post_status":"publish","comment_status":"closed","ping_status":"closed","post_password":"","post_name":"cullen-plicatum-delile-c-h-stirt-3","to_ping":"","pinged":"","post_modified":"2021-10-21 15:37:00","post_modified_gmt":"2021-10-21 15:37:00","post_content_filtered":"","post_parent":[],"guid":"https:\/\/www.northafricatrees.org\/species\/cullen-plicatum-delile-c-h-stirt-3\/","menu_order":0,"post_type":"species","post_mime_type":"","comment_count":"0","comments":false,"id":12536}],"groups_keys":false,"title_groups_keys":false,"groups_keys_2":false,"title_groups_keys_2":false,"groups_keys_3":false,"title_groups_keys_3":false,"images":false,"yoast_head":"<!-- This site is optimized with the Yoast SEO plugin v15.6.2 - https:\/\/yoast.com\/wordpress\/plugins\/seo\/ -->\n<title>Cullen Medik. - North Africa Trees<\/title>\n<meta name=\"robots\" content=\"noindex, follow\" \/>\n<meta property=\"og:locale\" content=\"fr_FR\" \/>\n<meta property=\"og:type\" content=\"article\" \/>\n<meta property=\"og:title\" content=\"Cullen Medik. - North Africa Trees\" \/>\n<meta property=\"og:description\" content=\"Genre compos\u00e9 d\u2019environ 13 esp\u00e8ces en Afrique, Asie et Oc\u00e9anie. Deux esp\u00e8ces dans le N. de l\u2019Afrique, C. plicatum, sous-arbuste \u00e0 tiges lignifi\u00e9es et rameaux herbac\u00e9s, \u00e0 aire de r\u00e9partition saharienne et subtropicale, et C. americanum, qui est une plante herbac\u00e9e (voir observations). Ces esp\u00e8ces ont \u00e9t\u00e9 trait\u00e9es par le pass\u00e9 dans le genre Psoralea...\" \/>\n<meta property=\"og:url\" content=\"https:\/\/www.northafricatrees.org\/fr\/genres\/cullen-medik\/\" \/>\n<meta property=\"og:site_name\" content=\"North Africa Trees\" \/>\n<meta property=\"article:modified_time\" content=\"2021-09-06T09:55:32+00:00\" \/>\n<meta name=\"twitter:card\" content=\"summary_large_image\" \/>\n<meta name=\"twitter:label1\" content=\"Dur\u00e9e de lecture est.\">\n\t<meta name=\"twitter:data1\" content=\"1 minute\">\n<script type=\"application\/ld+json\" class=\"yoast-schema-graph\">{\"@context\":\"https:\/\/schema.org\",\"@graph\":[{\"@type\":\"Organization\",\"@id\":\"https:\/\/www.northafricatrees.org\/#organization\",\"name\":\"North \\u00e1frica trees\",\"url\":\"https:\/\/www.northafricatrees.org\/\",\"sameAs\":[],\"logo\":{\"@type\":\"ImageObject\",\"@id\":\"https:\/\/www.northafricatrees.org\/#logo\",\"inLanguage\":\"fr-FR\",\"url\":\"https:\/\/www.northafricatrees.org\/wp-content\/uploads\/2020\/10\/logo-north-africa-trees.png\",\"width\":80,\"height\":70,\"caption\":\"North \\u00e1frica trees\"},\"image\":{\"@id\":\"https:\/\/www.northafricatrees.org\/#logo\"}},{\"@type\":\"WebSite\",\"@id\":\"https:\/\/www.northafricatrees.org\/#website\",\"url\":\"https:\/\/www.northafricatrees.org\/\",\"name\":\"North Africa Trees\",\"description\":\"\\u00c1rboles y arbustos aut\\u00f3ctonos del Norte de \\u00c1frica\",\"publisher\":{\"@id\":\"https:\/\/www.northafricatrees.org\/#organization\"},\"potentialAction\":[{\"@type\":\"SearchAction\",\"target\":\"https:\/\/www.northafricatrees.org\/?s={search_term_string}\",\"query-input\":\"required name=search_term_string\"}],\"inLanguage\":\"fr-FR\"},{\"@type\":\"WebPage\",\"@id\":\"https:\/\/www.northafricatrees.org\/fr\/genres\/cullen-medik\/#webpage\",\"url\":\"https:\/\/www.northafricatrees.org\/fr\/genres\/cullen-medik\/\",\"name\":\"Cullen Medik. - North Africa Trees\",\"isPartOf\":{\"@id\":\"https:\/\/www.northafricatrees.org\/#website\"},\"datePublished\":\"2020-11-10T09:01:45+00:00\",\"dateModified\":\"2021-09-06T09:55:32+00:00\",\"inLanguage\":\"fr-FR\",\"potentialAction\":[{\"@type\":\"ReadAction\",\"target\":[\"https:\/\/www.northafricatrees.org\/fr\/genres\/cullen-medik\/\"]}]}]}<\/script>\n<!-- \/ Yoast SEO plugin. -->","_links":{"self":[{"href":"https:\/\/www.northafricatrees.org\/fr\/wp-json\/wp\/v2\/genus\/11514"}],"collection":[{"href":"https:\/\/www.northafricatrees.org\/fr\/wp-json\/wp\/v2\/genus"}],"about":[{"href":"https:\/\/www.northafricatrees.org\/fr\/wp-json\/wp\/v2\/types\/genus"}],"wp:attachment":[{"href":"https:\/\/www.northafricatrees.org\/fr\/wp-json\/wp\/v2\/media?parent=11514"}],"curies":[{"name":"wp","href":"https:\/\/api.w.org\/{rel}","templated":true}]}}