{"id":11502,"date":"2020-11-10T09:01:44","date_gmt":"2020-11-10T09:01:44","guid":{"rendered":"https:\/\/www.northafricatrees.org\/genus\/coronilla-l\/"},"modified":"2021-09-06T11:06:38","modified_gmt":"2021-09-06T11:06:38","slug":"coronilla-l","status":"publish","type":"genus","link":"https:\/\/www.northafricatrees.org\/fr\/genres\/coronilla-l\/","title":{"rendered":"Coronilla L."},"content":{"rendered":"<p>Genre compos\u00e9 de 10 esp\u00e8ces principalement r\u00e9parties dans l&rsquo;aire m\u00e9diterran\u00e9enne. 7 esp\u00e8ces dans le N. de l\u2019Afrique, r\u00e9parties dans l\u2019aire m\u00e9diterran\u00e9enne. <em>C. scorpioides <\/em>et<em> C. repanda<\/em> sont des plantes herbac\u00e9es vivaces, et <em>C. minima<\/em> poss\u00e8de des tiges ligneuses, mais ne d\u00e9passe pas 30 cm de haut. Les 4 autres esp\u00e8ces peuvent \u00eatre consid\u00e9r\u00e9es comme des arbrisseaux ou des arbustes. Tr\u00e8s proche de ces esp\u00e8ces, <strong>Hippocrepis emerus <\/strong>subsp. <strong>emeroides<\/strong> (Boiss. &amp; Spruner) Lassen [<em>C. emerus<\/em> L., <em>C. emeroides<\/em> Boiss. &amp; Spruner, <em>Emerus major<\/em> Mill. subsp. <em>emeroides<\/em> (Boiss. &amp; Spruner) Soldano &amp; F.Conti], est un arbuste caducifoli\u00e9, hermaphrodite, de jusqu\u2019\u00e0 1,5(2) m de haut, \u00e0 feuilles imparipenn\u00e9es, \u00e0 2-4 paires de folioles sub\u00e9gales. Inflorescences axillaires en fascicules de 2-5 fleurs grandes (14-20 mm de long), sur p\u00e9doncule plus long que la feuille. Calice glabre, verd\u00e2tre, courtement campanul\u00e9, divis\u00e9 \u00e0 son extr\u00e9mit\u00e9 en 5 petites dents sub\u00e9gales, triangulaires. Corolle papilionac\u00e9e, jaune, \u00e0 p\u00e9tales caract\u00e9ristiques en raison de la pr\u00e9sence d\u2019un onglet tr\u00e8s long (2-3 fois la longueur du calice). Fruit en gousse lin\u00e9aire-cylindrique, l\u00e9g\u00e8rement comprim\u00e9e, pendante, \u00e0 segments peu marqu\u00e9s. Elle est typique des for\u00eats et matorrals m\u00e9diterran\u00e9ens, en milieux subhumides, et a \u00e9t\u00e9 cit\u00e9e dans le N. de l\u2019Afrique comme esp\u00e8ce peu commune et tr\u00e8s localis\u00e9e en Tunisie (monts littoraux et sublittoraux subhumides, entre Tunis et Grombalia \u2013Djebel Boukornine, Djebel Ressas, etc.) et dans l\u2019extr\u00eame N. de la Libye, o\u00f9 elle n\u2019a plus \u00e9t\u00e9 aper\u00e7ue. Il n&rsquo;est toutefois pas clair si cette citation est erron\u00e9e ou si ce taxon a disparu.<\/p>\n","protected":false},"template":"","short_name":"Coronilla","name_html":"<strong>Coronilla<\/strong> L.","short_description":"","references":"Lassen, P. 1989. A new delimitation of the genera <em>Coronilla<\/em>, <em>Hippocrepis<\/em> and <em>Securigera<\/em> (Fabaceae). <em>Willdenowia<\/em> 19: 49-62.","custom_author":"H. Sainz & J. Charco.","family":false,"species":false,"groups_keys":[{"ID":23727,"post_title":"Feuilles \u00e0 3-7 folioles. Fleurs jaunes","post_content":"","post_excerpt":"","post_author":"1","post_date":"2021-01-07 10:49:22","post_date_gmt":"2021-01-07 10:49:22","post_status":"publish","comment_status":"closed","ping_status":"closed","post_password":"","post_name":"feuilles-a-3-7-folioles-fleurs-jaunes","to_ping":"","pinged":"","post_modified":"2021-01-07 10:49:22","post_modified_gmt":"2021-01-07 10:49:22","post_content_filtered":"","post_parent":[],"guid":"https:\/\/www.northafricatrees.org\/genus-group-key\/feuilles-a-3-7-folioles-fleurs-jaunes\/","menu_order":0,"post_type":"genus_group_key","post_mime_type":"","comment_count":"0","comments":false,"id":23727},{"ID":34723,"post_title":"Feuilles \u00e0 9-21 folioles. Fleurs ros\u00e2tres","post_content":"","post_excerpt":"","post_author":"1","post_date":"2021-02-23 14:20:44","post_date_gmt":"2021-02-23 14:20:44","post_status":"publish","comment_status":"closed","ping_status":"closed","post_password":"","post_name":"feuilles-a-9-21-folioles-fleurs-rosatres","to_ping":"","pinged":"","post_modified":"2021-02-23 14:20:44","post_modified_gmt":"2021-02-23 14:20:44","post_content_filtered":"","post_parent":[],"guid":"https:\/\/www.northafricatrees.org\/genus-group-key\/feuilles-a-9-21-folioles-fleurs-rosatres\/","menu_order":0,"post_type":"genus_group_key","post_mime_type":"","comment_count":"0","comments":false,"id":34723},{"ID":34717,"post_title":"Feuilles \u00e9troites, oblongues-lin\u00e9aires, charnues. Gousse \u00e0 segments tr\u00e8s marqu\u00e9s","post_content":"","post_excerpt":"","post_author":"1","post_date":"2021-02-23 14:20:42","post_date_gmt":"2021-02-23 14:20:42","post_status":"publish","comment_status":"closed","ping_status":"closed","post_password":"","post_name":"feuilles-etroites-oblongues-lineaires-charnues-gousse-a-segments-tres-marques","to_ping":"","pinged":"","post_modified":"2021-02-23 14:20:42","post_modified_gmt":"2021-02-23 14:20:42","post_content_filtered":"","post_parent":[],"guid":"https:\/\/www.northafricatrees.org\/genus-group-key\/feuilles-etroites-oblongues-lineaires-charnues-gousse-a-segments-tres-marques\/","menu_order":0,"post_type":"genus_group_key","post_mime_type":"","comment_count":"0","comments":false,"id":34717},{"ID":23733,"post_title":"Feuilles larges, spatul\u00e9es, peu ou pas charnues. Gousse \u00e0 segments peu marqu\u00e9s","post_content":"","post_excerpt":"","post_author":"1","post_date":"2021-01-07 10:49:23","post_date_gmt":"2021-01-07 10:49:23","post_status":"publish","comment_status":"closed","ping_status":"closed","post_password":"","post_name":"feuilles-larges-spatulees-peu-ou-pas-charnues-gousse-a-segments-peu-marques","to_ping":"","pinged":"","post_modified":"2021-12-03 16:11:56","post_modified_gmt":"2021-12-03 16:11:56","post_content_filtered":"","post_parent":[],"guid":"https:\/\/www.northafricatrees.org\/genus-group-key\/feuilles-larges-spatulees-peu-ou-pas-charnues-gousse-a-segments-peu-marques\/","menu_order":0,"post_type":"genus_group_key","post_mime_type":"","comment_count":"0","comments":false,"id":23733},{"ID":34720,"post_title":"Tiges non jonciformes, \u00e0 ramification in\u00e9gale","post_content":"","post_excerpt":"","post_author":"1","post_date":"2021-02-23 14:20:43","post_date_gmt":"2021-02-23 14:20:43","post_status":"publish","comment_status":"closed","ping_status":"closed","post_password":"","post_name":"tiges-non-jonciformes-a-ramification-inegale","to_ping":"","pinged":"","post_modified":"2021-02-23 14:20:43","post_modified_gmt":"2021-02-23 14:20:43","post_content_filtered":"","post_parent":[],"guid":"https:\/\/www.northafricatrees.org\/genus-group-key\/tiges-non-jonciformes-a-ramification-inegale\/","menu_order":0,"post_type":"genus_group_key","post_mime_type":"","comment_count":"0","comments":false,"id":34720},{"ID":23730,"post_title":"Tiges plus ou moins jonciformes","post_content":"","post_excerpt":"","post_author":"1","post_date":"2021-01-07 10:49:23","post_date_gmt":"2021-01-07 10:49:23","post_status":"publish","comment_status":"closed","ping_status":"closed","post_password":"","post_name":"tiges-plus-ou-moins-jonciformes","to_ping":"","pinged":"","post_modified":"2021-01-07 10:49:23","post_modified_gmt":"2021-01-07 10:49:23","post_content_filtered":"","post_parent":[],"guid":"https:\/\/www.northafricatrees.org\/genus-group-key\/tiges-plus-ou-moins-jonciformes\/","menu_order":0,"post_type":"genus_group_key","post_mime_type":"","comment_count":"0","comments":false,"id":23730}],"title_groups_keys":false,"groups_keys_2":false,"title_groups_keys_2":false,"groups_keys_3":false,"title_groups_keys_3":false,"images":false,"yoast_head":"<!-- This site is optimized with the Yoast SEO plugin v15.6.2 - https:\/\/yoast.com\/wordpress\/plugins\/seo\/ -->\n<title>Coronilla L. - North Africa Trees<\/title>\n<meta name=\"robots\" content=\"noindex, follow\" \/>\n<meta property=\"og:locale\" content=\"fr_FR\" \/>\n<meta property=\"og:type\" content=\"article\" \/>\n<meta property=\"og:title\" content=\"Coronilla L. - North Africa Trees\" \/>\n<meta property=\"og:description\" content=\"Genre compos\u00e9 de 10 esp\u00e8ces principalement r\u00e9parties dans l&rsquo;aire m\u00e9diterran\u00e9enne. 7 esp\u00e8ces dans le N. de l\u2019Afrique, r\u00e9parties dans l\u2019aire m\u00e9diterran\u00e9enne. C. scorpioides et C. repanda sont des plantes herbac\u00e9es vivaces, et C. minima poss\u00e8de des tiges ligneuses, mais ne d\u00e9passe pas 30 cm de haut. Les 4 autres esp\u00e8ces peuvent \u00eatre consid\u00e9r\u00e9es comme des...\" \/>\n<meta property=\"og:url\" content=\"https:\/\/www.northafricatrees.org\/fr\/genres\/coronilla-l\/\" \/>\n<meta property=\"og:site_name\" content=\"North Africa Trees\" \/>\n<meta property=\"article:modified_time\" content=\"2021-09-06T11:06:38+00:00\" \/>\n<meta name=\"twitter:card\" content=\"summary_large_image\" \/>\n<meta name=\"twitter:label1\" content=\"Dur\u00e9e de lecture est.\">\n\t<meta name=\"twitter:data1\" content=\"1 minute\">\n<script type=\"application\/ld+json\" class=\"yoast-schema-graph\">{\"@context\":\"https:\/\/schema.org\",\"@graph\":[{\"@type\":\"Organization\",\"@id\":\"https:\/\/www.northafricatrees.org\/#organization\",\"name\":\"North \\u00e1frica trees\",\"url\":\"https:\/\/www.northafricatrees.org\/\",\"sameAs\":[],\"logo\":{\"@type\":\"ImageObject\",\"@id\":\"https:\/\/www.northafricatrees.org\/#logo\",\"inLanguage\":\"fr-FR\",\"url\":\"https:\/\/www.northafricatrees.org\/wp-content\/uploads\/2020\/10\/logo-north-africa-trees.png\",\"width\":80,\"height\":70,\"caption\":\"North \\u00e1frica trees\"},\"image\":{\"@id\":\"https:\/\/www.northafricatrees.org\/#logo\"}},{\"@type\":\"WebSite\",\"@id\":\"https:\/\/www.northafricatrees.org\/#website\",\"url\":\"https:\/\/www.northafricatrees.org\/\",\"name\":\"North Africa Trees\",\"description\":\"\\u00c1rboles y arbustos aut\\u00f3ctonos del Norte de \\u00c1frica\",\"publisher\":{\"@id\":\"https:\/\/www.northafricatrees.org\/#organization\"},\"potentialAction\":[{\"@type\":\"SearchAction\",\"target\":\"https:\/\/www.northafricatrees.org\/?s={search_term_string}\",\"query-input\":\"required name=search_term_string\"}],\"inLanguage\":\"fr-FR\"},{\"@type\":\"WebPage\",\"@id\":\"https:\/\/www.northafricatrees.org\/fr\/genres\/coronilla-l\/#webpage\",\"url\":\"https:\/\/www.northafricatrees.org\/fr\/genres\/coronilla-l\/\",\"name\":\"Coronilla L. - North Africa Trees\",\"isPartOf\":{\"@id\":\"https:\/\/www.northafricatrees.org\/#website\"},\"datePublished\":\"2020-11-10T09:01:44+00:00\",\"dateModified\":\"2021-09-06T11:06:38+00:00\",\"inLanguage\":\"fr-FR\",\"potentialAction\":[{\"@type\":\"ReadAction\",\"target\":[\"https:\/\/www.northafricatrees.org\/fr\/genres\/coronilla-l\/\"]}]}]}<\/script>\n<!-- \/ Yoast SEO plugin. -->","_links":{"self":[{"href":"https:\/\/www.northafricatrees.org\/fr\/wp-json\/wp\/v2\/genus\/11502"}],"collection":[{"href":"https:\/\/www.northafricatrees.org\/fr\/wp-json\/wp\/v2\/genus"}],"about":[{"href":"https:\/\/www.northafricatrees.org\/fr\/wp-json\/wp\/v2\/types\/genus"}],"wp:attachment":[{"href":"https:\/\/www.northafricatrees.org\/fr\/wp-json\/wp\/v2\/media?parent=11502"}],"curies":[{"name":"wp","href":"https:\/\/api.w.org\/{rel}","templated":true}]}}