{"id":12876,"date":"2020-11-10T10:08:25","date_gmt":"2020-11-10T10:08:25","guid":{"rendered":"https:\/\/www.northafricatrees.org\/species\/vella-mairei\/"},"modified":"2026-04-15T12:26:43","modified_gmt":"2026-04-15T12:26:43","slug":"vella-mairei","status":"publish","type":"species","link":"https:\/\/www.northafricatrees.org\/en\/species\/vella-mairei\/","title":{"rendered":"Vella mairei Humbert"},"content":{"rendered":"<p>Small shrub, cushion-shaped, up to 1 m in height and 1.5 m in diameter, with dense and intricate branches ending in strongly spiny apices. Stems and main branches with greyish bark, smooth, slightly fissured in thicker and older parts, with numerous scars of fallen leaves. Branchlets greyish or greenish-white, with few rigid hairs. Leaves (up to 5 \u00d7 3 cm) alternate, obovate-oblong \u2014sometimes spatulate\u2014, obtuse, entire or with some very pronounced lobes, slightly fleshy, green on both sides, glabrous or with few scattered hairs. Flowers in small short terminal racemes, of 4-6 flowers. Calyx with 4 sepals, linear-oblong, \u00b1 acute, glabrous, greenish-yellowish, 10 mm long. Corolla with 4 petals, obovate and longly unguiculate, 12-15 mm long, very intense yellow. Fruit a subsessile silicle 17-20 \u00d7 2-3 mm, with 2 parts or segments: lower part fertile, ellipsoid, dehiscent in 2 to short and convex valves, with some rigid hairs and visible veins; upper part (rostrum) sterile, linear-lanceolate, trinervate, glabrous, 3 times longer than the lower part. Seeds 2-4, contained in the lower part, obovate, smooth.<\/p>\n","protected":false},"featured_media":0,"template":"","short_name":"Vella mairei","name_html":"<strong>Vella mairei <\/strong>Humbert","short_description":"","common_names":"<em>Pseudocytisus mairei<\/em> (Humhert) Maire","other_name":"<em>Spa.<\/em>: Piorno del Atlas.","flowering":"June to August.","fruiting":"July to October.","habitat":"Cushion-shaped thickets in high mountains (2,400-3,500 m) on calcareous substrates, forming very characteristic communities by the dominance of this and other hemispherical species with spiny branches. In semiarid to subhumid bioclimate, on supramediterranean and oromediterranean floors.","distribution":"Endemic to Morocco. High Atlas (from Erdouz Massif to the W, including Jebel Anremer, up to Jebel Ayachi and Maasker by E) and Middle Atlas (Guelb-er-Rahal mountain range and Bu-Nacer).","observations":"Previously regarded as an ecological vicariant of <em>V. spinosa<\/em> (from the mountains of S of Spain), but the latter is diploid, whereas <em>V. mairei<\/em> is tetraploid. Recent phylogenetic studies show a greater relationship of <em>V. spinosa<\/em> with <em>V. anremerica <\/em>(also diploid). Based mainly on the glabrousness of the silicles, 2 varieties have been described.","conservation":"Locally common species but with a small distribution area. Currently, it has not been assessed at a global level in the <em>IUCN Red List of Threatened Species<\/em>. In the Livre Rouge de la flore vasculaire du Maroc (Fennane, 2021) it has been considered as Vulnerable (VU).","genus":[{"short_name":"Vella","name_html":"<strong>Vella<\/strong> L.","short_description":"","references":"Fern\u00e1ndez Casas, J. 1982. De flora occidentale. <em>Fontqueria<\/em>, 1: 9-12.\r\n\r\nG\u00f3mez-Campo, C. 1981. Taxonomic and evolutionary relationship in the genus <em>Vella<\/em> L. (<em>Cruciferae<\/em>). <em>Botanical Journal of the Linnean Society<\/em>, 82: 165-179.","custom_author":"J.F. Mota, F.J. P\u00e9rez Garc\u00eda & J. Charco.","family":{"10887":{"name_html":"<strong>BRASSICACEAE<\/strong> Burnett (CRUCIFERAE Juss.)","short_name":"BRASSICACEAE","short_description":"","references":"Vaughan, J.G., Macleod, A.J. &amp; Jones, B.M.G., 1976. <em>The biology and chemistry of the Cruciferae<\/em>. Academic Press. London, 355 pp.\r\n\r\nVaughan, J.C. &amp; Whitehouse, J.M., 1971. Seed structure and the taxonomy on the Cruciferae. <em>Botanical Journal of the Linnean Society<\/em>, 64: 383-409.","custom_author":"H. S\u00e1inz, J.F. Mota & F.J. P\u00e9rez Garc\u00eda.","genuses":[{"ID":"11383","post_author":"1","post_date":"2020-11-10 09:01:35","post_date_gmt":"2020-11-10 09:01:35","post_content":"Closely related genus to <em>Matthiola<\/em>, from which it has been relatively recently differentiated. Genus composed of 10 tropical and subtropical species from NE Africa, Arabia and Iran. Small shrubs densely covered with stellate hairs, entire leaves, inner sepals without terminal pouches, white or lilac petals and fruit in silique, late dehiscent, with a small stigmatic head and seeds in a single row. Its only species in Norh Africa is <a href=\"https:\/\/www.northafricatrees.org\/en\/species\/diceratella-elliptica\/\"><strong>D. elliptica<\/strong><\/a>.","post_title":"Diceratella Boiss.","post_excerpt":"","post_status":"publish","comment_status":"closed","ping_status":"closed","post_password":"","post_name":"diceratella-boiss-2","to_ping":"","pinged":"","post_modified":"2021-09-18 08:32:02","post_modified_gmt":"2021-09-18 08:32:02","post_content_filtered":"","post_parent":"0","guid":"https:\/\/www.northafricatrees.org\/genus\/diceratella-boiss-2\/","menu_order":"0","post_type":"genus","post_mime_type":"","comment_count":"0","translation_id":"1314","element_type":"post_genus","element_id":"11383","trid":"114135","language_code":"en","source_language_code":"es","id":"1","code":"en","english_name":"English","major":"1","active":"1","default_locale":"en_US","tag":"en","encode_url":"0","pod_item_id":"11383"},{"ID":"11380","post_author":"1","post_date":"2020-11-10 09:01:35","post_date_gmt":"2020-11-10 09:01:35","post_content":"<p>Genus composed of 28 species, of which at least 3 are in North Africa, and of these, 2 are generally subshrubs with woody stems and branches.<\/p>","post_title":"Farsetia Turra","post_excerpt":"","post_status":"publish","comment_status":"closed","ping_status":"closed","post_password":"","post_name":"farsetia-turra-2","to_ping":"","pinged":"","post_modified":"2020-11-10 09:01:35","post_modified_gmt":"2020-11-10 09:01:35","post_content_filtered":"","post_parent":"0","guid":"https:\/\/www.northafricatrees.org\/genus\/farsetia-turra-2\/","menu_order":"0","post_type":"genus","post_mime_type":"","comment_count":"0","translation_id":"1311","element_type":"post_genus","element_id":"11380","trid":"114134","language_code":"en","source_language_code":"es","id":"1","code":"en","english_name":"English","major":"1","active":"1","default_locale":"en_US","tag":"en","encode_url":"0","pod_item_id":"11380"},{"ID":"11386","post_author":"1","post_date":"2020-11-10 09:01:35","post_date_gmt":"2020-11-10 09:01:35","post_content":"Monospecific genus (<a href=\"https:\/\/www.northafricatrees.org\/en\/species\/foleyola-billotii\/\"><strong>F. billotii<\/strong><\/a>) endemic to the depressions and plains of the southern slope of the Anti-Atlas and western Sahara.","post_title":"Foleyola Maire","post_excerpt":"","post_status":"publish","comment_status":"closed","ping_status":"closed","post_password":"","post_name":"foleyola-maire-2","to_ping":"","pinged":"","post_modified":"2021-09-18 08:28:35","post_modified_gmt":"2021-09-18 08:28:35","post_content_filtered":"","post_parent":"0","guid":"https:\/\/www.northafricatrees.org\/genus\/foleyola-maire-2\/","menu_order":"0","post_type":"genus","post_mime_type":"","comment_count":"0","translation_id":"1317","element_type":"post_genus","element_id":"11386","trid":"114136","language_code":"en","source_language_code":"es","id":"1","code":"en","english_name":"English","major":"1","active":"1","default_locale":"en_US","tag":"en","encode_url":"0","pod_item_id":"11386"},{"ID":"11389","post_author":"1","post_date":"2020-11-10 09:01:36","post_date_gmt":"2020-11-10 09:01:36","post_content":"<p>Genus composed of 2 species, endemic to North Africa, <strong>H. deserti<\/strong>, a small shrub of the northern Sahara, and <strong>H. zigarrhenum<\/strong>, a subshrub of southeastern Morocco. <\/p>","post_title":"Henophyton Coss. & Durieu","post_excerpt":"","post_status":"publish","comment_status":"closed","ping_status":"closed","post_password":"","post_name":"henophyton-coss-durieu-2","to_ping":"","pinged":"","post_modified":"2020-11-10 09:01:36","post_modified_gmt":"2020-11-10 09:01:36","post_content_filtered":"","post_parent":"0","guid":"https:\/\/www.northafricatrees.org\/genus\/henophyton-coss-durieu-2\/","menu_order":"0","post_type":"genus","post_mime_type":"","comment_count":"0","translation_id":"1320","element_type":"post_genus","element_id":"11389","trid":"114137","language_code":"en","source_language_code":"es","id":"1","code":"en","english_name":"English","major":"1","active":"1","default_locale":"en_US","tag":"en","encode_url":"0","pod_item_id":"11389"},{"ID":"11401","post_author":"1","post_date":"2020-11-10 09:01:36","post_date_gmt":"2020-11-10 09:01:36","post_content":"Genus with 11 taxa, of which two are present in N Africa: the largest, woody species is <a href=\"https:\/\/www.northafricatrees.org\/en\/species\/hormathophylla-spinosa\/\"><strong>H. spinosa<\/strong><\/a>, a common subspiny shrub, and even dominant, in many landscapes of the high Atlasic mountains. The other is <strong>H. cochleata<\/strong> (Coss. &amp; Durieu) K\u00fcpfer subsp. <strong>cochleata<\/strong>, a small chamephyte 5-15 cm tall and with a somewhat lignified base, consists of a basal rosette that emits sterile branches and floriferous scapes. The leaves of the sterile branches (4-12(16) \u00d7 1.5-4(6) mm) spatulate-oblong, rigid and attenuated at the base. Petals (5 \u00d7 2-2.5 mm) cream-colored. The fruits are spoon-shaped siliques (\u201ccochleariforms\u201d, hence the name of the species), longer than wide (4.5-6.5 \u00d7 4-5.5 mm). It extends through the mountains and dry plateaus of Morocco (Saharan Atlas and High Atlas) and Algeria (western and central portion of the plateau that separates the Tellian and Saharan Atlas, as well as in the latter range). It is a common species although of limited distribution. Currently, it has not been assessed at a global level in the <em>IUCN Red List of Threatened Species.<\/em>","post_title":"Hormathophylla Cullen & T.R. Dudley","post_excerpt":"","post_status":"publish","comment_status":"closed","ping_status":"closed","post_password":"","post_name":"hormathophylla-cullen-t-r-dudley-2","to_ping":"","pinged":"","post_modified":"2023-05-28 11:41:16","post_modified_gmt":"2023-05-28 11:41:16","post_content_filtered":"","post_parent":"0","guid":"https:\/\/www.northafricatrees.org\/genus\/hormathophylla-cullen-t-r-dudley-2\/","menu_order":"0","post_type":"genus","post_mime_type":"","comment_count":"0","translation_id":"1332","element_type":"post_genus","element_id":"11401","trid":"114141","language_code":"en","source_language_code":"es","id":"1","code":"en","english_name":"English","major":"1","active":"1","default_locale":"en_US","tag":"en","encode_url":"0","pod_item_id":"11401"},{"ID":"11377","post_author":"1","post_date":"2020-11-10 09:01:35","post_date_gmt":"2020-11-10 09:01:35","post_content":"Genus represented by some 234 species, of which 24 are in North Africa, almost all herbaceous, except for <a href=\"https:\/\/www.northafricatrees.org\/en\/species\/lepidium-subulatum-l\/\"><strong>L. subulatum <\/strong><\/a>that can often reach a subshrub size.","post_title":"Lepidium L.","post_excerpt":"","post_status":"publish","comment_status":"closed","ping_status":"closed","post_password":"","post_name":"lepidium-l-2","to_ping":"","pinged":"","post_modified":"2021-09-18 08:37:02","post_modified_gmt":"2021-09-18 08:37:02","post_content_filtered":"","post_parent":"0","guid":"https:\/\/www.northafricatrees.org\/genus\/lepidium-l-2\/","menu_order":"0","post_type":"genus","post_mime_type":"","comment_count":"0","translation_id":"1308","element_type":"post_genus","element_id":"11377","trid":"114133","language_code":"en","source_language_code":"es","id":"1","code":"en","english_name":"English","major":"1","active":"1","default_locale":"en_US","tag":"en","encode_url":"0","pod_item_id":"11377"},{"ID":"11398","post_author":"1","post_date":"2020-11-10 09:01:36","post_date_gmt":"2020-11-10 09:01:36","post_content":"Genus composed of 3-8 species (according to some authors). In North Africa there is one well defined species: <a href=\"https:\/\/www.northafricatrees.org\/especies\/moricandia-arvensis\/\"><strong>M. arvensis<\/strong><\/a>, from which various taxa are being separated at specific level, which were frequently seen as infraspecific taxa. Usually it is a herbaceous species but some of its infraspecific taxa or \"microspecies\" have a clearly woody stems at the base.","post_title":"Moricandia DC.","post_excerpt":"","post_status":"publish","comment_status":"closed","ping_status":"closed","post_password":"","post_name":"moricandia-dc-2","to_ping":"","pinged":"","post_modified":"2021-09-18 08:18:16","post_modified_gmt":"2021-09-18 08:18:16","post_content_filtered":"","post_parent":"0","guid":"https:\/\/www.northafricatrees.org\/genus\/moricandia-dc-2\/","menu_order":"0","post_type":"genus","post_mime_type":"","comment_count":"0","translation_id":"1329","element_type":"post_genus","element_id":"11398","trid":"114140","language_code":"en","source_language_code":"es","id":"1","code":"en","english_name":"English","major":"1","active":"1","default_locale":"en_US","tag":"en","encode_url":"0","pod_item_id":"11398"},{"ID":"11395","post_author":"1","post_date":"2020-11-10 09:01:36","post_date_gmt":"2020-11-10 09:01:36","post_content":"<p>Genus composed of 7 species, typical of the western Mediterranean, including 3 in North Africa, spread through the Algerian-Moroccan high plateaux and the High Atlas.<br \/><\/p>","post_title":"Vella L.","post_excerpt":"","post_status":"publish","comment_status":"closed","ping_status":"closed","post_password":"","post_name":"vella-l-2","to_ping":"","pinged":"","post_modified":"2020-11-10 09:01:36","post_modified_gmt":"2020-11-10 09:01:36","post_content_filtered":"","post_parent":"0","guid":"https:\/\/www.northafricatrees.org\/genus\/vella-l-2\/","menu_order":"0","post_type":"genus","post_mime_type":"","comment_count":"0","translation_id":"1326","element_type":"post_genus","element_id":"11395","trid":"114139","language_code":"en","source_language_code":"es","id":"1","code":"en","english_name":"English","major":"1","active":"1","default_locale":"en_US","tag":"en","encode_url":"0","pod_item_id":"11395"},{"ID":"11392","post_author":"1","post_date":"2020-11-10 09:01:36","post_date_gmt":"2020-11-10 09:01:36","post_content":"Genus composed of 1 species, <a href=\"https:\/\/www.northafricatrees.org\/en\/species\/zilla-spinosa-l-prantl\/\"><strong>Z. spinosa<\/strong><\/a>, distributed through driest and southern areas of the Mediterranean and widely in the Sahara. Several subspecies are differentiated according to fruit characterics (\u00b1 smooth or winged).","post_title":"Zilla Forssk.","post_excerpt":"","post_status":"publish","comment_status":"closed","ping_status":"closed","post_password":"","post_name":"zilla-forssk-2","to_ping":"","pinged":"","post_modified":"2021-09-18 08:25:56","post_modified_gmt":"2021-09-18 08:25:56","post_content_filtered":"","post_parent":"0","guid":"https:\/\/www.northafricatrees.org\/genus\/zilla-forssk-2\/","menu_order":"0","post_type":"genus","post_mime_type":"","comment_count":"0","translation_id":"1323","element_type":"post_genus","element_id":"11392","trid":"114138","language_code":"en","source_language_code":"es","id":"1","code":"en","english_name":"English","major":"1","active":"1","default_locale":"en_US","tag":"en","encode_url":"0","pod_item_id":"11392"}],"groups_keys":[{"ID":"20778","post_author":"1","post_date":"2021-01-07 08:33:25","post_date_gmt":"2021-01-07 08:33:25","post_content":"","post_title":"Subshrubs generally spiny","post_excerpt":"","post_status":"publish","comment_status":"closed","ping_status":"closed","post_password":"","post_name":"subshrubs-generally-spiny","to_ping":"","pinged":"","post_modified":"2021-01-07 08:33:25","post_modified_gmt":"2021-01-07 08:33:25","post_content_filtered":"","post_parent":"0","guid":"https:\/\/www.northafricatrees.org\/family-group-key\/subshrubs-generally-spiny\/","menu_order":"0","post_type":"family_group_key","post_mime_type":"","comment_count":"0","translation_id":"627","element_type":"post_family_group_key","element_id":"20778","trid":"116752","language_code":"en","source_language_code":"es","id":"1","code":"en","english_name":"English","major":"1","active":"1","default_locale":"en_US","tag":"en","encode_url":"0","pod_item_id":"20778"},{"ID":"20781","post_author":"1","post_date":"2021-01-07 08:33:25","post_date_gmt":"2021-01-07 08:33:25","post_content":"","post_title":"Subshrubs not spiny","post_excerpt":"","post_status":"publish","comment_status":"closed","ping_status":"closed","post_password":"","post_name":"subshrubs-not-spiny","to_ping":"","pinged":"","post_modified":"2021-01-07 08:33:25","post_modified_gmt":"2021-01-07 08:33:25","post_content_filtered":"","post_parent":"0","guid":"https:\/\/www.northafricatrees.org\/family-group-key\/subshrubs-not-spiny\/","menu_order":"0","post_type":"family_group_key","post_mime_type":"","comment_count":"0","translation_id":"630","element_type":"post_family_group_key","element_id":"20781","trid":"116753","language_code":"en","source_language_code":"es","id":"1","code":"en","english_name":"English","major":"1","active":"1","default_locale":"en_US","tag":"en","encode_url":"0","pod_item_id":"20781"},{"ID":"20784","post_author":"1","post_date":"2021-01-07 08:33:26","post_date_gmt":"2021-01-07 08:33:26","post_content":"","post_title":"Flowers white-pinkish, purple or violet","post_excerpt":"","post_status":"publish","comment_status":"closed","ping_status":"closed","post_password":"","post_name":"flowers-white-pinkish-purple-or-violet","to_ping":"","pinged":"","post_modified":"2021-01-07 08:33:26","post_modified_gmt":"2021-01-07 08:33:26","post_content_filtered":"","post_parent":"0","guid":"https:\/\/www.northafricatrees.org\/family-group-key\/flowers-white-pinkish-purple-or-violet\/","menu_order":"0","post_type":"family_group_key","post_mime_type":"","comment_count":"0","translation_id":"633","element_type":"post_family_group_key","element_id":"20784","trid":"116754","language_code":"en","source_language_code":"es","id":"1","code":"en","english_name":"English","major":"1","active":"1","default_locale":"en_US","tag":"en","encode_url":"0","pod_item_id":"20784"},{"ID":"20787","post_author":"1","post_date":"2021-01-07 08:33:26","post_date_gmt":"2021-01-07 08:33:26","post_content":"","post_title":"Flowers white, pink or purple","post_excerpt":"","post_status":"publish","comment_status":"closed","ping_status":"closed","post_password":"","post_name":"flowers-white-pink-or-purple","to_ping":"","pinged":"","post_modified":"2021-01-07 08:33:26","post_modified_gmt":"2021-01-07 08:33:26","post_content_filtered":"","post_parent":"0","guid":"https:\/\/www.northafricatrees.org\/family-group-key\/flowers-white-pink-or-purple\/","menu_order":"0","post_type":"family_group_key","post_mime_type":"","comment_count":"0","translation_id":"636","element_type":"post_family_group_key","element_id":"20787","trid":"116755","language_code":"en","source_language_code":"es","id":"1","code":"en","english_name":"English","major":"1","active":"1","default_locale":"en_US","tag":"en","encode_url":"0","pod_item_id":"20787"},{"ID":"20790","post_author":"1","post_date":"2021-01-07 08:33:26","post_date_gmt":"2021-01-07 08:33:26","post_content":"","post_title":"Silique compressed, variable in size, in some cases flat and wide (>1 cm)","post_excerpt":"","post_status":"publish","comment_status":"closed","ping_status":"closed","post_password":"","post_name":"silique-compressed-variable-in-size-in-some-cases-flat-and-wide-1-cm","to_ping":"","pinged":"","post_modified":"2021-01-07 08:33:26","post_modified_gmt":"2021-01-07 08:33:26","post_content_filtered":"","post_parent":"0","guid":"https:\/\/www.northafricatrees.org\/family-group-key\/silique-compressed-variable-in-size-in-some-cases-flat-and-wide-1-cm\/","menu_order":"0","post_type":"family_group_key","post_mime_type":"","comment_count":"0","translation_id":"639","element_type":"post_family_group_key","element_id":"20790","trid":"116756","language_code":"en","source_language_code":"es","id":"1","code":"en","english_name":"English","major":"1","active":"1","default_locale":"en_US","tag":"en","encode_url":"0","pod_item_id":"20790"},{"ID":"20793","post_author":"1","post_date":"2021-01-07 08:33:27","post_date_gmt":"2021-01-07 08:33:27","post_content":"","post_title":"Seeds not winged, low subshrubs or plants only woody at the base with herbaceous stems","post_excerpt":"","post_status":"publish","comment_status":"closed","ping_status":"closed","post_password":"","post_name":"seeds-not-winged-low-subshrubs-or-plants-only-woody-at-the-base-with-herbaceous-stems","to_ping":"","pinged":"","post_modified":"2021-01-07 08:33:27","post_modified_gmt":"2021-01-07 08:33:27","post_content_filtered":"","post_parent":"0","guid":"https:\/\/www.northafricatrees.org\/family-group-key\/seeds-not-winged-low-subshrubs-or-plants-only-woody-at-the-base-with-herbaceous-stems\/","menu_order":"0","post_type":"family_group_key","post_mime_type":"","comment_count":"0","translation_id":"642","element_type":"post_family_group_key","element_id":"20793","trid":"116757","language_code":"en","source_language_code":"es","id":"1","code":"en","english_name":"English","major":"1","active":"1","default_locale":"en_US","tag":"en","encode_url":"0","pod_item_id":"20793"},{"ID":"20796","post_author":"1","post_date":"2021-01-07 08:33:27","post_date_gmt":"2021-01-07 08:33:27","post_content":"","post_title":"Subshrubs with woody stems and branches, seeds clearly winged","post_excerpt":"","post_status":"publish","comment_status":"closed","ping_status":"closed","post_password":"","post_name":"subshrubs-with-woody-stems-and-branches-seeds-clearly-winged","to_ping":"","pinged":"","post_modified":"2021-01-07 08:33:27","post_modified_gmt":"2021-01-07 08:33:27","post_content_filtered":"","post_parent":"0","guid":"https:\/\/www.northafricatrees.org\/family-group-key\/subshrubs-with-woody-stems-and-branches-seeds-clearly-winged\/","menu_order":"0","post_type":"family_group_key","post_mime_type":"","comment_count":"0","translation_id":"645","element_type":"post_family_group_key","element_id":"20796","trid":"116758","language_code":"en","source_language_code":"es","id":"1","code":"en","english_name":"English","major":"1","active":"1","default_locale":"en_US","tag":"en","encode_url":"0","pod_item_id":"20796"},{"ID":"20799","post_author":"1","post_date":"2021-01-07 08:33:27","post_date_gmt":"2021-01-07 08:33:27","post_content":"","post_title":"Subshrubs up to 75 cm in height. Leaves and branchlets whitish, pubescent   branched hairs","post_excerpt":"","post_status":"publish","comment_status":"closed","ping_status":"closed","post_password":"","post_name":"subshrubs-up-to-75-cm-in-height-leaves-and-branchlets-whitish-pubescent-branched-hairs","to_ping":"","pinged":"","post_modified":"2021-01-07 08:33:27","post_modified_gmt":"2021-01-07 08:33:27","post_content_filtered":"","post_parent":"0","guid":"https:\/\/www.northafricatrees.org\/family-group-key\/subshrubs-up-to-75-cm-in-height-leaves-and-branchlets-whitish-pubescent-branched-hairs\/","menu_order":"0","post_type":"family_group_key","post_mime_type":"","comment_count":"0","translation_id":"648","element_type":"post_family_group_key","element_id":"20799","trid":"116759","language_code":"en","source_language_code":"es","id":"1","code":"en","english_name":"English","major":"1","active":"1","default_locale":"en_US","tag":"en","encode_url":"0","pod_item_id":"20799"},{"ID":"31968","post_author":"1","post_date":"2021-02-23 13:40:38","post_date_gmt":"2021-02-23 13:40:38","post_content":"","post_title":"Plant with stellate hairs. Silique cylindrical","post_excerpt":"","post_status":"publish","comment_status":"closed","ping_status":"closed","post_password":"","post_name":"plant-with-stellate-hairs-silique-cylindrical","to_ping":"","pinged":"","post_modified":"2021-02-23 13:40:38","post_modified_gmt":"2021-02-23 13:40:38","post_content_filtered":"","post_parent":"0","guid":"https:\/\/www.northafricatrees.org\/family-group-key\/plant-with-stellate-hairs-silique-cylindrical\/","menu_order":"0","post_type":"family_group_key","post_mime_type":"","comment_count":"0","translation_id":"23766","element_type":"post_family_group_key","element_id":"31968","trid":"182768","language_code":"en","source_language_code":"es","id":"1","code":"en","english_name":"English","major":"1","active":"1","default_locale":"en_US","tag":"en","encode_url":"0","pod_item_id":"31968"},{"ID":"31971","post_author":"1","post_date":"2021-02-23 13:40:38","post_date_gmt":"2021-02-23 13:40:38","post_content":"","post_title":"Plant with medifixed bifurcate hairs (T). Silique flattened","post_excerpt":"","post_status":"publish","comment_status":"closed","ping_status":"closed","post_password":"","post_name":"plant-with-medifixed-bifurcate-hairs-t-silique-flattened","to_ping":"","pinged":"","post_modified":"2021-02-23 13:40:38","post_modified_gmt":"2021-02-23 13:40:38","post_content_filtered":"","post_parent":"0","guid":"https:\/\/www.northafricatrees.org\/family-group-key\/plant-with-medifixed-bifurcate-hairs-t-silique-flattened\/","menu_order":"0","post_type":"family_group_key","post_mime_type":"","comment_count":"0","translation_id":"23770","element_type":"post_family_group_key","element_id":"31971","trid":"182770","language_code":"en","source_language_code":"es","id":"1","code":"en","english_name":"English","major":"1","active":"1","default_locale":"en_US","tag":"en","encode_url":"0","pod_item_id":"31971"},{"ID":"31974","post_author":"1","post_date":"2021-02-23 13:40:39","post_date_gmt":"2021-02-23 13:40:39","post_content":"","post_title":"Silique conical-cylindrical, plant glaucous spinescent","post_excerpt":"","post_status":"publish","comment_status":"closed","ping_status":"closed","post_password":"","post_name":"silique-conical-cylindrical-plant-glaucous-spinescent","to_ping":"","pinged":"","post_modified":"2021-02-23 13:40:39","post_modified_gmt":"2021-02-23 13:40:39","post_content_filtered":"","post_parent":"0","guid":"https:\/\/www.northafricatrees.org\/family-group-key\/silique-conical-cylindrical-plant-glaucous-spinescent\/","menu_order":"0","post_type":"family_group_key","post_mime_type":"","comment_count":"0","translation_id":"23774","element_type":"post_family_group_key","element_id":"31974","trid":"182772","language_code":"en","source_language_code":"es","id":"1","code":"en","english_name":"English","major":"1","active":"1","default_locale":"en_US","tag":"en","encode_url":"0","pod_item_id":"31974"},{"ID":"31977","post_author":"1","post_date":"2021-02-23 13:40:39","post_date_gmt":"2021-02-23 13:40:39","post_content":"","post_title":"Subshrubs very ramose up to 160 cm in height. Leaves and branchlets green,  glabrous, violet flowers","post_excerpt":"","post_status":"publish","comment_status":"closed","ping_status":"closed","post_password":"","post_name":"subshrubs-very-ramose-up-to-160-cm-in-height-leaves-and-branchlets-green-glabrous-violet-flowers","to_ping":"","pinged":"","post_modified":"2021-02-23 13:40:39","post_modified_gmt":"2021-02-23 13:40:39","post_content_filtered":"","post_parent":"0","guid":"https:\/\/www.northafricatrees.org\/family-group-key\/subshrubs-very-ramose-up-to-160-cm-in-height-leaves-and-branchlets-green-glabrous-violet-flowers\/","menu_order":"0","post_type":"family_group_key","post_mime_type":"","comment_count":"0","translation_id":"23778","element_type":"post_family_group_key","element_id":"31977","trid":"182774","language_code":"en","source_language_code":"es","id":"1","code":"en","english_name":"English","major":"1","active":"1","default_locale":"en_US","tag":"en","encode_url":"0","pod_item_id":"31977"},{"ID":"31980","post_author":"1","post_date":"2021-02-23 13:40:40","post_date_gmt":"2021-02-23 13:40:40","post_content":"","post_title":"Subshrubs creeping, hemispherical, up to 80 cm in height, with white  \tor white-pink flowers. Silicle dehiscent, without bulges nor wings.  Mediterranean plant in high mountains","post_excerpt":"","post_status":"publish","comment_status":"closed","ping_status":"closed","post_password":"","post_name":"subshrubs-creeping-hemispherical-up-to-80-cm-in-height-with-white-or-white-pink-flowers-silicle-dehiscent-without-bulges-nor-wings-mediterranean-plant-in-high-mountains","to_ping":"","pinged":"","post_modified":"2021-02-23 13:40:40","post_modified_gmt":"2021-02-23 13:40:40","post_content_filtered":"","post_parent":"0","guid":"https:\/\/www.northafricatrees.org\/family-group-key\/subshrubs-creeping-hemispherical-up-to-80-cm-in-height-with-white-or-white-pink-flowers-silicle-dehiscent-without-bulges-nor-wings-mediterranean-plant-in-high-mountains\/","menu_order":"0","post_type":"family_group_key","post_mime_type":"","comment_count":"0","translation_id":"23782","element_type":"post_family_group_key","element_id":"31980","trid":"182776","language_code":"en","source_language_code":"es","id":"1","code":"en","english_name":"English","major":"1","active":"1","default_locale":"en_US","tag":"en","encode_url":"0","pod_item_id":"31980"},{"ID":"31983","post_author":"1","post_date":"2021-02-23 13:40:41","post_date_gmt":"2021-02-23 13:40:41","post_content":"","post_title":"Woody subshrubs with ericoid leaves, flowers white, very small (","post_excerpt":"","post_status":"publish","comment_status":"closed","ping_status":"closed","post_password":"","post_name":"woody-subshrubs-with-ericoid-leaves-flowers-white-very-small","to_ping":"","pinged":"","post_modified":"2021-02-23 13:40:41","post_modified_gmt":"2021-02-23 13:40:41","post_content_filtered":"","post_parent":"0","guid":"https:\/\/www.northafricatrees.org\/family-group-key\/woody-subshrubs-with-ericoid-leaves-flowers-white-very-small\/","menu_order":"0","post_type":"family_group_key","post_mime_type":"","comment_count":"0","translation_id":"23786","element_type":"post_family_group_key","element_id":"31983","trid":"182778","language_code":"en","source_language_code":"es","id":"1","code":"en","english_name":"English","major":"1","active":"1","default_locale":"en_US","tag":"en","encode_url":"0","pod_item_id":"31983"},{"ID":"31986","post_author":"1","post_date":"2021-02-23 13:40:41","post_date_gmt":"2021-02-23 13:40:41","post_content":"","post_title":"Plants with herbaceous stems, only lignified at the base, leaves wide, entire or dentate, violet flowers (>1 cm)","post_excerpt":"","post_status":"publish","comment_status":"closed","ping_status":"closed","post_password":"","post_name":"plants-with-herbaceous-stems-only-lignified-at-the-base-leaves-wide-entire-or-dentate-violet-flowers-1-cm","to_ping":"","pinged":"","post_modified":"2021-02-23 13:40:41","post_modified_gmt":"2021-02-23 13:40:41","post_content_filtered":"","post_parent":"0","guid":"https:\/\/www.northafricatrees.org\/family-group-key\/plants-with-herbaceous-stems-only-lignified-at-the-base-leaves-wide-entire-or-dentate-violet-flowers-1-cm\/","menu_order":"0","post_type":"family_group_key","post_mime_type":"","comment_count":"0","translation_id":"23790","element_type":"post_family_group_key","element_id":"31986","trid":"182780","language_code":"en","source_language_code":"es","id":"1","code":"en","english_name":"English","major":"1","active":"1","default_locale":"en_US","tag":"en","encode_url":"0","pod_item_id":"31986"},{"ID":"31989","post_author":"1","post_date":"2021-02-23 13:40:42","post_date_gmt":"2021-02-23 13:40:42","post_content":"","post_title":"Flowers yellow. Fruit not winged","post_excerpt":"","post_status":"publish","comment_status":"closed","ping_status":"closed","post_password":"","post_name":"flowers-yellow-fruit-not-winged","to_ping":"","pinged":"","post_modified":"2021-09-18 08:08:12","post_modified_gmt":"2021-09-18 08:08:12","post_content_filtered":"","post_parent":"0","guid":"https:\/\/www.northafricatrees.org\/family-group-key\/flowers-yellow-fruit-not-winged\/","menu_order":"0","post_type":"family_group_key","post_mime_type":"","comment_count":"0","translation_id":"23794","element_type":"post_family_group_key","element_id":"31989","trid":"182782","language_code":"en","source_language_code":"es","id":"1","code":"en","english_name":"English","major":"1","active":"1","default_locale":"en_US","tag":"en","encode_url":"0","pod_item_id":"31989"},{"ID":"31992","post_author":"1","post_date":"2021-02-23 13:40:43","post_date_gmt":"2021-02-23 13:40:43","post_content":"","post_title":"Subshrubs erect up to 150 cm in height, with violet or purple flowers.  Silicle indehiscent, with sclerified walls \u00b1 winged. Plant of desert areas","post_excerpt":"","post_status":"publish","comment_status":"closed","ping_status":"closed","post_password":"","post_name":"subshrubs-erect-up-to-150-cm-in-height-with-violet-or-purple-flowers-silicle-indehiscent-with-sclerified-walls-%c2%b1-winged-plant-of-desert-areas","to_ping":"","pinged":"","post_modified":"2021-02-23 13:40:43","post_modified_gmt":"2021-02-23 13:40:43","post_content_filtered":"","post_parent":"0","guid":"https:\/\/www.northafricatrees.org\/family-group-key\/subshrubs-erect-up-to-150-cm-in-height-with-violet-or-purple-flowers-silicle-indehiscent-with-sclerified-walls-%c2%b1-winged-plant-of-desert-areas\/","menu_order":"0","post_type":"family_group_key","post_mime_type":"","comment_count":"0","translation_id":"23798","element_type":"post_family_group_key","element_id":"31992","trid":"182784","language_code":"en","source_language_code":"es","id":"1","code":"en","english_name":"English","major":"1","active":"1","default_locale":"en_US","tag":"en","encode_url":"0","pod_item_id":"31992"},{"ID":"42438","post_author":"2","post_date":"2021-09-18 08:09:21","post_date_gmt":"2021-09-18 08:09:21","post_content":"","post_title":"Flowers yellow","post_excerpt":"","post_status":"publish","comment_status":"closed","ping_status":"closed","post_password":"","post_name":"flowers-yellow","to_ping":"","pinged":"","post_modified":"2021-09-18 08:09:21","post_modified_gmt":"2021-09-18 08:09:21","post_content_filtered":"","post_parent":"0","guid":"https:\/\/www.northafricatrees.org\/?post_type=family_group_key&#038;p=42438","menu_order":"0","post_type":"family_group_key","post_mime_type":"","comment_count":"0","translation_id":"34337","element_type":"post_family_group_key","element_id":"42438","trid":"653513","language_code":"en","source_language_code":null,"id":"1","code":"en","english_name":"English","major":"1","active":"1","default_locale":"en_US","tag":"en","encode_url":"0","pod_item_id":"42438"}],"title_groups_keys":false,"images":false,"phylogenetic_order":"46","ID":10887,"post_title":"BRASSICACEAE Burnett","post_content":"Large family of about 354 genera and about 4,060 species; some are shrubby species but most are herbaceous, distributed mainly through temperate regions of the Northern Hemisphere. In North Africa there are 81 genera, among which only 8-9 are composed in part or entirely by shrubs or subshrubs. The rest of the genera only have herbaceous species with slightly woody or not woody stems.","post_excerpt":"","post_author":"1","post_date":"2020-11-10 08:58:17","post_date_gmt":"2020-11-10 08:58:17","post_status":"publish","comment_status":"closed","ping_status":"closed","post_password":"","post_name":"brassicaceae-burnett","to_ping":"","pinged":"","post_modified":"2023-05-28 11:39:35","post_modified_gmt":"2023-05-28 11:39:35","post_content_filtered":"","post_parent":0,"guid":"https:\/\/www.northafricatrees.org\/family\/brassicaceae-burnett\/","menu_order":0,"post_type":"family","post_mime_type":"","comment_count":"0","comments":false,"id":10887}},"species":{"12879":{"short_name":"Vella anremerica","name_html":"<strong>Vella anremerica <\/strong>(Litard. & Maire) G\u00f3mez-Campo","short_description":"","common_names":"<em>V. pseudocytisus<\/em> subsp. <em>anremerica<\/em> Litard. &amp; Maire, <em>Pseudocytisus integrifolius <\/em>subsp. <em>anremericus <\/em>(Litard. &amp; Maire) Maire, <em>V. charpinii<\/em> Fern. Casas.","other_name":"<em>Spa<\/em>.: Piorno del Anremer.","flowering":"June to August.","fruiting":"July to October.","habitat":"Orophyte species that grows on xerophytic thickets, on calcareous or schistose substrates, between 2,300-3,000 m above sea level.","distribution":"Endemic to the high mountain areas of the High Atlas in Morocco (mounts of Anremer, Tizi-n-Ouanou, and other high peaks such as Agudal, Tislit, Msemrir, Ayachi Massif, etc.).","observations":"","conservation":"Locally common species but with a small distribution area. Currently, it has not been assessed at a global level in the <em>IUCN Red List of Threatened Species<\/em>. In the Livre Rouge de la flore vasculaire du Maroc (Fennane, 2021) it has been considered as Endangered (EN).","genus":[{"ID":"11395","post_author":"1","post_date":"2020-11-10 09:01:36","post_date_gmt":"2020-11-10 09:01:36","post_content":"<p>Genus composed of 7 species, typical of the western Mediterranean, including 3 in North Africa, spread through the Algerian-Moroccan high plateaux and the High Atlas.<br \/><\/p>","post_title":"Vella L.","post_excerpt":"","post_status":"publish","comment_status":"closed","ping_status":"closed","post_password":"","post_name":"vella-l-2","to_ping":"","pinged":"","post_modified":"2020-11-10 09:01:36","post_modified_gmt":"2020-11-10 09:01:36","post_content_filtered":"","post_parent":"0","guid":"https:\/\/www.northafricatrees.org\/genus\/vella-l-2\/","menu_order":"0","post_type":"genus","post_mime_type":"","comment_count":"0","translation_id":"1326","element_type":"post_genus","element_id":"11395","trid":"114139","language_code":"en","source_language_code":"es","id":"1","code":"en","english_name":"English","major":"1","active":"1","default_locale":"en_US","tag":"en","encode_url":"0","pod_item_id":"11395"}],"images":[{"ID":"29240","post_author":"1","post_date":"2021-01-04 14:09:36","post_date_gmt":"2021-01-04 14:09:36","post_content":"","post_title":"Vella anremerica. 1. Abdelmonaim H. Bakali. Teline","post_excerpt":"Vella anremerica. General aspect. Abdelmonaim H. Bakali. Teline.","post_status":"inherit","comment_status":"closed","ping_status":"closed","post_password":"","post_name":"vella-anremerica-1-abdelmonaim-h-bakali-teline-2","to_ping":"","pinged":"","post_modified":"2026-04-15 12:24:55","post_modified_gmt":"2026-04-15 12:24:55","post_content_filtered":"","post_parent":"12879","guid":"https:\/\/www.northafricatrees.org\/wp-content\/uploads\/2020\/11\/Vella-anremerica.-1.-Abdelmonaim-H.-Bakali.-Teline.jpg","menu_order":"0","post_type":"attachment","post_mime_type":"image\/jpeg","comment_count":"0","translation_id":"21130","element_type":"post_attachment","element_id":"29240","trid":"119707","language_code":"en","source_language_code":"es","id":"1","code":"en","english_name":"English","major":"1","active":"1","default_locale":"en_US","tag":"en","encode_url":"0","pod_item_id":"29240"},{"ID":"29242","post_author":"1","post_date":"2021-01-04 14:09:40","post_date_gmt":"2021-01-04 14:09:40","post_content":"","post_title":"Vella anremerica. 2. Abdelmonaim H. Bakali. Teline","post_excerpt":"Vella anremerica. General aspect in bloom of a very overgrazed plant. Abdelmonaim H. Bakali. Teline.","post_status":"inherit","comment_status":"closed","ping_status":"closed","post_password":"","post_name":"vella-anremerica-2-abdelmonaim-h-bakali-teline-2","to_ping":"","pinged":"","post_modified":"2026-04-15 12:24:55","post_modified_gmt":"2026-04-15 12:24:55","post_content_filtered":"","post_parent":"12879","guid":"https:\/\/www.northafricatrees.org\/wp-content\/uploads\/2020\/11\/Vella-anremerica.-2.-Abdelmonaim-H.-Bakali.-Teline.jpg","menu_order":"0","post_type":"attachment","post_mime_type":"image\/jpeg","comment_count":"0","translation_id":"21132","element_type":"post_attachment","element_id":"29242","trid":"119708","language_code":"en","source_language_code":"es","id":"1","code":"en","english_name":"English","major":"1","active":"1","default_locale":"en_US","tag":"en","encode_url":"0","pod_item_id":"29242"},{"ID":"29244","post_author":"1","post_date":"2021-01-04 14:09:41","post_date_gmt":"2021-01-04 14:09:41","post_content":"","post_title":"Vella anremerica. 3. Abdelmonaim H. Bakali. Teline","post_excerpt":"Vella anremerica. Stems with immature fruits (silicles). Abdelmonaim H. Bakali. Teline.","post_status":"inherit","comment_status":"closed","ping_status":"closed","post_password":"","post_name":"vella-anremerica-3-abdelmonaim-h-bakali-teline-2","to_ping":"","pinged":"","post_modified":"2026-04-15 12:24:55","post_modified_gmt":"2026-04-15 12:24:55","post_content_filtered":"","post_parent":"12879","guid":"https:\/\/www.northafricatrees.org\/wp-content\/uploads\/2020\/11\/Vella-anremerica.-3.-Abdelmonaim-H.-Bakali.-Teline.jpg","menu_order":"0","post_type":"attachment","post_mime_type":"image\/jpeg","comment_count":"0","translation_id":"21134","element_type":"post_attachment","element_id":"29244","trid":"119709","language_code":"en","source_language_code":"es","id":"1","code":"en","english_name":"English","major":"1","active":"1","default_locale":"en_US","tag":"en","encode_url":"0","pod_item_id":"29244"}],"map_legend":"","kml":{"ID":"47547","post_author":"2","post_date":"2026-04-13 09:14:38","post_date_gmt":"2026-04-13 09:14:38","post_content":"","post_title":"Vella_anremerica","post_excerpt":"","post_status":"inherit","comment_status":"closed","ping_status":"closed","post_password":"","post_name":"vella_anremerica-2-2","to_ping":"","pinged":"","post_modified":"2026-04-15 12:24:56","post_modified_gmt":"2026-04-15 12:24:56","post_content_filtered":"","post_parent":"12879","guid":"https:\/\/www.northafricatrees.org\/wp-content\/uploads\/2026\/04\/Vella_anremerica.kml","menu_order":"0","post_type":"attachment","post_mime_type":"application\/xml","comment_count":"0","translation_id":"38513","element_type":"post_attachment","element_id":"47547","trid":"655029","language_code":"en","source_language_code":"es","id":"1","code":"en","english_name":"English","major":"1","active":"1","default_locale":"en_US","tag":"en","encode_url":"0","pod_item_id":"47547"},"zone_1":"[\" -7.070758443521901,31.46678599404428\",\" -7.12461735421126,31.42981183290944\",\" -7.156615865361657,31.38514959789151\",\" -7.164107700671861,31.34074163183965\",\" -7.138366699999949,31.29087380000004\",\" -7.072662088297854,31.2731105468008\",\" -6.946118098561332,31.2761808083615\",\" -6.738406495350098,31.31805795344912\",\" -6.624069199999951,31.34718660000004\",\" -6.539611799999933,31.37533040000005\",\" -6.505966199999932,31.38705440000007\",\" -6.429545858474352,31.42083151623456\",\" -6.344604499999946,31.45502530000005\",\" -6.172256499999946,31.49601830000006\",\" -6.033554099999947,31.52938510000007\",\" -5.871050192787909,31.56479398874635\",\" -5.706125011084515,31.61187549139438\",\" -5.570267537458666,31.60100053622923\",\" -5.461689592418193,31.65402517909378\",\" -5.247176895069004,31.84142503241323\",\" -5.142082139366182,31.87282324712969\",\" -5.033475269007278,31.9805485986771\",\" -4.975176373884685,32.09995837667885\",\" -4.958798472517362,32.17575084517102\",\" -4.996731194482408,32.22112102850583\",\" -5.090114609277071,32.27446900810993\",\" -5.200604249878217,32.30880807010497\",\" -5.428146186440811,32.32143914557705\",\" -5.578265939050333,32.3100625739931\",\" -5.74613244361312,32.23292566975974\",\" -6.183583557644096,31.99645322960797\",\" -6.368095985855006,31.82705992045356\",\" -6.449231915142892,31.76485760712144\",\" -6.604185854980874,31.72802054656478\",\" -6.755778803130355,31.69364620098632\",\" -6.850826408519618,31.65039551817547\",\" -6.926565662409093,31.59136919219451\",\" -7.020265028310853,31.519764390996\",\" -7.070758443521901,31.46678599404428\",\" \"]","zone_2":"","zone_3":"","zone_4":"","zone_5":"","zone_6":"","zone_7":"","zone_8":"","zone_9":"","zone_10":"","zone_11":"","zone_12":"","ID":12879,"post_title":"Vella anremerica (Litard. & Maire) G\u00f3mez-Campo","post_content":"Shrub, small, branched from the base, stems covered with applied setae, ascending and tending to form clumps that are hemispherical in shape up to 70 cm, usually smaller. Leaves from oblanceolate to oblong-lanceolate, with 2-4 deep lobes, some leaves entire, acute to subacute. Inflorescence with variable number of flowers, but often multiflorous; axis with very short and applied setae, all of similar size (0.2-0.4 mm). Fruit dehiscent (silicle); with 2 parts or divisions; the lower part fertile, 3 times smaller than the upper or stylar part, with setose valves (sometimes almost glabrous) with only 3 clearly marked longitudinal veins; the upper (stylar) part sterile, ensiform, with an apex clearly topped by the stigma. It resembles <em>V. pseudocytisus<\/em>, but it differs in the upper part of the silicle, which is lanceolate, \u00b1 acute, with the same basal width as the lower part and 1.5 times longer. Seeds 1-1.5 mm long, inside the lower part.","post_excerpt":"","post_author":"1","post_date":"2020-11-10 10:08:26","post_date_gmt":"2020-11-10 10:08:26","post_status":"publish","comment_status":"closed","ping_status":"closed","post_password":"","post_name":"vella-anremerica","to_ping":"","pinged":"","post_modified":"2026-04-15 12:24:55","post_modified_gmt":"2026-04-15 12:24:55","post_content_filtered":"","post_parent":0,"guid":"https:\/\/www.northafricatrees.org\/species\/vella-anremerica\/","menu_order":0,"post_type":"species","post_mime_type":"","comment_count":"0","comments":false,"id":12879},"12876":{"short_name":"Vella mairei","name_html":"<strong>Vella mairei <\/strong>Humbert","short_description":"","common_names":"<em>Pseudocytisus mairei<\/em> (Humhert) Maire","other_name":"<em>Spa.<\/em>: Piorno del Atlas.","flowering":"June to August.","fruiting":"July to October.","habitat":"Cushion-shaped thickets in high mountains (2,400-3,500 m) on calcareous substrates, forming very characteristic communities by the dominance of this and other hemispherical species with spiny branches. In semiarid to subhumid bioclimate, on supramediterranean and oromediterranean floors.","distribution":"Endemic to Morocco. High Atlas (from Erdouz Massif to the W, including Jebel Anremer, up to Jebel Ayachi and Maasker by E) and Middle Atlas (Guelb-er-Rahal mountain range and Bu-Nacer).","observations":"Previously regarded as an ecological vicariant of <em>V. spinosa<\/em> (from the mountains of S of Spain), but the latter is diploid, whereas <em>V. mairei<\/em> is tetraploid. Recent phylogenetic studies show a greater relationship of <em>V. spinosa<\/em> with <em>V. anremerica <\/em>(also diploid). Based mainly on the glabrousness of the silicles, 2 varieties have been described.","conservation":"Locally common species but with a small distribution area. Currently, it has not been assessed at a global level in the <em>IUCN Red List of Threatened Species<\/em>. In the Livre Rouge de la flore vasculaire du Maroc (Fennane, 2021) it has been considered as Vulnerable (VU).","genus":[{"ID":"11395","post_author":"1","post_date":"2020-11-10 09:01:36","post_date_gmt":"2020-11-10 09:01:36","post_content":"<p>Genus composed of 7 species, typical of the western Mediterranean, including 3 in North Africa, spread through the Algerian-Moroccan high plateaux and the High Atlas.<br \/><\/p>","post_title":"Vella L.","post_excerpt":"","post_status":"publish","comment_status":"closed","ping_status":"closed","post_password":"","post_name":"vella-l-2","to_ping":"","pinged":"","post_modified":"2020-11-10 09:01:36","post_modified_gmt":"2020-11-10 09:01:36","post_content_filtered":"","post_parent":"0","guid":"https:\/\/www.northafricatrees.org\/genus\/vella-l-2\/","menu_order":"0","post_type":"genus","post_mime_type":"","comment_count":"0","translation_id":"1326","element_type":"post_genus","element_id":"11395","trid":"114139","language_code":"en","source_language_code":"es","id":"1","code":"en","english_name":"English","major":"1","active":"1","default_locale":"en_US","tag":"en","encode_url":"0","pod_item_id":"11395"}],"images":[{"ID":"29246","post_author":"1","post_date":"2021-01-04 14:09:43","post_date_gmt":"2021-01-04 14:09:43","post_content":"","post_title":"Vella mairei. 1 Abdelmonaim H. Bakali. Teline","post_excerpt":"Vella mairei. General aspect in bloom. Abdelmonaim H. Bakali. Teline.","post_status":"inherit","comment_status":"closed","ping_status":"closed","post_password":"","post_name":"vella-mairei-1-abdelmonaim-h-bakali-teline-2","to_ping":"","pinged":"","post_modified":"2026-04-15 12:26:43","post_modified_gmt":"2026-04-15 12:26:43","post_content_filtered":"","post_parent":"12876","guid":"https:\/\/www.northafricatrees.org\/wp-content\/uploads\/2020\/11\/Vella-mairei.-1-Abdelmonaim-H.-Bakali.-Teline.jpg","menu_order":"0","post_type":"attachment","post_mime_type":"image\/jpeg","comment_count":"0","translation_id":"21136","element_type":"post_attachment","element_id":"29246","trid":"119710","language_code":"en","source_language_code":"es","id":"1","code":"en","english_name":"English","major":"1","active":"1","default_locale":"en_US","tag":"en","encode_url":"0","pod_item_id":"29246"},{"ID":"29248","post_author":"1","post_date":"2021-01-04 14:09:43","post_date_gmt":"2021-01-04 14:09:43","post_content":"","post_title":"Vella mairei. 2 Sebastien Iba\u00f1ez. Teline","post_excerpt":"Vella mairei. Twigs with leaves and flower. Sebastien Ib\u00e1\u00f1ez. Teline.","post_status":"inherit","comment_status":"closed","ping_status":"closed","post_password":"","post_name":"vella-mairei-2-sebastien-ibanez-teline-2","to_ping":"","pinged":"","post_modified":"2026-04-15 12:26:43","post_modified_gmt":"2026-04-15 12:26:43","post_content_filtered":"","post_parent":"12876","guid":"https:\/\/www.northafricatrees.org\/wp-content\/uploads\/2020\/11\/Vella-mairei.-2-Sebastien-Ibanez.-Teline.jpg","menu_order":"0","post_type":"attachment","post_mime_type":"image\/jpeg","comment_count":"0","translation_id":"21138","element_type":"post_attachment","element_id":"29248","trid":"119711","language_code":"en","source_language_code":"es","id":"1","code":"en","english_name":"English","major":"1","active":"1","default_locale":"en_US","tag":"en","encode_url":"0","pod_item_id":"29248"},{"ID":"29252","post_author":"1","post_date":"2021-01-04 14:09:44","post_date_gmt":"2021-01-04 14:09:44","post_content":"","post_title":"Vella mairei. 4 Abdelmonaim H. Bakali. Teline","post_excerpt":"Vella mairei. Twigs with immature fruits (silicles). Abdelmonaim H. Bakali. Teline.","post_status":"inherit","comment_status":"closed","ping_status":"closed","post_password":"","post_name":"vella-mairei-4-abdelmonaim-h-bakali-teline-2","to_ping":"","pinged":"","post_modified":"2026-04-15 12:26:43","post_modified_gmt":"2026-04-15 12:26:43","post_content_filtered":"","post_parent":"12876","guid":"https:\/\/www.northafricatrees.org\/wp-content\/uploads\/2020\/11\/Vella-mairei.-4-Abdelmonaim-H.-Bakali.-Teline.jpg","menu_order":"0","post_type":"attachment","post_mime_type":"image\/jpeg","comment_count":"0","translation_id":"21142","element_type":"post_attachment","element_id":"29252","trid":"119713","language_code":"en","source_language_code":"es","id":"1","code":"en","english_name":"English","major":"1","active":"1","default_locale":"en_US","tag":"en","encode_url":"0","pod_item_id":"29252"},{"ID":"29254","post_author":"1","post_date":"2021-01-04 14:09:44","post_date_gmt":"2021-01-04 14:09:44","post_content":"","post_title":"Vella mairei. 5. Jes\u00fas Charco","post_excerpt":"Vella mairei. Detail of twig with leaves and immature fruits (silicles). Jes\u00fas Charco.","post_status":"inherit","comment_status":"closed","ping_status":"closed","post_password":"","post_name":"vella-mairei-5-jesus-charco-2","to_ping":"","pinged":"","post_modified":"2026-04-15 12:26:43","post_modified_gmt":"2026-04-15 12:26:43","post_content_filtered":"","post_parent":"12876","guid":"https:\/\/www.northafricatrees.org\/wp-content\/uploads\/2020\/11\/Vella-mairei.-5.-Jesus-Charco.jpg","menu_order":"0","post_type":"attachment","post_mime_type":"image\/jpeg","comment_count":"0","translation_id":"21144","element_type":"post_attachment","element_id":"29254","trid":"119714","language_code":"en","source_language_code":"es","id":"1","code":"en","english_name":"English","major":"1","active":"1","default_locale":"en_US","tag":"en","encode_url":"0","pod_item_id":"29254"}],"map_legend":"","kml":{"ID":"47550","post_author":"2","post_date":"2026-04-13 09:14:39","post_date_gmt":"2026-04-13 09:14:39","post_content":"","post_title":"Vella_mairei","post_excerpt":"","post_status":"inherit","comment_status":"closed","ping_status":"closed","post_password":"","post_name":"vella_mairei-2-2","to_ping":"","pinged":"","post_modified":"2026-04-15 12:26:44","post_modified_gmt":"2026-04-15 12:26:44","post_content_filtered":"","post_parent":"12876","guid":"https:\/\/www.northafricatrees.org\/wp-content\/uploads\/2026\/04\/Vella_mairei.kml","menu_order":"0","post_type":"attachment","post_mime_type":"application\/xml","comment_count":"0","translation_id":"38516","element_type":"post_attachment","element_id":"47550","trid":"655030","language_code":"en","source_language_code":"es","id":"1","code":"en","english_name":"English","major":"1","active":"1","default_locale":"en_US","tag":"en","encode_url":"0","pod_item_id":"47550"},"zone_1":"[\" -8.407287599999961,31.11879440000007\",\" -8.497629901196923,31.0888507845357\",\" -8.518206008235399,31.03459367080323\",\" -8.498076926581842,30.98893632098477\",\" -8.458426969097852,30.95401996767915\",\" -8.313289136727605,30.92049448409485\",\" -8.133731809694007,30.92045681177839\",\" -7.98254475665305,30.94771179831429\",\" -7.741487618223973,31.0388335171959\",\" -7.492675799999973,31.19400750000006\",\" -7.374534449425103,31.22826009839341\",\" -7.244720185397423,31.22643753197039\",\" -6.965331999999933,31.27620350000007\",\" -6.759338399999933,31.31375490000005\",\" -6.605341025876483,31.35161427879677\",\" -6.353333999395824,31.44993856637181\",\" -6.114366129741221,31.51033903785829\",\" -5.905074386942042,31.55441479952624\",\" -5.703023864435,31.61187536346127\",\" -5.573372822840788,31.60100596836377\",\" -5.465083671088959,31.64870454755588\",\" -5.244060043555759,31.8413909128638\",\" -5.138437303317264,31.87831099228383\",\" -5.036943150367863,31.97776723390302\",\" -4.927368199999933,32.17793720000003\",\" -4.787292499999978,32.36836310000007\",\" -4.757080099999939,32.48659680000003\",\" -4.828491199999974,32.51902600000005\",\" -4.976806599999975,32.48891360000005\",\" -5.281677199999933,32.42402180000005\",\" -5.567321799999945,32.35908330000007\",\" -5.866699199999971,32.22209580000003\",\" -6.119728736720866,32.07936359679705\",\" -6.363414884008947,31.95848007934864\",\" -6.436213212998464,31.8722705326864\",\" -6.557927392751014,31.80955668368443\",\" -6.734910161015146,31.74800815628401\",\" -6.980286452413214,31.62911375103014\",\" -7.327880899999968,31.50362930000006\",\" -7.717895499999942,31.36536370000005\",\" -7.956848099999945,31.21984820000006\",\" -8.184814499999959,31.15405800000008\",\" -8.322143599999947,31.13760330000002\",\" -8.407287599999961,31.11879440000007\",\" \"]","zone_2":"[\" -3.788309099999935,33.65020800000008\",\" -3.774963699999944,33.67592370000006\",\" -3.779554399999938,33.67642570000004\",\" -3.787585499999977,33.67517520000007\",\" -3.814945399999941,33.65340400000008\",\" -3.824787099999981,33.63448790000007\",\" -3.853111299999966,33.61947970000006\",\" -3.897743199999979,33.57744270000006\",\" -3.926757099999975,33.56499950000006\",\" -3.944778499999927,33.54969280000006\",\" -3.962117699999966,33.53767230000005\",\" -3.961687899999959,33.52157440000008\",\" -3.949241599999937,33.49359360000005\",\" -3.936026199999958,33.49566870000007\",\" -3.92143249999998,33.52465300000006\",\" -3.885726899999952,33.53824690000005\",\" -3.870964399999934,33.53753200000006\",\" -3.862724299999968,33.54339770000007\",\" -3.839034999999967,33.57257990000005\",\" -3.812427499999956,33.59460310000003\",\" -3.792171399999972,33.62048030000005\",\" -3.787879999999973,33.63520250000005\",\" -3.788309099999935,33.65020800000008\",\" \"]","zone_3":"","zone_4":"","zone_5":"","zone_6":"","zone_7":"","zone_8":"","zone_9":"","zone_10":"","zone_11":"","zone_12":"","ID":12876,"post_title":"Vella mairei Humbert","post_content":"Small shrub, cushion-shaped, up to 1 m in height and 1.5 m in diameter, with dense and intricate branches ending in strongly spiny apices. Stems and main branches with greyish bark, smooth, slightly fissured in thicker and older parts, with numerous scars of fallen leaves. Branchlets greyish or greenish-white, with few rigid hairs. Leaves (up to 5 \u00d7 3 cm) alternate, obovate-oblong \u2014sometimes spatulate\u2014, obtuse, entire or with some very pronounced lobes, slightly fleshy, green on both sides, glabrous or with few scattered hairs. Flowers in small short terminal racemes, of 4-6 flowers. Calyx with 4 sepals, linear-oblong, \u00b1 acute, glabrous, greenish-yellowish, 10 mm long. Corolla with 4 petals, obovate and longly unguiculate, 12-15 mm long, very intense yellow. Fruit a subsessile silicle 17-20 \u00d7 2-3 mm, with 2 parts or segments: lower part fertile, ellipsoid, dehiscent in 2 to short and convex valves, with some rigid hairs and visible veins; upper part (rostrum) sterile, linear-lanceolate, trinervate, glabrous, 3 times longer than the lower part. Seeds 2-4, contained in the lower part, obovate, smooth.","post_excerpt":"","post_author":"1","post_date":"2020-11-10 10:08:25","post_date_gmt":"2020-11-10 10:08:25","post_status":"publish","comment_status":"closed","ping_status":"closed","post_password":"","post_name":"vella-mairei","to_ping":"","pinged":"","post_modified":"2026-04-15 12:26:43","post_modified_gmt":"2026-04-15 12:26:43","post_content_filtered":"","post_parent":0,"guid":"https:\/\/www.northafricatrees.org\/species\/vella-mairei\/","menu_order":0,"post_type":"species","post_mime_type":"","comment_count":"0","comments":false,"id":12876},"12882":{"short_name":"Vella pseudocytisus","name_html":"<strong>Vella pseudocytisus <\/strong>subsp. <strong>glabrata <\/strong>Greuter","short_description":"","common_names":"<em>Pseudocytisus integrifolius<\/em> subsp. <em>glabrescens <\/em>(Coss.) Emb. &amp; Maire, <em>V. pseudocytisus <\/em>subsp. <em>glabrescens <\/em>(Coss.) Litard. &amp; Maire, <em>V. glabrescens<\/em> Coss.","other_name":"<em>Spa<\/em>.: Pitano, falso codeso.\u00a0\u00a0 <em>Ara<\/em>.: Que\u00e7dir, agezdir.","flowering":"April to June.","fruiting":"May to July.","habitat":"Steppic dry and cold terrains. In semiarid to humid bioclimate, mainly on mesomediterranean floor.","distribution":"The species is distributed across the western Mediterranean; the subspecies is endemic to North Africa. Steppic areas of eastern Morocco (eastern Middle Atlas and High Muluya) and western Algeria (between El Aricha and Chott el Gharbi).","observations":"","conservation":"Locally common species but with a small distribution area. Currently, it has not been assessed at a global level in the <em>IUCN Red List of Threatened Species<\/em>. In the Livre Rouge de la flore vasculaire du Maroc (Fennane, 2021) it has been considered as Vulnerable (VU).","genus":[{"ID":"11395","post_author":"1","post_date":"2020-11-10 09:01:36","post_date_gmt":"2020-11-10 09:01:36","post_content":"<p>Genus composed of 7 species, typical of the western Mediterranean, including 3 in North Africa, spread through the Algerian-Moroccan high plateaux and the High Atlas.<br \/><\/p>","post_title":"Vella L.","post_excerpt":"","post_status":"publish","comment_status":"closed","ping_status":"closed","post_password":"","post_name":"vella-l-2","to_ping":"","pinged":"","post_modified":"2020-11-10 09:01:36","post_modified_gmt":"2020-11-10 09:01:36","post_content_filtered":"","post_parent":"0","guid":"https:\/\/www.northafricatrees.org\/genus\/vella-l-2\/","menu_order":"0","post_type":"genus","post_mime_type":"","comment_count":"0","translation_id":"1326","element_type":"post_genus","element_id":"11395","trid":"114139","language_code":"en","source_language_code":"es","id":"1","code":"en","english_name":"English","major":"1","active":"1","default_locale":"en_US","tag":"en","encode_url":"0","pod_item_id":"11395"}],"images":[{"ID":"30628","post_author":"1","post_date":"2021-02-02 10:25:51","post_date_gmt":"2021-02-02 10:25:51","post_content":"","post_title":"Vella pseudocytisus glabrata. 2. Abdelmonaim H. Bakali. Teline","post_excerpt":"Vella pseudocytisus subsp. glabrata. General aspect in bloom. Abdelmonaim H. Bakali. Teline.","post_status":"inherit","comment_status":"closed","ping_status":"closed","post_password":"","post_name":"vella-pseudocytisus-glabrata-2-abdelmonaim-h-bakali-teline-2","to_ping":"","pinged":"","post_modified":"2023-05-28 11:45:06","post_modified_gmt":"2023-05-28 11:45:06","post_content_filtered":"","post_parent":"12882","guid":"https:\/\/www.northafricatrees.org\/wp-content\/uploads\/2020\/11\/Vella-pseudocytisus-glabrata.-2.-Abdelmonaim-H.-Bakali.-Teline.jpg","menu_order":"0","post_type":"attachment","post_mime_type":"image\/jpeg","comment_count":"0","translation_id":"22319","element_type":"post_attachment","element_id":"30628","trid":"120210","language_code":"en","source_language_code":"es","id":"1","code":"en","english_name":"English","major":"1","active":"1","default_locale":"en_US","tag":"en","encode_url":"0","pod_item_id":"30628"},{"ID":"30625","post_author":"1","post_date":"2021-02-02 10:25:50","post_date_gmt":"2021-02-02 10:25:50","post_content":"","post_title":"Vella pseudocytisus glabrata. 1. Abdelmonaim H. Bakali. Teline","post_excerpt":"Vella pseudocytisus subsp. glabrata. General aspect in bloom. Abdelmonaim H. Bakali. Teline.","post_status":"inherit","comment_status":"closed","ping_status":"closed","post_password":"","post_name":"vella-pseudocytisus-glabrata-1-abdelmonaim-h-bakali-teline-2","to_ping":"","pinged":"","post_modified":"2023-05-28 11:45:06","post_modified_gmt":"2023-05-28 11:45:06","post_content_filtered":"","post_parent":"12882","guid":"https:\/\/www.northafricatrees.org\/wp-content\/uploads\/2020\/11\/Vella-pseudocytisus-glabrata.-1.-Abdelmonaim-H.-Bakali.-Teline.jpg","menu_order":"0","post_type":"attachment","post_mime_type":"image\/jpeg","comment_count":"0","translation_id":"22316","element_type":"post_attachment","element_id":"30625","trid":"120209","language_code":"en","source_language_code":"es","id":"1","code":"en","english_name":"English","major":"1","active":"1","default_locale":"en_US","tag":"en","encode_url":"0","pod_item_id":"30625"},{"ID":"30622","post_author":"1","post_date":"2021-02-02 10:25:49","post_date_gmt":"2021-02-02 10:25:49","post_content":"","post_title":"Vella pseudocytisus glabrata. 4. Abdelmonaim H. Bakali. Teline","post_excerpt":"Vella pseudocytisus subsp. glabrata. Stems with leaves and immature fruits (silicles). Abdelmonaim H. Bakali. Teline.","post_status":"inherit","comment_status":"closed","ping_status":"closed","post_password":"","post_name":"vella-pseudocytisus-glabrata-4-abdelmonaim-h-bakali-teline-2","to_ping":"","pinged":"","post_modified":"2023-05-28 11:45:06","post_modified_gmt":"2023-05-28 11:45:06","post_content_filtered":"","post_parent":"12882","guid":"https:\/\/www.northafricatrees.org\/wp-content\/uploads\/2020\/11\/Vella-pseudocytisus-glabrata.-4.-Abdelmonaim-H.-Bakali.-Teline.jpg","menu_order":"0","post_type":"attachment","post_mime_type":"image\/jpeg","comment_count":"0","translation_id":"22313","element_type":"post_attachment","element_id":"30622","trid":"120208","language_code":"en","source_language_code":"es","id":"1","code":"en","english_name":"English","major":"1","active":"1","default_locale":"en_US","tag":"en","encode_url":"0","pod_item_id":"30622"},{"ID":"30619","post_author":"1","post_date":"2021-02-02 10:25:49","post_date_gmt":"2021-02-02 10:25:49","post_content":"","post_title":"Vella pseudocytisus glabrata. 3. Abdelmonaim H. Bakali. Teline","post_excerpt":"Vella pseudocytisus subsp. glabrata. Inflorescence detail. Abdelmonaim H. Bakali. Teline.","post_status":"inherit","comment_status":"closed","ping_status":"closed","post_password":"","post_name":"vella-pseudocytisus-glabrata-3-abdelmonaim-h-bakali-teline-2","to_ping":"","pinged":"","post_modified":"2023-05-28 11:45:06","post_modified_gmt":"2023-05-28 11:45:06","post_content_filtered":"","post_parent":"12882","guid":"https:\/\/www.northafricatrees.org\/wp-content\/uploads\/2020\/11\/Vella-pseudocytisus-glabrata.-3.-Abdelmonaim-H.-Bakali.-Teline.jpg","menu_order":"0","post_type":"attachment","post_mime_type":"image\/jpeg","comment_count":"0","translation_id":"22310","element_type":"post_attachment","element_id":"30619","trid":"120207","language_code":"en","source_language_code":"es","id":"1","code":"en","english_name":"English","major":"1","active":"1","default_locale":"en_US","tag":"en","encode_url":"0","pod_item_id":"30619"},{"ID":"30616","post_author":"1","post_date":"2021-02-02 10:25:47","post_date_gmt":"2021-02-02 10:25:47","post_content":"","post_title":"Vella pseudocytisus glabrata. 5. Abdelmonaim H. Bakali. Teline","post_excerpt":"Vella pseudocytisus subsp. glabrata. Stems with immature fruits (silicles). Abdelmonaim H. Bakali. Teline.","post_status":"inherit","comment_status":"closed","ping_status":"closed","post_password":"","post_name":"vella-pseudocytisus-glabrata-5-abdelmonaim-h-bakali-teline-2","to_ping":"","pinged":"","post_modified":"2023-05-28 11:45:06","post_modified_gmt":"2023-05-28 11:45:06","post_content_filtered":"","post_parent":"12882","guid":"https:\/\/www.northafricatrees.org\/wp-content\/uploads\/2020\/11\/Vella-pseudocytisus-glabrata.-5.-Abdelmonaim-H.-Bakali.-Teline.jpg","menu_order":"0","post_type":"attachment","post_mime_type":"image\/jpeg","comment_count":"0","translation_id":"22307","element_type":"post_attachment","element_id":"30616","trid":"120206","language_code":"en","source_language_code":"es","id":"1","code":"en","english_name":"English","major":"1","active":"1","default_locale":"en_US","tag":"en","encode_url":"0","pod_item_id":"30616"}],"map_legend":"","kml":false,"zone_1":"[\" -3.559570299999962,33.57801470000004\",\" -3.944091799999967,33.35347330000008\",\" -4.268188499999951,33.11224880000003\",\" -4.402887899999939,32.96946500000007\",\" -4.70077509999993,32.88074050000006\",\" -4.840850799999942,32.83113500000007\",\" -4.934304599999962,32.79192550000005\",\" -4.989910799999962,32.73529960000008\",\" -4.993286099999978,32.65325090000005\",\" -4.908081999999979,32.60241800000006\",\" -4.725494399999946,32.59079190000006\",\" -4.437103299999933,32.67174880000005\",\" -3.872680699999933,32.66250030000003\",\" -3.460693299999946,32.69948870000007\",\" -2.953948899999944,32.79881890000007\",\" -2.257690399999945,32.98102010000002\",\" -1.49414059999998,33.27084280000003\",\" -1.021728499999938,33.62376800000004\",\" -0.8184814999999617,33.94335990000008\",\" -0.7086181999999326,34.30260620000007\",\" -0.7880836999999588,34.45446490000006\",\" -0.966796899999963,34.54276240000007\",\" -1.208496099999934,34.58799750000003\",\" -1.571044899999947,34.44768870000007\",\" -1.928100599999937,34.30714390000003\",\" -3.559570299999962,33.57801470000004\"]","zone_2":"","zone_3":"","zone_4":"","zone_5":"","zone_6":"","zone_7":"","zone_8":"","zone_9":"","zone_10":"","zone_11":"","zone_12":"","ID":12882,"post_title":"Vella pseudocytisus subsp. glabrata Greuter","post_content":"Subshrub, evergreen, with unarmed stems branched from the base, reaching up to 1 m in height in valleys and sheltered slopes, but generally not exceeding 50 cm in areas exposed to wind and grazing, such as in steppic plains. Main stems can be robust, up to 50 cm in height and 3 cm in width. Bark brown, fissured on older stems and branches; smooth and lighter, with numerous leaf scars on young branches. Leaves (7-20 \u00d7 2-11 mm) alternate, sessile, obovate or obovate-oblong, obtuse, with entire margin, green or greenish-whitish, with some rigid unicellular hairs, rarely glabrous. On the leaf axil, a fascicle of small leaves frequently appears. Inflorescence in racemes of 6-35 flowers. Calyx with 4 linear-oblong sepals, 4-5 mm, \u00b1 acute, green, glabrescent. Corolla with 4 suborbicular petals, longly unguiculate, 12-16 mm long, intense yellow. Fruit a silicle, 7.5-10 mm long, with 2 parts or divisions: the lower part fertile, subglobose, slightly longer than wide, dehiscent in 2 valves, hispid or glabrous; the upper (or stylar) part sterile, ovate-suborbicular, the same length or slightly longer and wider than the lower part. Seeds 2, in the lower part, ovoid or oblong, smooth.","post_excerpt":"","post_author":"1","post_date":"2020-11-10 10:08:26","post_date_gmt":"2020-11-10 10:08:26","post_status":"publish","comment_status":"closed","ping_status":"closed","post_password":"","post_name":"vella-pseudocytisus","to_ping":"","pinged":"","post_modified":"2023-05-28 11:45:05","post_modified_gmt":"2023-05-28 11:45:05","post_content_filtered":"","post_parent":0,"guid":"https:\/\/www.northafricatrees.org\/species\/vella-pseudocytisus\/","menu_order":0,"post_type":"species","post_mime_type":"","comment_count":"0","comments":false,"id":12882}},"groups_keys":{"23984":{"ID":23984,"post_title":"Subshrub not spiny, racemnes with 6-35 flowers","post_content":"","post_excerpt":"","post_author":"1","post_date":"2021-01-07 10:50:03","post_date_gmt":"2021-01-07 10:50:03","post_status":"publish","comment_status":"closed","ping_status":"closed","post_password":"","post_name":"subshrub-not-spiny-racemnes-with-6-35-flowers","to_ping":"","pinged":"","post_modified":"2021-01-07 10:50:03","post_modified_gmt":"2021-01-07 10:50:03","post_content_filtered":"","post_parent":0,"guid":"https:\/\/www.northafricatrees.org\/genus-group-key\/subshrub-not-spiny-racemnes-with-6-35-flowers\/","menu_order":0,"post_type":"genus_group_key","post_mime_type":"","comment_count":"0","comments":false,"id":23984},"36008":{"ID":36008,"post_title":"Upper part of the silicle lanceolate, same width and 1.5 times  \tlonger than the lower. Subshrub of high Mediterranean mountains","post_content":"","post_excerpt":"","post_author":"1","post_date":"2021-02-24 08:06:13","post_date_gmt":"2021-02-24 08:06:13","post_status":"publish","comment_status":"closed","ping_status":"closed","post_password":"","post_name":"upper-part-of-the-silicle-lanceolate-same-width-and-1-5-times-longer-than-the-lower-subshrub-of-high-mediterranean-mountains","to_ping":"","pinged":"","post_modified":"2021-02-24 08:06:13","post_modified_gmt":"2021-02-24 08:06:13","post_content_filtered":"","post_parent":0,"guid":"https:\/\/www.northafricatrees.org\/genus-group-key\/upper-part-of-the-silicle-lanceolate-same-width-and-1-5-times-longer-than-the-lower-subshrub-of-high-mediterranean-mountains\/","menu_order":0,"post_type":"genus_group_key","post_mime_type":"","comment_count":"0","id":36008},"36010":{"ID":36010,"post_title":"Upper part of the silicle suborbicular, same length or slightly longer  than the lower. Steppic subshrub","post_content":"","post_excerpt":"","post_author":"1","post_date":"2021-02-24 08:06:14","post_date_gmt":"2021-02-24 08:06:14","post_status":"publish","comment_status":"closed","ping_status":"closed","post_password":"","post_name":"upper-part-of-the-silicle-suborbicular-same-length-or-slightly-longer-than-the-lower-steppic-subshrub","to_ping":"","pinged":"","post_modified":"2021-02-24 08:06:14","post_modified_gmt":"2021-02-24 08:06:14","post_content_filtered":"","post_parent":0,"guid":"https:\/\/www.northafricatrees.org\/genus-group-key\/upper-part-of-the-silicle-suborbicular-same-length-or-slightly-longer-than-the-lower-steppic-subshrub\/","menu_order":0,"post_type":"genus_group_key","post_mime_type":"","comment_count":"0","id":36010},"42439":{"ID":42439,"post_title":"Subshrub spiny, racemes with 4-6 flowers","post_content":"","post_excerpt":"","post_author":"2","post_date":"2021-09-18 08:24:00","post_date_gmt":"2021-09-18 08:24:00","post_status":"publish","comment_status":"closed","ping_status":"closed","post_password":"","post_name":"subshrub-spiny-racemes-with-4-6-flowers","to_ping":"","pinged":"","post_modified":"2021-09-18 08:24:00","post_modified_gmt":"2021-09-18 08:24:00","post_content_filtered":"","post_parent":0,"guid":"https:\/\/www.northafricatrees.org\/?post_type=genus_group_key&#038;p=42439","menu_order":0,"post_type":"genus_group_key","post_mime_type":"","comment_count":"0","id":42439}},"title_groups_keys":[],"groups_keys_2":[],"title_groups_keys_2":[],"groups_keys_3":[],"title_groups_keys_3":[],"images":false,"ID":11395,"post_title":"Vella L.","post_content":"<p>Genus composed of 7 species, typical of the western Mediterranean, including 3 in North Africa, spread through the Algerian-Moroccan high plateaux and the High Atlas.<br \/><\/p>","post_excerpt":"","post_author":"1","post_date":"2020-11-10 09:01:36","post_date_gmt":"2020-11-10 09:01:36","post_status":"publish","comment_status":"closed","ping_status":"closed","post_password":"","post_name":"vella-l-2","to_ping":"","pinged":"","post_modified":"2020-11-10 09:01:36","post_modified_gmt":"2020-11-10 09:01:36","post_content_filtered":"","post_parent":[],"guid":"https:\/\/www.northafricatrees.org\/genus\/vella-l-2\/","menu_order":0,"post_type":"genus","post_mime_type":"","comment_count":"0","comments":false,"id":11395}],"images":[{"ID":"29246","post_author":"1","post_date":"2021-01-04 14:09:43","post_date_gmt":"2021-01-04 14:09:43","post_content":"","post_title":"Vella mairei. 1 Abdelmonaim H. Bakali. Teline","post_excerpt":"Vella mairei. General aspect in bloom. Abdelmonaim H. Bakali. Teline.","post_status":"inherit","comment_status":"closed","ping_status":"closed","post_password":"","post_name":"vella-mairei-1-abdelmonaim-h-bakali-teline-2","to_ping":"","pinged":"","post_modified":"2026-04-15 12:26:43","post_modified_gmt":"2026-04-15 12:26:43","post_content_filtered":"","post_parent":"12876","guid":"https:\/\/www.northafricatrees.org\/wp-content\/uploads\/2020\/11\/Vella-mairei.-1-Abdelmonaim-H.-Bakali.-Teline.jpg","menu_order":"0","post_type":"attachment","post_mime_type":"image\/jpeg","comment_count":"0","translation_id":"21136","element_type":"post_attachment","element_id":"29246","trid":"119710","language_code":"en","source_language_code":"es","id":"1","code":"en","english_name":"English","major":"1","active":"1","default_locale":"en_US","tag":"en","encode_url":"0","pod_item_id":"29246"},{"ID":"29248","post_author":"1","post_date":"2021-01-04 14:09:43","post_date_gmt":"2021-01-04 14:09:43","post_content":"","post_title":"Vella mairei. 2 Sebastien Iba\u00f1ez. Teline","post_excerpt":"Vella mairei. Twigs with leaves and flower. Sebastien Ib\u00e1\u00f1ez. Teline.","post_status":"inherit","comment_status":"closed","ping_status":"closed","post_password":"","post_name":"vella-mairei-2-sebastien-ibanez-teline-2","to_ping":"","pinged":"","post_modified":"2026-04-15 12:26:43","post_modified_gmt":"2026-04-15 12:26:43","post_content_filtered":"","post_parent":"12876","guid":"https:\/\/www.northafricatrees.org\/wp-content\/uploads\/2020\/11\/Vella-mairei.-2-Sebastien-Ibanez.-Teline.jpg","menu_order":"0","post_type":"attachment","post_mime_type":"image\/jpeg","comment_count":"0","translation_id":"21138","element_type":"post_attachment","element_id":"29248","trid":"119711","language_code":"en","source_language_code":"es","id":"1","code":"en","english_name":"English","major":"1","active":"1","default_locale":"en_US","tag":"en","encode_url":"0","pod_item_id":"29248"},{"ID":"29252","post_author":"1","post_date":"2021-01-04 14:09:44","post_date_gmt":"2021-01-04 14:09:44","post_content":"","post_title":"Vella mairei. 4 Abdelmonaim H. Bakali. Teline","post_excerpt":"Vella mairei. Twigs with immature fruits (silicles). Abdelmonaim H. Bakali. Teline.","post_status":"inherit","comment_status":"closed","ping_status":"closed","post_password":"","post_name":"vella-mairei-4-abdelmonaim-h-bakali-teline-2","to_ping":"","pinged":"","post_modified":"2026-04-15 12:26:43","post_modified_gmt":"2026-04-15 12:26:43","post_content_filtered":"","post_parent":"12876","guid":"https:\/\/www.northafricatrees.org\/wp-content\/uploads\/2020\/11\/Vella-mairei.-4-Abdelmonaim-H.-Bakali.-Teline.jpg","menu_order":"0","post_type":"attachment","post_mime_type":"image\/jpeg","comment_count":"0","translation_id":"21142","element_type":"post_attachment","element_id":"29252","trid":"119713","language_code":"en","source_language_code":"es","id":"1","code":"en","english_name":"English","major":"1","active":"1","default_locale":"en_US","tag":"en","encode_url":"0","pod_item_id":"29252"},{"ID":"29254","post_author":"1","post_date":"2021-01-04 14:09:44","post_date_gmt":"2021-01-04 14:09:44","post_content":"","post_title":"Vella mairei. 5. Jes\u00fas Charco","post_excerpt":"Vella mairei. Detail of twig with leaves and immature fruits (silicles). Jes\u00fas Charco.","post_status":"inherit","comment_status":"closed","ping_status":"closed","post_password":"","post_name":"vella-mairei-5-jesus-charco-2","to_ping":"","pinged":"","post_modified":"2026-04-15 12:26:43","post_modified_gmt":"2026-04-15 12:26:43","post_content_filtered":"","post_parent":"12876","guid":"https:\/\/www.northafricatrees.org\/wp-content\/uploads\/2020\/11\/Vella-mairei.-5.-Jesus-Charco.jpg","menu_order":"0","post_type":"attachment","post_mime_type":"image\/jpeg","comment_count":"0","translation_id":"21144","element_type":"post_attachment","element_id":"29254","trid":"119714","language_code":"en","source_language_code":"es","id":"1","code":"en","english_name":"English","major":"1","active":"1","default_locale":"en_US","tag":"en","encode_url":"0","pod_item_id":"29254"}],"map_legend":"","kml":{"ID":"47550","post_author":"2","post_date":"2026-04-13 09:14:39","post_date_gmt":"2026-04-13 09:14:39","post_content":"","post_title":"Vella_mairei","post_excerpt":"","post_status":"inherit","comment_status":"closed","ping_status":"closed","post_password":"","post_name":"vella_mairei-2-2","to_ping":"","pinged":"","post_modified":"2026-04-15 12:26:44","post_modified_gmt":"2026-04-15 12:26:44","post_content_filtered":"","post_parent":"12876","guid":"https:\/\/www.northafricatrees.org\/wp-content\/uploads\/2026\/04\/Vella_mairei.kml","menu_order":"0","post_type":"attachment","post_mime_type":"application\/xml","comment_count":"0","translation_id":"38516","element_type":"post_attachment","element_id":"47550","trid":"655030","language_code":"en","source_language_code":"es","id":"1","code":"en","english_name":"English","major":"1","active":"1","default_locale":"en_US","tag":"en","encode_url":"0","pod_item_id":"47550"},"zone_1":"[\" -8.407287599999961,31.11879440000007\",\" -8.497629901196923,31.0888507845357\",\" -8.518206008235399,31.03459367080323\",\" -8.498076926581842,30.98893632098477\",\" -8.458426969097852,30.95401996767915\",\" -8.313289136727605,30.92049448409485\",\" -8.133731809694007,30.92045681177839\",\" -7.98254475665305,30.94771179831429\",\" -7.741487618223973,31.0388335171959\",\" -7.492675799999973,31.19400750000006\",\" -7.374534449425103,31.22826009839341\",\" -7.244720185397423,31.22643753197039\",\" -6.965331999999933,31.27620350000007\",\" -6.759338399999933,31.31375490000005\",\" -6.605341025876483,31.35161427879677\",\" -6.353333999395824,31.44993856637181\",\" -6.114366129741221,31.51033903785829\",\" -5.905074386942042,31.55441479952624\",\" -5.703023864435,31.61187536346127\",\" -5.573372822840788,31.60100596836377\",\" -5.465083671088959,31.64870454755588\",\" -5.244060043555759,31.8413909128638\",\" -5.138437303317264,31.87831099228383\",\" -5.036943150367863,31.97776723390302\",\" -4.927368199999933,32.17793720000003\",\" -4.787292499999978,32.36836310000007\",\" -4.757080099999939,32.48659680000003\",\" -4.828491199999974,32.51902600000005\",\" -4.976806599999975,32.48891360000005\",\" -5.281677199999933,32.42402180000005\",\" -5.567321799999945,32.35908330000007\",\" -5.866699199999971,32.22209580000003\",\" -6.119728736720866,32.07936359679705\",\" -6.363414884008947,31.95848007934864\",\" -6.436213212998464,31.8722705326864\",\" -6.557927392751014,31.80955668368443\",\" -6.734910161015146,31.74800815628401\",\" -6.980286452413214,31.62911375103014\",\" -7.327880899999968,31.50362930000006\",\" -7.717895499999942,31.36536370000005\",\" -7.956848099999945,31.21984820000006\",\" -8.184814499999959,31.15405800000008\",\" -8.322143599999947,31.13760330000002\",\" -8.407287599999961,31.11879440000007\",\" \"]","zone_2":"[\" -3.788309099999935,33.65020800000008\",\" -3.774963699999944,33.67592370000006\",\" -3.779554399999938,33.67642570000004\",\" -3.787585499999977,33.67517520000007\",\" -3.814945399999941,33.65340400000008\",\" -3.824787099999981,33.63448790000007\",\" -3.853111299999966,33.61947970000006\",\" -3.897743199999979,33.57744270000006\",\" -3.926757099999975,33.56499950000006\",\" -3.944778499999927,33.54969280000006\",\" -3.962117699999966,33.53767230000005\",\" -3.961687899999959,33.52157440000008\",\" -3.949241599999937,33.49359360000005\",\" -3.936026199999958,33.49566870000007\",\" -3.92143249999998,33.52465300000006\",\" -3.885726899999952,33.53824690000005\",\" -3.870964399999934,33.53753200000006\",\" -3.862724299999968,33.54339770000007\",\" -3.839034999999967,33.57257990000005\",\" -3.812427499999956,33.59460310000003\",\" -3.792171399999972,33.62048030000005\",\" -3.787879999999973,33.63520250000005\",\" -3.788309099999935,33.65020800000008\",\" \"]","zone_3":"","zone_4":"","zone_5":"","zone_6":"","zone_7":"","zone_8":"","zone_9":"","zone_10":"","zone_11":"","zone_12":"","yoast_head":"<!-- This site is optimized with the Yoast SEO plugin v15.6.2 - https:\/\/yoast.com\/wordpress\/plugins\/seo\/ -->\n<title>Vella mairei Humbert - North Africa Trees<\/title>\n<meta name=\"robots\" content=\"noindex, follow\" \/>\n<meta property=\"og:locale\" content=\"en_US\" \/>\n<meta property=\"og:type\" content=\"article\" \/>\n<meta property=\"og:title\" content=\"Vella mairei Humbert - North Africa Trees\" \/>\n<meta property=\"og:description\" content=\"Small shrub, cushion-shaped, up to 1 m in height and 1.5 m in diameter, with dense and intricate branches ending in strongly spiny apices. Stems and main branches with greyish bark, smooth, slightly fissured in thicker and older parts, with numerous scars of fallen leaves. Branchlets greyish or greenish-white, with few rigid hairs. Leaves (up...\" \/>\n<meta property=\"og:url\" content=\"https:\/\/www.northafricatrees.org\/en\/species\/vella-mairei\/\" \/>\n<meta property=\"og:site_name\" content=\"North Africa Trees\" \/>\n<meta property=\"article:modified_time\" content=\"2026-04-15T12:26:43+00:00\" \/>\n<meta name=\"twitter:card\" content=\"summary_large_image\" \/>\n<meta name=\"twitter:label1\" content=\"Est. reading time\">\n\t<meta name=\"twitter:data1\" content=\"1 minute\">\n<script type=\"application\/ld+json\" class=\"yoast-schema-graph\">{\"@context\":\"https:\/\/schema.org\",\"@graph\":[{\"@type\":\"Organization\",\"@id\":\"https:\/\/www.northafricatrees.org\/#organization\",\"name\":\"North \\u00e1frica trees\",\"url\":\"https:\/\/www.northafricatrees.org\/\",\"sameAs\":[],\"logo\":{\"@type\":\"ImageObject\",\"@id\":\"https:\/\/www.northafricatrees.org\/#logo\",\"inLanguage\":\"en-US\",\"url\":\"https:\/\/www.northafricatrees.org\/wp-content\/uploads\/2020\/10\/logo-north-africa-trees.png\",\"width\":80,\"height\":70,\"caption\":\"North \\u00e1frica trees\"},\"image\":{\"@id\":\"https:\/\/www.northafricatrees.org\/#logo\"}},{\"@type\":\"WebSite\",\"@id\":\"https:\/\/www.northafricatrees.org\/#website\",\"url\":\"https:\/\/www.northafricatrees.org\/\",\"name\":\"North Africa Trees\",\"description\":\"\\u00c1rboles y arbustos aut\\u00f3ctonos del Norte de \\u00c1frica\",\"publisher\":{\"@id\":\"https:\/\/www.northafricatrees.org\/#organization\"},\"potentialAction\":[{\"@type\":\"SearchAction\",\"target\":\"https:\/\/www.northafricatrees.org\/?s={search_term_string}\",\"query-input\":\"required name=search_term_string\"}],\"inLanguage\":\"en-US\"},{\"@type\":\"WebPage\",\"@id\":\"https:\/\/www.northafricatrees.org\/en\/species\/vella-mairei\/#webpage\",\"url\":\"https:\/\/www.northafricatrees.org\/en\/species\/vella-mairei\/\",\"name\":\"Vella mairei Humbert - North Africa Trees\",\"isPartOf\":{\"@id\":\"https:\/\/www.northafricatrees.org\/#website\"},\"datePublished\":\"2020-11-10T10:08:25+00:00\",\"dateModified\":\"2026-04-15T12:26:43+00:00\",\"inLanguage\":\"en-US\",\"potentialAction\":[{\"@type\":\"ReadAction\",\"target\":[\"https:\/\/www.northafricatrees.org\/en\/species\/vella-mairei\/\"]}]}]}<\/script>\n<!-- \/ Yoast SEO plugin. -->","_links":{"self":[{"href":"https:\/\/www.northafricatrees.org\/en\/wp-json\/wp\/v2\/species\/12876"}],"collection":[{"href":"https:\/\/www.northafricatrees.org\/en\/wp-json\/wp\/v2\/species"}],"about":[{"href":"https:\/\/www.northafricatrees.org\/en\/wp-json\/wp\/v2\/types\/species"}],"wp:attachment":[{"href":"https:\/\/www.northafricatrees.org\/en\/wp-json\/wp\/v2\/media?parent=12876"}],"curies":[{"name":"wp","href":"https:\/\/api.w.org\/{rel}","templated":true}]}}